{"id":13,"date":"2024-03-29T16:00:07","date_gmt":"2024-03-29T16:00:07","guid":{"rendered":"https:\/\/www.verredart.fr\/?page_id=13"},"modified":"2025-10-29T07:08:12","modified_gmt":"2025-10-29T07:08:12","slug":"verre-dart-bijoux-en-verre-recycle","status":"publish","type":"page","link":"https:\/\/www.verredart.fr\/en\/verre-dart-bijoux-en-verre-recycle\/","title":{"rendered":"Accueil"},"content":{"rendered":"<div data-elementor-type=\"wp-page\" data-elementor-id=\"13\" class=\"elementor elementor-13\">\n\t\t\t\t<div class=\"elementor-element elementor-element-9076a27 e-flex e-con-boxed e-con e-parent\" data-id=\"9076a27\" data-element_type=\"container\" data-e-type=\"container\">\n\t\t\t\t\t<div class=\"e-con-inner\">\n\t\t\t\t<div class=\"elementor-element elementor-element-0a2d084 elementor-widget elementor-widget-heading\" data-id=\"0a2d084\" data-element_type=\"widget\" data-e-type=\"widget\" data-widget_type=\"heading.default\">\n\t\t\t\t<div class=\"elementor-widget-container\">\n\t\t\t\t\t<h1 class=\"elementor-heading-title elementor-size-default\"><a href=\"https:\/\/www.verredart.fr\/en\/a-propos-de-verre-dart\/recyclage-de-verre-culinaire\/\">Verre recycl\u00e9 non recyclable - Cr\u00e9ations au chalumeau | Verre d'Art<\/a><\/h1>\t\t\t\t<\/div>\n\t\t\t\t<\/div>\n\t\t\t\t<div class=\"elementor-element elementor-element-4eb068a elementor-widget elementor-widget-video\" data-id=\"4eb068a\" data-element_type=\"widget\" data-e-type=\"widget\" data-settings=\"{&quot;youtube_url&quot;:&quot;https:\\\/\\\/youtu.be\\\/eaeTA5jK07o?si=JYrtWgolWb6IUiW5&quot;,&quot;video_type&quot;:&quot;youtube&quot;,&quot;controls&quot;:&quot;yes&quot;}\" data-widget_type=\"video.default\">\n\t\t\t\t<div class=\"elementor-widget-container\">\n\t\t\t\t\t\t\t<div class=\"elementor-wrapper elementor-open-inline\">\n\t\t\t<div class=\"elementor-video\"><\/div>\t\t<\/div>\n\t\t\t\t\t\t<\/div>\n\t\t\t\t<\/div>\n\t\t\t\t<div class=\"elementor-element elementor-element-fbb240f elementor-widget-divider--view-line elementor-widget elementor-widget-divider\" data-id=\"fbb240f\" data-element_type=\"widget\" data-e-type=\"widget\" data-widget_type=\"divider.default\">\n\t\t\t\t<div class=\"elementor-widget-container\">\n\t\t\t\t\t\t\t<div class=\"elementor-divider\">\n\t\t\t<span class=\"elementor-divider-separator\">\n\t\t\t\t\t\t<\/span>\n\t\t<\/div>\n\t\t\t\t\t\t<\/div>\n\t\t\t\t<\/div>\n\t\t\t\t\t<\/div>\n\t\t\t\t<\/div>\n\t\t<div class=\"elementor-element elementor-element-36addd5 e-con-full e-flex e-con e-parent\" data-id=\"36addd5\" data-element_type=\"container\" data-e-type=\"container\">\n\t\t\t\t<div class=\"elementor-element elementor-element-84b3d34 elementor-widget elementor-widget-text-editor\" data-id=\"84b3d34\" data-element_type=\"widget\" data-e-type=\"widget\" data-widget_type=\"text-editor.default\">\n\t\t\t\t<div class=\"elementor-widget-container\">\n\t\t\t\t\t\t\t\t\t<h3 data-pm-slice=\"1 1 []\"><strong>Cr\u00e9ations en verre recycl\u00e9 : une seconde vie pour un mat\u00e9riau unique<\/strong><\/h3><p>Je suis <strong>la seule artisane en France<\/strong> \u00e0 donner une nouvelle vie \u00e0 du <a href=\"https:\/\/www.verredart.fr\/en\/a-propos-de-verre-dart\/recyclage-de-verre-culinaire\/\"><strong>The non-recyclable glass<\/strong><\/a>, habituellement destin\u00e9 \u00e0 \u00eatre enfoui en d\u00e9chetterie. Ce verre, jug\u00e9 impossible \u00e0 r\u00e9utiliser par l&rsquo;industrie, devient sous mes mains des <strong>cr\u00e9ations f\u00e9\u00e9riques et \u00e9co-responsables<\/strong>. Chaque pi\u00e8ce raconte une histoire, celle d&rsquo;un mat\u00e9riau sauv\u00e9 de l&rsquo;oubli et transform\u00e9 en un objet de beaut\u00e9 unique.<\/p><h3><strong>L&rsquo;art de recycler l&rsquo;irrempla\u00e7able<\/strong><\/h3><p>Gr\u00e2ce \u00e0 ma technique du <a href=\"https:\/\/www.verredart.fr\/en\/verre-file-chalumeau-recycle-non-recyclable\/\"><strong>verre fil\u00e9 au chalumeau<\/strong><\/a>, je r\u00e9cup\u00e8re des \u00e9l\u00e9ments comme des morceaux de vaisselle, du cristal, des lustres ou encore des vitraux. Ce verre, d\u00e9laiss\u00e9 et sans avenir, rena\u00eet sous forme de <strong>cr\u00e9ations uniques<\/strong> : objets d\u00e9coratifs, accessoires, ou encore \u00e9l\u00e9ments de bijouterie comme des bagues, colliers ou \u00e9pingles. Chaque r\u00e9alisation est une <strong>pi\u00e8ce d&rsquo;artisanat d&rsquo;exception<\/strong>, issue d&rsquo;un savoir-faire pr\u00e9cis et d&rsquo;une passion pour l&rsquo;\u00e9cologie et la beaut\u00e9 intemporelle.<\/p><h3><strong>Des cr\u00e9ations f\u00e9\u00e9riques et po\u00e9tiques<\/strong><\/h3><p>En observant mes cr\u00e9ations en verre recycl\u00e9, on plonge dans un univers empreint de magie. Les formes l\u00e9g\u00e8res et les reflets lumineux du verre rappellent les contes de f\u00e9es et l\u2019\u00e9l\u00e9gance de la nature. Imaginez poss\u00e9der un morceau de <strong>po\u00e9sie \u00e9coresponsable<\/strong>, un objet qui allie l\u2019authenticit\u00e9 artisanale \u00e0 un geste pour la plan\u00e8te.<\/p><h3><strong>Pourquoi choisir mes cr\u00e9ations en verre recycl\u00e9 ?<\/strong><\/h3><ul data-spread=\"false\"><li><p><strong>Une d\u00e9marche \u00e9co-responsable :<\/strong> Je recycle du verre promis \u00e0 l&rsquo;enfouissement.<\/p><\/li><li><p><strong>Des pi\u00e8ces uniques :<\/strong> Chaque cr\u00e9ation est fa\u00e7onn\u00e9e \u00e0 la main, aucune ne se ressemble.<\/p><\/li><li><p><strong>Un savoir-faire artisanal fran\u00e7ais :<\/strong> Chaque r\u00e9alisation est le fruit de mon travail de souffleur de verre au chalumeau.<\/p><\/li><li><p><strong>Un univers magique et po\u00e9tique :<\/strong> Des cr\u00e9ations qui \u00e9voquent la f\u00e9erie tout en respectant l&rsquo;environnement.<\/p><\/li><\/ul><h3><strong>Adoptez une cr\u00e9ation porteuse d&rsquo;histoire<\/strong><\/h3><p>Choisir l&rsquo;une de mes cr\u00e9ations, c\u2019est opter pour un objet qui a du sens : un \u00e9l\u00e9ment issu du recyclage, cr\u00e9\u00e9 avec passion, et <strong>charg\u00e9 d\u2019\u00e9motion<\/strong>. Vous avez la garantie de poss\u00e9der une pi\u00e8ce unique, authentique et locale. Je m\u2019engage \u00e0 r\u00e9duire les d\u00e9chets tout en sublimant un mat\u00e9riau oubli\u00e9.<\/p><h3><strong>D\u00e9couvrez mes cr\u00e9ations \u00e9co-po\u00e9tiques<\/strong><\/h3><p>N\u2019h\u00e9sitez pas \u00e0 explorer ma collection de cr\u00e9ations en verre recycl\u00e9. Chaque pi\u00e8ce est une invitation \u00e0 la r\u00eaverie et \u00e0 l&rsquo;\u00e9vasion. Offrez-vous un objet qui raconte une histoire ou faites plaisir \u00e0 vos proches avec une <strong>cr\u00e9ation unique et durable<\/strong>.<\/p>\t\t\t\t\t\t\t\t<\/div>\n\t\t\t\t<\/div>\n\t\t\t\t<div class=\"elementor-element elementor-element-34fda3b elementor-widget elementor-widget-spacer\" data-id=\"34fda3b\" data-element_type=\"widget\" data-e-type=\"widget\" data-widget_type=\"spacer.default\">\n\t\t\t\t<div class=\"elementor-widget-container\">\n\t\t\t\t\t\t\t<div class=\"elementor-spacer\">\n\t\t\t<div class=\"elementor-spacer-inner\"><\/div>\n\t\t<\/div>\n\t\t\t\t\t\t<\/div>\n\t\t\t\t<\/div>\n\t\t<div class=\"elementor-element elementor-element-6478468 e-flex e-con-boxed e-con e-child\" data-id=\"6478468\" data-element_type=\"container\" data-e-type=\"container\">\n\t\t\t\t\t<div class=\"e-con-inner\">\n\t\t<div class=\"elementor-element elementor-element-dc02bf9 e-grid e-con-boxed e-con e-child\" data-id=\"dc02bf9\" data-element_type=\"container\" data-e-type=\"container\">\n\t\t\t\t\t<div class=\"e-con-inner\">\n\t\t\t\t<div class=\"elementor-element elementor-element-1eb3c79 elementor-arrows-position-inside elementor-pagination-position-outside elementor-invisible elementor-widget elementor-widget-image-carousel\" data-id=\"1eb3c79\" data-element_type=\"widget\" data-e-type=\"widget\" data-settings=\"{&quot;slides_to_show&quot;:&quot;1&quot;,&quot;_animation&quot;:&quot;fadeInDown&quot;,&quot;navigation&quot;:&quot;both&quot;,&quot;autoplay&quot;:&quot;yes&quot;,&quot;pause_on_hover&quot;:&quot;yes&quot;,&quot;pause_on_interaction&quot;:&quot;yes&quot;,&quot;autoplay_speed&quot;:5000,&quot;infinite&quot;:&quot;yes&quot;,&quot;effect&quot;:&quot;slide&quot;,&quot;speed&quot;:500}\" data-widget_type=\"image-carousel.default\">\n\t\t\t\t<div class=\"elementor-widget-container\">\n\t\t\t\t\t\t\t<div class=\"elementor-image-carousel-wrapper swiper\" role=\"region\" aria-roledescription=\"carousel\" aria-label=\"Carrousel d\u2019images\" dir=\"ltr\">\n\t\t\t<div class=\"elementor-image-carousel swiper-wrapper\" aria-live=\"off\">\n\t\t\t\t\t\t\t\t<div class=\"swiper-slide\" role=\"group\" aria-roledescription=\"slide\" aria-label=\"1 sur 1\"><a data-elementor-open-lightbox=\"yes\" data-elementor-lightbox-slideshow=\"1eb3c79\" data-elementor-lightbox-title=\"Collier en verre recycl\u00e9\" data-e-action-hash=\"#elementor-action%3Aaction%3Dlightbox%26settings%3DeyJpZCI6NjU4LCJ1cmwiOiJodHRwczpcL1wvd3d3LnZlcnJlZGFydC5mclwvd3AtY29udGVudFwvdXBsb2Fkc1wvMjAyNFwvMDRcL2EyNTAwZWQyLTg4NzMtNDNkNC1iY2NjLTVkNGQ4OTk5ZDU5NC1lMTcxMjU2MTUzMzY2Mi5qcGVnIiwic2xpZGVzaG93IjoiMWViM2M3OSJ9\" href=\"https:\/\/www.verredart.fr\/en\/bijoux-en-verre-recycle\/collier-en-verre-recycle\/\"><figure class=\"swiper-slide-inner\"><img decoding=\"async\" class=\"swiper-slide-image lazyload\" data-src=\"https:\/\/i0.wp.com\/www.verredart.fr\/wp-content\/uploads\/2024\/04\/a2500ed2-8873-43d4-bccc-5d4d8999d594-e1712561533662.jpeg?fit=300%2C300&amp;ssl=1\" alt=\"Recyclage de verre en bijoux\" src=\"data:image\/svg+xml;base64,PHN2ZyB3aWR0aD0iMSIgaGVpZ2h0PSIxIiB4bWxucz0iaHR0cDovL3d3dy53My5vcmcvMjAwMC9zdmciPjwvc3ZnPg==\" \/><figcaption class=\"elementor-image-carousel-caption\">The necklaces<\/figcaption><\/figure><\/a><\/div>\t\t\t<\/div>\n\t\t\t\t\t<\/div>\n\t\t\t\t\t\t<\/div>\n\t\t\t\t<\/div>\n\t\t\t\t<div class=\"elementor-element elementor-element-e675771 elementor-arrows-position-inside elementor-pagination-position-outside elementor-invisible elementor-widget elementor-widget-image-carousel\" data-id=\"e675771\" data-element_type=\"widget\" data-e-type=\"widget\" data-settings=\"{&quot;slides_to_show&quot;:&quot;1&quot;,&quot;_animation&quot;:&quot;fadeInDown&quot;,&quot;navigation&quot;:&quot;both&quot;,&quot;autoplay&quot;:&quot;yes&quot;,&quot;pause_on_hover&quot;:&quot;yes&quot;,&quot;pause_on_interaction&quot;:&quot;yes&quot;,&quot;autoplay_speed&quot;:5000,&quot;infinite&quot;:&quot;yes&quot;,&quot;effect&quot;:&quot;slide&quot;,&quot;speed&quot;:500}\" data-widget_type=\"image-carousel.default\">\n\t\t\t\t<div class=\"elementor-widget-container\">\n\t\t\t\t\t\t\t<div class=\"elementor-image-carousel-wrapper swiper\" role=\"region\" aria-roledescription=\"carousel\" aria-label=\"Carrousel d\u2019images\" dir=\"ltr\">\n\t\t\t<div class=\"elementor-image-carousel swiper-wrapper\" aria-live=\"off\">\n\t\t\t\t\t\t\t\t<div class=\"swiper-slide\" role=\"group\" aria-roledescription=\"slide\" aria-label=\"1 sur 1\"><a data-elementor-open-lightbox=\"yes\" data-elementor-lightbox-slideshow=\"e675771\" data-elementor-lightbox-title=\"Bracelet citrons en verre recycl\u00e9\" data-e-action-hash=\"#elementor-action%3Aaction%3Dlightbox%26settings%3DeyJpZCI6NjU5LCJ1cmwiOiJodHRwczpcL1wvd3d3LnZlcnJlZGFydC5mclwvd3AtY29udGVudFwvdXBsb2Fkc1wvMjAyNFwvMDRcLzIyZmJiNWUxLTkwYmMtNDA0Yi1hYjQ1LWM2YTY4ZmM4MWM2OC1lMTcxMjU2MTYyNDQ3My5qcGVnIiwic2xpZGVzaG93IjoiZTY3NTc3MSJ9\" href=\"https:\/\/www.verredart.fr\/en\/bijoux-en-verre-recycle\/bracelets-en-verre-recycle\/\"><figure class=\"swiper-slide-inner\"><img decoding=\"async\" class=\"swiper-slide-image lazyload\" data-src=\"https:\/\/i0.wp.com\/www.verredart.fr\/wp-content\/uploads\/2024\/04\/22fbb5e1-90bc-404b-ab45-c6a68fc81c68-e1712561624473.jpeg?fit=295%2C300&amp;ssl=1\" alt=\"Verre recycl\u00e9 en bijoux citrons\" src=\"data:image\/svg+xml;base64,PHN2ZyB3aWR0aD0iMSIgaGVpZ2h0PSIxIiB4bWxucz0iaHR0cDovL3d3dy53My5vcmcvMjAwMC9zdmciPjwvc3ZnPg==\" \/><figcaption class=\"elementor-image-carousel-caption\">The bracelets<\/figcaption><\/figure><\/a><\/div>\t\t\t<\/div>\n\t\t\t\t\t<\/div>\n\t\t\t\t\t\t<\/div>\n\t\t\t\t<\/div>\n\t\t\t\t<div class=\"elementor-element elementor-element-d610551 elementor-arrows-position-inside elementor-pagination-position-outside elementor-invisible elementor-widget elementor-widget-image-carousel\" data-id=\"d610551\" data-element_type=\"widget\" data-e-type=\"widget\" data-settings=\"{&quot;slides_to_show&quot;:&quot;1&quot;,&quot;_animation&quot;:&quot;fadeInDown&quot;,&quot;navigation&quot;:&quot;both&quot;,&quot;autoplay&quot;:&quot;yes&quot;,&quot;pause_on_hover&quot;:&quot;yes&quot;,&quot;pause_on_interaction&quot;:&quot;yes&quot;,&quot;autoplay_speed&quot;:5000,&quot;infinite&quot;:&quot;yes&quot;,&quot;effect&quot;:&quot;slide&quot;,&quot;speed&quot;:500}\" data-widget_type=\"image-carousel.default\">\n\t\t\t\t<div class=\"elementor-widget-container\">\n\t\t\t\t\t\t\t<div class=\"elementor-image-carousel-wrapper swiper\" role=\"region\" aria-roledescription=\"carousel\" aria-label=\"Carrousel d\u2019images\" dir=\"ltr\">\n\t\t\t<div class=\"elementor-image-carousel swiper-wrapper\" aria-live=\"off\">\n\t\t\t\t\t\t\t\t<div class=\"swiper-slide\" role=\"group\" aria-roledescription=\"slide\" aria-label=\"1 sur 1\"><a data-elementor-open-lightbox=\"yes\" data-elementor-lightbox-slideshow=\"d610551\" data-elementor-lightbox-title=\"Bague en verre recycl\u00e9\" data-e-action-hash=\"#elementor-action%3Aaction%3Dlightbox%26settings%3DeyJpZCI6NjQ3LCJ1cmwiOiJodHRwczpcL1wvd3d3LnZlcnJlZGFydC5mclwvd3AtY29udGVudFwvdXBsb2Fkc1wvMjAyNFwvMDRcL2FmMTQzM2MxLWM0NzEtNDA3Yy05NWI0LTVjMGZiOWQ2ZjExYS1lMTcxMjU2MDA5ODYxNC5qcGVnIiwic2xpZGVzaG93IjoiZDYxMDU1MSJ9\" href=\"https:\/\/www.verredart.fr\/en\/bijoux-en-verre-recycle\/bagues-en-verre-recycle\/\"><figure class=\"swiper-slide-inner\"><img decoding=\"async\" class=\"swiper-slide-image lazyload\" data-src=\"https:\/\/i0.wp.com\/www.verredart.fr\/wp-content\/uploads\/2024\/04\/af1433c1-c471-407c-95b4-5c0fb9d6f11a-e1712560098614.jpeg?fit=300%2C300&amp;ssl=1\" alt=\"Verre recycl\u00e9 en bague\" src=\"data:image\/svg+xml;base64,PHN2ZyB3aWR0aD0iMSIgaGVpZ2h0PSIxIiB4bWxucz0iaHR0cDovL3d3dy53My5vcmcvMjAwMC9zdmciPjwvc3ZnPg==\" \/><figcaption class=\"elementor-image-carousel-caption\">Rings<\/figcaption><\/figure><\/a><\/div>\t\t\t<\/div>\n\t\t\t\t\t<\/div>\n\t\t\t\t\t\t<\/div>\n\t\t\t\t<\/div>\n\t\t\t\t<div class=\"elementor-element elementor-element-baff8be elementor-arrows-position-inside elementor-pagination-position-outside elementor-invisible elementor-widget elementor-widget-image-carousel\" data-id=\"baff8be\" data-element_type=\"widget\" data-e-type=\"widget\" data-settings=\"{&quot;slides_to_show&quot;:&quot;1&quot;,&quot;_animation&quot;:&quot;fadeInDown&quot;,&quot;navigation&quot;:&quot;both&quot;,&quot;autoplay&quot;:&quot;yes&quot;,&quot;pause_on_hover&quot;:&quot;yes&quot;,&quot;pause_on_interaction&quot;:&quot;yes&quot;,&quot;autoplay_speed&quot;:5000,&quot;infinite&quot;:&quot;yes&quot;,&quot;effect&quot;:&quot;slide&quot;,&quot;speed&quot;:500}\" data-widget_type=\"image-carousel.default\">\n\t\t\t\t<div class=\"elementor-widget-container\">\n\t\t\t\t\t\t\t<div class=\"elementor-image-carousel-wrapper swiper\" role=\"region\" aria-roledescription=\"carousel\" aria-label=\"Carrousel d\u2019images\" dir=\"ltr\">\n\t\t\t<div class=\"elementor-image-carousel swiper-wrapper\" aria-live=\"off\">\n\t\t\t\t\t\t\t\t<div class=\"swiper-slide\" role=\"group\" aria-roledescription=\"slide\" aria-label=\"1 sur 1\"><a data-elementor-open-lightbox=\"yes\" data-elementor-lightbox-slideshow=\"baff8be\" data-elementor-lightbox-title=\"recyclage de verre souffl\u00e9\" data-e-action-hash=\"#elementor-action%3Aaction%3Dlightbox%26settings%3DeyJpZCI6NjYwLCJ1cmwiOiJodHRwczpcL1wvd3d3LnZlcnJlZGFydC5mclwvd3AtY29udGVudFwvdXBsb2Fkc1wvMjAyNFwvMDRcLzQyYzVlMTllLTNjMDctNGJmMi1iYTI2LTA0MjE0NzhmNDkzMy1lMTcxMjU2MTg0MzQyMy5qcGVnIiwic2xpZGVzaG93IjoiYmFmZjhiZSJ9\" href=\"https:\/\/www.verredart.fr\/en\/bijoux-en-verre-recycle\/boucles-doreilles-en-verre-recycle\/\"><figure class=\"swiper-slide-inner\"><img decoding=\"async\" class=\"swiper-slide-image lazyload\" data-src=\"https:\/\/i0.wp.com\/www.verredart.fr\/wp-content\/uploads\/2024\/04\/42c5e19e-3c07-4bf2-ba26-0421478f4933-e1712561843423.jpeg?fit=296%2C300&amp;ssl=1\" alt=\"Soufflage de verre recycl\u00e9 en boucles d&#039;oreilles\" src=\"data:image\/svg+xml;base64,PHN2ZyB3aWR0aD0iMSIgaGVpZ2h0PSIxIiB4bWxucz0iaHR0cDovL3d3dy53My5vcmcvMjAwMC9zdmciPjwvc3ZnPg==\" \/><figcaption class=\"elementor-image-carousel-caption\">Earrings<\/figcaption><\/figure><\/a><\/div>\t\t\t<\/div>\n\t\t\t\t\t<\/div>\n\t\t\t\t\t\t<\/div>\n\t\t\t\t<\/div>\n\t\t\t\t<div class=\"elementor-element elementor-element-946dc0c elementor-arrows-position-inside elementor-pagination-position-outside elementor-invisible elementor-widget elementor-widget-image-carousel\" data-id=\"946dc0c\" data-element_type=\"widget\" data-e-type=\"widget\" data-settings=\"{&quot;slides_to_show&quot;:&quot;1&quot;,&quot;_animation&quot;:&quot;fadeInDown&quot;,&quot;navigation&quot;:&quot;both&quot;,&quot;autoplay&quot;:&quot;yes&quot;,&quot;pause_on_hover&quot;:&quot;yes&quot;,&quot;pause_on_interaction&quot;:&quot;yes&quot;,&quot;autoplay_speed&quot;:5000,&quot;infinite&quot;:&quot;yes&quot;,&quot;effect&quot;:&quot;slide&quot;,&quot;speed&quot;:500}\" data-widget_type=\"image-carousel.default\">\n\t\t\t\t<div class=\"elementor-widget-container\">\n\t\t\t\t\t\t\t<div class=\"elementor-image-carousel-wrapper swiper\" role=\"region\" aria-roledescription=\"carousel\" aria-label=\"Carrousel d\u2019images\" dir=\"ltr\">\n\t\t\t<div class=\"elementor-image-carousel swiper-wrapper\" aria-live=\"off\">\n\t\t\t\t\t\t\t\t<div class=\"swiper-slide\" role=\"group\" aria-roledescription=\"slide\" aria-label=\"1 sur 1\"><a data-elementor-open-lightbox=\"yes\" data-elementor-lightbox-slideshow=\"946dc0c\" data-elementor-lightbox-title=\"Pics aperitifs en verre\" data-e-action-hash=\"#elementor-action%3Aaction%3Dlightbox%26settings%3DeyJpZCI6MzYyLCJ1cmwiOiJodHRwczpcL1wvd3d3LnZlcnJlZGFydC5mclwvd3AtY29udGVudFwvdXBsb2Fkc1wvMjAyNFwvMDNcLzQ5MjE1LXNjYWxlZC1lMTcxMjU2MDUxMjgzMi5qcGciLCJzbGlkZXNob3ciOiI5NDZkYzBjIn0%3D\" href=\"https:\/\/www.verredart.fr\/en\/art-de-la-table-en-verre-culinaire-recycle\/\"><figure class=\"swiper-slide-inner\"><img decoding=\"async\" class=\"swiper-slide-image lazyload\" data-src=\"https:\/\/i0.wp.com\/www.verredart.fr\/wp-content\/uploads\/2024\/03\/49215-scaled-e1712560512832.jpg?fit=300%2C300&amp;ssl=1\" alt=\"Verre recycl\u00e9 en pics \u00e0 ap\u00e9ritifs\" src=\"data:image\/svg+xml;base64,PHN2ZyB3aWR0aD0iMSIgaGVpZ2h0PSIxIiB4bWxucz0iaHR0cDovL3d3dy53My5vcmcvMjAwMC9zdmciPjwvc3ZnPg==\" \/><figcaption class=\"elementor-image-carousel-caption\">Pics \u00e0 aperitifs<\/figcaption><\/figure><\/a><\/div>\t\t\t<\/div>\n\t\t\t\t\t<\/div>\n\t\t\t\t\t\t<\/div>\n\t\t\t\t<\/div>\n\t\t\t\t\t<\/div>\n\t\t\t\t<\/div>\n\t\t\t\t\t<\/div>\n\t\t\t\t<\/div>\n\t\t\t\t<\/div>\n\t\t\t\t<\/div>","protected":false},"excerpt":{"rendered":"<p>Verre recycl\u00e9 non recyclable &#8211; Cr\u00e9ations au chalumeau | Verre d&rsquo;Art Cr\u00e9ations en verre recycl\u00e9 : une seconde vie pour un mat\u00e9riau unique Je suis la seule artisane en France \u00e0 donner une nouvelle vie \u00e0 du verre non recyclable, habituellement destin\u00e9 \u00e0 \u00eatre enfoui en d\u00e9chetterie. Ce verre, jug\u00e9 impossible \u00e0 r\u00e9utiliser par l&rsquo;industrie, [&hellip;]<\/p>\n","protected":false},"author":1,"featured_media":0,"parent":0,"menu_order":0,"comment_status":"closed","ping_status":"closed","template":"","meta":{"footnotes":""},"class_list":["post-13","page","type-page","status-publish","hentry","entry","owp-thumbs-layout-vertical","owp-btn-big","owp-tabs-layout-horizontal","has-no-thumbnails","has-product-nav"],"yoast_head":"<!-- This site is optimized with the Yoast SEO plugin v27.4 - https:\/\/yoast.com\/product\/yoast-seo-wordpress\/ -->\n<title>Cr\u00e9ations en verre recycl\u00e9 non recyclable - Objets uniques<\/title>\n<meta name=\"description\" content=\"D\u00e9couvrez mes cr\u00e9ations en verre recycl\u00e9, fa\u00e7onn\u00e9es \u00e0 partir de verre non recyclable destin\u00e9 \u00e0 \u00eatre enterr\u00e9. Des objets uniques et f\u00e9\u00e9riqu\" \/>\n<meta name=\"robots\" content=\"index, follow, max-snippet:-1, max-image-preview:large, max-video-preview:-1\" \/>\n<link rel=\"canonical\" href=\"https:\/\/www.verredart.fr\/en\/verre-dart-bijoux-en-verre-recycle\/\" \/>\n<meta property=\"og:locale\" content=\"en_US\" \/>\n<meta property=\"og:type\" content=\"article\" \/>\n<meta property=\"og:title\" content=\"Cr\u00e9ations en verre recycl\u00e9 non recyclable - Objets uniques\" \/>\n<meta property=\"og:description\" content=\"D\u00e9couvrez mes cr\u00e9ations en verre recycl\u00e9, fa\u00e7onn\u00e9es \u00e0 partir de verre non recyclable destin\u00e9 \u00e0 \u00eatre enterr\u00e9. Des objets uniques et f\u00e9\u00e9riqu\" \/>\n<meta property=\"og:url\" content=\"https:\/\/www.verredart.fr\/en\/verre-dart-bijoux-en-verre-recycle\/\" \/>\n<meta property=\"og:site_name\" content=\"Verre d&#039;Art\" \/>\n<meta property=\"article:publisher\" content=\"https:\/\/www.facebook.com\/Verredart\" \/>\n<meta property=\"article:modified_time\" content=\"2025-10-29T07:08:12+00:00\" \/>\n<meta property=\"og:image\" content=\"https:\/\/www.verredart.fr\/wp-content\/uploads\/2024\/04\/a2500ed2-8873-43d4-bccc-5d4d8999d594-e1712561533662-300x300.jpeg\" \/>\n<meta name=\"twitter:card\" content=\"summary_large_image\" \/>\n<meta name=\"twitter:site\" content=\"@verredart\" \/>\n<meta name=\"twitter:label1\" content=\"Est. reading time\" \/>\n\t<meta name=\"twitter:data1\" content=\"3 minutes\" \/>\n<script type=\"application\/ld+json\" class=\"yoast-schema-graph\">{\"@context\":\"https:\\\/\\\/schema.org\",\"@graph\":[{\"@type\":\"WebPage\",\"@id\":\"https:\\\/\\\/www.verredart.fr\\\/verre-dart-bijoux-en-verre-recycle\\\/\",\"url\":\"https:\\\/\\\/www.verredart.fr\\\/verre-dart-bijoux-en-verre-recycle\\\/\",\"name\":\"Cr\u00e9ations en verre recycl\u00e9 non recyclable - Objets uniques\",\"isPartOf\":{\"@id\":\"https:\\\/\\\/www.verredart.fr\\\/#website\"},\"primaryImageOfPage\":{\"@id\":\"https:\\\/\\\/www.verredart.fr\\\/verre-dart-bijoux-en-verre-recycle\\\/#primaryimage\"},\"image\":{\"@id\":\"https:\\\/\\\/www.verredart.fr\\\/verre-dart-bijoux-en-verre-recycle\\\/#primaryimage\"},\"thumbnailUrl\":\"https:\\\/\\\/www.verredart.fr\\\/wp-content\\\/uploads\\\/2024\\\/04\\\/a2500ed2-8873-43d4-bccc-5d4d8999d594-e1712561533662-300x300.jpeg\",\"datePublished\":\"2024-03-29T16:00:07+00:00\",\"dateModified\":\"2025-10-29T07:08:12+00:00\",\"description\":\"D\u00e9couvrez mes cr\u00e9ations en verre recycl\u00e9, fa\u00e7onn\u00e9es \u00e0 partir de verre non recyclable destin\u00e9 \u00e0 \u00eatre enterr\u00e9. Des objets uniques et f\u00e9\u00e9riques.\",\"inLanguage\":\"en-US\",\"potentialAction\":[{\"@type\":\"ReadAction\",\"target\":[\"https:\\\/\\\/www.verredart.fr\\\/verre-dart-bijoux-en-verre-recycle\\\/\"]}]},{\"@type\":\"ImageObject\",\"inLanguage\":\"en-US\",\"@id\":\"https:\\\/\\\/www.verredart.fr\\\/verre-dart-bijoux-en-verre-recycle\\\/#primaryimage\",\"url\":\"https:\\\/\\\/www.verredart.fr\\\/wp-content\\\/uploads\\\/2024\\\/04\\\/a2500ed2-8873-43d4-bccc-5d4d8999d594-e1712561533662-300x300.jpeg\",\"contentUrl\":\"https:\\\/\\\/www.verredart.fr\\\/wp-content\\\/uploads\\\/2024\\\/04\\\/a2500ed2-8873-43d4-bccc-5d4d8999d594-e1712561533662-300x300.jpeg\"},{\"@type\":\"WebSite\",\"@id\":\"https:\\\/\\\/www.verredart.fr\\\/#website\",\"url\":\"https:\\\/\\\/www.verredart.fr\\\/\",\"name\":\"Verre d'Art\",\"description\":\"Recyclage de verre non recyclable en cr\u00e9ations uniques et engag\u00e9s\",\"publisher\":{\"@id\":\"https:\\\/\\\/www.verredart.fr\\\/#organization\"},\"potentialAction\":[{\"@type\":\"SearchAction\",\"target\":{\"@type\":\"EntryPoint\",\"urlTemplate\":\"https:\\\/\\\/www.verredart.fr\\\/?s={search_term_string}\"},\"query-input\":{\"@type\":\"PropertyValueSpecification\",\"valueRequired\":true,\"valueName\":\"search_term_string\"}}],\"inLanguage\":\"en-US\"},{\"@type\":\"Organization\",\"@id\":\"https:\\\/\\\/www.verredart.fr\\\/#organization\",\"name\":\"Verre d'Art\",\"url\":\"https:\\\/\\\/www.verredart.fr\\\/\",\"logo\":{\"@type\":\"ImageObject\",\"inLanguage\":\"en-US\",\"@id\":\"https:\\\/\\\/www.verredart.fr\\\/#\\\/schema\\\/logo\\\/image\\\/\",\"url\":\"\",\"contentUrl\":\"\",\"caption\":\"Verre d'Art\"},\"image\":{\"@id\":\"https:\\\/\\\/www.verredart.fr\\\/#\\\/schema\\\/logo\\\/image\\\/\"},\"sameAs\":[\"https:\\\/\\\/www.facebook.com\\\/Verredart\",\"https:\\\/\\\/x.com\\\/verredart\",\"https:\\\/\\\/www.instagram.com\\\/Verre_dart\",\"https:\\\/\\\/www.pinterest.fr\\\/verredart\\\/\"]}]}<\/script>\n<!-- \/ Yoast SEO plugin. -->","yoast_head_json":{"title":"Cr\u00e9ations en verre recycl\u00e9 non recyclable - Objets uniques","description":"D\u00e9couvrez mes cr\u00e9ations en verre recycl\u00e9, fa\u00e7onn\u00e9es \u00e0 partir de verre non recyclable destin\u00e9 \u00e0 \u00eatre enterr\u00e9. Des objets uniques et f\u00e9\u00e9riqu","robots":{"index":"index","follow":"follow","max-snippet":"max-snippet:-1","max-image-preview":"max-image-preview:large","max-video-preview":"max-video-preview:-1"},"canonical":"https:\/\/www.verredart.fr\/en\/verre-dart-bijoux-en-verre-recycle\/","og_locale":"en_US","og_type":"article","og_title":"Cr\u00e9ations en verre recycl\u00e9 non recyclable - Objets uniques","og_description":"D\u00e9couvrez mes cr\u00e9ations en verre recycl\u00e9, fa\u00e7onn\u00e9es \u00e0 partir de verre non recyclable destin\u00e9 \u00e0 \u00eatre enterr\u00e9. Des objets uniques et f\u00e9\u00e9riqu","og_url":"https:\/\/www.verredart.fr\/en\/verre-dart-bijoux-en-verre-recycle\/","og_site_name":"Verre d&#039;Art","article_publisher":"https:\/\/www.facebook.com\/Verredart","article_modified_time":"2025-10-29T07:08:12+00:00","og_image":[{"url":"https:\/\/www.verredart.fr\/wp-content\/uploads\/2024\/04\/a2500ed2-8873-43d4-bccc-5d4d8999d594-e1712561533662-300x300.jpeg","type":"","width":"","height":""}],"twitter_card":"summary_large_image","twitter_site":"@verredart","twitter_misc":{"Est. reading time":"3 minutes"},"schema":{"@context":"https:\/\/schema.org","@graph":[{"@type":"WebPage","@id":"https:\/\/www.verredart.fr\/verre-dart-bijoux-en-verre-recycle\/","url":"https:\/\/www.verredart.fr\/verre-dart-bijoux-en-verre-recycle\/","name":"Cr\u00e9ations en verre recycl\u00e9 non recyclable - Objets uniques","isPartOf":{"@id":"https:\/\/www.verredart.fr\/#website"},"primaryImageOfPage":{"@id":"https:\/\/www.verredart.fr\/verre-dart-bijoux-en-verre-recycle\/#primaryimage"},"image":{"@id":"https:\/\/www.verredart.fr\/verre-dart-bijoux-en-verre-recycle\/#primaryimage"},"thumbnailUrl":"https:\/\/www.verredart.fr\/wp-content\/uploads\/2024\/04\/a2500ed2-8873-43d4-bccc-5d4d8999d594-e1712561533662-300x300.jpeg","datePublished":"2024-03-29T16:00:07+00:00","dateModified":"2025-10-29T07:08:12+00:00","description":"D\u00e9couvrez mes cr\u00e9ations en verre recycl\u00e9, fa\u00e7onn\u00e9es \u00e0 partir de verre non recyclable destin\u00e9 \u00e0 \u00eatre enterr\u00e9. Des objets uniques et f\u00e9\u00e9riques.","inLanguage":"en-US","potentialAction":[{"@type":"ReadAction","target":["https:\/\/www.verredart.fr\/verre-dart-bijoux-en-verre-recycle\/"]}]},{"@type":"ImageObject","inLanguage":"en-US","@id":"https:\/\/www.verredart.fr\/verre-dart-bijoux-en-verre-recycle\/#primaryimage","url":"https:\/\/www.verredart.fr\/wp-content\/uploads\/2024\/04\/a2500ed2-8873-43d4-bccc-5d4d8999d594-e1712561533662-300x300.jpeg","contentUrl":"https:\/\/www.verredart.fr\/wp-content\/uploads\/2024\/04\/a2500ed2-8873-43d4-bccc-5d4d8999d594-e1712561533662-300x300.jpeg"},{"@type":"WebSite","@id":"https:\/\/www.verredart.fr\/#website","url":"https:\/\/www.verredart.fr\/","name":"Verre d'Art","description":"Recyclage de verre non recyclable en cr\u00e9ations uniques et engag\u00e9s","publisher":{"@id":"https:\/\/www.verredart.fr\/#organization"},"potentialAction":[{"@type":"SearchAction","target":{"@type":"EntryPoint","urlTemplate":"https:\/\/www.verredart.fr\/?s={search_term_string}"},"query-input":{"@type":"PropertyValueSpecification","valueRequired":true,"valueName":"search_term_string"}}],"inLanguage":"en-US"},{"@type":"Organization","@id":"https:\/\/www.verredart.fr\/#organization","name":"Verre d'Art","url":"https:\/\/www.verredart.fr\/","logo":{"@type":"ImageObject","inLanguage":"en-US","@id":"https:\/\/www.verredart.fr\/#\/schema\/logo\/image\/","url":"","contentUrl":"","caption":"Verre d'Art"},"image":{"@id":"https:\/\/www.verredart.fr\/#\/schema\/logo\/image\/"},"sameAs":["https:\/\/www.facebook.com\/Verredart","https:\/\/x.com\/verredart","https:\/\/www.instagram.com\/Verre_dart","https:\/\/www.pinterest.fr\/verredart\/"]}]}},"jetpack_sharing_enabled":true,"_links":{"self":[{"href":"https:\/\/www.verredart.fr\/en\/wp-json\/wp\/v2\/pages\/13","targetHints":{"allow":["GET"]}}],"collection":[{"href":"https:\/\/www.verredart.fr\/en\/wp-json\/wp\/v2\/pages"}],"about":[{"href":"https:\/\/www.verredart.fr\/en\/wp-json\/wp\/v2\/types\/page"}],"author":[{"embeddable":true,"href":"https:\/\/www.verredart.fr\/en\/wp-json\/wp\/v2\/users\/1"}],"replies":[{"embeddable":true,"href":"https:\/\/www.verredart.fr\/en\/wp-json\/wp\/v2\/comments?post=13"}],"version-history":[{"count":188,"href":"https:\/\/www.verredart.fr\/en\/wp-json\/wp\/v2\/pages\/13\/revisions"}],"predecessor-version":[{"id":6012,"href":"https:\/\/www.verredart.fr\/en\/wp-json\/wp\/v2\/pages\/13\/revisions\/6012"}],"wp:attachment":[{"href":"https:\/\/www.verredart.fr\/en\/wp-json\/wp\/v2\/media?parent=13"}],"curies":[{"name":"wp","href":"https:\/\/api.w.org\/{rel}","templated":true}]}}