{"id":3279,"date":"2024-10-14T06:55:22","date_gmt":"2024-10-14T06:55:22","guid":{"rendered":"https:\/\/www.verredart.fr\/?page_id=3279"},"modified":"2024-10-21T07:54:41","modified_gmt":"2024-10-21T07:54:41","slug":"outils-creatifs-diy","status":"publish","type":"page","link":"https:\/\/www.verredart.fr\/en\/outils-creatifs-diy\/","title":{"rendered":"Mes outils cr\u00e9atifs et accessoires DIY : Tricot, Couture, Crochet et plus"},"content":{"rendered":"<div data-elementor-type=\"wp-page\" data-elementor-id=\"3279\" class=\"elementor elementor-3279\">\n\t\t\t\t<div class=\"elementor-element elementor-element-3f26672 e-flex e-con-boxed e-con e-parent\" data-id=\"3f26672\" data-element_type=\"container\" data-e-type=\"container\">\n\t\t\t\t\t<div class=\"e-con-inner\">\n\t\t<div class=\"elementor-element elementor-element-0b680b0 e-con-full e-flex e-con e-child\" data-id=\"0b680b0\" data-element_type=\"container\" data-e-type=\"container\">\n\t\t\t\t<div class=\"elementor-element elementor-element-0ca8871 elementor-widget__width-initial elementor-widget elementor-widget-text-editor\" data-id=\"0ca8871\" data-element_type=\"widget\" data-e-type=\"widget\" data-widget_type=\"text-editor.default\">\n\t\t\t\t<div class=\"elementor-widget-container\">\n\t\t\t\t\t\t\t\t\tBienvenue dans mon univers cr\u00e9atif, o\u00f9 j\u2019ai r\u00e9uni une gamme d&rsquo;outils et d&rsquo;accessoires pens\u00e9s pour vous accompagner dans vos projets DIY.\n\nQue ce soit pour <a href=\"https:\/\/www.verredart.fr\/en\/outils-creatifs-diy\/\"><strong>le tricot<\/strong><\/a>,<strong> <a href=\"https:\/\/www.verredart.fr\/en\/categorie-couture-verre-recycle\/\">la couture<\/a><\/strong>, le crochet, ou d&rsquo;autres activit\u00e9s cr\u00e9atives, j\u2019ai s\u00e9lectionn\u00e9 des articles vari\u00e9s, adapt\u00e9s aux d\u00e9butants comme aux experts.<br>\n<br\/>\n<h2>Chaque produit est con\u00e7u pour inspirer et faciliter vos r\u00e9alisations.<\/h2>\n\nExplorez ma collection en constante \u00e9volution, o\u00f9 vous trouverez tout ce dont vous avez besoin pour donner vie \u00e0 vos id\u00e9es et exprimer votre cr\u00e9ativit\u00e9 de mani\u00e8re unique.\t\t\t\t\t\t\t\t<\/div>\n\t\t\t\t<\/div>\n\t\t\t\t<\/div>\n\t\t<div class=\"elementor-element elementor-element-5d89b63 e-con-full e-flex e-con e-child\" data-id=\"5d89b63\" data-element_type=\"container\" data-e-type=\"container\">\n\t\t\t\t<div class=\"elementor-element elementor-element-94ee3d2 elementor-widget elementor-widget-image\" data-id=\"94ee3d2\" data-element_type=\"widget\" data-e-type=\"widget\" data-widget_type=\"image.default\">\n\t\t\t\t<div class=\"elementor-widget-container\">\n\t\t\t\t\t\t\t\t\t\t\t\t\t\t\t<img fetchpriority=\"high\" decoding=\"async\" width=\"300\" height=\"300\" src=\"https:\/\/i0.wp.com\/www.verredart.fr\/wp-content\/uploads\/2024\/10\/20241011_114857-scaled-e1728889073517.jpg?resize=300%2C300&amp;ssl=1\" class=\"attachment-woocommerce_thumbnail size-woocommerce_thumbnail wp-image-3255\" alt=\"Coussin \u00e0 \u00e9pingles en tissu floral avec lavande et verre recycl\u00e9\" srcset=\"https:\/\/i0.wp.com\/www.verredart.fr\/wp-content\/uploads\/2024\/10\/20241011_114857-scaled-e1728889073517.jpg?w=1442&amp;ssl=1 1442w, https:\/\/i0.wp.com\/www.verredart.fr\/wp-content\/uploads\/2024\/10\/20241011_114857-scaled-e1728889073517.jpg?resize=300%2C300&amp;ssl=1 300w, https:\/\/i0.wp.com\/www.verredart.fr\/wp-content\/uploads\/2024\/10\/20241011_114857-scaled-e1728889073517.jpg?resize=1024%2C1024&amp;ssl=1 1024w, https:\/\/i0.wp.com\/www.verredart.fr\/wp-content\/uploads\/2024\/10\/20241011_114857-scaled-e1728889073517.jpg?resize=150%2C150&amp;ssl=1 150w, https:\/\/i0.wp.com\/www.verredart.fr\/wp-content\/uploads\/2024\/10\/20241011_114857-scaled-e1728889073517.jpg?resize=768%2C768&amp;ssl=1 768w, https:\/\/i0.wp.com\/www.verredart.fr\/wp-content\/uploads\/2024\/10\/20241011_114857-scaled-e1728889073517.jpg?resize=600%2C600&amp;ssl=1 600w, https:\/\/i0.wp.com\/www.verredart.fr\/wp-content\/uploads\/2024\/10\/20241011_114857-scaled-e1728889073517.jpg?resize=100%2C100&amp;ssl=1 100w\" sizes=\"(max-width: 300px) 100vw, 300px\" \/>\t\t\t\t\t\t\t\t\t\t\t\t\t\t\t<\/div>\n\t\t\t\t<\/div>\n\t\t\t\t<\/div>\n\t\t\t\t\t<\/div>\n\t\t\t\t<\/div>\n\t\t\t\t<\/div>","protected":false},"excerpt":{"rendered":"<p>Bienvenue dans mon univers cr\u00e9atif, o\u00f9 j\u2019ai r\u00e9uni une gamme d&rsquo;outils et d&rsquo;accessoires pens\u00e9s pour vous accompagner dans vos projets DIY. Que ce soit pour le tricot, la couture, le crochet, ou d&rsquo;autres activit\u00e9s cr\u00e9atives, j\u2019ai s\u00e9lectionn\u00e9 des articles vari\u00e9s, adapt\u00e9s aux d\u00e9butants comme aux experts. Chaque produit est con\u00e7u pour inspirer et faciliter vos [&hellip;]<\/p>\n","protected":false},"author":1,"featured_media":3263,"parent":0,"menu_order":0,"comment_status":"closed","ping_status":"closed","template":"","meta":{"footnotes":""},"class_list":["post-3279","page","type-page","status-publish","has-post-thumbnail","hentry","entry","has-media","owp-thumbs-layout-vertical","owp-btn-big","owp-tabs-layout-horizontal","has-no-thumbnails","has-product-nav"],"yoast_head":"<!-- This site is optimized with the Yoast SEO plugin v27.4 - https:\/\/yoast.com\/product\/yoast-seo-wordpress\/ -->\n<title>Mes outils cr\u00e9atifs et accessoires DIY : Tricot, Couture, Crochet...<\/title>\n<meta name=\"description\" content=\"D\u00e9couvrez les outils cr\u00e9atifs pour vos projets : tricot, couture, crochet, et plus. Des accessoires pour lib\u00e9rer votre cr\u00e9ativit\u00e9.\" \/>\n<meta name=\"robots\" content=\"index, follow, max-snippet:-1, max-image-preview:large, max-video-preview:-1\" \/>\n<link rel=\"canonical\" href=\"https:\/\/www.verredart.fr\/en\/outils-creatifs-diy\/\" \/>\n<meta property=\"og:locale\" content=\"en_US\" \/>\n<meta property=\"og:type\" content=\"article\" \/>\n<meta property=\"og:title\" content=\"Mes outils cr\u00e9atifs et accessoires DIY : Tricot, Couture, Crochet...\" \/>\n<meta property=\"og:description\" content=\"D\u00e9couvrez les outils cr\u00e9atifs pour vos projets : tricot, couture, crochet, et plus. Des accessoires pour lib\u00e9rer votre cr\u00e9ativit\u00e9.\" \/>\n<meta property=\"og:url\" content=\"https:\/\/www.verredart.fr\/en\/outils-creatifs-diy\/\" \/>\n<meta property=\"og:site_name\" content=\"Verre d&#039;Art\" \/>\n<meta property=\"article:publisher\" content=\"https:\/\/www.facebook.com\/Verredart\" \/>\n<meta property=\"article:modified_time\" content=\"2024-10-21T07:54:41+00:00\" \/>\n<meta property=\"og:image\" content=\"https:\/\/www.verredart.fr\/wp-content\/uploads\/2024\/10\/20241011_115021-scaled.jpg\" \/>\n\t<meta property=\"og:image:width\" content=\"1440\" \/>\n\t<meta property=\"og:image:height\" content=\"2560\" \/>\n\t<meta property=\"og:image:type\" content=\"image\/jpeg\" \/>\n<meta name=\"twitter:card\" content=\"summary_large_image\" \/>\n<meta name=\"twitter:site\" content=\"@verredart\" \/>\n<meta name=\"twitter:label1\" content=\"Est. reading time\" \/>\n\t<meta name=\"twitter:data1\" content=\"1 minute\" \/>\n<script type=\"application\/ld+json\" class=\"yoast-schema-graph\">{\"@context\":\"https:\\\/\\\/schema.org\",\"@graph\":[{\"@type\":\"WebPage\",\"@id\":\"https:\\\/\\\/www.verredart.fr\\\/outils-creatifs-diy\\\/\",\"url\":\"https:\\\/\\\/www.verredart.fr\\\/outils-creatifs-diy\\\/\",\"name\":\"Mes outils cr\u00e9atifs et accessoires DIY : Tricot, Couture, Crochet...\",\"isPartOf\":{\"@id\":\"https:\\\/\\\/www.verredart.fr\\\/#website\"},\"primaryImageOfPage\":{\"@id\":\"https:\\\/\\\/www.verredart.fr\\\/outils-creatifs-diy\\\/#primaryimage\"},\"image\":{\"@id\":\"https:\\\/\\\/www.verredart.fr\\\/outils-creatifs-diy\\\/#primaryimage\"},\"thumbnailUrl\":\"https:\\\/\\\/i0.wp.com\\\/www.verredart.fr\\\/wp-content\\\/uploads\\\/2024\\\/10\\\/20241011_115021-scaled.jpg?fit=1440%2C2560&ssl=1\",\"datePublished\":\"2024-10-14T06:55:22+00:00\",\"dateModified\":\"2024-10-21T07:54:41+00:00\",\"description\":\"D\u00e9couvrez les outils cr\u00e9atifs pour vos projets : tricot, couture, crochet, et plus. Des accessoires pour lib\u00e9rer votre cr\u00e9ativit\u00e9.\",\"inLanguage\":\"en-US\",\"potentialAction\":[{\"@type\":\"ReadAction\",\"target\":[\"https:\\\/\\\/www.verredart.fr\\\/outils-creatifs-diy\\\/\"]}]},{\"@type\":\"ImageObject\",\"inLanguage\":\"en-US\",\"@id\":\"https:\\\/\\\/www.verredart.fr\\\/outils-creatifs-diy\\\/#primaryimage\",\"url\":\"https:\\\/\\\/i0.wp.com\\\/www.verredart.fr\\\/wp-content\\\/uploads\\\/2024\\\/10\\\/20241011_115021-scaled.jpg?fit=1440%2C2560&ssl=1\",\"contentUrl\":\"https:\\\/\\\/i0.wp.com\\\/www.verredart.fr\\\/wp-content\\\/uploads\\\/2024\\\/10\\\/20241011_115021-scaled.jpg?fit=1440%2C2560&ssl=1\",\"width\":1440,\"height\":2560,\"caption\":\"Mes outils cr\u00e9atifs et accessoires DIY : Tricot, Couture, Crochet et plus\"},{\"@type\":\"WebSite\",\"@id\":\"https:\\\/\\\/www.verredart.fr\\\/#website\",\"url\":\"https:\\\/\\\/www.verredart.fr\\\/\",\"name\":\"Verre d'Art\",\"description\":\"Recyclage de verre non recyclable en cr\u00e9ations uniques et engag\u00e9s\",\"publisher\":{\"@id\":\"https:\\\/\\\/www.verredart.fr\\\/#organization\"},\"potentialAction\":[{\"@type\":\"SearchAction\",\"target\":{\"@type\":\"EntryPoint\",\"urlTemplate\":\"https:\\\/\\\/www.verredart.fr\\\/?s={search_term_string}\"},\"query-input\":{\"@type\":\"PropertyValueSpecification\",\"valueRequired\":true,\"valueName\":\"search_term_string\"}}],\"inLanguage\":\"en-US\"},{\"@type\":\"Organization\",\"@id\":\"https:\\\/\\\/www.verredart.fr\\\/#organization\",\"name\":\"Verre d'Art\",\"url\":\"https:\\\/\\\/www.verredart.fr\\\/\",\"logo\":{\"@type\":\"ImageObject\",\"inLanguage\":\"en-US\",\"@id\":\"https:\\\/\\\/www.verredart.fr\\\/#\\\/schema\\\/logo\\\/image\\\/\",\"url\":\"\",\"contentUrl\":\"\",\"caption\":\"Verre d'Art\"},\"image\":{\"@id\":\"https:\\\/\\\/www.verredart.fr\\\/#\\\/schema\\\/logo\\\/image\\\/\"},\"sameAs\":[\"https:\\\/\\\/www.facebook.com\\\/Verredart\",\"https:\\\/\\\/x.com\\\/verredart\",\"https:\\\/\\\/www.instagram.com\\\/Verre_dart\",\"https:\\\/\\\/www.pinterest.fr\\\/verredart\\\/\"]}]}<\/script>\n<!-- \/ Yoast SEO plugin. -->","yoast_head_json":{"title":"Mes outils cr\u00e9atifs et accessoires DIY : Tricot, Couture, Crochet...","description":"D\u00e9couvrez les outils cr\u00e9atifs pour vos projets : tricot, couture, crochet, et plus. Des accessoires pour lib\u00e9rer votre cr\u00e9ativit\u00e9.","robots":{"index":"index","follow":"follow","max-snippet":"max-snippet:-1","max-image-preview":"max-image-preview:large","max-video-preview":"max-video-preview:-1"},"canonical":"https:\/\/www.verredart.fr\/en\/outils-creatifs-diy\/","og_locale":"en_US","og_type":"article","og_title":"Mes outils cr\u00e9atifs et accessoires DIY : Tricot, Couture, Crochet...","og_description":"D\u00e9couvrez les outils cr\u00e9atifs pour vos projets : tricot, couture, crochet, et plus. Des accessoires pour lib\u00e9rer votre cr\u00e9ativit\u00e9.","og_url":"https:\/\/www.verredart.fr\/en\/outils-creatifs-diy\/","og_site_name":"Verre d&#039;Art","article_publisher":"https:\/\/www.facebook.com\/Verredart","article_modified_time":"2024-10-21T07:54:41+00:00","og_image":[{"width":1440,"height":2560,"url":"https:\/\/www.verredart.fr\/wp-content\/uploads\/2024\/10\/20241011_115021-scaled.jpg","type":"image\/jpeg"}],"twitter_card":"summary_large_image","twitter_site":"@verredart","twitter_misc":{"Est. reading time":"1 minute"},"schema":{"@context":"https:\/\/schema.org","@graph":[{"@type":"WebPage","@id":"https:\/\/www.verredart.fr\/outils-creatifs-diy\/","url":"https:\/\/www.verredart.fr\/outils-creatifs-diy\/","name":"Mes outils cr\u00e9atifs et accessoires DIY : Tricot, Couture, Crochet...","isPartOf":{"@id":"https:\/\/www.verredart.fr\/#website"},"primaryImageOfPage":{"@id":"https:\/\/www.verredart.fr\/outils-creatifs-diy\/#primaryimage"},"image":{"@id":"https:\/\/www.verredart.fr\/outils-creatifs-diy\/#primaryimage"},"thumbnailUrl":"https:\/\/i0.wp.com\/www.verredart.fr\/wp-content\/uploads\/2024\/10\/20241011_115021-scaled.jpg?fit=1440%2C2560&ssl=1","datePublished":"2024-10-14T06:55:22+00:00","dateModified":"2024-10-21T07:54:41+00:00","description":"D\u00e9couvrez les outils cr\u00e9atifs pour vos projets : tricot, couture, crochet, et plus. Des accessoires pour lib\u00e9rer votre cr\u00e9ativit\u00e9.","inLanguage":"en-US","potentialAction":[{"@type":"ReadAction","target":["https:\/\/www.verredart.fr\/outils-creatifs-diy\/"]}]},{"@type":"ImageObject","inLanguage":"en-US","@id":"https:\/\/www.verredart.fr\/outils-creatifs-diy\/#primaryimage","url":"https:\/\/i0.wp.com\/www.verredart.fr\/wp-content\/uploads\/2024\/10\/20241011_115021-scaled.jpg?fit=1440%2C2560&ssl=1","contentUrl":"https:\/\/i0.wp.com\/www.verredart.fr\/wp-content\/uploads\/2024\/10\/20241011_115021-scaled.jpg?fit=1440%2C2560&ssl=1","width":1440,"height":2560,"caption":"Mes outils cr\u00e9atifs et accessoires DIY : Tricot, Couture, Crochet et plus"},{"@type":"WebSite","@id":"https:\/\/www.verredart.fr\/#website","url":"https:\/\/www.verredart.fr\/","name":"Verre d'Art","description":"Recyclage de verre non recyclable en cr\u00e9ations uniques et engag\u00e9s","publisher":{"@id":"https:\/\/www.verredart.fr\/#organization"},"potentialAction":[{"@type":"SearchAction","target":{"@type":"EntryPoint","urlTemplate":"https:\/\/www.verredart.fr\/?s={search_term_string}"},"query-input":{"@type":"PropertyValueSpecification","valueRequired":true,"valueName":"search_term_string"}}],"inLanguage":"en-US"},{"@type":"Organization","@id":"https:\/\/www.verredart.fr\/#organization","name":"Verre d'Art","url":"https:\/\/www.verredart.fr\/","logo":{"@type":"ImageObject","inLanguage":"en-US","@id":"https:\/\/www.verredart.fr\/#\/schema\/logo\/image\/","url":"","contentUrl":"","caption":"Verre d'Art"},"image":{"@id":"https:\/\/www.verredart.fr\/#\/schema\/logo\/image\/"},"sameAs":["https:\/\/www.facebook.com\/Verredart","https:\/\/x.com\/verredart","https:\/\/www.instagram.com\/Verre_dart","https:\/\/www.pinterest.fr\/verredart\/"]}]}},"jetpack_sharing_enabled":true,"_links":{"self":[{"href":"https:\/\/www.verredart.fr\/en\/wp-json\/wp\/v2\/pages\/3279","targetHints":{"allow":["GET"]}}],"collection":[{"href":"https:\/\/www.verredart.fr\/en\/wp-json\/wp\/v2\/pages"}],"about":[{"href":"https:\/\/www.verredart.fr\/en\/wp-json\/wp\/v2\/types\/page"}],"author":[{"embeddable":true,"href":"https:\/\/www.verredart.fr\/en\/wp-json\/wp\/v2\/users\/1"}],"replies":[{"embeddable":true,"href":"https:\/\/www.verredart.fr\/en\/wp-json\/wp\/v2\/comments?post=3279"}],"version-history":[{"count":7,"href":"https:\/\/www.verredart.fr\/en\/wp-json\/wp\/v2\/pages\/3279\/revisions"}],"predecessor-version":[{"id":3415,"href":"https:\/\/www.verredart.fr\/en\/wp-json\/wp\/v2\/pages\/3279\/revisions\/3415"}],"wp:featuredmedia":[{"embeddable":true,"href":"https:\/\/www.verredart.fr\/en\/wp-json\/wp\/v2\/media\/3263"}],"wp:attachment":[{"href":"https:\/\/www.verredart.fr\/en\/wp-json\/wp\/v2\/media?parent=3279"}],"curies":[{"name":"wp","href":"https:\/\/api.w.org\/{rel}","templated":true}]}}