{"id":3328,"date":"2024-10-16T15:03:54","date_gmt":"2024-10-16T15:03:54","guid":{"rendered":"https:\/\/www.verredart.fr\/?page_id=3328"},"modified":"2025-02-24T10:16:10","modified_gmt":"2025-02-24T10:16:10","slug":"verre-file-chalumeau-recycle-non-recyclable","status":"publish","type":"page","link":"https:\/\/www.verredart.fr\/en\/verre-file-chalumeau-recycle-non-recyclable\/","title":{"rendered":"Le verre fil\u00e9 au chalumeau : l\u2019art de transformer l\u2019intransformable"},"content":{"rendered":"<div data-elementor-type=\"wp-page\" data-elementor-id=\"3328\" class=\"elementor elementor-3328\">\n\t\t\t\t<div class=\"elementor-element elementor-element-06dfe7a e-flex e-con-boxed e-con e-parent\" data-id=\"06dfe7a\" data-element_type=\"container\" data-e-type=\"container\">\n\t\t\t\t\t<div class=\"e-con-inner\">\n\t\t<div class=\"elementor-element elementor-element-07af54a e-con-full e-flex e-con e-child\" data-id=\"07af54a\" data-element_type=\"container\" data-e-type=\"container\">\n\t\t\t\t<div class=\"elementor-element elementor-element-ae5e27a elementor-widget elementor-widget-text-editor\" data-id=\"ae5e27a\" data-element_type=\"widget\" data-e-type=\"widget\" data-widget_type=\"text-editor.default\">\n\t\t\t\t<div class=\"elementor-widget-container\">\n\t\t\t\t\t\t\t\t\t<h3 data-start=\"2217\" data-end=\"2288\">Le verre fil\u00e9 au chalumeau : l\u2019art de transformer l\u2019intransformable<\/h3><p data-start=\"2290\" data-end=\"2546\">Bienvenue dans mon atelier, un lieu o\u00f9 l\u2019art se conjugue avec passion et \u00e9cologie. Ici, je pratique le verre fil\u00e9 au chalumeau, une technique artisanale ancestrale qui m\u00e9tamorphose des mat\u00e9riaux jug\u00e9s \u00ab non-recyclables \u00bb en \u0153uvres uniques et intemporelles.<\/p><h4 data-start=\"2548\" data-end=\"2595\">Qu\u2019est-ce que le verre fil\u00e9 au chalumeau ?<\/h4><p data-start=\"2597\" data-end=\"2981\">Cette m\u00e9thode consiste \u00e0 chauffer des baguettes de verre \u00e0 des temp\u00e9ratures extr\u00eames gr\u00e2ce \u00e0 un chalumeau, rendant le verre mall\u00e9able. Sous l\u2019effet de la chaleur, il se transforme : il peut \u00eatre \u00e9tir\u00e9, souffl\u00e9, torsad\u00e9 et sculpt\u00e9 selon l\u2019inspiration du moment. Le r\u00e9sultat ? Des pi\u00e8ces originales, o\u00f9 chaque d\u00e9tail t\u00e9moigne d\u2019un travail minutieux et d\u2019une passion pour l\u2019art du verre.<\/p><h4 data-start=\"2983\" data-end=\"3038\">Pourquoi privil\u00e9gier le verre \u00ab non-recyclable \u00bb ?<\/h4><p data-start=\"3040\" data-end=\"3436\">Contrairement aux mat\u00e9riaux traditionnellement tri\u00e9s, <strong>le verre \u00ab non-recyclable \u00bb \u2013 provenant de vaisselle ancienne, de lustres, de Pyrex ou m\u00eame de vitraux<\/strong> \u2013 est souvent d\u00e9laiss\u00e9. En lui offrant une seconde vie, je contribue \u00e0 r\u00e9duire les d\u00e9chets et \u00e0 pr\u00e9server notre environnement. Cette d\u00e9marche <strong>\u00e9co-responsable<\/strong> transforme ce qui \u00e9tait vou\u00e9 \u00e0 l\u2019enfouissement en v\u00e9ritables tr\u00e9sors artistiques.<\/p><h4 data-start=\"3438\" data-end=\"3476\">L\u2019impact \u00e9cologique et artistique<\/h4><p data-start=\"3478\" data-end=\"3865\">Each<strong> cr\u00e9ation r\u00e9alis\u00e9e au chalumeau<\/strong> incarne une fusion harmonieuse entre art et \u00e9cologie. En r\u00e9utilisant du verre souvent consid\u00e9r\u00e9 comme d\u00e9chet, je participe activement \u00e0 la r\u00e9duction des d\u00e9chets tout en donnant naissance \u00e0 des pi\u00e8ces qui racontent une histoire. Ce travail artisanal invite \u00e0 une <strong>r\u00e9flexion sur la valeur du recyclage<\/strong> et sur la beaut\u00e9 qui peut \u00e9merger de l\u2019improbable.<\/p><h4 data-start=\"3867\" data-end=\"3902\">Des \u0153uvres uniques et durables<\/h4><p data-start=\"3904\" data-end=\"4140\">Qu\u2019il s\u2019agisse de bijoux, d\u2019accessoires ou d\u2019objets d\u00e9coratifs, chaque pi\u00e8ce est fa\u00e7onn\u00e9e \u00e0 la main avec le plus grand soin. L\u2019unicit\u00e9 de chaque cr\u00e9ation fait de chaque objet une \u0153uvre d\u2019art \u00e0 part enti\u00e8re, charg\u00e9e d\u2019\u00e9motion et de sens.<\/p><h4 data-start=\"4142\" data-end=\"4180\">D\u00e9couvrez l\u2019univers du verre fil\u00e9<\/h4><p data-start=\"4182\" data-end=\"4412\">Je vous invite \u00e0 explorer ma collection et \u00e0 d\u00e9couvrir comment, par le feu et la passion, le verre rena\u00eet sous des formes inattendues. Laissez-vous s\u00e9duire par l\u2019alliance du savoir-faire traditionnel et de l\u2019engagement \u00e9cologique.<\/p><hr data-start=\"4414\" data-end=\"4417\" \/>\t\t\t\t\t\t\t\t<\/div>\n\t\t\t\t<\/div>\n\t\t\t\t<\/div>\n\t\t<div class=\"elementor-element elementor-element-39432bc e-con-full e-flex e-con e-child\" data-id=\"39432bc\" data-element_type=\"container\" data-e-type=\"container\">\n\t\t\t\t<div class=\"elementor-element elementor-element-60630cc elementor-widget elementor-widget-image\" data-id=\"60630cc\" data-element_type=\"widget\" data-e-type=\"widget\" data-widget_type=\"image.default\">\n\t\t\t\t<div class=\"elementor-widget-container\">\n\t\t\t\t\t\t\t\t\t\t\t\t\t\t\t<img fetchpriority=\"high\" decoding=\"async\" width=\"683\" height=\"1024\" src=\"https:\/\/i0.wp.com\/www.verredart.fr\/wp-content\/uploads\/2024\/10\/438163095_835354691949293_5705803630906081356_n.jpg?fit=683%2C1024&amp;ssl=1\" class=\"attachment-large size-large wp-image-3334\" alt=\"Le verre fil\u00e9 au chalumeau : l\u2019art de transformer l\u2019intransformable\" srcset=\"https:\/\/i0.wp.com\/www.verredart.fr\/wp-content\/uploads\/2024\/10\/438163095_835354691949293_5705803630906081356_n.jpg?w=1366&amp;ssl=1 1366w, https:\/\/i0.wp.com\/www.verredart.fr\/wp-content\/uploads\/2024\/10\/438163095_835354691949293_5705803630906081356_n.jpg?resize=200%2C300&amp;ssl=1 200w, https:\/\/i0.wp.com\/www.verredart.fr\/wp-content\/uploads\/2024\/10\/438163095_835354691949293_5705803630906081356_n.jpg?resize=683%2C1024&amp;ssl=1 683w, https:\/\/i0.wp.com\/www.verredart.fr\/wp-content\/uploads\/2024\/10\/438163095_835354691949293_5705803630906081356_n.jpg?resize=768%2C1151&amp;ssl=1 768w, https:\/\/i0.wp.com\/www.verredart.fr\/wp-content\/uploads\/2024\/10\/438163095_835354691949293_5705803630906081356_n.jpg?resize=1025%2C1536&amp;ssl=1 1025w, https:\/\/i0.wp.com\/www.verredart.fr\/wp-content\/uploads\/2024\/10\/438163095_835354691949293_5705803630906081356_n.jpg?resize=300%2C450&amp;ssl=1 300w\" sizes=\"(max-width: 683px) 100vw, 683px\" \/>\t\t\t\t\t\t\t\t\t\t\t\t\t\t\t<\/div>\n\t\t\t\t<\/div>\n\t\t\t\t<div class=\"elementor-element elementor-element-baee94e elementor-widget elementor-widget-image\" data-id=\"baee94e\" data-element_type=\"widget\" data-e-type=\"widget\" data-widget_type=\"image.default\">\n\t\t\t\t<div class=\"elementor-widget-container\">\n\t\t\t\t\t\t\t\t\t\t\t\t\t\t\t<img decoding=\"async\" width=\"1024\" height=\"683\" data-src=\"https:\/\/i0.wp.com\/www.verredart.fr\/wp-content\/uploads\/2024\/10\/DSC_0504-scaled.jpg?fit=1024%2C683&amp;ssl=1\" class=\"attachment-large size-large wp-image-3331 lazyload\" alt=\"Le verre fil\u00e9 au chalumeau : l\u2019art de transformer l\u2019intransformable\" data-srcset=\"https:\/\/i0.wp.com\/www.verredart.fr\/wp-content\/uploads\/2024\/10\/DSC_0504-scaled.jpg?w=2560&amp;ssl=1 2560w, https:\/\/i0.wp.com\/www.verredart.fr\/wp-content\/uploads\/2024\/10\/DSC_0504-scaled.jpg?resize=300%2C200&amp;ssl=1 300w, https:\/\/i0.wp.com\/www.verredart.fr\/wp-content\/uploads\/2024\/10\/DSC_0504-scaled.jpg?resize=1024%2C683&amp;ssl=1 1024w, https:\/\/i0.wp.com\/www.verredart.fr\/wp-content\/uploads\/2024\/10\/DSC_0504-scaled.jpg?resize=768%2C512&amp;ssl=1 768w, https:\/\/i0.wp.com\/www.verredart.fr\/wp-content\/uploads\/2024\/10\/DSC_0504-scaled.jpg?resize=1536%2C1024&amp;ssl=1 1536w, https:\/\/i0.wp.com\/www.verredart.fr\/wp-content\/uploads\/2024\/10\/DSC_0504-scaled.jpg?resize=2048%2C1365&amp;ssl=1 2048w, https:\/\/i0.wp.com\/www.verredart.fr\/wp-content\/uploads\/2024\/10\/DSC_0504-scaled.jpg?w=2400&amp;ssl=1 2400w\" data-sizes=\"(max-width: 1024px) 100vw, 1024px\" src=\"data:image\/svg+xml;base64,PHN2ZyB3aWR0aD0iMSIgaGVpZ2h0PSIxIiB4bWxucz0iaHR0cDovL3d3dy53My5vcmcvMjAwMC9zdmciPjwvc3ZnPg==\" style=\"--smush-placeholder-width: 1024px; --smush-placeholder-aspect-ratio: 1024\/683;\" \/>\t\t\t\t\t\t\t\t\t\t\t\t\t\t\t<\/div>\n\t\t\t\t<\/div>\n\t\t\t\t<\/div>\n\t\t\t\t\t<\/div>\n\t\t\t\t<\/div>\n\t\t\t\t<\/div>","protected":false},"excerpt":{"rendered":"<p>Le verre fil\u00e9 au chalumeau : l\u2019art de transformer l\u2019intransformable Bienvenue dans mon atelier, un lieu o\u00f9 l\u2019art se conjugue avec passion et \u00e9cologie. Ici, je pratique le verre fil\u00e9 au chalumeau, une technique artisanale ancestrale qui m\u00e9tamorphose des mat\u00e9riaux jug\u00e9s \u00ab non-recyclables \u00bb en \u0153uvres uniques et intemporelles. Qu\u2019est-ce que le verre fil\u00e9 au [&hellip;]<\/p>\n","protected":false},"author":1,"featured_media":1616,"parent":0,"menu_order":0,"comment_status":"closed","ping_status":"closed","template":"","meta":{"footnotes":""},"class_list":["post-3328","page","type-page","status-publish","has-post-thumbnail","hentry","entry","has-media","owp-thumbs-layout-vertical","owp-btn-big","owp-tabs-layout-horizontal","has-no-thumbnails","has-product-nav"],"yoast_head":"<!-- This site is optimized with the Yoast SEO plugin v27.4 - https:\/\/yoast.com\/product\/yoast-seo-wordpress\/ -->\n<title>Verre fil\u00e9 au chalumeau : cr\u00e9ations en verre recycl\u00e9 non recyclable<\/title>\n<meta name=\"description\" content=\"D\u00e9couvrez l\u2019art du verre fil\u00e9 au chalumeau avec du verre recycl\u00e9 dit non recyclable. Artisanat \u00e9cologique et cr\u00e9ations uniques \u00e0 partir de mat\" \/>\n<meta name=\"robots\" content=\"index, follow, max-snippet:-1, max-image-preview:large, max-video-preview:-1\" \/>\n<link rel=\"canonical\" href=\"https:\/\/www.verredart.fr\/en\/verre-file-chalumeau-recycle-non-recyclable\/\" \/>\n<meta property=\"og:locale\" content=\"en_US\" \/>\n<meta property=\"og:type\" content=\"article\" \/>\n<meta property=\"og:title\" content=\"Verre fil\u00e9 au chalumeau : cr\u00e9ations en verre recycl\u00e9 non recyclable\" \/>\n<meta property=\"og:description\" content=\"D\u00e9couvrez l\u2019art du verre fil\u00e9 au chalumeau avec du verre recycl\u00e9 dit non recyclable. Artisanat \u00e9cologique et cr\u00e9ations uniques \u00e0 partir de mat\" \/>\n<meta property=\"og:url\" content=\"https:\/\/www.verredart.fr\/en\/verre-file-chalumeau-recycle-non-recyclable\/\" \/>\n<meta property=\"og:site_name\" content=\"Verre d&#039;Art\" \/>\n<meta property=\"article:publisher\" content=\"https:\/\/www.facebook.com\/Verredart\" \/>\n<meta property=\"article:modified_time\" content=\"2025-02-24T10:16:10+00:00\" \/>\n<meta property=\"og:image\" content=\"https:\/\/www.verredart.fr\/wp-content\/uploads\/2024\/05\/438163095_835354691949293_5705803630906081356_n.jpg\" \/>\n\t<meta property=\"og:image:width\" content=\"1366\" \/>\n\t<meta property=\"og:image:height\" content=\"2048\" \/>\n\t<meta property=\"og:image:type\" content=\"image\/jpeg\" \/>\n<meta name=\"twitter:card\" content=\"summary_large_image\" \/>\n<meta name=\"twitter:site\" content=\"@verredart\" \/>\n<meta name=\"twitter:label1\" content=\"Est. reading time\" \/>\n\t<meta name=\"twitter:data1\" content=\"3 minutes\" \/>\n<script type=\"application\/ld+json\" class=\"yoast-schema-graph\">{\"@context\":\"https:\\\/\\\/schema.org\",\"@graph\":[{\"@type\":\"WebPage\",\"@id\":\"https:\\\/\\\/www.verredart.fr\\\/verre-file-chalumeau-recycle-non-recyclable\\\/\",\"url\":\"https:\\\/\\\/www.verredart.fr\\\/verre-file-chalumeau-recycle-non-recyclable\\\/\",\"name\":\"Verre fil\u00e9 au chalumeau : cr\u00e9ations en verre recycl\u00e9 non recyclable\",\"isPartOf\":{\"@id\":\"https:\\\/\\\/www.verredart.fr\\\/#website\"},\"primaryImageOfPage\":{\"@id\":\"https:\\\/\\\/www.verredart.fr\\\/verre-file-chalumeau-recycle-non-recyclable\\\/#primaryimage\"},\"image\":{\"@id\":\"https:\\\/\\\/www.verredart.fr\\\/verre-file-chalumeau-recycle-non-recyclable\\\/#primaryimage\"},\"thumbnailUrl\":\"https:\\\/\\\/i0.wp.com\\\/www.verredart.fr\\\/wp-content\\\/uploads\\\/2024\\\/05\\\/438163095_835354691949293_5705803630906081356_n.jpg?fit=1366%2C2048&ssl=1\",\"datePublished\":\"2024-10-16T15:03:54+00:00\",\"dateModified\":\"2025-02-24T10:16:10+00:00\",\"description\":\"D\u00e9couvrez l\u2019art du verre fil\u00e9 au chalumeau avec du verre recycl\u00e9 dit non recyclable. Artisanat \u00e9cologique et cr\u00e9ations uniques \u00e0 partir de mat\u00e9riaux r\u00e9utilis\u00e9s.\",\"inLanguage\":\"en-US\",\"potentialAction\":[{\"@type\":\"ReadAction\",\"target\":[\"https:\\\/\\\/www.verredart.fr\\\/verre-file-chalumeau-recycle-non-recyclable\\\/\"]}]},{\"@type\":\"ImageObject\",\"inLanguage\":\"en-US\",\"@id\":\"https:\\\/\\\/www.verredart.fr\\\/verre-file-chalumeau-recycle-non-recyclable\\\/#primaryimage\",\"url\":\"https:\\\/\\\/i0.wp.com\\\/www.verredart.fr\\\/wp-content\\\/uploads\\\/2024\\\/05\\\/438163095_835354691949293_5705803630906081356_n.jpg?fit=1366%2C2048&ssl=1\",\"contentUrl\":\"https:\\\/\\\/i0.wp.com\\\/www.verredart.fr\\\/wp-content\\\/uploads\\\/2024\\\/05\\\/438163095_835354691949293_5705803630906081356_n.jpg?fit=1366%2C2048&ssl=1\",\"width\":1366,\"height\":2048,\"caption\":\"Qui est Verre d'Art ? Andreia la recycleuse de verre au chalumeau\"},{\"@type\":\"WebSite\",\"@id\":\"https:\\\/\\\/www.verredart.fr\\\/#website\",\"url\":\"https:\\\/\\\/www.verredart.fr\\\/\",\"name\":\"Verre d'Art\",\"description\":\"Recyclage de verre non recyclable en cr\u00e9ations uniques et engag\u00e9s\",\"publisher\":{\"@id\":\"https:\\\/\\\/www.verredart.fr\\\/#organization\"},\"potentialAction\":[{\"@type\":\"SearchAction\",\"target\":{\"@type\":\"EntryPoint\",\"urlTemplate\":\"https:\\\/\\\/www.verredart.fr\\\/?s={search_term_string}\"},\"query-input\":{\"@type\":\"PropertyValueSpecification\",\"valueRequired\":true,\"valueName\":\"search_term_string\"}}],\"inLanguage\":\"en-US\"},{\"@type\":\"Organization\",\"@id\":\"https:\\\/\\\/www.verredart.fr\\\/#organization\",\"name\":\"Verre d'Art\",\"url\":\"https:\\\/\\\/www.verredart.fr\\\/\",\"logo\":{\"@type\":\"ImageObject\",\"inLanguage\":\"en-US\",\"@id\":\"https:\\\/\\\/www.verredart.fr\\\/#\\\/schema\\\/logo\\\/image\\\/\",\"url\":\"\",\"contentUrl\":\"\",\"caption\":\"Verre d'Art\"},\"image\":{\"@id\":\"https:\\\/\\\/www.verredart.fr\\\/#\\\/schema\\\/logo\\\/image\\\/\"},\"sameAs\":[\"https:\\\/\\\/www.facebook.com\\\/Verredart\",\"https:\\\/\\\/x.com\\\/verredart\",\"https:\\\/\\\/www.instagram.com\\\/Verre_dart\",\"https:\\\/\\\/www.pinterest.fr\\\/verredart\\\/\"]}]}<\/script>\n<!-- \/ Yoast SEO plugin. -->","yoast_head_json":{"title":"Verre fil\u00e9 au chalumeau : cr\u00e9ations en verre recycl\u00e9 non recyclable","description":"D\u00e9couvrez l\u2019art du verre fil\u00e9 au chalumeau avec du verre recycl\u00e9 dit non recyclable. Artisanat \u00e9cologique et cr\u00e9ations uniques \u00e0 partir de mat","robots":{"index":"index","follow":"follow","max-snippet":"max-snippet:-1","max-image-preview":"max-image-preview:large","max-video-preview":"max-video-preview:-1"},"canonical":"https:\/\/www.verredart.fr\/en\/verre-file-chalumeau-recycle-non-recyclable\/","og_locale":"en_US","og_type":"article","og_title":"Verre fil\u00e9 au chalumeau : cr\u00e9ations en verre recycl\u00e9 non recyclable","og_description":"D\u00e9couvrez l\u2019art du verre fil\u00e9 au chalumeau avec du verre recycl\u00e9 dit non recyclable. Artisanat \u00e9cologique et cr\u00e9ations uniques \u00e0 partir de mat","og_url":"https:\/\/www.verredart.fr\/en\/verre-file-chalumeau-recycle-non-recyclable\/","og_site_name":"Verre d&#039;Art","article_publisher":"https:\/\/www.facebook.com\/Verredart","article_modified_time":"2025-02-24T10:16:10+00:00","og_image":[{"width":1366,"height":2048,"url":"https:\/\/www.verredart.fr\/wp-content\/uploads\/2024\/05\/438163095_835354691949293_5705803630906081356_n.jpg","type":"image\/jpeg"}],"twitter_card":"summary_large_image","twitter_site":"@verredart","twitter_misc":{"Est. reading time":"3 minutes"},"schema":{"@context":"https:\/\/schema.org","@graph":[{"@type":"WebPage","@id":"https:\/\/www.verredart.fr\/verre-file-chalumeau-recycle-non-recyclable\/","url":"https:\/\/www.verredart.fr\/verre-file-chalumeau-recycle-non-recyclable\/","name":"Verre fil\u00e9 au chalumeau : cr\u00e9ations en verre recycl\u00e9 non recyclable","isPartOf":{"@id":"https:\/\/www.verredart.fr\/#website"},"primaryImageOfPage":{"@id":"https:\/\/www.verredart.fr\/verre-file-chalumeau-recycle-non-recyclable\/#primaryimage"},"image":{"@id":"https:\/\/www.verredart.fr\/verre-file-chalumeau-recycle-non-recyclable\/#primaryimage"},"thumbnailUrl":"https:\/\/i0.wp.com\/www.verredart.fr\/wp-content\/uploads\/2024\/05\/438163095_835354691949293_5705803630906081356_n.jpg?fit=1366%2C2048&ssl=1","datePublished":"2024-10-16T15:03:54+00:00","dateModified":"2025-02-24T10:16:10+00:00","description":"D\u00e9couvrez l\u2019art du verre fil\u00e9 au chalumeau avec du verre recycl\u00e9 dit non recyclable. Artisanat \u00e9cologique et cr\u00e9ations uniques \u00e0 partir de mat\u00e9riaux r\u00e9utilis\u00e9s.","inLanguage":"en-US","potentialAction":[{"@type":"ReadAction","target":["https:\/\/www.verredart.fr\/verre-file-chalumeau-recycle-non-recyclable\/"]}]},{"@type":"ImageObject","inLanguage":"en-US","@id":"https:\/\/www.verredart.fr\/verre-file-chalumeau-recycle-non-recyclable\/#primaryimage","url":"https:\/\/i0.wp.com\/www.verredart.fr\/wp-content\/uploads\/2024\/05\/438163095_835354691949293_5705803630906081356_n.jpg?fit=1366%2C2048&ssl=1","contentUrl":"https:\/\/i0.wp.com\/www.verredart.fr\/wp-content\/uploads\/2024\/05\/438163095_835354691949293_5705803630906081356_n.jpg?fit=1366%2C2048&ssl=1","width":1366,"height":2048,"caption":"Qui est Verre d'Art ? Andreia la recycleuse de verre au chalumeau"},{"@type":"WebSite","@id":"https:\/\/www.verredart.fr\/#website","url":"https:\/\/www.verredart.fr\/","name":"Verre d'Art","description":"Recyclage de verre non recyclable en cr\u00e9ations uniques et engag\u00e9s","publisher":{"@id":"https:\/\/www.verredart.fr\/#organization"},"potentialAction":[{"@type":"SearchAction","target":{"@type":"EntryPoint","urlTemplate":"https:\/\/www.verredart.fr\/?s={search_term_string}"},"query-input":{"@type":"PropertyValueSpecification","valueRequired":true,"valueName":"search_term_string"}}],"inLanguage":"en-US"},{"@type":"Organization","@id":"https:\/\/www.verredart.fr\/#organization","name":"Verre d'Art","url":"https:\/\/www.verredart.fr\/","logo":{"@type":"ImageObject","inLanguage":"en-US","@id":"https:\/\/www.verredart.fr\/#\/schema\/logo\/image\/","url":"","contentUrl":"","caption":"Verre d'Art"},"image":{"@id":"https:\/\/www.verredart.fr\/#\/schema\/logo\/image\/"},"sameAs":["https:\/\/www.facebook.com\/Verredart","https:\/\/x.com\/verredart","https:\/\/www.instagram.com\/Verre_dart","https:\/\/www.pinterest.fr\/verredart\/"]}]}},"jetpack_sharing_enabled":true,"_links":{"self":[{"href":"https:\/\/www.verredart.fr\/en\/wp-json\/wp\/v2\/pages\/3328","targetHints":{"allow":["GET"]}}],"collection":[{"href":"https:\/\/www.verredart.fr\/en\/wp-json\/wp\/v2\/pages"}],"about":[{"href":"https:\/\/www.verredart.fr\/en\/wp-json\/wp\/v2\/types\/page"}],"author":[{"embeddable":true,"href":"https:\/\/www.verredart.fr\/en\/wp-json\/wp\/v2\/users\/1"}],"replies":[{"embeddable":true,"href":"https:\/\/www.verredart.fr\/en\/wp-json\/wp\/v2\/comments?post=3328"}],"version-history":[{"count":10,"href":"https:\/\/www.verredart.fr\/en\/wp-json\/wp\/v2\/pages\/3328\/revisions"}],"predecessor-version":[{"id":4725,"href":"https:\/\/www.verredart.fr\/en\/wp-json\/wp\/v2\/pages\/3328\/revisions\/4725"}],"wp:featuredmedia":[{"embeddable":true,"href":"https:\/\/www.verredart.fr\/en\/wp-json\/wp\/v2\/media\/1616"}],"wp:attachment":[{"href":"https:\/\/www.verredart.fr\/en\/wp-json\/wp\/v2\/media?parent=3328"}],"curies":[{"name":"wp","href":"https:\/\/api.w.org\/{rel}","templated":true}]}}