{"id":680,"date":"2024-04-09T07:23:21","date_gmt":"2024-04-09T07:23:21","guid":{"rendered":"https:\/\/www.verredart.fr\/?page_id=680"},"modified":"2026-04-02T13:28:48","modified_gmt":"2026-04-02T13:28:48","slug":"qui-est-verre-dart-recyclage-de-verre-dit-non-recyclable","status":"publish","type":"page","link":"https:\/\/www.verredart.fr\/en\/a-propos-de-verre-dart\/qui-est-verre-dart-recyclage-de-verre-dit-non-recyclable\/","title":{"rendered":"Who am I"},"content":{"rendered":"<div data-elementor-type=\"wp-page\" data-elementor-id=\"680\" class=\"elementor elementor-680\">\n\t\t\t\t<div class=\"elementor-element elementor-element-47e88f3 e-flex e-con-boxed e-con e-parent\" data-id=\"47e88f3\" data-element_type=\"container\" data-e-type=\"container\">\n\t\t\t\t\t<div class=\"e-con-inner\">\n\t\t\t\t<div class=\"elementor-element elementor-element-03dfe1c elementor-widget elementor-widget-heading\" data-id=\"03dfe1c\" data-element_type=\"widget\" data-e-type=\"widget\" data-widget_type=\"heading.default\">\n\t\t\t\t<div class=\"elementor-widget-container\">\n\t\t\t\t\t<h2 class=\"elementor-heading-title elementor-size-default\"><a href=\"https:\/\/www.verredart.fr\/en\/a-propos-de-verre-dart\/recyclage-de-verre-culinaire\/\">Qui est Verre d'Art ?\n<\/a><\/h2>\t\t\t\t<\/div>\n\t\t\t\t<\/div>\n\t\t\t\t\t<\/div>\n\t\t\t\t<\/div>\n\t\t<div class=\"elementor-element elementor-element-4bf297a e-flex e-con-boxed e-con e-parent\" data-id=\"4bf297a\" data-element_type=\"container\" data-e-type=\"container\">\n\t\t\t\t\t<div class=\"e-con-inner\">\n\t\t<div class=\"elementor-element elementor-element-9b5b571 e-con-full e-flex e-con e-child\" data-id=\"9b5b571\" data-element_type=\"container\" data-e-type=\"container\">\n\t\t\t\t<div class=\"elementor-element elementor-element-2d15002 elementor-widget elementor-widget-video\" data-id=\"2d15002\" data-element_type=\"widget\" data-e-type=\"widget\" data-settings=\"{&quot;youtube_url&quot;:&quot;https:\\\/\\\/youtu.be\\\/ypFSflrSKYU&quot;,&quot;video_type&quot;:&quot;youtube&quot;,&quot;controls&quot;:&quot;yes&quot;}\" data-widget_type=\"video.default\">\n\t\t\t\t<div class=\"elementor-widget-container\">\n\t\t\t\t\t\t\t<div class=\"elementor-wrapper elementor-open-inline\">\n\t\t\t<div class=\"elementor-video\"><\/div>\t\t<\/div>\n\t\t\t\t\t\t<\/div>\n\t\t\t\t<\/div>\n\t\t\t\t<div class=\"elementor-element elementor-element-2e854f7 elementor-widget elementor-widget-text-editor\" data-id=\"2e854f7\" data-element_type=\"widget\" data-e-type=\"widget\" data-widget_type=\"text-editor.default\">\n\t\t\t\t<div class=\"elementor-widget-container\">\n\t\t\t\t\t\t\t\t\t<h3 data-start=\"164\" data-end=\"238\">Le recyclage du verre non recyclable, une passion au service de l&rsquo;art<\/h3>\n<p data-start=\"240\" data-end=\"620\">Bienvenue dans l&rsquo;univers de <strong>Verre d&rsquo;Art<\/strong>, la marque o\u00f9 chaque cr\u00e9ation na\u00eet d&rsquo;une passion profonde pour le verre et d&rsquo;un engagement \u00e9cologique. Je m&rsquo;appelle Andreia, la cr\u00e9atrice derri\u00e8re Verre d&rsquo;Art, et c&rsquo;est avec amour et savoir-faire que je transforme le <strong>The non-recyclable glass<\/strong> \u2013 issu de <strong>vaisselle, de lustres, de vases, de Pyrex, de cristal et de vitraux<\/strong> \u2013 en \u0153uvres d&rsquo;exception.<\/p>\n\n<h4 data-start=\"622\" data-end=\"664\">Un savoir-faire artisanal authentique<\/h4>\n<p data-start=\"666\" data-end=\"946\">Ancr\u00e9e dans une tradition artisanale minutieuse et innovante, ma d\u00e9marche consiste \u00e0 sublimer des mat\u00e9riaux destin\u00e9s \u00e0 dispara\u00eetre. Chaque pi\u00e8ce est fa\u00e7onn\u00e9e \u00e0 la main avec passion, r\u00e9v\u00e9lant la d\u00e9licatesse et l&rsquo;unicit\u00e9 du verre une fois transform\u00e9 par la chaleur et la cr\u00e9ativit\u00e9.<\/p>\n\n<h4 data-start=\"948\" data-end=\"984\">Une d\u00e9marche \u00e9cologique engag\u00e9e<\/h4>\n<p data-start=\"986\" data-end=\"1309\">Mon engagement va bien au-del\u00e0 de l&rsquo;art : il s&rsquo;inscrit dans une v\u00e9ritable d\u00e9marche \u00e9cologique. En valorisant le <strong>The non-recyclable glass<\/strong>, je contribue \u00e0 d\u00e9tourner ces mat\u00e9riaux de la d\u00e9chetterie et leur offrir une seconde vie. Chaque cr\u00e9ation devient ainsi le symbole d&rsquo;une consommation responsable et d&rsquo;une esth\u00e9tique durable.<\/p>\n\n<h4 data-start=\"1311\" data-end=\"1348\">L&rsquo;histoire derri\u00e8re chaque \u0153uvre<\/h4>\n<p data-start=\"1350\" data-end=\"1661\">Derri\u00e8re chaque objet se cache une histoire, celle d&rsquo;une transformation inattendue qui r\u00e9concilie pass\u00e9 et modernit\u00e9. Mon parcours est marqu\u00e9 par une qu\u00eate incessante de beaut\u00e9 dans l&rsquo;improbable et par la volont\u00e9 de r\u00e9inventer notre rapport aux mat\u00e9riaux pour partager cette vision \u00e0 travers des \u0153uvres uniques.<\/p>\n\n<h4 data-start=\"1663\" data-end=\"1702\">D\u00e9couvrez l&rsquo;univers de Verre d&rsquo;Art<\/h4>\n<p data-start=\"1704\" data-end=\"1797\" data-is-last-node=\"\" data-is-only-node=\"\">Je vous invite \u00e0 explorer l&rsquo;univers de <strong>Verre d&rsquo;Art<\/strong> et \u00e0 d\u00e9couvrir comment, gr\u00e2ce \u00e0 mon savoir<\/p>\t\t\t\t\t\t\t\t<\/div>\n\t\t\t\t<\/div>\n\t\t<div class=\"elementor-element elementor-element-b01f6b9 e-grid e-con-full e-con e-child\" data-id=\"b01f6b9\" data-element_type=\"container\" data-e-type=\"container\">\n\t\t\t\t<div class=\"elementor-element elementor-element-64440f1 elementor-widget elementor-widget-image\" data-id=\"64440f1\" data-element_type=\"widget\" data-e-type=\"widget\" data-widget_type=\"image.default\">\n\t\t\t\t<div class=\"elementor-widget-container\">\n\t\t\t\t\t\t\t\t\t\t\t\t\t\t\t<img fetchpriority=\"high\" decoding=\"async\" width=\"1024\" height=\"832\" src=\"https:\/\/i0.wp.com\/www.verredart.fr\/wp-content\/uploads\/2025\/10\/Logos-Artisan.png?fit=1024%2C832&amp;ssl=1\" class=\"attachment-large size-large wp-image-5919\" alt=\"Verre d&#039;Art - Artisan d&#039;art\" srcset=\"https:\/\/i0.wp.com\/www.verredart.fr\/wp-content\/uploads\/2025\/10\/Logos-Artisan.png?w=2362&amp;ssl=1 2362w, https:\/\/i0.wp.com\/www.verredart.fr\/wp-content\/uploads\/2025\/10\/Logos-Artisan.png?resize=300%2C244&amp;ssl=1 300w, https:\/\/i0.wp.com\/www.verredart.fr\/wp-content\/uploads\/2025\/10\/Logos-Artisan.png?resize=1024%2C832&amp;ssl=1 1024w, https:\/\/i0.wp.com\/www.verredart.fr\/wp-content\/uploads\/2025\/10\/Logos-Artisan.png?resize=768%2C624&amp;ssl=1 768w, https:\/\/i0.wp.com\/www.verredart.fr\/wp-content\/uploads\/2025\/10\/Logos-Artisan.png?resize=1536%2C1249&amp;ssl=1 1536w, https:\/\/i0.wp.com\/www.verredart.fr\/wp-content\/uploads\/2025\/10\/Logos-Artisan.png?resize=2048%2C1665&amp;ssl=1 2048w\" sizes=\"(max-width: 1024px) 100vw, 1024px\" \/>\t\t\t\t\t\t\t\t\t\t\t\t\t\t\t<\/div>\n\t\t\t\t<\/div>\n\t\t\t\t<div class=\"elementor-element elementor-element-994c9ab elementor-widget elementor-widget-image\" data-id=\"994c9ab\" data-element_type=\"widget\" data-e-type=\"widget\" data-widget_type=\"image.default\">\n\t\t\t\t<div class=\"elementor-widget-container\">\n\t\t\t\t\t\t\t\t\t\t\t\t\t\t\t<img decoding=\"async\" width=\"1024\" height=\"1024\" data-src=\"https:\/\/i0.wp.com\/www.verredart.fr\/wp-content\/uploads\/2025\/10\/logo_label_eco_defi-1024x1024-1.png?fit=1024%2C1024&amp;ssl=1\" class=\"attachment-large size-large wp-image-5917 lazyload\" alt=\"Verre d&#039;Art - Label \u00e9co-defis\" data-srcset=\"https:\/\/i0.wp.com\/www.verredart.fr\/wp-content\/uploads\/2025\/10\/logo_label_eco_defi-1024x1024-1.png?w=1024&amp;ssl=1 1024w, https:\/\/i0.wp.com\/www.verredart.fr\/wp-content\/uploads\/2025\/10\/logo_label_eco_defi-1024x1024-1.png?resize=300%2C300&amp;ssl=1 300w, https:\/\/i0.wp.com\/www.verredart.fr\/wp-content\/uploads\/2025\/10\/logo_label_eco_defi-1024x1024-1.png?resize=150%2C150&amp;ssl=1 150w, https:\/\/i0.wp.com\/www.verredart.fr\/wp-content\/uploads\/2025\/10\/logo_label_eco_defi-1024x1024-1.png?resize=768%2C768&amp;ssl=1 768w, https:\/\/i0.wp.com\/www.verredart.fr\/wp-content\/uploads\/2025\/10\/logo_label_eco_defi-1024x1024-1.png?resize=600%2C600&amp;ssl=1 600w, https:\/\/i0.wp.com\/www.verredart.fr\/wp-content\/uploads\/2025\/10\/logo_label_eco_defi-1024x1024-1.png?resize=100%2C100&amp;ssl=1 100w\" data-sizes=\"(max-width: 1024px) 100vw, 1024px\" src=\"data:image\/svg+xml;base64,PHN2ZyB3aWR0aD0iMSIgaGVpZ2h0PSIxIiB4bWxucz0iaHR0cDovL3d3dy53My5vcmcvMjAwMC9zdmciPjwvc3ZnPg==\" style=\"--smush-placeholder-width: 1024px; --smush-placeholder-aspect-ratio: 1024\/1024;\" \/>\t\t\t\t\t\t\t\t\t\t\t\t\t\t\t<\/div>\n\t\t\t\t<\/div>\n\t\t\t\t<\/div>\n\t\t\t\t<\/div>\n\t\t\t\t\t<\/div>\n\t\t\t\t<\/div>\n\t\t\t\t<\/div>","protected":false},"excerpt":{"rendered":"<p>Qui est Verre d&rsquo;Art ? https:\/\/youtu.be\/ypFSflrSKYU Le recyclage du verre non recyclable, une passion au service de l&rsquo;art Bienvenue dans l&rsquo;univers de Verre d&rsquo;Art, la marque o\u00f9 chaque cr\u00e9ation na\u00eet d&rsquo;une passion profonde pour le verre et d&rsquo;un engagement \u00e9cologique. Je m&rsquo;appelle Andreia, la cr\u00e9atrice derri\u00e8re Verre d&rsquo;Art, et c&rsquo;est avec amour et savoir-faire que [&hellip;]<\/p>\n","protected":false},"author":1,"featured_media":1616,"parent":424,"menu_order":0,"comment_status":"closed","ping_status":"closed","template":"","meta":{"footnotes":""},"class_list":["post-680","page","type-page","status-publish","has-post-thumbnail","hentry","entry","has-media","owp-thumbs-layout-vertical","owp-btn-big","owp-tabs-layout-horizontal","has-no-thumbnails","has-product-nav"],"yoast_head":"<!-- This site is optimized with the Yoast SEO plugin v27.4 - https:\/\/yoast.com\/product\/yoast-seo-wordpress\/ -->\n<title>Qui suis-je Verre d&#039;Art<\/title>\n<meta name=\"description\" content=\"D\u00e9couvrez l&#039;\u00e2me derri\u00e8re Verre d&#039;art. Mon histoire, mes valeurs, et mon engagement envers les eclats recycl\u00e9 de verre. Explorez mon identit\u00e9..\" \/>\n<meta name=\"robots\" content=\"index, follow, max-snippet:-1, max-image-preview:large, max-video-preview:-1\" \/>\n<link rel=\"canonical\" href=\"https:\/\/www.verredart.fr\/en\/a-propos-de-verre-dart\/qui-est-verre-dart-recyclage-de-verre-dit-non-recyclable\/\" \/>\n<meta property=\"og:locale\" content=\"en_US\" \/>\n<meta property=\"og:type\" content=\"article\" \/>\n<meta property=\"og:title\" content=\"Qui suis-je Verre d&#039;Art\" \/>\n<meta property=\"og:description\" content=\"D\u00e9couvrez l&#039;\u00e2me derri\u00e8re Verre d&#039;art. Mon histoire, mes valeurs, et mon engagement envers les eclats recycl\u00e9 de verre. Explorez mon identit\u00e9..\" \/>\n<meta property=\"og:url\" content=\"https:\/\/www.verredart.fr\/en\/a-propos-de-verre-dart\/qui-est-verre-dart-recyclage-de-verre-dit-non-recyclable\/\" \/>\n<meta property=\"og:site_name\" content=\"Verre d&#039;Art\" \/>\n<meta property=\"article:publisher\" content=\"https:\/\/www.facebook.com\/Verredart\" \/>\n<meta property=\"article:modified_time\" content=\"2026-04-02T13:28:48+00:00\" \/>\n<meta property=\"og:image\" content=\"https:\/\/www.verredart.fr\/wp-content\/uploads\/2024\/05\/438163095_835354691949293_5705803630906081356_n.jpg\" \/>\n\t<meta property=\"og:image:width\" content=\"1366\" \/>\n\t<meta property=\"og:image:height\" content=\"2048\" \/>\n\t<meta property=\"og:image:type\" content=\"image\/jpeg\" \/>\n<meta name=\"twitter:card\" content=\"summary_large_image\" \/>\n<meta name=\"twitter:site\" content=\"@verredart\" \/>\n<meta name=\"twitter:label1\" content=\"Est. reading time\" \/>\n\t<meta name=\"twitter:data1\" content=\"2 minutes\" \/>\n<script type=\"application\/ld+json\" class=\"yoast-schema-graph\">{\"@context\":\"https:\\\/\\\/schema.org\",\"@graph\":[{\"@type\":\"WebPage\",\"@id\":\"https:\\\/\\\/www.verredart.fr\\\/a-propos-de-verre-dart\\\/qui-est-verre-dart-recyclage-de-verre-dit-non-recyclable\\\/\",\"url\":\"https:\\\/\\\/www.verredart.fr\\\/a-propos-de-verre-dart\\\/qui-est-verre-dart-recyclage-de-verre-dit-non-recyclable\\\/\",\"name\":\"Qui suis-je Verre d&#039;Art\",\"isPartOf\":{\"@id\":\"https:\\\/\\\/www.verredart.fr\\\/#website\"},\"primaryImageOfPage\":{\"@id\":\"https:\\\/\\\/www.verredart.fr\\\/a-propos-de-verre-dart\\\/qui-est-verre-dart-recyclage-de-verre-dit-non-recyclable\\\/#primaryimage\"},\"image\":{\"@id\":\"https:\\\/\\\/www.verredart.fr\\\/a-propos-de-verre-dart\\\/qui-est-verre-dart-recyclage-de-verre-dit-non-recyclable\\\/#primaryimage\"},\"thumbnailUrl\":\"https:\\\/\\\/i0.wp.com\\\/www.verredart.fr\\\/wp-content\\\/uploads\\\/2024\\\/05\\\/438163095_835354691949293_5705803630906081356_n.jpg?fit=1366%2C2048&ssl=1\",\"datePublished\":\"2024-04-09T07:23:21+00:00\",\"dateModified\":\"2026-04-02T13:28:48+00:00\",\"description\":\"D\u00e9couvrez l'\u00e2me derri\u00e8re Verre d'art. Mon histoire, mes valeurs, et mon engagement envers les eclats recycl\u00e9 de verre. Explorez mon identit\u00e9..\",\"breadcrumb\":{\"@id\":\"https:\\\/\\\/www.verredart.fr\\\/a-propos-de-verre-dart\\\/qui-est-verre-dart-recyclage-de-verre-dit-non-recyclable\\\/#breadcrumb\"},\"inLanguage\":\"en-US\",\"potentialAction\":[{\"@type\":\"ReadAction\",\"target\":[\"https:\\\/\\\/www.verredart.fr\\\/a-propos-de-verre-dart\\\/qui-est-verre-dart-recyclage-de-verre-dit-non-recyclable\\\/\"]}]},{\"@type\":\"ImageObject\",\"inLanguage\":\"en-US\",\"@id\":\"https:\\\/\\\/www.verredart.fr\\\/a-propos-de-verre-dart\\\/qui-est-verre-dart-recyclage-de-verre-dit-non-recyclable\\\/#primaryimage\",\"url\":\"https:\\\/\\\/i0.wp.com\\\/www.verredart.fr\\\/wp-content\\\/uploads\\\/2024\\\/05\\\/438163095_835354691949293_5705803630906081356_n.jpg?fit=1366%2C2048&ssl=1\",\"contentUrl\":\"https:\\\/\\\/i0.wp.com\\\/www.verredart.fr\\\/wp-content\\\/uploads\\\/2024\\\/05\\\/438163095_835354691949293_5705803630906081356_n.jpg?fit=1366%2C2048&ssl=1\",\"width\":1366,\"height\":2048,\"caption\":\"Qui est Verre d'Art ? Andreia la recycleuse de verre au chalumeau\"},{\"@type\":\"BreadcrumbList\",\"@id\":\"https:\\\/\\\/www.verredart.fr\\\/a-propos-de-verre-dart\\\/qui-est-verre-dart-recyclage-de-verre-dit-non-recyclable\\\/#breadcrumb\",\"itemListElement\":[{\"@type\":\"ListItem\",\"position\":1,\"name\":\"\u00c0 propos\",\"item\":\"https:\\\/\\\/www.verredart.fr\\\/a-propos-de-verre-dart\\\/\"},{\"@type\":\"ListItem\",\"position\":2,\"name\":\"Qui suis-je\"}]},{\"@type\":\"WebSite\",\"@id\":\"https:\\\/\\\/www.verredart.fr\\\/#website\",\"url\":\"https:\\\/\\\/www.verredart.fr\\\/\",\"name\":\"Verre d'Art\",\"description\":\"Recyclage de verre non recyclable en cr\u00e9ations uniques et engag\u00e9s\",\"publisher\":{\"@id\":\"https:\\\/\\\/www.verredart.fr\\\/#organization\"},\"potentialAction\":[{\"@type\":\"SearchAction\",\"target\":{\"@type\":\"EntryPoint\",\"urlTemplate\":\"https:\\\/\\\/www.verredart.fr\\\/?s={search_term_string}\"},\"query-input\":{\"@type\":\"PropertyValueSpecification\",\"valueRequired\":true,\"valueName\":\"search_term_string\"}}],\"inLanguage\":\"en-US\"},{\"@type\":\"Organization\",\"@id\":\"https:\\\/\\\/www.verredart.fr\\\/#organization\",\"name\":\"Verre d'Art\",\"url\":\"https:\\\/\\\/www.verredart.fr\\\/\",\"logo\":{\"@type\":\"ImageObject\",\"inLanguage\":\"en-US\",\"@id\":\"https:\\\/\\\/www.verredart.fr\\\/#\\\/schema\\\/logo\\\/image\\\/\",\"url\":\"\",\"contentUrl\":\"\",\"caption\":\"Verre d'Art\"},\"image\":{\"@id\":\"https:\\\/\\\/www.verredart.fr\\\/#\\\/schema\\\/logo\\\/image\\\/\"},\"sameAs\":[\"https:\\\/\\\/www.facebook.com\\\/Verredart\",\"https:\\\/\\\/x.com\\\/verredart\",\"https:\\\/\\\/www.instagram.com\\\/Verre_dart\",\"https:\\\/\\\/www.pinterest.fr\\\/verredart\\\/\"]}]}<\/script>\n<!-- \/ Yoast SEO plugin. -->","yoast_head_json":{"title":"Qui suis-je Verre d&#039;Art","description":"D\u00e9couvrez l'\u00e2me derri\u00e8re Verre d'art. Mon histoire, mes valeurs, et mon engagement envers les eclats recycl\u00e9 de verre. Explorez mon identit\u00e9..","robots":{"index":"index","follow":"follow","max-snippet":"max-snippet:-1","max-image-preview":"max-image-preview:large","max-video-preview":"max-video-preview:-1"},"canonical":"https:\/\/www.verredart.fr\/en\/a-propos-de-verre-dart\/qui-est-verre-dart-recyclage-de-verre-dit-non-recyclable\/","og_locale":"en_US","og_type":"article","og_title":"Qui suis-je Verre d&#039;Art","og_description":"D\u00e9couvrez l'\u00e2me derri\u00e8re Verre d'art. Mon histoire, mes valeurs, et mon engagement envers les eclats recycl\u00e9 de verre. Explorez mon identit\u00e9..","og_url":"https:\/\/www.verredart.fr\/en\/a-propos-de-verre-dart\/qui-est-verre-dart-recyclage-de-verre-dit-non-recyclable\/","og_site_name":"Verre d&#039;Art","article_publisher":"https:\/\/www.facebook.com\/Verredart","article_modified_time":"2026-04-02T13:28:48+00:00","og_image":[{"width":1366,"height":2048,"url":"https:\/\/www.verredart.fr\/wp-content\/uploads\/2024\/05\/438163095_835354691949293_5705803630906081356_n.jpg","type":"image\/jpeg"}],"twitter_card":"summary_large_image","twitter_site":"@verredart","twitter_misc":{"Est. reading time":"2 minutes"},"schema":{"@context":"https:\/\/schema.org","@graph":[{"@type":"WebPage","@id":"https:\/\/www.verredart.fr\/a-propos-de-verre-dart\/qui-est-verre-dart-recyclage-de-verre-dit-non-recyclable\/","url":"https:\/\/www.verredart.fr\/a-propos-de-verre-dart\/qui-est-verre-dart-recyclage-de-verre-dit-non-recyclable\/","name":"Qui suis-je Verre d&#039;Art","isPartOf":{"@id":"https:\/\/www.verredart.fr\/#website"},"primaryImageOfPage":{"@id":"https:\/\/www.verredart.fr\/a-propos-de-verre-dart\/qui-est-verre-dart-recyclage-de-verre-dit-non-recyclable\/#primaryimage"},"image":{"@id":"https:\/\/www.verredart.fr\/a-propos-de-verre-dart\/qui-est-verre-dart-recyclage-de-verre-dit-non-recyclable\/#primaryimage"},"thumbnailUrl":"https:\/\/i0.wp.com\/www.verredart.fr\/wp-content\/uploads\/2024\/05\/438163095_835354691949293_5705803630906081356_n.jpg?fit=1366%2C2048&ssl=1","datePublished":"2024-04-09T07:23:21+00:00","dateModified":"2026-04-02T13:28:48+00:00","description":"D\u00e9couvrez l'\u00e2me derri\u00e8re Verre d'art. Mon histoire, mes valeurs, et mon engagement envers les eclats recycl\u00e9 de verre. Explorez mon identit\u00e9..","breadcrumb":{"@id":"https:\/\/www.verredart.fr\/a-propos-de-verre-dart\/qui-est-verre-dart-recyclage-de-verre-dit-non-recyclable\/#breadcrumb"},"inLanguage":"en-US","potentialAction":[{"@type":"ReadAction","target":["https:\/\/www.verredart.fr\/a-propos-de-verre-dart\/qui-est-verre-dart-recyclage-de-verre-dit-non-recyclable\/"]}]},{"@type":"ImageObject","inLanguage":"en-US","@id":"https:\/\/www.verredart.fr\/a-propos-de-verre-dart\/qui-est-verre-dart-recyclage-de-verre-dit-non-recyclable\/#primaryimage","url":"https:\/\/i0.wp.com\/www.verredart.fr\/wp-content\/uploads\/2024\/05\/438163095_835354691949293_5705803630906081356_n.jpg?fit=1366%2C2048&ssl=1","contentUrl":"https:\/\/i0.wp.com\/www.verredart.fr\/wp-content\/uploads\/2024\/05\/438163095_835354691949293_5705803630906081356_n.jpg?fit=1366%2C2048&ssl=1","width":1366,"height":2048,"caption":"Qui est Verre d'Art ? Andreia la recycleuse de verre au chalumeau"},{"@type":"BreadcrumbList","@id":"https:\/\/www.verredart.fr\/a-propos-de-verre-dart\/qui-est-verre-dart-recyclage-de-verre-dit-non-recyclable\/#breadcrumb","itemListElement":[{"@type":"ListItem","position":1,"name":"\u00c0 propos","item":"https:\/\/www.verredart.fr\/a-propos-de-verre-dart\/"},{"@type":"ListItem","position":2,"name":"Qui suis-je"}]},{"@type":"WebSite","@id":"https:\/\/www.verredart.fr\/#website","url":"https:\/\/www.verredart.fr\/","name":"Verre d'Art","description":"Recyclage de verre non recyclable en cr\u00e9ations uniques et engag\u00e9s","publisher":{"@id":"https:\/\/www.verredart.fr\/#organization"},"potentialAction":[{"@type":"SearchAction","target":{"@type":"EntryPoint","urlTemplate":"https:\/\/www.verredart.fr\/?s={search_term_string}"},"query-input":{"@type":"PropertyValueSpecification","valueRequired":true,"valueName":"search_term_string"}}],"inLanguage":"en-US"},{"@type":"Organization","@id":"https:\/\/www.verredart.fr\/#organization","name":"Verre d'Art","url":"https:\/\/www.verredart.fr\/","logo":{"@type":"ImageObject","inLanguage":"en-US","@id":"https:\/\/www.verredart.fr\/#\/schema\/logo\/image\/","url":"","contentUrl":"","caption":"Verre d'Art"},"image":{"@id":"https:\/\/www.verredart.fr\/#\/schema\/logo\/image\/"},"sameAs":["https:\/\/www.facebook.com\/Verredart","https:\/\/x.com\/verredart","https:\/\/www.instagram.com\/Verre_dart","https:\/\/www.pinterest.fr\/verredart\/"]}]}},"jetpack_sharing_enabled":true,"_links":{"self":[{"href":"https:\/\/www.verredart.fr\/en\/wp-json\/wp\/v2\/pages\/680","targetHints":{"allow":["GET"]}}],"collection":[{"href":"https:\/\/www.verredart.fr\/en\/wp-json\/wp\/v2\/pages"}],"about":[{"href":"https:\/\/www.verredart.fr\/en\/wp-json\/wp\/v2\/types\/page"}],"author":[{"embeddable":true,"href":"https:\/\/www.verredart.fr\/en\/wp-json\/wp\/v2\/users\/1"}],"replies":[{"embeddable":true,"href":"https:\/\/www.verredart.fr\/en\/wp-json\/wp\/v2\/comments?post=680"}],"version-history":[{"count":133,"href":"https:\/\/www.verredart.fr\/en\/wp-json\/wp\/v2\/pages\/680\/revisions"}],"predecessor-version":[{"id":6785,"href":"https:\/\/www.verredart.fr\/en\/wp-json\/wp\/v2\/pages\/680\/revisions\/6785"}],"up":[{"embeddable":true,"href":"https:\/\/www.verredart.fr\/en\/wp-json\/wp\/v2\/pages\/424"}],"wp:featuredmedia":[{"embeddable":true,"href":"https:\/\/www.verredart.fr\/en\/wp-json\/wp\/v2\/media\/1616"}],"wp:attachment":[{"href":"https:\/\/www.verredart.fr\/en\/wp-json\/wp\/v2\/media?parent=680"}],"curies":[{"name":"wp","href":"https:\/\/api.w.org\/{rel}","templated":true}]}}