{"id":132,"date":"2024-03-30T14:20:27","date_gmt":"2024-03-30T14:20:27","guid":{"rendered":"https:\/\/www.verredart.fr\/produit\/produit-26\/"},"modified":"2025-06-04T11:45:51","modified_gmt":"2025-06-04T11:45:51","slug":"boucles-doreilles-dentelle-et-verre-recycle-bleus","status":"publish","type":"product","link":"https:\/\/www.verredart.fr\/en\/verre-dart-bijoux-en-verre-recycle\/boucles-doreilles-en-verre-recycle\/boucles-doreilles-dentelle-et-verre-recycle-bleus\/","title":{"rendered":"Boucles d&rsquo;oreilles dentelle et verre recycl\u00e9 bleus"},"content":{"rendered":"<p>Boucles d&rsquo;oreilles en dentelle noir r\u00e9alis\u00e9 \u00e0 la navette et gouttes de verre bleu recycl\u00e9 \u267b<br \/>\nAdopter un bijou \u00e9co-responsable \u00e9l\u00e9gant et raffin\u00e9<br \/>\nD&rsquo;une grande l\u00e9g\u00e8ret\u00e9 mont\u00e9es sur acier inoxydable.<\/p>\n<p>Des bijoux engag\u00e9s pour une empreinte carbone diminu\u00e9 !<\/p>\n<p>Transformation de verre recycl\u00e9 en un bijou \u00e9cologique c&rsquo;est mon engagement \u00e9co-responsable<\/p>","protected":false},"excerpt":{"rendered":"<p>Boucles d&rsquo;oreilles en dentelle noir r\u00e9alis\u00e9 \u00e0 la navette et gouttes de verre bleu recycl\u00e9 \u267b<br \/>\nAdopter un bijou \u00e9co-responsable \u00e9l\u00e9gant et raffin\u00e9<br \/>\nD&rsquo;une grande l\u00e9g\u00e8ret\u00e9 mont\u00e9es sur acier inoxydable.<\/p>\n<p>Des bijoux engag\u00e9s pour une empreinte carbone diminu\u00e9 !<\/p>\n<p>Transformation de verre recycl\u00e9 en un bijou \u00e9cologique c&rsquo;est mon engagement \u00e9co-responsable<\/p>","protected":false},"featured_media":131,"template":"","meta":[],"product_brand":[],"product_cat":[17],"product_tag":[],"class_list":{"0":"post-132","1":"product","2":"type-product","3":"status-publish","4":"has-post-thumbnail","6":"product_cat-boucles-doreilles-en-verre-recycle","8":"entry","9":"has-media","11":"first","12":"outofstock","13":"shipping-taxable","14":"purchasable","15":"product-type-simple","16":"has-product-nav","17":"col","18":"span_1_of_3","19":"owp-content-center","20":"item-entry","21":"owp-thumbs-layout-vertical","22":"owp-btn-big","23":"owp-tabs-layout-horizontal"},"yoast_head":"<!-- This site is optimized with the Yoast SEO plugin v27.5 - https:\/\/yoast.com\/product\/yoast-seo-wordpress\/ -->\n<title>Boucles d&#039;oreilles dentelle et verre recycl\u00e9 bleus - Verre d&#039;Art<\/title>\n<meta name=\"description\" content=\"Boucles d&#039;oreilles dentelle et verre recycl\u00e9 bleus. Dentelle frivolit\u00e9 et verre culinaire recycl\u00e9 un bijou 100% fait main dans l&#039;atelier Verre d&#039;Ar\" \/>\n<meta name=\"robots\" content=\"index, follow, max-snippet:-1, max-image-preview:large, max-video-preview:-1\" \/>\n<link rel=\"canonical\" href=\"https:\/\/www.verredart.fr\/en\/verre-dart-bijoux-en-verre-recycle\/boucles-doreilles-en-verre-recycle\/boucles-doreilles-dentelle-et-verre-recycle-bleus\/\" \/>\n<meta property=\"og:locale\" content=\"en_US\" \/>\n<meta property=\"og:type\" content=\"article\" \/>\n<meta property=\"og:title\" content=\"Boucles d&#039;oreilles dentelle et verre recycl\u00e9 bleus - Verre d&#039;Art\" \/>\n<meta property=\"og:description\" content=\"Boucles d&#039;oreilles dentelle et verre recycl\u00e9 bleus. Dentelle frivolit\u00e9 et verre culinaire recycl\u00e9 un bijou 100% fait main dans l&#039;atelier Verre d&#039;Ar\" \/>\n<meta property=\"og:url\" content=\"https:\/\/www.verredart.fr\/en\/verre-dart-bijoux-en-verre-recycle\/boucles-doreilles-en-verre-recycle\/boucles-doreilles-dentelle-et-verre-recycle-bleus\/\" \/>\n<meta property=\"og:site_name\" content=\"Verre d&#039;Art\" \/>\n<meta property=\"article:publisher\" content=\"https:\/\/www.facebook.com\/Verredart\" \/>\n<meta property=\"article:modified_time\" content=\"2025-06-04T11:45:51+00:00\" \/>\n<meta property=\"og:image\" content=\"https:\/\/www.verredart.fr\/wp-content\/uploads\/2024\/03\/1a0508ca-8c2f-4949-b0d6-212619cbfa18.jpeg\" \/>\n\t<meta property=\"og:image:width\" content=\"901\" \/>\n\t<meta property=\"og:image:height\" content=\"1602\" \/>\n\t<meta property=\"og:image:type\" content=\"image\/jpeg\" \/>\n<meta name=\"twitter:card\" content=\"summary_large_image\" \/>\n<meta name=\"twitter:site\" content=\"@verredart\" \/>\n<meta name=\"twitter:label1\" content=\"Est. reading time\" \/>\n\t<meta name=\"twitter:data1\" content=\"1 minute\" \/>\n<script type=\"application\/ld+json\" class=\"yoast-schema-graph\">{\"@context\":\"https:\\\/\\\/schema.org\",\"@graph\":[{\"@type\":\"WebPage\",\"@id\":\"https:\\\/\\\/www.verredart.fr\\\/verre-dart-bijoux-en-verre-recycle\\\/boucles-doreilles-en-verre-recycle\\\/boucles-doreilles-dentelle-et-verre-recycle-bleus\\\/\",\"url\":\"https:\\\/\\\/www.verredart.fr\\\/verre-dart-bijoux-en-verre-recycle\\\/boucles-doreilles-en-verre-recycle\\\/boucles-doreilles-dentelle-et-verre-recycle-bleus\\\/\",\"name\":\"Boucles d'oreilles dentelle et verre recycl\u00e9 bleus - Verre d&#039;Art\",\"isPartOf\":{\"@id\":\"https:\\\/\\\/www.verredart.fr\\\/#website\"},\"primaryImageOfPage\":{\"@id\":\"https:\\\/\\\/www.verredart.fr\\\/verre-dart-bijoux-en-verre-recycle\\\/boucles-doreilles-en-verre-recycle\\\/boucles-doreilles-dentelle-et-verre-recycle-bleus\\\/#primaryimage\"},\"image\":{\"@id\":\"https:\\\/\\\/www.verredart.fr\\\/verre-dart-bijoux-en-verre-recycle\\\/boucles-doreilles-en-verre-recycle\\\/boucles-doreilles-dentelle-et-verre-recycle-bleus\\\/#primaryimage\"},\"thumbnailUrl\":\"https:\\\/\\\/i0.wp.com\\\/www.verredart.fr\\\/wp-content\\\/uploads\\\/2024\\\/03\\\/1a0508ca-8c2f-4949-b0d6-212619cbfa18.jpeg?fit=901%2C1602&ssl=1\",\"datePublished\":\"2024-03-30T14:20:27+00:00\",\"dateModified\":\"2025-06-04T11:45:51+00:00\",\"description\":\"Boucles d'oreilles dentelle et verre recycl\u00e9 bleus. Dentelle frivolit\u00e9 et verre culinaire recycl\u00e9 un bijou 100% fait main dans l'atelier Verre d'Art !\",\"breadcrumb\":{\"@id\":\"https:\\\/\\\/www.verredart.fr\\\/verre-dart-bijoux-en-verre-recycle\\\/boucles-doreilles-en-verre-recycle\\\/boucles-doreilles-dentelle-et-verre-recycle-bleus\\\/#breadcrumb\"},\"inLanguage\":\"en-US\",\"potentialAction\":[{\"@type\":\"ReadAction\",\"target\":[\"https:\\\/\\\/www.verredart.fr\\\/verre-dart-bijoux-en-verre-recycle\\\/boucles-doreilles-en-verre-recycle\\\/boucles-doreilles-dentelle-et-verre-recycle-bleus\\\/\"]}]},{\"@type\":\"ImageObject\",\"inLanguage\":\"en-US\",\"@id\":\"https:\\\/\\\/www.verredart.fr\\\/verre-dart-bijoux-en-verre-recycle\\\/boucles-doreilles-en-verre-recycle\\\/boucles-doreilles-dentelle-et-verre-recycle-bleus\\\/#primaryimage\",\"url\":\"https:\\\/\\\/i0.wp.com\\\/www.verredart.fr\\\/wp-content\\\/uploads\\\/2024\\\/03\\\/1a0508ca-8c2f-4949-b0d6-212619cbfa18.jpeg?fit=901%2C1602&ssl=1\",\"contentUrl\":\"https:\\\/\\\/i0.wp.com\\\/www.verredart.fr\\\/wp-content\\\/uploads\\\/2024\\\/03\\\/1a0508ca-8c2f-4949-b0d6-212619cbfa18.jpeg?fit=901%2C1602&ssl=1\",\"width\":901,\"height\":1602,\"caption\":\"Boucles d'oreilles dentelle et verre recycl\u00e9 bleus\"},{\"@type\":\"BreadcrumbList\",\"@id\":\"https:\\\/\\\/www.verredart.fr\\\/verre-dart-bijoux-en-verre-recycle\\\/boucles-doreilles-en-verre-recycle\\\/boucles-doreilles-dentelle-et-verre-recycle-bleus\\\/#breadcrumb\",\"itemListElement\":[{\"@type\":\"ListItem\",\"position\":1,\"name\":\"Collections\",\"item\":\"https:\\\/\\\/www.verredart.fr\\\/verre-dart-bijoux-en-verre-recycle\\\/boutique-bijoux-en-verre-culinaire-recycle\\\/\"},{\"@type\":\"ListItem\",\"position\":2,\"name\":\"Boucles d'oreilles\",\"item\":\"https:\\\/\\\/www.verredart.fr\\\/bijoux-en-verre-recycle\\\/boucles-doreilles-en-verre-recycle\\\/\"},{\"@type\":\"ListItem\",\"position\":3,\"name\":\"Boucles d&rsquo;oreilles dentelle et verre recycl\u00e9 bleus\"}]},{\"@type\":\"WebSite\",\"@id\":\"https:\\\/\\\/www.verredart.fr\\\/#website\",\"url\":\"https:\\\/\\\/www.verredart.fr\\\/\",\"name\":\"Verre d'Art\",\"description\":\"Recyclage de verre non recyclable en cr\u00e9ations uniques et engag\u00e9s\",\"publisher\":{\"@id\":\"https:\\\/\\\/www.verredart.fr\\\/#organization\"},\"potentialAction\":[{\"@type\":\"SearchAction\",\"target\":{\"@type\":\"EntryPoint\",\"urlTemplate\":\"https:\\\/\\\/www.verredart.fr\\\/?s={search_term_string}\"},\"query-input\":{\"@type\":\"PropertyValueSpecification\",\"valueRequired\":true,\"valueName\":\"search_term_string\"}}],\"inLanguage\":\"en-US\"},{\"@type\":\"Organization\",\"@id\":\"https:\\\/\\\/www.verredart.fr\\\/#organization\",\"name\":\"Verre d'Art\",\"url\":\"https:\\\/\\\/www.verredart.fr\\\/\",\"logo\":{\"@type\":\"ImageObject\",\"inLanguage\":\"en-US\",\"@id\":\"https:\\\/\\\/www.verredart.fr\\\/#\\\/schema\\\/logo\\\/image\\\/\",\"url\":\"\",\"contentUrl\":\"\",\"caption\":\"Verre d'Art\"},\"image\":{\"@id\":\"https:\\\/\\\/www.verredart.fr\\\/#\\\/schema\\\/logo\\\/image\\\/\"},\"sameAs\":[\"https:\\\/\\\/www.facebook.com\\\/Verredart\",\"https:\\\/\\\/x.com\\\/verredart\",\"https:\\\/\\\/www.instagram.com\\\/Verre_dart\",\"https:\\\/\\\/www.pinterest.fr\\\/verredart\\\/\"]}]}<\/script>\n<!-- \/ Yoast SEO plugin. -->","yoast_head_json":{"title":"Boucles d'oreilles dentelle et verre recycl\u00e9 bleus - Verre d&#039;Art","description":"Boucles d'oreilles dentelle et verre recycl\u00e9 bleus. Dentelle frivolit\u00e9 et verre culinaire recycl\u00e9 un bijou 100% fait main dans l'atelier Verre d'Ar","robots":{"index":"index","follow":"follow","max-snippet":"max-snippet:-1","max-image-preview":"max-image-preview:large","max-video-preview":"max-video-preview:-1"},"canonical":"https:\/\/www.verredart.fr\/en\/verre-dart-bijoux-en-verre-recycle\/boucles-doreilles-en-verre-recycle\/boucles-doreilles-dentelle-et-verre-recycle-bleus\/","og_locale":"en_US","og_type":"article","og_title":"Boucles d'oreilles dentelle et verre recycl\u00e9 bleus - Verre d&#039;Art","og_description":"Boucles d'oreilles dentelle et verre recycl\u00e9 bleus. Dentelle frivolit\u00e9 et verre culinaire recycl\u00e9 un bijou 100% fait main dans l'atelier Verre d'Ar","og_url":"https:\/\/www.verredart.fr\/en\/verre-dart-bijoux-en-verre-recycle\/boucles-doreilles-en-verre-recycle\/boucles-doreilles-dentelle-et-verre-recycle-bleus\/","og_site_name":"Verre d&#039;Art","article_publisher":"https:\/\/www.facebook.com\/Verredart","article_modified_time":"2025-06-04T11:45:51+00:00","og_image":[{"width":901,"height":1602,"url":"https:\/\/www.verredart.fr\/wp-content\/uploads\/2024\/03\/1a0508ca-8c2f-4949-b0d6-212619cbfa18.jpeg","type":"image\/jpeg"}],"twitter_card":"summary_large_image","twitter_site":"@verredart","twitter_misc":{"Est. reading time":"1 minute"},"schema":{"@context":"https:\/\/schema.org","@graph":[{"@type":"WebPage","@id":"https:\/\/www.verredart.fr\/verre-dart-bijoux-en-verre-recycle\/boucles-doreilles-en-verre-recycle\/boucles-doreilles-dentelle-et-verre-recycle-bleus\/","url":"https:\/\/www.verredart.fr\/verre-dart-bijoux-en-verre-recycle\/boucles-doreilles-en-verre-recycle\/boucles-doreilles-dentelle-et-verre-recycle-bleus\/","name":"Boucles d'oreilles dentelle et verre recycl\u00e9 bleus - Verre d&#039;Art","isPartOf":{"@id":"https:\/\/www.verredart.fr\/#website"},"primaryImageOfPage":{"@id":"https:\/\/www.verredart.fr\/verre-dart-bijoux-en-verre-recycle\/boucles-doreilles-en-verre-recycle\/boucles-doreilles-dentelle-et-verre-recycle-bleus\/#primaryimage"},"image":{"@id":"https:\/\/www.verredart.fr\/verre-dart-bijoux-en-verre-recycle\/boucles-doreilles-en-verre-recycle\/boucles-doreilles-dentelle-et-verre-recycle-bleus\/#primaryimage"},"thumbnailUrl":"https:\/\/i0.wp.com\/www.verredart.fr\/wp-content\/uploads\/2024\/03\/1a0508ca-8c2f-4949-b0d6-212619cbfa18.jpeg?fit=901%2C1602&ssl=1","datePublished":"2024-03-30T14:20:27+00:00","dateModified":"2025-06-04T11:45:51+00:00","description":"Boucles d'oreilles dentelle et verre recycl\u00e9 bleus. Dentelle frivolit\u00e9 et verre culinaire recycl\u00e9 un bijou 100% fait main dans l'atelier Verre d'Art !","breadcrumb":{"@id":"https:\/\/www.verredart.fr\/verre-dart-bijoux-en-verre-recycle\/boucles-doreilles-en-verre-recycle\/boucles-doreilles-dentelle-et-verre-recycle-bleus\/#breadcrumb"},"inLanguage":"en-US","potentialAction":[{"@type":"ReadAction","target":["https:\/\/www.verredart.fr\/verre-dart-bijoux-en-verre-recycle\/boucles-doreilles-en-verre-recycle\/boucles-doreilles-dentelle-et-verre-recycle-bleus\/"]}]},{"@type":"ImageObject","inLanguage":"en-US","@id":"https:\/\/www.verredart.fr\/verre-dart-bijoux-en-verre-recycle\/boucles-doreilles-en-verre-recycle\/boucles-doreilles-dentelle-et-verre-recycle-bleus\/#primaryimage","url":"https:\/\/i0.wp.com\/www.verredart.fr\/wp-content\/uploads\/2024\/03\/1a0508ca-8c2f-4949-b0d6-212619cbfa18.jpeg?fit=901%2C1602&ssl=1","contentUrl":"https:\/\/i0.wp.com\/www.verredart.fr\/wp-content\/uploads\/2024\/03\/1a0508ca-8c2f-4949-b0d6-212619cbfa18.jpeg?fit=901%2C1602&ssl=1","width":901,"height":1602,"caption":"Boucles d'oreilles dentelle et verre recycl\u00e9 bleus"},{"@type":"BreadcrumbList","@id":"https:\/\/www.verredart.fr\/verre-dart-bijoux-en-verre-recycle\/boucles-doreilles-en-verre-recycle\/boucles-doreilles-dentelle-et-verre-recycle-bleus\/#breadcrumb","itemListElement":[{"@type":"ListItem","position":1,"name":"Collections","item":"https:\/\/www.verredart.fr\/verre-dart-bijoux-en-verre-recycle\/boutique-bijoux-en-verre-culinaire-recycle\/"},{"@type":"ListItem","position":2,"name":"Boucles d'oreilles","item":"https:\/\/www.verredart.fr\/bijoux-en-verre-recycle\/boucles-doreilles-en-verre-recycle\/"},{"@type":"ListItem","position":3,"name":"Boucles d&rsquo;oreilles dentelle et verre recycl\u00e9 bleus"}]},{"@type":"WebSite","@id":"https:\/\/www.verredart.fr\/#website","url":"https:\/\/www.verredart.fr\/","name":"Verre d'Art","description":"Recyclage de verre non recyclable en cr\u00e9ations uniques et engag\u00e9s","publisher":{"@id":"https:\/\/www.verredart.fr\/#organization"},"potentialAction":[{"@type":"SearchAction","target":{"@type":"EntryPoint","urlTemplate":"https:\/\/www.verredart.fr\/?s={search_term_string}"},"query-input":{"@type":"PropertyValueSpecification","valueRequired":true,"valueName":"search_term_string"}}],"inLanguage":"en-US"},{"@type":"Organization","@id":"https:\/\/www.verredart.fr\/#organization","name":"Verre d'Art","url":"https:\/\/www.verredart.fr\/","logo":{"@type":"ImageObject","inLanguage":"en-US","@id":"https:\/\/www.verredart.fr\/#\/schema\/logo\/image\/","url":"","contentUrl":"","caption":"Verre d'Art"},"image":{"@id":"https:\/\/www.verredart.fr\/#\/schema\/logo\/image\/"},"sameAs":["https:\/\/www.facebook.com\/Verredart","https:\/\/x.com\/verredart","https:\/\/www.instagram.com\/Verre_dart","https:\/\/www.pinterest.fr\/verredart\/"]}]}},"jetpack_sharing_enabled":true,"_links":{"self":[{"href":"https:\/\/www.verredart.fr\/en\/wp-json\/wp\/v2\/product\/132","targetHints":{"allow":["GET"]}}],"collection":[{"href":"https:\/\/www.verredart.fr\/en\/wp-json\/wp\/v2\/product"}],"about":[{"href":"https:\/\/www.verredart.fr\/en\/wp-json\/wp\/v2\/types\/product"}],"wp:featuredmedia":[{"embeddable":true,"href":"https:\/\/www.verredart.fr\/en\/wp-json\/wp\/v2\/media\/131"}],"wp:attachment":[{"href":"https:\/\/www.verredart.fr\/en\/wp-json\/wp\/v2\/media?parent=132"}],"wp:term":[{"taxonomy":"product_brand","embeddable":true,"href":"https:\/\/www.verredart.fr\/en\/wp-json\/wp\/v2\/product_brand?post=132"},{"taxonomy":"product_cat","embeddable":true,"href":"https:\/\/www.verredart.fr\/en\/wp-json\/wp\/v2\/product_cat?post=132"},{"taxonomy":"product_tag","embeddable":true,"href":"https:\/\/www.verredart.fr\/en\/wp-json\/wp\/v2\/product_tag?post=132"}],"curies":[{"name":"wp","href":"https:\/\/api.w.org\/{rel}","templated":true}]}}