{"id":160,"date":"2024-03-30T14:20:37","date_gmt":"2024-03-30T14:20:37","guid":{"rendered":"https:\/\/www.verredart.fr\/produit\/produit-41\/"},"modified":"2025-02-19T18:33:14","modified_gmt":"2025-02-19T18:33:14","slug":"boucles-doreilles-piments-et-feuilles-en-verre-recycles","status":"publish","type":"product","link":"https:\/\/www.verredart.fr\/en\/verre-dart-bijoux-en-verre-recycle\/boucles-doreilles-en-verre-recycle\/boucles-doreilles-piments-et-feuilles-en-verre-recycles\/","title":{"rendered":"Boucles d&rsquo;oreilles piments et feuilles en verre recycl\u00e9s"},"content":{"rendered":"<p>Boucles d&rsquo;oreilles en acier inoxydable, piments et feuilles en verre recycl\u00e9s \u267b<\/p>\n<p>Adopter ces magnifiques boucles d&rsquo;oreilles \u00e9co-responsable pour un style irr\u00e9sistible, piquant et \u00e9cologique.<\/p>\n<ul>\n<li>Accroches en aluminium inoxydable<\/li>\n<li>Verre culinaire recycl\u00e9<\/li>\n<\/ul>","protected":false},"excerpt":{"rendered":"<p>Boucles d\u2019oreilles en acier inoxydable, piments et feuilles en verre recycl\u00e9s \u267b<\/p>\n<p>Adopter ces magnifiques boucles d\u2019oreilles \u00e9co-responsable pour un style irr\u00e9sistible, piquant et \u00e9cologique.<\/p>","protected":false},"featured_media":159,"template":"","meta":[],"product_brand":[],"product_cat":[17],"product_tag":[],"class_list":{"0":"post-160","1":"product","2":"type-product","3":"status-publish","4":"has-post-thumbnail","6":"product_cat-boucles-doreilles-en-verre-recycle","8":"entry","9":"has-media","11":"first","12":"outofstock","13":"shipping-taxable","14":"purchasable","15":"product-type-simple","16":"has-product-nav","17":"col","18":"span_1_of_3","19":"owp-content-center","20":"item-entry","21":"owp-thumbs-layout-vertical","22":"owp-btn-big","23":"owp-tabs-layout-horizontal","24":"has-no-thumbnails"},"yoast_head":"<!-- This site is optimized with the Yoast SEO plugin v27.4 - https:\/\/yoast.com\/product\/yoast-seo-wordpress\/ -->\n<title>Boucles d&#039;oreilles piments et feuilles en verre recycl\u00e9s - Verre d&#039;Art<\/title>\n<meta name=\"description\" content=\"Adopter ces magnifiques boucles d&#039;oreilles \u00e9co-responsable pour un style irr\u00e9sistible, piquant et \u00e9cologique. Explorez toute la collection piment\u00e9\" \/>\n<meta name=\"robots\" content=\"index, follow, max-snippet:-1, max-image-preview:large, max-video-preview:-1\" \/>\n<link rel=\"canonical\" href=\"https:\/\/www.verredart.fr\/en\/verre-dart-bijoux-en-verre-recycle\/adoptes-par-les-clients-de-la-boutique-verre-dart\/boucles-doreilles-piments-et-feuilles-en-verre-recycles\/\" \/>\n<meta property=\"og:locale\" content=\"en_US\" \/>\n<meta property=\"og:type\" content=\"article\" \/>\n<meta property=\"og:title\" content=\"Boucles d&#039;oreilles piments et feuilles en verre recycl\u00e9s - Verre d&#039;Art\" \/>\n<meta property=\"og:description\" content=\"Adopter ces magnifiques boucles d&#039;oreilles \u00e9co-responsable pour un style irr\u00e9sistible, piquant et \u00e9cologique. Explorez toute la collection piment\u00e9\" \/>\n<meta property=\"og:url\" content=\"https:\/\/www.verredart.fr\/en\/verre-dart-bijoux-en-verre-recycle\/adoptes-par-les-clients-de-la-boutique-verre-dart\/boucles-doreilles-piments-et-feuilles-en-verre-recycles\/\" \/>\n<meta property=\"og:site_name\" content=\"Verre d&#039;Art\" \/>\n<meta property=\"article:publisher\" content=\"https:\/\/www.facebook.com\/Verredart\" \/>\n<meta property=\"article:modified_time\" content=\"2025-02-19T18:33:14+00:00\" \/>\n<meta property=\"og:image\" content=\"https:\/\/i0.wp.com\/www.verredart.fr\/wp-content\/uploads\/2024\/03\/e62fc7d6-e984-4d73-bf73-6c3dbcad0222.jpeg?fit=884%2C1571&ssl=1\" \/>\n\t<meta property=\"og:image:width\" content=\"884\" \/>\n\t<meta property=\"og:image:height\" content=\"1571\" \/>\n\t<meta property=\"og:image:type\" content=\"image\/jpeg\" \/>\n<meta name=\"twitter:card\" content=\"summary_large_image\" \/>\n<meta name=\"twitter:site\" content=\"@verredart\" \/>\n<meta name=\"twitter:label1\" content=\"Est. reading time\" \/>\n\t<meta name=\"twitter:data1\" content=\"1 minute\" \/>\n<script type=\"application\/ld+json\" class=\"yoast-schema-graph\">{\"@context\":\"https:\\\/\\\/schema.org\",\"@graph\":[{\"@type\":\"WebPage\",\"@id\":\"https:\\\/\\\/www.verredart.fr\\\/verre-dart-bijoux-en-verre-recycle\\\/adoptes-par-les-clients-de-la-boutique-verre-dart\\\/boucles-doreilles-piments-et-feuilles-en-verre-recycles\\\/\",\"url\":\"https:\\\/\\\/www.verredart.fr\\\/verre-dart-bijoux-en-verre-recycle\\\/adoptes-par-les-clients-de-la-boutique-verre-dart\\\/boucles-doreilles-piments-et-feuilles-en-verre-recycles\\\/\",\"name\":\"Boucles d'oreilles piments et feuilles en verre recycl\u00e9s - Verre d&#039;Art\",\"isPartOf\":{\"@id\":\"https:\\\/\\\/www.verredart.fr\\\/#website\"},\"primaryImageOfPage\":{\"@id\":\"https:\\\/\\\/www.verredart.fr\\\/verre-dart-bijoux-en-verre-recycle\\\/adoptes-par-les-clients-de-la-boutique-verre-dart\\\/boucles-doreilles-piments-et-feuilles-en-verre-recycles\\\/#primaryimage\"},\"image\":{\"@id\":\"https:\\\/\\\/www.verredart.fr\\\/verre-dart-bijoux-en-verre-recycle\\\/adoptes-par-les-clients-de-la-boutique-verre-dart\\\/boucles-doreilles-piments-et-feuilles-en-verre-recycles\\\/#primaryimage\"},\"thumbnailUrl\":\"https:\\\/\\\/i0.wp.com\\\/www.verredart.fr\\\/wp-content\\\/uploads\\\/2024\\\/03\\\/e62fc7d6-e984-4d73-bf73-6c3dbcad0222.jpeg?fit=884%2C1571&ssl=1\",\"datePublished\":\"2024-03-30T14:20:37+00:00\",\"dateModified\":\"2025-02-19T18:33:14+00:00\",\"description\":\"Adopter ces magnifiques boucles d'oreilles \u00e9co-responsable pour un style irr\u00e9sistible, piquant et \u00e9cologique. Explorez toute la collection piment\u00e9 !\",\"breadcrumb\":{\"@id\":\"https:\\\/\\\/www.verredart.fr\\\/verre-dart-bijoux-en-verre-recycle\\\/adoptes-par-les-clients-de-la-boutique-verre-dart\\\/boucles-doreilles-piments-et-feuilles-en-verre-recycles\\\/#breadcrumb\"},\"inLanguage\":\"en-US\",\"potentialAction\":[{\"@type\":\"ReadAction\",\"target\":[\"https:\\\/\\\/www.verredart.fr\\\/verre-dart-bijoux-en-verre-recycle\\\/adoptes-par-les-clients-de-la-boutique-verre-dart\\\/boucles-doreilles-piments-et-feuilles-en-verre-recycles\\\/\"]}]},{\"@type\":\"ImageObject\",\"inLanguage\":\"en-US\",\"@id\":\"https:\\\/\\\/www.verredart.fr\\\/verre-dart-bijoux-en-verre-recycle\\\/adoptes-par-les-clients-de-la-boutique-verre-dart\\\/boucles-doreilles-piments-et-feuilles-en-verre-recycles\\\/#primaryimage\",\"url\":\"https:\\\/\\\/i0.wp.com\\\/www.verredart.fr\\\/wp-content\\\/uploads\\\/2024\\\/03\\\/e62fc7d6-e984-4d73-bf73-6c3dbcad0222.jpeg?fit=884%2C1571&ssl=1\",\"contentUrl\":\"https:\\\/\\\/i0.wp.com\\\/www.verredart.fr\\\/wp-content\\\/uploads\\\/2024\\\/03\\\/e62fc7d6-e984-4d73-bf73-6c3dbcad0222.jpeg?fit=884%2C1571&ssl=1\",\"width\":884,\"height\":1571,\"caption\":\"Boucles d'oreilles piments et feuilles en verre recycl\u00e9s Verre d'Art\"},{\"@type\":\"BreadcrumbList\",\"@id\":\"https:\\\/\\\/www.verredart.fr\\\/verre-dart-bijoux-en-verre-recycle\\\/adoptes-par-les-clients-de-la-boutique-verre-dart\\\/boucles-doreilles-piments-et-feuilles-en-verre-recycles\\\/#breadcrumb\",\"itemListElement\":[{\"@type\":\"ListItem\",\"position\":1,\"name\":\"Collections\",\"item\":\"https:\\\/\\\/www.verredart.fr\\\/verre-dart-bijoux-en-verre-recycle\\\/boutique-bijoux-en-verre-culinaire-recycle\\\/\"},{\"@type\":\"ListItem\",\"position\":2,\"name\":\"Boucles d'oreilles\",\"item\":\"https:\\\/\\\/www.verredart.fr\\\/bijoux-en-verre-recycle\\\/boucles-doreilles-en-verre-recycle\\\/\"},{\"@type\":\"ListItem\",\"position\":3,\"name\":\"Boucles d&rsquo;oreilles piments et feuilles en verre recycl\u00e9s\"}]},{\"@type\":\"WebSite\",\"@id\":\"https:\\\/\\\/www.verredart.fr\\\/#website\",\"url\":\"https:\\\/\\\/www.verredart.fr\\\/\",\"name\":\"Verre d'Art\",\"description\":\"Recyclage de verre non recyclable en cr\u00e9ations uniques et engag\u00e9s\",\"publisher\":{\"@id\":\"https:\\\/\\\/www.verredart.fr\\\/#organization\"},\"potentialAction\":[{\"@type\":\"SearchAction\",\"target\":{\"@type\":\"EntryPoint\",\"urlTemplate\":\"https:\\\/\\\/www.verredart.fr\\\/?s={search_term_string}\"},\"query-input\":{\"@type\":\"PropertyValueSpecification\",\"valueRequired\":true,\"valueName\":\"search_term_string\"}}],\"inLanguage\":\"en-US\"},{\"@type\":\"Organization\",\"@id\":\"https:\\\/\\\/www.verredart.fr\\\/#organization\",\"name\":\"Verre d'Art\",\"url\":\"https:\\\/\\\/www.verredart.fr\\\/\",\"logo\":{\"@type\":\"ImageObject\",\"inLanguage\":\"en-US\",\"@id\":\"https:\\\/\\\/www.verredart.fr\\\/#\\\/schema\\\/logo\\\/image\\\/\",\"url\":\"\",\"contentUrl\":\"\",\"caption\":\"Verre d'Art\"},\"image\":{\"@id\":\"https:\\\/\\\/www.verredart.fr\\\/#\\\/schema\\\/logo\\\/image\\\/\"},\"sameAs\":[\"https:\\\/\\\/www.facebook.com\\\/Verredart\",\"https:\\\/\\\/x.com\\\/verredart\",\"https:\\\/\\\/www.instagram.com\\\/Verre_dart\",\"https:\\\/\\\/www.pinterest.fr\\\/verredart\\\/\"]}]}<\/script>\n<!-- \/ Yoast SEO plugin. -->","yoast_head_json":{"title":"Boucles d'oreilles piments et feuilles en verre recycl\u00e9s - Verre d&#039;Art","description":"Adopter ces magnifiques boucles d'oreilles \u00e9co-responsable pour un style irr\u00e9sistible, piquant et \u00e9cologique. Explorez toute la collection piment\u00e9","robots":{"index":"index","follow":"follow","max-snippet":"max-snippet:-1","max-image-preview":"max-image-preview:large","max-video-preview":"max-video-preview:-1"},"canonical":"https:\/\/www.verredart.fr\/en\/verre-dart-bijoux-en-verre-recycle\/adoptes-par-les-clients-de-la-boutique-verre-dart\/boucles-doreilles-piments-et-feuilles-en-verre-recycles\/","og_locale":"en_US","og_type":"article","og_title":"Boucles d'oreilles piments et feuilles en verre recycl\u00e9s - Verre d&#039;Art","og_description":"Adopter ces magnifiques boucles d'oreilles \u00e9co-responsable pour un style irr\u00e9sistible, piquant et \u00e9cologique. Explorez toute la collection piment\u00e9","og_url":"https:\/\/www.verredart.fr\/en\/verre-dart-bijoux-en-verre-recycle\/adoptes-par-les-clients-de-la-boutique-verre-dart\/boucles-doreilles-piments-et-feuilles-en-verre-recycles\/","og_site_name":"Verre d&#039;Art","article_publisher":"https:\/\/www.facebook.com\/Verredart","article_modified_time":"2025-02-19T18:33:14+00:00","og_image":[{"width":884,"height":1571,"url":"https:\/\/i0.wp.com\/www.verredart.fr\/wp-content\/uploads\/2024\/03\/e62fc7d6-e984-4d73-bf73-6c3dbcad0222.jpeg?fit=884%2C1571&ssl=1","type":"image\/jpeg"}],"twitter_card":"summary_large_image","twitter_site":"@verredart","twitter_misc":{"Est. reading time":"1 minute"},"schema":{"@context":"https:\/\/schema.org","@graph":[{"@type":"WebPage","@id":"https:\/\/www.verredart.fr\/verre-dart-bijoux-en-verre-recycle\/adoptes-par-les-clients-de-la-boutique-verre-dart\/boucles-doreilles-piments-et-feuilles-en-verre-recycles\/","url":"https:\/\/www.verredart.fr\/verre-dart-bijoux-en-verre-recycle\/adoptes-par-les-clients-de-la-boutique-verre-dart\/boucles-doreilles-piments-et-feuilles-en-verre-recycles\/","name":"Boucles d'oreilles piments et feuilles en verre recycl\u00e9s - Verre d&#039;Art","isPartOf":{"@id":"https:\/\/www.verredart.fr\/#website"},"primaryImageOfPage":{"@id":"https:\/\/www.verredart.fr\/verre-dart-bijoux-en-verre-recycle\/adoptes-par-les-clients-de-la-boutique-verre-dart\/boucles-doreilles-piments-et-feuilles-en-verre-recycles\/#primaryimage"},"image":{"@id":"https:\/\/www.verredart.fr\/verre-dart-bijoux-en-verre-recycle\/adoptes-par-les-clients-de-la-boutique-verre-dart\/boucles-doreilles-piments-et-feuilles-en-verre-recycles\/#primaryimage"},"thumbnailUrl":"https:\/\/i0.wp.com\/www.verredart.fr\/wp-content\/uploads\/2024\/03\/e62fc7d6-e984-4d73-bf73-6c3dbcad0222.jpeg?fit=884%2C1571&ssl=1","datePublished":"2024-03-30T14:20:37+00:00","dateModified":"2025-02-19T18:33:14+00:00","description":"Adopter ces magnifiques boucles d'oreilles \u00e9co-responsable pour un style irr\u00e9sistible, piquant et \u00e9cologique. Explorez toute la collection piment\u00e9 !","breadcrumb":{"@id":"https:\/\/www.verredart.fr\/verre-dart-bijoux-en-verre-recycle\/adoptes-par-les-clients-de-la-boutique-verre-dart\/boucles-doreilles-piments-et-feuilles-en-verre-recycles\/#breadcrumb"},"inLanguage":"en-US","potentialAction":[{"@type":"ReadAction","target":["https:\/\/www.verredart.fr\/verre-dart-bijoux-en-verre-recycle\/adoptes-par-les-clients-de-la-boutique-verre-dart\/boucles-doreilles-piments-et-feuilles-en-verre-recycles\/"]}]},{"@type":"ImageObject","inLanguage":"en-US","@id":"https:\/\/www.verredart.fr\/verre-dart-bijoux-en-verre-recycle\/adoptes-par-les-clients-de-la-boutique-verre-dart\/boucles-doreilles-piments-et-feuilles-en-verre-recycles\/#primaryimage","url":"https:\/\/i0.wp.com\/www.verredart.fr\/wp-content\/uploads\/2024\/03\/e62fc7d6-e984-4d73-bf73-6c3dbcad0222.jpeg?fit=884%2C1571&ssl=1","contentUrl":"https:\/\/i0.wp.com\/www.verredart.fr\/wp-content\/uploads\/2024\/03\/e62fc7d6-e984-4d73-bf73-6c3dbcad0222.jpeg?fit=884%2C1571&ssl=1","width":884,"height":1571,"caption":"Boucles d'oreilles piments et feuilles en verre recycl\u00e9s Verre d'Art"},{"@type":"BreadcrumbList","@id":"https:\/\/www.verredart.fr\/verre-dart-bijoux-en-verre-recycle\/adoptes-par-les-clients-de-la-boutique-verre-dart\/boucles-doreilles-piments-et-feuilles-en-verre-recycles\/#breadcrumb","itemListElement":[{"@type":"ListItem","position":1,"name":"Collections","item":"https:\/\/www.verredart.fr\/verre-dart-bijoux-en-verre-recycle\/boutique-bijoux-en-verre-culinaire-recycle\/"},{"@type":"ListItem","position":2,"name":"Boucles d'oreilles","item":"https:\/\/www.verredart.fr\/bijoux-en-verre-recycle\/boucles-doreilles-en-verre-recycle\/"},{"@type":"ListItem","position":3,"name":"Boucles d&rsquo;oreilles piments et feuilles en verre recycl\u00e9s"}]},{"@type":"WebSite","@id":"https:\/\/www.verredart.fr\/#website","url":"https:\/\/www.verredart.fr\/","name":"Verre d'Art","description":"Recyclage de verre non recyclable en cr\u00e9ations uniques et engag\u00e9s","publisher":{"@id":"https:\/\/www.verredart.fr\/#organization"},"potentialAction":[{"@type":"SearchAction","target":{"@type":"EntryPoint","urlTemplate":"https:\/\/www.verredart.fr\/?s={search_term_string}"},"query-input":{"@type":"PropertyValueSpecification","valueRequired":true,"valueName":"search_term_string"}}],"inLanguage":"en-US"},{"@type":"Organization","@id":"https:\/\/www.verredart.fr\/#organization","name":"Verre d'Art","url":"https:\/\/www.verredart.fr\/","logo":{"@type":"ImageObject","inLanguage":"en-US","@id":"https:\/\/www.verredart.fr\/#\/schema\/logo\/image\/","url":"","contentUrl":"","caption":"Verre d'Art"},"image":{"@id":"https:\/\/www.verredart.fr\/#\/schema\/logo\/image\/"},"sameAs":["https:\/\/www.facebook.com\/Verredart","https:\/\/x.com\/verredart","https:\/\/www.instagram.com\/Verre_dart","https:\/\/www.pinterest.fr\/verredart\/"]}]}},"jetpack_sharing_enabled":true,"_links":{"self":[{"href":"https:\/\/www.verredart.fr\/en\/wp-json\/wp\/v2\/product\/160","targetHints":{"allow":["GET"]}}],"collection":[{"href":"https:\/\/www.verredart.fr\/en\/wp-json\/wp\/v2\/product"}],"about":[{"href":"https:\/\/www.verredart.fr\/en\/wp-json\/wp\/v2\/types\/product"}],"wp:featuredmedia":[{"embeddable":true,"href":"https:\/\/www.verredart.fr\/en\/wp-json\/wp\/v2\/media\/159"}],"wp:attachment":[{"href":"https:\/\/www.verredart.fr\/en\/wp-json\/wp\/v2\/media?parent=160"}],"wp:term":[{"taxonomy":"product_brand","embeddable":true,"href":"https:\/\/www.verredart.fr\/en\/wp-json\/wp\/v2\/product_brand?post=160"},{"taxonomy":"product_cat","embeddable":true,"href":"https:\/\/www.verredart.fr\/en\/wp-json\/wp\/v2\/product_cat?post=160"},{"taxonomy":"product_tag","embeddable":true,"href":"https:\/\/www.verredart.fr\/en\/wp-json\/wp\/v2\/product_tag?post=160"}],"curies":[{"name":"wp","href":"https:\/\/api.w.org\/{rel}","templated":true}]}}