{"id":166,"date":"2024-03-30T14:20:39","date_gmt":"2024-03-30T14:20:39","guid":{"rendered":"https:\/\/www.verredart.fr\/produit\/produit-44\/"},"modified":"2025-03-17T15:07:22","modified_gmt":"2025-03-17T15:07:22","slug":"boucles-doreilles-tulipes-elegance-florale-%f0%9f%92%90","status":"publish","type":"product","link":"https:\/\/www.verredart.fr\/en\/verre-dart-bijoux-en-verre-recycle\/boucles-doreilles-en-verre-recycle\/boucles-doreilles-tulipes-elegance-florale-%f0%9f%92%90\/","title":{"rendered":"Boucles d&rsquo;oreilles Tulipe en verre recycl\u00e9 &#8211; \u00c9l\u00e9gance florale"},"content":{"rendered":"<p>Faites \u00e9clore votre style avec la paire de boucles d&rsquo;oreilles en forme de tulipes, confectionn\u00e9es avec du verre blanc et bleu. Chaque p\u00e9tales est une \u0153uvre d&rsquo;art, capturant la beaut\u00e9 \u00e9ph\u00e9m\u00e8re de la nature. Rejoignez notre communaut\u00e9 de passionn\u00e9s de bijoux pour c\u00e9l\u00e9brer la d\u00e9licatesse et la cr\u00e9ativit\u00e9. Commandez maintenant pour ajouter une touche florale raffin\u00e9e \u00e0 votre collection de bijoux. \ud83c\udf37\ud83d\udc99<\/p>\n<ul>\n<li>Accroches d&rsquo;oreilles acier inoxydable<\/li>\n<li>Verre culinaire recycl\u00e9<\/li>\n<li>Longueur : 4 cm<\/li>\n<\/ul>","protected":false},"excerpt":{"rendered":"<p>Faites \u00e9clore votre style avec la paire de boucles d&rsquo;oreilles en forme de tulipes, confectionn\u00e9es avec du verre blanc et bleu. Chaque p\u00e9tales est une \u0153uvre d&rsquo;art, capturant la beaut\u00e9 \u00e9ph\u00e9m\u00e8re de la nature. Rejoignez notre communaut\u00e9 de passionn\u00e9s de bijoux pour c\u00e9l\u00e9brer la d\u00e9licatesse et la cr\u00e9ativit\u00e9. Commandez maintenant pour ajouter une touche florale raffin\u00e9e \u00e0 votre collection de bijoux. \ud83c\udf37\ud83d\udc99<\/p>","protected":false},"featured_media":4848,"template":"","meta":[],"product_brand":[],"product_cat":[17],"product_tag":[],"class_list":{"0":"post-166","1":"product","2":"type-product","3":"status-publish","4":"has-post-thumbnail","6":"product_cat-boucles-doreilles-en-verre-recycle","8":"entry","9":"has-media","11":"first","12":"outofstock","13":"shipping-taxable","14":"purchasable","15":"product-type-simple","16":"has-product-nav","17":"col","18":"span_1_of_3","19":"owp-content-center","20":"item-entry","21":"owp-thumbs-layout-vertical","22":"owp-btn-big","23":"owp-tabs-layout-horizontal","24":"has-no-thumbnails"},"yoast_head":"<!-- This site is optimized with the Yoast SEO plugin v27.4 - https:\/\/yoast.com\/product\/yoast-seo-wordpress\/ -->\n<title>Boucles d&#039;oreilles Tulipe en verre recycl\u00e9 - \u00c9l\u00e9gance florale - Verre d&#039;Art<\/title>\n<meta name=\"description\" content=\"Boucles d&#039;oreilles Tulipes en verre recycl\u00e9 - \u00c9l\u00e9gance florale \ud83d\udc90. D\u00e9couvrez la collection de cr\u00e9ations en verre recycl\u00e9 culinaire en tulipes\" \/>\n<meta name=\"robots\" content=\"index, follow, max-snippet:-1, max-image-preview:large, max-video-preview:-1\" \/>\n<link rel=\"canonical\" href=\"https:\/\/www.verredart.fr\/en\/verre-dart-bijoux-en-verre-recycle\/boucles-doreilles-en-verre-recycle\/boucles-doreilles-tulipes-elegance-florale-\ud83d\udc90\/\" \/>\n<meta property=\"og:locale\" content=\"en_US\" \/>\n<meta property=\"og:type\" content=\"article\" \/>\n<meta property=\"og:title\" content=\"Boucles d&#039;oreilles Tulipe en verre recycl\u00e9 - \u00c9l\u00e9gance florale - Verre d&#039;Art\" \/>\n<meta property=\"og:description\" content=\"Boucles d&#039;oreilles Tulipes en verre recycl\u00e9 - \u00c9l\u00e9gance florale \ud83d\udc90. D\u00e9couvrez la collection de cr\u00e9ations en verre recycl\u00e9 culinaire en tulipes\" \/>\n<meta property=\"og:url\" content=\"https:\/\/www.verredart.fr\/en\/verre-dart-bijoux-en-verre-recycle\/boucles-doreilles-en-verre-recycle\/boucles-doreilles-tulipes-elegance-florale-\ud83d\udc90\/\" \/>\n<meta property=\"og:site_name\" content=\"Verre d&#039;Art\" \/>\n<meta property=\"article:publisher\" content=\"https:\/\/www.facebook.com\/Verredart\" \/>\n<meta property=\"article:modified_time\" content=\"2025-03-17T15:07:22+00:00\" \/>\n<meta property=\"og:image\" content=\"https:\/\/www.verredart.fr\/wp-content\/uploads\/2024\/03\/20250314_144743-scaled.jpg\" \/>\n\t<meta property=\"og:image:width\" content=\"1440\" \/>\n\t<meta property=\"og:image:height\" content=\"2560\" \/>\n\t<meta property=\"og:image:type\" content=\"image\/jpeg\" \/>\n<meta name=\"twitter:card\" content=\"summary_large_image\" \/>\n<meta name=\"twitter:site\" content=\"@verredart\" \/>\n<meta name=\"twitter:label1\" content=\"Est. reading time\" \/>\n\t<meta name=\"twitter:data1\" content=\"1 minute\" \/>\n<script type=\"application\/ld+json\" class=\"yoast-schema-graph\">{\"@context\":\"https:\\\/\\\/schema.org\",\"@graph\":[{\"@type\":\"WebPage\",\"@id\":\"https:\\\/\\\/www.verredart.fr\\\/verre-dart-bijoux-en-verre-recycle\\\/boucles-doreilles-en-verre-recycle\\\/boucles-doreilles-tulipes-elegance-florale-%f0%9f%92%90\\\/\",\"url\":\"https:\\\/\\\/www.verredart.fr\\\/verre-dart-bijoux-en-verre-recycle\\\/boucles-doreilles-en-verre-recycle\\\/boucles-doreilles-tulipes-elegance-florale-%f0%9f%92%90\\\/\",\"name\":\"Boucles d'oreilles Tulipe en verre recycl\u00e9 - \u00c9l\u00e9gance florale - Verre d&#039;Art\",\"isPartOf\":{\"@id\":\"https:\\\/\\\/www.verredart.fr\\\/#website\"},\"primaryImageOfPage\":{\"@id\":\"https:\\\/\\\/www.verredart.fr\\\/verre-dart-bijoux-en-verre-recycle\\\/boucles-doreilles-en-verre-recycle\\\/boucles-doreilles-tulipes-elegance-florale-%f0%9f%92%90\\\/#primaryimage\"},\"image\":{\"@id\":\"https:\\\/\\\/www.verredart.fr\\\/verre-dart-bijoux-en-verre-recycle\\\/boucles-doreilles-en-verre-recycle\\\/boucles-doreilles-tulipes-elegance-florale-%f0%9f%92%90\\\/#primaryimage\"},\"thumbnailUrl\":\"https:\\\/\\\/i0.wp.com\\\/www.verredart.fr\\\/wp-content\\\/uploads\\\/2024\\\/03\\\/20250314_144743-scaled.jpg?fit=1440%2C2560&ssl=1\",\"datePublished\":\"2024-03-30T14:20:39+00:00\",\"dateModified\":\"2025-03-17T15:07:22+00:00\",\"description\":\"Boucles d'oreilles Tulipes en verre recycl\u00e9 - \u00c9l\u00e9gance florale \ud83d\udc90. D\u00e9couvrez la collection de cr\u00e9ations en verre recycl\u00e9 culinaire en tulipes de Verre d'Art\",\"breadcrumb\":{\"@id\":\"https:\\\/\\\/www.verredart.fr\\\/verre-dart-bijoux-en-verre-recycle\\\/boucles-doreilles-en-verre-recycle\\\/boucles-doreilles-tulipes-elegance-florale-%f0%9f%92%90\\\/#breadcrumb\"},\"inLanguage\":\"en-US\",\"potentialAction\":[{\"@type\":\"ReadAction\",\"target\":[\"https:\\\/\\\/www.verredart.fr\\\/verre-dart-bijoux-en-verre-recycle\\\/boucles-doreilles-en-verre-recycle\\\/boucles-doreilles-tulipes-elegance-florale-%f0%9f%92%90\\\/\"]}]},{\"@type\":\"ImageObject\",\"inLanguage\":\"en-US\",\"@id\":\"https:\\\/\\\/www.verredart.fr\\\/verre-dart-bijoux-en-verre-recycle\\\/boucles-doreilles-en-verre-recycle\\\/boucles-doreilles-tulipes-elegance-florale-%f0%9f%92%90\\\/#primaryimage\",\"url\":\"https:\\\/\\\/i0.wp.com\\\/www.verredart.fr\\\/wp-content\\\/uploads\\\/2024\\\/03\\\/20250314_144743-scaled.jpg?fit=1440%2C2560&ssl=1\",\"contentUrl\":\"https:\\\/\\\/i0.wp.com\\\/www.verredart.fr\\\/wp-content\\\/uploads\\\/2024\\\/03\\\/20250314_144743-scaled.jpg?fit=1440%2C2560&ssl=1\",\"width\":1440,\"height\":2560},{\"@type\":\"BreadcrumbList\",\"@id\":\"https:\\\/\\\/www.verredart.fr\\\/verre-dart-bijoux-en-verre-recycle\\\/boucles-doreilles-en-verre-recycle\\\/boucles-doreilles-tulipes-elegance-florale-%f0%9f%92%90\\\/#breadcrumb\",\"itemListElement\":[{\"@type\":\"ListItem\",\"position\":1,\"name\":\"Collections\",\"item\":\"https:\\\/\\\/www.verredart.fr\\\/verre-dart-bijoux-en-verre-recycle\\\/boutique-bijoux-en-verre-culinaire-recycle\\\/\"},{\"@type\":\"ListItem\",\"position\":2,\"name\":\"Boucles d'oreilles\",\"item\":\"https:\\\/\\\/www.verredart.fr\\\/bijoux-en-verre-recycle\\\/boucles-doreilles-en-verre-recycle\\\/\"},{\"@type\":\"ListItem\",\"position\":3,\"name\":\"Boucles d&rsquo;oreilles Tulipe en verre recycl\u00e9 &#8211; \u00c9l\u00e9gance florale\"}]},{\"@type\":\"WebSite\",\"@id\":\"https:\\\/\\\/www.verredart.fr\\\/#website\",\"url\":\"https:\\\/\\\/www.verredart.fr\\\/\",\"name\":\"Verre d'Art\",\"description\":\"Recyclage de verre non recyclable en cr\u00e9ations uniques et engag\u00e9s\",\"publisher\":{\"@id\":\"https:\\\/\\\/www.verredart.fr\\\/#organization\"},\"potentialAction\":[{\"@type\":\"SearchAction\",\"target\":{\"@type\":\"EntryPoint\",\"urlTemplate\":\"https:\\\/\\\/www.verredart.fr\\\/?s={search_term_string}\"},\"query-input\":{\"@type\":\"PropertyValueSpecification\",\"valueRequired\":true,\"valueName\":\"search_term_string\"}}],\"inLanguage\":\"en-US\"},{\"@type\":\"Organization\",\"@id\":\"https:\\\/\\\/www.verredart.fr\\\/#organization\",\"name\":\"Verre d'Art\",\"url\":\"https:\\\/\\\/www.verredart.fr\\\/\",\"logo\":{\"@type\":\"ImageObject\",\"inLanguage\":\"en-US\",\"@id\":\"https:\\\/\\\/www.verredart.fr\\\/#\\\/schema\\\/logo\\\/image\\\/\",\"url\":\"\",\"contentUrl\":\"\",\"caption\":\"Verre d'Art\"},\"image\":{\"@id\":\"https:\\\/\\\/www.verredart.fr\\\/#\\\/schema\\\/logo\\\/image\\\/\"},\"sameAs\":[\"https:\\\/\\\/www.facebook.com\\\/Verredart\",\"https:\\\/\\\/x.com\\\/verredart\",\"https:\\\/\\\/www.instagram.com\\\/Verre_dart\",\"https:\\\/\\\/www.pinterest.fr\\\/verredart\\\/\"]}]}<\/script>\n<!-- \/ Yoast SEO plugin. -->","yoast_head_json":{"title":"Boucles d'oreilles Tulipe en verre recycl\u00e9 - \u00c9l\u00e9gance florale - Verre d&#039;Art","description":"Boucles d'oreilles Tulipes en verre recycl\u00e9 - \u00c9l\u00e9gance florale \ud83d\udc90. D\u00e9couvrez la collection de cr\u00e9ations en verre recycl\u00e9 culinaire en tulipes","robots":{"index":"index","follow":"follow","max-snippet":"max-snippet:-1","max-image-preview":"max-image-preview:large","max-video-preview":"max-video-preview:-1"},"canonical":"https:\/\/www.verredart.fr\/en\/verre-dart-bijoux-en-verre-recycle\/boucles-doreilles-en-verre-recycle\/boucles-doreilles-tulipes-elegance-florale-\ud83d\udc90\/","og_locale":"en_US","og_type":"article","og_title":"Boucles d'oreilles Tulipe en verre recycl\u00e9 - \u00c9l\u00e9gance florale - Verre d&#039;Art","og_description":"Boucles d'oreilles Tulipes en verre recycl\u00e9 - \u00c9l\u00e9gance florale \ud83d\udc90. D\u00e9couvrez la collection de cr\u00e9ations en verre recycl\u00e9 culinaire en tulipes","og_url":"https:\/\/www.verredart.fr\/en\/verre-dart-bijoux-en-verre-recycle\/boucles-doreilles-en-verre-recycle\/boucles-doreilles-tulipes-elegance-florale-\ud83d\udc90\/","og_site_name":"Verre d&#039;Art","article_publisher":"https:\/\/www.facebook.com\/Verredart","article_modified_time":"2025-03-17T15:07:22+00:00","og_image":[{"width":1440,"height":2560,"url":"https:\/\/www.verredart.fr\/wp-content\/uploads\/2024\/03\/20250314_144743-scaled.jpg","type":"image\/jpeg"}],"twitter_card":"summary_large_image","twitter_site":"@verredart","twitter_misc":{"Est. reading time":"1 minute"},"schema":{"@context":"https:\/\/schema.org","@graph":[{"@type":"WebPage","@id":"https:\/\/www.verredart.fr\/verre-dart-bijoux-en-verre-recycle\/boucles-doreilles-en-verre-recycle\/boucles-doreilles-tulipes-elegance-florale-%f0%9f%92%90\/","url":"https:\/\/www.verredart.fr\/verre-dart-bijoux-en-verre-recycle\/boucles-doreilles-en-verre-recycle\/boucles-doreilles-tulipes-elegance-florale-%f0%9f%92%90\/","name":"Boucles d'oreilles Tulipe en verre recycl\u00e9 - \u00c9l\u00e9gance florale - Verre d&#039;Art","isPartOf":{"@id":"https:\/\/www.verredart.fr\/#website"},"primaryImageOfPage":{"@id":"https:\/\/www.verredart.fr\/verre-dart-bijoux-en-verre-recycle\/boucles-doreilles-en-verre-recycle\/boucles-doreilles-tulipes-elegance-florale-%f0%9f%92%90\/#primaryimage"},"image":{"@id":"https:\/\/www.verredart.fr\/verre-dart-bijoux-en-verre-recycle\/boucles-doreilles-en-verre-recycle\/boucles-doreilles-tulipes-elegance-florale-%f0%9f%92%90\/#primaryimage"},"thumbnailUrl":"https:\/\/i0.wp.com\/www.verredart.fr\/wp-content\/uploads\/2024\/03\/20250314_144743-scaled.jpg?fit=1440%2C2560&ssl=1","datePublished":"2024-03-30T14:20:39+00:00","dateModified":"2025-03-17T15:07:22+00:00","description":"Boucles d'oreilles Tulipes en verre recycl\u00e9 - \u00c9l\u00e9gance florale \ud83d\udc90. D\u00e9couvrez la collection de cr\u00e9ations en verre recycl\u00e9 culinaire en tulipes de Verre d'Art","breadcrumb":{"@id":"https:\/\/www.verredart.fr\/verre-dart-bijoux-en-verre-recycle\/boucles-doreilles-en-verre-recycle\/boucles-doreilles-tulipes-elegance-florale-%f0%9f%92%90\/#breadcrumb"},"inLanguage":"en-US","potentialAction":[{"@type":"ReadAction","target":["https:\/\/www.verredart.fr\/verre-dart-bijoux-en-verre-recycle\/boucles-doreilles-en-verre-recycle\/boucles-doreilles-tulipes-elegance-florale-%f0%9f%92%90\/"]}]},{"@type":"ImageObject","inLanguage":"en-US","@id":"https:\/\/www.verredart.fr\/verre-dart-bijoux-en-verre-recycle\/boucles-doreilles-en-verre-recycle\/boucles-doreilles-tulipes-elegance-florale-%f0%9f%92%90\/#primaryimage","url":"https:\/\/i0.wp.com\/www.verredart.fr\/wp-content\/uploads\/2024\/03\/20250314_144743-scaled.jpg?fit=1440%2C2560&ssl=1","contentUrl":"https:\/\/i0.wp.com\/www.verredart.fr\/wp-content\/uploads\/2024\/03\/20250314_144743-scaled.jpg?fit=1440%2C2560&ssl=1","width":1440,"height":2560},{"@type":"BreadcrumbList","@id":"https:\/\/www.verredart.fr\/verre-dart-bijoux-en-verre-recycle\/boucles-doreilles-en-verre-recycle\/boucles-doreilles-tulipes-elegance-florale-%f0%9f%92%90\/#breadcrumb","itemListElement":[{"@type":"ListItem","position":1,"name":"Collections","item":"https:\/\/www.verredart.fr\/verre-dart-bijoux-en-verre-recycle\/boutique-bijoux-en-verre-culinaire-recycle\/"},{"@type":"ListItem","position":2,"name":"Boucles d'oreilles","item":"https:\/\/www.verredart.fr\/bijoux-en-verre-recycle\/boucles-doreilles-en-verre-recycle\/"},{"@type":"ListItem","position":3,"name":"Boucles d&rsquo;oreilles Tulipe en verre recycl\u00e9 &#8211; \u00c9l\u00e9gance florale"}]},{"@type":"WebSite","@id":"https:\/\/www.verredart.fr\/#website","url":"https:\/\/www.verredart.fr\/","name":"Verre d'Art","description":"Recyclage de verre non recyclable en cr\u00e9ations uniques et engag\u00e9s","publisher":{"@id":"https:\/\/www.verredart.fr\/#organization"},"potentialAction":[{"@type":"SearchAction","target":{"@type":"EntryPoint","urlTemplate":"https:\/\/www.verredart.fr\/?s={search_term_string}"},"query-input":{"@type":"PropertyValueSpecification","valueRequired":true,"valueName":"search_term_string"}}],"inLanguage":"en-US"},{"@type":"Organization","@id":"https:\/\/www.verredart.fr\/#organization","name":"Verre d'Art","url":"https:\/\/www.verredart.fr\/","logo":{"@type":"ImageObject","inLanguage":"en-US","@id":"https:\/\/www.verredart.fr\/#\/schema\/logo\/image\/","url":"","contentUrl":"","caption":"Verre d'Art"},"image":{"@id":"https:\/\/www.verredart.fr\/#\/schema\/logo\/image\/"},"sameAs":["https:\/\/www.facebook.com\/Verredart","https:\/\/x.com\/verredart","https:\/\/www.instagram.com\/Verre_dart","https:\/\/www.pinterest.fr\/verredart\/"]}]}},"jetpack_sharing_enabled":true,"_links":{"self":[{"href":"https:\/\/www.verredart.fr\/en\/wp-json\/wp\/v2\/product\/166","targetHints":{"allow":["GET"]}}],"collection":[{"href":"https:\/\/www.verredart.fr\/en\/wp-json\/wp\/v2\/product"}],"about":[{"href":"https:\/\/www.verredart.fr\/en\/wp-json\/wp\/v2\/types\/product"}],"wp:featuredmedia":[{"embeddable":true,"href":"https:\/\/www.verredart.fr\/en\/wp-json\/wp\/v2\/media\/4848"}],"wp:attachment":[{"href":"https:\/\/www.verredart.fr\/en\/wp-json\/wp\/v2\/media?parent=166"}],"wp:term":[{"taxonomy":"product_brand","embeddable":true,"href":"https:\/\/www.verredart.fr\/en\/wp-json\/wp\/v2\/product_brand?post=166"},{"taxonomy":"product_cat","embeddable":true,"href":"https:\/\/www.verredart.fr\/en\/wp-json\/wp\/v2\/product_cat?post=166"},{"taxonomy":"product_tag","embeddable":true,"href":"https:\/\/www.verredart.fr\/en\/wp-json\/wp\/v2\/product_tag?post=166"}],"curies":[{"name":"wp","href":"https:\/\/api.w.org\/{rel}","templated":true}]}}