{"id":1999,"date":"2024-05-17T08:45:29","date_gmt":"2024-05-17T08:45:29","guid":{"rendered":"https:\/\/www.verredart.fr\/verre-dart-bijoux-en-verre-recycle\/boutique-bijoux-en-verre-culinaire-recycle\/non%20class\u00e9\/collier-feuille-vert-deau-en-verre-recycle-%e2%99%bb\/"},"modified":"2025-02-19T18:20:13","modified_gmt":"2025-02-19T18:20:13","slug":"collier-feuille-vert-deau-en-verre-recycle-%e2%99%bb","status":"publish","type":"product","link":"https:\/\/www.verredart.fr\/en\/verre-dart-bijoux-en-verre-recycle\/collier-en-verre-recycle\/collier-feuille-vert-deau-en-verre-recycle-%e2%99%bb\/","title":{"rendered":"Collier feuille vert d&rsquo;eau en verre recycl\u00e9 \u267b"},"content":{"rendered":"<p>Collier en acier inoxydable, pendentif feuille en verre recycl\u00e9 de couleur vert d&rsquo;eau.<br \/>\nAdoptez un style \u00e9l\u00e9gant et \u00e9cologique avec les bijoux Verre d&rsquo;Art ! <\/p>","protected":false},"excerpt":{"rendered":"<p>Collier en acier inoxydable, pendentif feuille en verre recycl\u00e9 de couleur vert d&rsquo;eau. Adoptez un style \u00e9l\u00e9gant et \u00e9cologique!<\/p>","protected":false},"featured_media":1996,"template":"","meta":[],"product_brand":[],"product_cat":[22],"product_tag":[],"class_list":{"0":"post-1999","1":"product","2":"type-product","3":"status-publish","4":"has-post-thumbnail","6":"product_cat-collier-en-verre-recycle","8":"entry","9":"has-media","11":"first","12":"outofstock","13":"purchasable","14":"product-type-simple","15":"has-product-nav","16":"col","17":"span_1_of_3","18":"owp-content-center","19":"item-entry","20":"owp-thumbs-layout-vertical","21":"owp-btn-big","22":"owp-tabs-layout-horizontal"},"yoast_head":"<!-- This site is optimized with the Yoast SEO plugin v27.4 - https:\/\/yoast.com\/product\/yoast-seo-wordpress\/ -->\n<title>Collier feuille vert d&#039;eau en verre recycl\u00e9 \u267b - Verre d&#039;Art<\/title>\n<meta name=\"description\" content=\"Collier en acier inoxydable, pendentif feuille en verre recycl\u00e9 de couleur vert d&#039;eau. Adoptez un style \u00e9l\u00e9gant et \u00e9cologique avec les bijoux Verr\" \/>\n<meta name=\"robots\" content=\"index, follow, max-snippet:-1, max-image-preview:large, max-video-preview:-1\" \/>\n<link rel=\"canonical\" href=\"https:\/\/www.verredart.fr\/en\/verre-dart-bijoux-en-verre-recycle\/adoptes-par-les-clients-de-la-boutique-verre-dart\/collier-feuille-vert-deau-en-verre-recycle-\u267b\/\" \/>\n<meta property=\"og:locale\" content=\"en_US\" \/>\n<meta property=\"og:type\" content=\"article\" \/>\n<meta property=\"og:title\" content=\"Collier feuille vert d&#039;eau en verre recycl\u00e9 \u267b - Verre d&#039;Art\" \/>\n<meta property=\"og:description\" content=\"Collier en acier inoxydable, pendentif feuille en verre recycl\u00e9 de couleur vert d&#039;eau. Adoptez un style \u00e9l\u00e9gant et \u00e9cologique avec les bijoux Verr\" \/>\n<meta property=\"og:url\" content=\"https:\/\/www.verredart.fr\/en\/verre-dart-bijoux-en-verre-recycle\/adoptes-par-les-clients-de-la-boutique-verre-dart\/collier-feuille-vert-deau-en-verre-recycle-\u267b\/\" \/>\n<meta property=\"og:site_name\" content=\"Verre d&#039;Art\" \/>\n<meta property=\"article:publisher\" content=\"https:\/\/www.facebook.com\/Verredart\" \/>\n<meta property=\"article:modified_time\" content=\"2025-02-19T18:20:13+00:00\" \/>\n<meta property=\"og:image\" content=\"https:\/\/www.verredart.fr\/wp-content\/uploads\/2024\/05\/50664-scaled.jpg\" \/>\n\t<meta property=\"og:image:width\" content=\"1440\" \/>\n\t<meta property=\"og:image:height\" content=\"2560\" \/>\n\t<meta property=\"og:image:type\" content=\"image\/jpeg\" \/>\n<meta name=\"twitter:card\" content=\"summary_large_image\" \/>\n<meta name=\"twitter:site\" content=\"@verredart\" \/>\n<meta name=\"twitter:label1\" content=\"Est. reading time\" \/>\n\t<meta name=\"twitter:data1\" content=\"1 minute\" \/>\n<script type=\"application\/ld+json\" class=\"yoast-schema-graph\">{\"@context\":\"https:\\\/\\\/schema.org\",\"@graph\":[{\"@type\":\"WebPage\",\"@id\":\"https:\\\/\\\/www.verredart.fr\\\/verre-dart-bijoux-en-verre-recycle\\\/adoptes-par-les-clients-de-la-boutique-verre-dart\\\/collier-feuille-vert-deau-en-verre-recycle-%e2%99%bb\\\/\",\"url\":\"https:\\\/\\\/www.verredart.fr\\\/verre-dart-bijoux-en-verre-recycle\\\/adoptes-par-les-clients-de-la-boutique-verre-dart\\\/collier-feuille-vert-deau-en-verre-recycle-%e2%99%bb\\\/\",\"name\":\"Collier feuille vert d'eau en verre recycl\u00e9 \u267b - Verre d&#039;Art\",\"isPartOf\":{\"@id\":\"https:\\\/\\\/www.verredart.fr\\\/#website\"},\"primaryImageOfPage\":{\"@id\":\"https:\\\/\\\/www.verredart.fr\\\/verre-dart-bijoux-en-verre-recycle\\\/adoptes-par-les-clients-de-la-boutique-verre-dart\\\/collier-feuille-vert-deau-en-verre-recycle-%e2%99%bb\\\/#primaryimage\"},\"image\":{\"@id\":\"https:\\\/\\\/www.verredart.fr\\\/verre-dart-bijoux-en-verre-recycle\\\/adoptes-par-les-clients-de-la-boutique-verre-dart\\\/collier-feuille-vert-deau-en-verre-recycle-%e2%99%bb\\\/#primaryimage\"},\"thumbnailUrl\":\"https:\\\/\\\/i0.wp.com\\\/www.verredart.fr\\\/wp-content\\\/uploads\\\/2024\\\/05\\\/50664-scaled.jpg?fit=1440%2C2560&ssl=1\",\"datePublished\":\"2024-05-17T08:45:29+00:00\",\"dateModified\":\"2025-02-19T18:20:13+00:00\",\"description\":\"Collier en acier inoxydable, pendentif feuille en verre recycl\u00e9 de couleur vert d'eau. Adoptez un style \u00e9l\u00e9gant et \u00e9cologique avec les bijoux Verre d'Art !\",\"breadcrumb\":{\"@id\":\"https:\\\/\\\/www.verredart.fr\\\/verre-dart-bijoux-en-verre-recycle\\\/adoptes-par-les-clients-de-la-boutique-verre-dart\\\/collier-feuille-vert-deau-en-verre-recycle-%e2%99%bb\\\/#breadcrumb\"},\"inLanguage\":\"en-US\",\"potentialAction\":[{\"@type\":\"ReadAction\",\"target\":[\"https:\\\/\\\/www.verredart.fr\\\/verre-dart-bijoux-en-verre-recycle\\\/adoptes-par-les-clients-de-la-boutique-verre-dart\\\/collier-feuille-vert-deau-en-verre-recycle-%e2%99%bb\\\/\"]}]},{\"@type\":\"ImageObject\",\"inLanguage\":\"en-US\",\"@id\":\"https:\\\/\\\/www.verredart.fr\\\/verre-dart-bijoux-en-verre-recycle\\\/adoptes-par-les-clients-de-la-boutique-verre-dart\\\/collier-feuille-vert-deau-en-verre-recycle-%e2%99%bb\\\/#primaryimage\",\"url\":\"https:\\\/\\\/i0.wp.com\\\/www.verredart.fr\\\/wp-content\\\/uploads\\\/2024\\\/05\\\/50664-scaled.jpg?fit=1440%2C2560&ssl=1\",\"contentUrl\":\"https:\\\/\\\/i0.wp.com\\\/www.verredart.fr\\\/wp-content\\\/uploads\\\/2024\\\/05\\\/50664-scaled.jpg?fit=1440%2C2560&ssl=1\",\"width\":1440,\"height\":2560,\"caption\":\"Bijoux en verre recycl\u00e9 - Collier feuille vert d'eau en verre recycl\u00e9 \u267b Verre d'art\"},{\"@type\":\"BreadcrumbList\",\"@id\":\"https:\\\/\\\/www.verredart.fr\\\/verre-dart-bijoux-en-verre-recycle\\\/adoptes-par-les-clients-de-la-boutique-verre-dart\\\/collier-feuille-vert-deau-en-verre-recycle-%e2%99%bb\\\/#breadcrumb\",\"itemListElement\":[{\"@type\":\"ListItem\",\"position\":1,\"name\":\"Collections\",\"item\":\"https:\\\/\\\/www.verredart.fr\\\/verre-dart-bijoux-en-verre-recycle\\\/boutique-bijoux-en-verre-culinaire-recycle\\\/\"},{\"@type\":\"ListItem\",\"position\":2,\"name\":\"Colliers\",\"item\":\"https:\\\/\\\/www.verredart.fr\\\/bijoux-en-verre-recycle\\\/collier-en-verre-recycle\\\/\"},{\"@type\":\"ListItem\",\"position\":3,\"name\":\"Collier feuille vert d&rsquo;eau en verre recycl\u00e9 \u267b\"}]},{\"@type\":\"WebSite\",\"@id\":\"https:\\\/\\\/www.verredart.fr\\\/#website\",\"url\":\"https:\\\/\\\/www.verredart.fr\\\/\",\"name\":\"Verre d'Art\",\"description\":\"Recyclage de verre non recyclable en cr\u00e9ations uniques et engag\u00e9s\",\"publisher\":{\"@id\":\"https:\\\/\\\/www.verredart.fr\\\/#organization\"},\"potentialAction\":[{\"@type\":\"SearchAction\",\"target\":{\"@type\":\"EntryPoint\",\"urlTemplate\":\"https:\\\/\\\/www.verredart.fr\\\/?s={search_term_string}\"},\"query-input\":{\"@type\":\"PropertyValueSpecification\",\"valueRequired\":true,\"valueName\":\"search_term_string\"}}],\"inLanguage\":\"en-US\"},{\"@type\":\"Organization\",\"@id\":\"https:\\\/\\\/www.verredart.fr\\\/#organization\",\"name\":\"Verre d'Art\",\"url\":\"https:\\\/\\\/www.verredart.fr\\\/\",\"logo\":{\"@type\":\"ImageObject\",\"inLanguage\":\"en-US\",\"@id\":\"https:\\\/\\\/www.verredart.fr\\\/#\\\/schema\\\/logo\\\/image\\\/\",\"url\":\"\",\"contentUrl\":\"\",\"caption\":\"Verre d'Art\"},\"image\":{\"@id\":\"https:\\\/\\\/www.verredart.fr\\\/#\\\/schema\\\/logo\\\/image\\\/\"},\"sameAs\":[\"https:\\\/\\\/www.facebook.com\\\/Verredart\",\"https:\\\/\\\/x.com\\\/verredart\",\"https:\\\/\\\/www.instagram.com\\\/Verre_dart\",\"https:\\\/\\\/www.pinterest.fr\\\/verredart\\\/\"]}]}<\/script>\n<!-- \/ Yoast SEO plugin. -->","yoast_head_json":{"title":"Collier feuille vert d'eau en verre recycl\u00e9 \u267b - Verre d&#039;Art","description":"Collier en acier inoxydable, pendentif feuille en verre recycl\u00e9 de couleur vert d'eau. Adoptez un style \u00e9l\u00e9gant et \u00e9cologique avec les bijoux Verr","robots":{"index":"index","follow":"follow","max-snippet":"max-snippet:-1","max-image-preview":"max-image-preview:large","max-video-preview":"max-video-preview:-1"},"canonical":"https:\/\/www.verredart.fr\/en\/verre-dart-bijoux-en-verre-recycle\/adoptes-par-les-clients-de-la-boutique-verre-dart\/collier-feuille-vert-deau-en-verre-recycle-\u267b\/","og_locale":"en_US","og_type":"article","og_title":"Collier feuille vert d'eau en verre recycl\u00e9 \u267b - Verre d&#039;Art","og_description":"Collier en acier inoxydable, pendentif feuille en verre recycl\u00e9 de couleur vert d'eau. Adoptez un style \u00e9l\u00e9gant et \u00e9cologique avec les bijoux Verr","og_url":"https:\/\/www.verredart.fr\/en\/verre-dart-bijoux-en-verre-recycle\/adoptes-par-les-clients-de-la-boutique-verre-dart\/collier-feuille-vert-deau-en-verre-recycle-\u267b\/","og_site_name":"Verre d&#039;Art","article_publisher":"https:\/\/www.facebook.com\/Verredart","article_modified_time":"2025-02-19T18:20:13+00:00","og_image":[{"width":1440,"height":2560,"url":"https:\/\/www.verredart.fr\/wp-content\/uploads\/2024\/05\/50664-scaled.jpg","type":"image\/jpeg"}],"twitter_card":"summary_large_image","twitter_site":"@verredart","twitter_misc":{"Est. reading time":"1 minute"},"schema":{"@context":"https:\/\/schema.org","@graph":[{"@type":"WebPage","@id":"https:\/\/www.verredart.fr\/verre-dart-bijoux-en-verre-recycle\/adoptes-par-les-clients-de-la-boutique-verre-dart\/collier-feuille-vert-deau-en-verre-recycle-%e2%99%bb\/","url":"https:\/\/www.verredart.fr\/verre-dart-bijoux-en-verre-recycle\/adoptes-par-les-clients-de-la-boutique-verre-dart\/collier-feuille-vert-deau-en-verre-recycle-%e2%99%bb\/","name":"Collier feuille vert d'eau en verre recycl\u00e9 \u267b - Verre d&#039;Art","isPartOf":{"@id":"https:\/\/www.verredart.fr\/#website"},"primaryImageOfPage":{"@id":"https:\/\/www.verredart.fr\/verre-dart-bijoux-en-verre-recycle\/adoptes-par-les-clients-de-la-boutique-verre-dart\/collier-feuille-vert-deau-en-verre-recycle-%e2%99%bb\/#primaryimage"},"image":{"@id":"https:\/\/www.verredart.fr\/verre-dart-bijoux-en-verre-recycle\/adoptes-par-les-clients-de-la-boutique-verre-dart\/collier-feuille-vert-deau-en-verre-recycle-%e2%99%bb\/#primaryimage"},"thumbnailUrl":"https:\/\/i0.wp.com\/www.verredart.fr\/wp-content\/uploads\/2024\/05\/50664-scaled.jpg?fit=1440%2C2560&ssl=1","datePublished":"2024-05-17T08:45:29+00:00","dateModified":"2025-02-19T18:20:13+00:00","description":"Collier en acier inoxydable, pendentif feuille en verre recycl\u00e9 de couleur vert d'eau. Adoptez un style \u00e9l\u00e9gant et \u00e9cologique avec les bijoux Verre d'Art !","breadcrumb":{"@id":"https:\/\/www.verredart.fr\/verre-dart-bijoux-en-verre-recycle\/adoptes-par-les-clients-de-la-boutique-verre-dart\/collier-feuille-vert-deau-en-verre-recycle-%e2%99%bb\/#breadcrumb"},"inLanguage":"en-US","potentialAction":[{"@type":"ReadAction","target":["https:\/\/www.verredart.fr\/verre-dart-bijoux-en-verre-recycle\/adoptes-par-les-clients-de-la-boutique-verre-dart\/collier-feuille-vert-deau-en-verre-recycle-%e2%99%bb\/"]}]},{"@type":"ImageObject","inLanguage":"en-US","@id":"https:\/\/www.verredart.fr\/verre-dart-bijoux-en-verre-recycle\/adoptes-par-les-clients-de-la-boutique-verre-dart\/collier-feuille-vert-deau-en-verre-recycle-%e2%99%bb\/#primaryimage","url":"https:\/\/i0.wp.com\/www.verredart.fr\/wp-content\/uploads\/2024\/05\/50664-scaled.jpg?fit=1440%2C2560&ssl=1","contentUrl":"https:\/\/i0.wp.com\/www.verredart.fr\/wp-content\/uploads\/2024\/05\/50664-scaled.jpg?fit=1440%2C2560&ssl=1","width":1440,"height":2560,"caption":"Bijoux en verre recycl\u00e9 - Collier feuille vert d'eau en verre recycl\u00e9 \u267b Verre d'art"},{"@type":"BreadcrumbList","@id":"https:\/\/www.verredart.fr\/verre-dart-bijoux-en-verre-recycle\/adoptes-par-les-clients-de-la-boutique-verre-dart\/collier-feuille-vert-deau-en-verre-recycle-%e2%99%bb\/#breadcrumb","itemListElement":[{"@type":"ListItem","position":1,"name":"Collections","item":"https:\/\/www.verredart.fr\/verre-dart-bijoux-en-verre-recycle\/boutique-bijoux-en-verre-culinaire-recycle\/"},{"@type":"ListItem","position":2,"name":"Colliers","item":"https:\/\/www.verredart.fr\/bijoux-en-verre-recycle\/collier-en-verre-recycle\/"},{"@type":"ListItem","position":3,"name":"Collier feuille vert d&rsquo;eau en verre recycl\u00e9 \u267b"}]},{"@type":"WebSite","@id":"https:\/\/www.verredart.fr\/#website","url":"https:\/\/www.verredart.fr\/","name":"Verre d'Art","description":"Recyclage de verre non recyclable en cr\u00e9ations uniques et engag\u00e9s","publisher":{"@id":"https:\/\/www.verredart.fr\/#organization"},"potentialAction":[{"@type":"SearchAction","target":{"@type":"EntryPoint","urlTemplate":"https:\/\/www.verredart.fr\/?s={search_term_string}"},"query-input":{"@type":"PropertyValueSpecification","valueRequired":true,"valueName":"search_term_string"}}],"inLanguage":"en-US"},{"@type":"Organization","@id":"https:\/\/www.verredart.fr\/#organization","name":"Verre d'Art","url":"https:\/\/www.verredart.fr\/","logo":{"@type":"ImageObject","inLanguage":"en-US","@id":"https:\/\/www.verredart.fr\/#\/schema\/logo\/image\/","url":"","contentUrl":"","caption":"Verre d'Art"},"image":{"@id":"https:\/\/www.verredart.fr\/#\/schema\/logo\/image\/"},"sameAs":["https:\/\/www.facebook.com\/Verredart","https:\/\/x.com\/verredart","https:\/\/www.instagram.com\/Verre_dart","https:\/\/www.pinterest.fr\/verredart\/"]}]}},"jetpack_sharing_enabled":true,"_links":{"self":[{"href":"https:\/\/www.verredart.fr\/en\/wp-json\/wp\/v2\/product\/1999","targetHints":{"allow":["GET"]}}],"collection":[{"href":"https:\/\/www.verredart.fr\/en\/wp-json\/wp\/v2\/product"}],"about":[{"href":"https:\/\/www.verredart.fr\/en\/wp-json\/wp\/v2\/types\/product"}],"wp:featuredmedia":[{"embeddable":true,"href":"https:\/\/www.verredart.fr\/en\/wp-json\/wp\/v2\/media\/1996"}],"wp:attachment":[{"href":"https:\/\/www.verredart.fr\/en\/wp-json\/wp\/v2\/media?parent=1999"}],"wp:term":[{"taxonomy":"product_brand","embeddable":true,"href":"https:\/\/www.verredart.fr\/en\/wp-json\/wp\/v2\/product_brand?post=1999"},{"taxonomy":"product_cat","embeddable":true,"href":"https:\/\/www.verredart.fr\/en\/wp-json\/wp\/v2\/product_cat?post=1999"},{"taxonomy":"product_tag","embeddable":true,"href":"https:\/\/www.verredart.fr\/en\/wp-json\/wp\/v2\/product_tag?post=1999"}],"curies":[{"name":"wp","href":"https:\/\/api.w.org\/{rel}","templated":true}]}}