{"id":210,"date":"2024-03-30T14:20:59","date_gmt":"2024-03-30T14:20:59","guid":{"rendered":"https:\/\/www.verredart.fr\/produit\/produit-70\/"},"modified":"2026-04-23T17:53:21","modified_gmt":"2026-04-23T17:53:21","slug":"bracelet-perles-en-verre-vert-et-noir-recycle-dans-latelier-verre-dart-par-andreia","status":"publish","type":"product","link":"https:\/\/www.verredart.fr\/en\/verre-dart-bijoux-en-verre-recycle\/bracelets-en-verre-recycle\/bracelet-perles-en-verre-vert-et-noir-recycle-dans-latelier-verre-dart-par-andreia\/","title":{"rendered":"Bracelet en verre recycl\u00e9 vert \u2013 bijou fait main \u00e9co-responsable"},"content":{"rendered":"<h3 data-start=\"455\" data-end=\"527\"><strong data-start=\"459\" data-end=\"527\">Bracelet en verre recycl\u00e9 vert \u2013 bijou fait main \u00e9co-responsable<\/strong><\/h3>\n<p data-start=\"529\" data-end=\"710\">Ce <strong data-start=\"532\" data-end=\"561\">bracelet en verre recycl\u00e9<\/strong> est une cr\u00e9ation artisanale unique. Je l\u2019ai con\u00e7u dans mon atelier \u00e0 partir de <strong data-start=\"641\" data-end=\"665\">The non-recyclable glass<\/strong>, que je transforme \u00e0 la flamme du chalumeau.<\/p>\n<p data-start=\"712\" data-end=\"944\">Sa cha\u00eene en <strong data-start=\"725\" data-end=\"745\">acier inoxydable<\/strong> est l\u00e9g\u00e8re et solide. Elle ne rouille pas, ne ternit pas, et convient aux peaux sensibles. La longueur du bracelet est de 19 cm. Le fermoir en crochet assure un maintien fiable et simple \u00e0 utiliser.<\/p>\n<p data-start=\"946\" data-end=\"1225\">Cinq perles vertes viennent ponctuer la cha\u00eene. Je les ai fa\u00e7onn\u00e9es \u00e0 la main, directement dans la flamme, \u00e0 partir de <a href=\"https:\/\/www.verredart.fr\/en\/verre-file-chalumeau-recycle-non-recyclable\/\"><strong data-start=\"1065\" data-end=\"1106\">verre culinaire destin\u00e9 \u00e0 la poubelle<\/strong><\/a>. Chaque perle est unique. Les lignes noires que je trace dans le verre fondu rendent chaque bijou vivant et expressif.<\/p>\n<p data-start=\"1227\" data-end=\"1495\">Ce bracelet est un bel exemple de mon travail d\u2019<strong data-start=\"1275\" data-end=\"1307\">upcycling de verre culinaire<\/strong>. Je redonne une valeur \u00e0 un mat\u00e9riau oubli\u00e9. Gr\u00e2ce \u00e0 cette m\u00e9thode artisanale, je propose des <strong data-start=\"1402\" data-end=\"1429\">bijoux \u00e9co-responsables<\/strong> qui allient esth\u00e9tique, durabilit\u00e9 et respect de l\u2019environnement.<\/p>\n<p data-start=\"1497\" data-end=\"1717\">Tu recherches un accessoire original ? Ce <a href=\"https:\/\/www.verredart.fr\/en\/bijoux-en-verre-recycle\/bracelets-en-verre-recycle\/\"><strong data-start=\"1539\" data-end=\"1568\">bracelet en verre recycl\u00e9<\/strong><\/a> est fait pour toi. Il s\u2019accorde aussi bien avec une tenue d\u00e9contract\u00e9e qu\u2019avec un style plus habill\u00e9. L\u00e9ger, il se porte toute la journ\u00e9e sans g\u00eane.<\/p>\n<p data-start=\"1719\" data-end=\"1980\">Chaque pi\u00e8ce que je cr\u00e9e est le fruit d\u2019un savoir-faire fran\u00e7ais. Je n\u2019utilise ni moules ni machines. Seulement du feu, du verre, du m\u00e9tal, et mes mains. Ce processus me permet de proposer des <strong data-start=\"1912\" data-end=\"1941\">bijoux uniques faits main<\/strong>, \u00e0 forte valeur humaine et \u00e9cologique.<\/p>\n<p data-start=\"1982\" data-end=\"2214\">Ce bracelet est aussi une excellente id\u00e9e cadeau. Il convient \u00e0 celles et ceux qui souhaitent offrir un objet beau, durable et porteur de sens. Associe-le avec mes <strong data-start=\"2146\" data-end=\"2185\">earrings made from recycled glass<\/strong> pour une parure harmonieuse.<\/p>\n<hr data-start=\"2216\" data-end=\"2219\" \/>\n<p data-start=\"2221\" data-end=\"2359\">Choisis un bijou qui te ressemble et qui respecte tes valeurs. Ce <strong data-start=\"2287\" data-end=\"2316\">bracelet en verre recycl\u00e9<\/strong> t\u2019accompagnera avec \u00e9l\u00e9gance au quotidien.<\/p>","protected":false},"excerpt":{"rendered":"<p data-start=\"2805\" data-end=\"3146\">Ce <strong data-start=\"2808\" data-end=\"2837\">bracelet en verre recycl\u00e9<\/strong> est une pi\u00e8ce artisanale, fa\u00e7onn\u00e9e \u00e0 la main avec soin dans mon atelier. Il mesure 19 cm et se compose d\u2019une cha\u00eene en acier inoxydable orn\u00e9e de cinq perles vertes. Chaque perle a \u00e9t\u00e9 fil\u00e9e au chalumeau \u00e0 partir de <a href=\"https:\/\/www.verredart.fr\/en\/a-propos-de-verre-dart\/recyclage-de-verre-culinaire\/\"><strong data-start=\"3053\" data-end=\"3087\">verre culinaire non recyclable<\/strong><\/a>, r\u00e9cup\u00e9r\u00e9 et transform\u00e9 dans une d\u00e9marche d\u2019<strong data-start=\"3132\" data-end=\"3145\">upcycling<\/strong>.<\/p>\n<p data-start=\"3148\" data-end=\"3352\">L\u00e9ger et confortable, il se porte facilement au quotidien. L\u2019acier inox ne rouille pas, ne change pas de couleur et respecte la peau. Le fermoir crochet est simple d\u2019utilisation et assure un bon maintien.<\/p>\n<p data-start=\"3354\" data-end=\"3554\">Les perles vertes, ponctu\u00e9es de fines lignes noires, ajoutent du caract\u00e8re \u00e0 ce bijou. Elles sont uniques, car le <strong data-start=\"3468\" data-end=\"3492\">The non-recyclable glass<\/strong> fondu au chalumeau cr\u00e9e \u00e0 chaque fois une texture diff\u00e9rente.<\/p>\n<p data-start=\"3556\" data-end=\"3768\">Je travaille chaque \u00e9l\u00e9ment \u00e0 la main. Aucun moule, aucune machine. Seulement du feu, du verre, et mes mains. Ce proc\u00e9d\u00e9 ancestral, exigeant, donne naissance \u00e0 des <a href=\"https:\/\/www.verredart.fr\/en\/\"><strong data-start=\"3720\" data-end=\"3747\">bijoux \u00e9co-responsables<\/strong><\/a> aux lignes modernes.<\/p>\n<p data-start=\"3770\" data-end=\"3940\">Tu veux offrir un bijou porteur de sens ? Ce <strong data-start=\"3815\" data-end=\"3844\">bracelet en verre recycl\u00e9<\/strong> est une excellente id\u00e9e. Il incarne une consommation responsable, alliant beaut\u00e9 et engagement.<\/p>\n<p data-start=\"3942\" data-end=\"4103\">Associe-le \u00e0 d\u2019autres pi\u00e8ces de ma collection comme mes <a href=\"https:\/\/www.verredart.fr\/en\/bijoux-en-verre-recycle\/collier-en-verre-recycle\/\"><strong data-start=\"3998\" data-end=\"4027\">colliers en verre recycl\u00e9<\/strong><\/a> ou mes <a href=\"https:\/\/www.verredart.fr\/en\/bijoux-en-verre-recycle\/art-de-la-table-verre-recycle-non-recyclable\/pics-a-aperitifs\/\"><strong data-start=\"4035\" data-end=\"4064\">pics \u00e0 ap\u00e9ritifs en verre<\/strong><\/a> pour une touche coordonn\u00e9e et \u00e9thique.<\/p>\n<hr data-start=\"4105\" data-end=\"4108\" \/>","protected":false},"featured_media":6408,"template":"","meta":[],"product_brand":[],"product_cat":[21],"product_tag":[],"class_list":{"0":"post-210","1":"product","2":"type-product","3":"status-publish","4":"has-post-thumbnail","6":"product_cat-bracelets-en-verre-recycle","8":"entry","9":"has-media","11":"first","12":"instock","13":"shipping-taxable","14":"purchasable","15":"product-type-simple","16":"has-product-nav","17":"col","18":"span_1_of_3","19":"owp-content-center","20":"item-entry","21":"owp-thumbs-layout-vertical","22":"owp-btn-big","23":"owp-tabs-layout-horizontal"},"yoast_head":"<!-- This site is optimized with the Yoast SEO plugin v27.4 - https:\/\/yoast.com\/product\/yoast-seo-wordpress\/ -->\n<title>bracelet en verre recycl\u00e9 vert \u00e9thique fait main<\/title>\n<meta name=\"description\" content=\"Bracelet en verre recycl\u00e9 fa\u00e7onn\u00e9 au chalumeau \u2013 adopte un bijou unique, durable et fait main d\u00e8s maintenant ! Verre d&#039;Art - Boutique au Le Croz\" \/>\n<meta name=\"robots\" content=\"index, follow, max-snippet:-1, max-image-preview:large, max-video-preview:-1\" \/>\n<link rel=\"canonical\" href=\"https:\/\/www.verredart.fr\/en\/verre-dart-bijoux-en-verre-recycle\/bracelets-en-verre-recycle\/bracelet-perles-en-verre-vert-et-noir-recycle-dans-latelier-verre-dart-par-andreia\/\" \/>\n<meta property=\"og:locale\" content=\"en_US\" \/>\n<meta property=\"og:type\" content=\"article\" \/>\n<meta property=\"og:title\" content=\"bracelet en verre recycl\u00e9 vert \u00e9thique fait main\" \/>\n<meta property=\"og:description\" content=\"Bracelet en verre recycl\u00e9 fa\u00e7onn\u00e9 au chalumeau \u2013 adopte un bijou unique, durable et fait main d\u00e8s maintenant ! Verre d&#039;Art - Boutique au Le Croz\" \/>\n<meta property=\"og:url\" content=\"https:\/\/www.verredart.fr\/en\/verre-dart-bijoux-en-verre-recycle\/bracelets-en-verre-recycle\/bracelet-perles-en-verre-vert-et-noir-recycle-dans-latelier-verre-dart-par-andreia\/\" \/>\n<meta property=\"og:site_name\" content=\"Verre d&#039;Art\" \/>\n<meta property=\"article:publisher\" content=\"https:\/\/www.facebook.com\/Verredart\" \/>\n<meta property=\"article:modified_time\" content=\"2026-04-23T17:53:21+00:00\" \/>\n<meta property=\"og:image\" content=\"https:\/\/www.verredart.fr\/wp-content\/uploads\/2024\/03\/IMG_5791.jpg\" \/>\n\t<meta property=\"og:image:width\" content=\"1920\" \/>\n\t<meta property=\"og:image:height\" content=\"1080\" \/>\n\t<meta property=\"og:image:type\" content=\"image\/jpeg\" \/>\n<meta name=\"twitter:card\" content=\"summary_large_image\" \/>\n<meta name=\"twitter:site\" content=\"@verredart\" \/>\n<meta name=\"twitter:label1\" content=\"Est. reading time\" \/>\n\t<meta name=\"twitter:data1\" content=\"2 minutes\" \/>\n<script type=\"application\/ld+json\" class=\"yoast-schema-graph\">{\"@context\":\"https:\\\/\\\/schema.org\",\"@graph\":[{\"@type\":\"WebPage\",\"@id\":\"https:\\\/\\\/www.verredart.fr\\\/verre-dart-bijoux-en-verre-recycle\\\/bracelets-en-verre-recycle\\\/bracelet-perles-en-verre-vert-et-noir-recycle-dans-latelier-verre-dart-par-andreia\\\/\",\"url\":\"https:\\\/\\\/www.verredart.fr\\\/verre-dart-bijoux-en-verre-recycle\\\/bracelets-en-verre-recycle\\\/bracelet-perles-en-verre-vert-et-noir-recycle-dans-latelier-verre-dart-par-andreia\\\/\",\"name\":\"bracelet en verre recycl\u00e9 vert \u00e9thique fait main\",\"isPartOf\":{\"@id\":\"https:\\\/\\\/www.verredart.fr\\\/#website\"},\"primaryImageOfPage\":{\"@id\":\"https:\\\/\\\/www.verredart.fr\\\/verre-dart-bijoux-en-verre-recycle\\\/bracelets-en-verre-recycle\\\/bracelet-perles-en-verre-vert-et-noir-recycle-dans-latelier-verre-dart-par-andreia\\\/#primaryimage\"},\"image\":{\"@id\":\"https:\\\/\\\/www.verredart.fr\\\/verre-dart-bijoux-en-verre-recycle\\\/bracelets-en-verre-recycle\\\/bracelet-perles-en-verre-vert-et-noir-recycle-dans-latelier-verre-dart-par-andreia\\\/#primaryimage\"},\"thumbnailUrl\":\"https:\\\/\\\/i0.wp.com\\\/www.verredart.fr\\\/wp-content\\\/uploads\\\/2024\\\/03\\\/IMG_5791.jpg?fit=1920%2C1080&ssl=1\",\"datePublished\":\"2024-03-30T14:20:59+00:00\",\"dateModified\":\"2026-04-23T17:53:21+00:00\",\"description\":\"Bracelet en verre recycl\u00e9 fa\u00e7onn\u00e9 au chalumeau \u2013 adopte un bijou unique, durable et fait main d\u00e8s maintenant ! Verre d'Art - Boutique au Le Crozet (42)\",\"breadcrumb\":{\"@id\":\"https:\\\/\\\/www.verredart.fr\\\/verre-dart-bijoux-en-verre-recycle\\\/bracelets-en-verre-recycle\\\/bracelet-perles-en-verre-vert-et-noir-recycle-dans-latelier-verre-dart-par-andreia\\\/#breadcrumb\"},\"inLanguage\":\"en-US\",\"potentialAction\":[{\"@type\":\"ReadAction\",\"target\":[\"https:\\\/\\\/www.verredart.fr\\\/verre-dart-bijoux-en-verre-recycle\\\/bracelets-en-verre-recycle\\\/bracelet-perles-en-verre-vert-et-noir-recycle-dans-latelier-verre-dart-par-andreia\\\/\"]}]},{\"@type\":\"ImageObject\",\"inLanguage\":\"en-US\",\"@id\":\"https:\\\/\\\/www.verredart.fr\\\/verre-dart-bijoux-en-verre-recycle\\\/bracelets-en-verre-recycle\\\/bracelet-perles-en-verre-vert-et-noir-recycle-dans-latelier-verre-dart-par-andreia\\\/#primaryimage\",\"url\":\"https:\\\/\\\/i0.wp.com\\\/www.verredart.fr\\\/wp-content\\\/uploads\\\/2024\\\/03\\\/IMG_5791.jpg?fit=1920%2C1080&ssl=1\",\"contentUrl\":\"https:\\\/\\\/i0.wp.com\\\/www.verredart.fr\\\/wp-content\\\/uploads\\\/2024\\\/03\\\/IMG_5791.jpg?fit=1920%2C1080&ssl=1\",\"width\":1920,\"height\":1080,\"caption\":\"Bracelet perles en verre vert et noir Verre d'Art recyclage de verre non recyclable en France\"},{\"@type\":\"BreadcrumbList\",\"@id\":\"https:\\\/\\\/www.verredart.fr\\\/verre-dart-bijoux-en-verre-recycle\\\/bracelets-en-verre-recycle\\\/bracelet-perles-en-verre-vert-et-noir-recycle-dans-latelier-verre-dart-par-andreia\\\/#breadcrumb\",\"itemListElement\":[{\"@type\":\"ListItem\",\"position\":1,\"name\":\"Collections\",\"item\":\"https:\\\/\\\/www.verredart.fr\\\/verre-dart-bijoux-en-verre-recycle\\\/boutique-bijoux-en-verre-culinaire-recycle\\\/\"},{\"@type\":\"ListItem\",\"position\":2,\"name\":\"Bracelets\",\"item\":\"https:\\\/\\\/www.verredart.fr\\\/bijoux-en-verre-recycle\\\/bracelets-en-verre-recycle\\\/\"},{\"@type\":\"ListItem\",\"position\":3,\"name\":\"Bracelet en verre recycl\u00e9 vert \u2013 bijou fait main \u00e9co-responsable\"}]},{\"@type\":\"WebSite\",\"@id\":\"https:\\\/\\\/www.verredart.fr\\\/#website\",\"url\":\"https:\\\/\\\/www.verredart.fr\\\/\",\"name\":\"Verre d'Art\",\"description\":\"Recyclage de verre non recyclable en cr\u00e9ations uniques et engag\u00e9s\",\"publisher\":{\"@id\":\"https:\\\/\\\/www.verredart.fr\\\/#organization\"},\"potentialAction\":[{\"@type\":\"SearchAction\",\"target\":{\"@type\":\"EntryPoint\",\"urlTemplate\":\"https:\\\/\\\/www.verredart.fr\\\/?s={search_term_string}\"},\"query-input\":{\"@type\":\"PropertyValueSpecification\",\"valueRequired\":true,\"valueName\":\"search_term_string\"}}],\"inLanguage\":\"en-US\"},{\"@type\":\"Organization\",\"@id\":\"https:\\\/\\\/www.verredart.fr\\\/#organization\",\"name\":\"Verre d'Art\",\"url\":\"https:\\\/\\\/www.verredart.fr\\\/\",\"logo\":{\"@type\":\"ImageObject\",\"inLanguage\":\"en-US\",\"@id\":\"https:\\\/\\\/www.verredart.fr\\\/#\\\/schema\\\/logo\\\/image\\\/\",\"url\":\"\",\"contentUrl\":\"\",\"caption\":\"Verre d'Art\"},\"image\":{\"@id\":\"https:\\\/\\\/www.verredart.fr\\\/#\\\/schema\\\/logo\\\/image\\\/\"},\"sameAs\":[\"https:\\\/\\\/www.facebook.com\\\/Verredart\",\"https:\\\/\\\/x.com\\\/verredart\",\"https:\\\/\\\/www.instagram.com\\\/Verre_dart\",\"https:\\\/\\\/www.pinterest.fr\\\/verredart\\\/\"]}]}<\/script>\n<!-- \/ Yoast SEO plugin. -->","yoast_head_json":{"title":"bracelet en verre recycl\u00e9 vert \u00e9thique fait main","description":"Bracelet en verre recycl\u00e9 fa\u00e7onn\u00e9 au chalumeau \u2013 adopte un bijou unique, durable et fait main d\u00e8s maintenant ! Verre d'Art - Boutique au Le Croz","robots":{"index":"index","follow":"follow","max-snippet":"max-snippet:-1","max-image-preview":"max-image-preview:large","max-video-preview":"max-video-preview:-1"},"canonical":"https:\/\/www.verredart.fr\/en\/verre-dart-bijoux-en-verre-recycle\/bracelets-en-verre-recycle\/bracelet-perles-en-verre-vert-et-noir-recycle-dans-latelier-verre-dart-par-andreia\/","og_locale":"en_US","og_type":"article","og_title":"bracelet en verre recycl\u00e9 vert \u00e9thique fait main","og_description":"Bracelet en verre recycl\u00e9 fa\u00e7onn\u00e9 au chalumeau \u2013 adopte un bijou unique, durable et fait main d\u00e8s maintenant ! Verre d'Art - Boutique au Le Croz","og_url":"https:\/\/www.verredart.fr\/en\/verre-dart-bijoux-en-verre-recycle\/bracelets-en-verre-recycle\/bracelet-perles-en-verre-vert-et-noir-recycle-dans-latelier-verre-dart-par-andreia\/","og_site_name":"Verre d&#039;Art","article_publisher":"https:\/\/www.facebook.com\/Verredart","article_modified_time":"2026-04-23T17:53:21+00:00","og_image":[{"width":1920,"height":1080,"url":"https:\/\/www.verredart.fr\/wp-content\/uploads\/2024\/03\/IMG_5791.jpg","type":"image\/jpeg"}],"twitter_card":"summary_large_image","twitter_site":"@verredart","twitter_misc":{"Est. reading time":"2 minutes"},"schema":{"@context":"https:\/\/schema.org","@graph":[{"@type":"WebPage","@id":"https:\/\/www.verredart.fr\/verre-dart-bijoux-en-verre-recycle\/bracelets-en-verre-recycle\/bracelet-perles-en-verre-vert-et-noir-recycle-dans-latelier-verre-dart-par-andreia\/","url":"https:\/\/www.verredart.fr\/verre-dart-bijoux-en-verre-recycle\/bracelets-en-verre-recycle\/bracelet-perles-en-verre-vert-et-noir-recycle-dans-latelier-verre-dart-par-andreia\/","name":"bracelet en verre recycl\u00e9 vert \u00e9thique fait main","isPartOf":{"@id":"https:\/\/www.verredart.fr\/#website"},"primaryImageOfPage":{"@id":"https:\/\/www.verredart.fr\/verre-dart-bijoux-en-verre-recycle\/bracelets-en-verre-recycle\/bracelet-perles-en-verre-vert-et-noir-recycle-dans-latelier-verre-dart-par-andreia\/#primaryimage"},"image":{"@id":"https:\/\/www.verredart.fr\/verre-dart-bijoux-en-verre-recycle\/bracelets-en-verre-recycle\/bracelet-perles-en-verre-vert-et-noir-recycle-dans-latelier-verre-dart-par-andreia\/#primaryimage"},"thumbnailUrl":"https:\/\/i0.wp.com\/www.verredart.fr\/wp-content\/uploads\/2024\/03\/IMG_5791.jpg?fit=1920%2C1080&ssl=1","datePublished":"2024-03-30T14:20:59+00:00","dateModified":"2026-04-23T17:53:21+00:00","description":"Bracelet en verre recycl\u00e9 fa\u00e7onn\u00e9 au chalumeau \u2013 adopte un bijou unique, durable et fait main d\u00e8s maintenant ! Verre d'Art - Boutique au Le Crozet (42)","breadcrumb":{"@id":"https:\/\/www.verredart.fr\/verre-dart-bijoux-en-verre-recycle\/bracelets-en-verre-recycle\/bracelet-perles-en-verre-vert-et-noir-recycle-dans-latelier-verre-dart-par-andreia\/#breadcrumb"},"inLanguage":"en-US","potentialAction":[{"@type":"ReadAction","target":["https:\/\/www.verredart.fr\/verre-dart-bijoux-en-verre-recycle\/bracelets-en-verre-recycle\/bracelet-perles-en-verre-vert-et-noir-recycle-dans-latelier-verre-dart-par-andreia\/"]}]},{"@type":"ImageObject","inLanguage":"en-US","@id":"https:\/\/www.verredart.fr\/verre-dart-bijoux-en-verre-recycle\/bracelets-en-verre-recycle\/bracelet-perles-en-verre-vert-et-noir-recycle-dans-latelier-verre-dart-par-andreia\/#primaryimage","url":"https:\/\/i0.wp.com\/www.verredart.fr\/wp-content\/uploads\/2024\/03\/IMG_5791.jpg?fit=1920%2C1080&ssl=1","contentUrl":"https:\/\/i0.wp.com\/www.verredart.fr\/wp-content\/uploads\/2024\/03\/IMG_5791.jpg?fit=1920%2C1080&ssl=1","width":1920,"height":1080,"caption":"Bracelet perles en verre vert et noir Verre d'Art recyclage de verre non recyclable en France"},{"@type":"BreadcrumbList","@id":"https:\/\/www.verredart.fr\/verre-dart-bijoux-en-verre-recycle\/bracelets-en-verre-recycle\/bracelet-perles-en-verre-vert-et-noir-recycle-dans-latelier-verre-dart-par-andreia\/#breadcrumb","itemListElement":[{"@type":"ListItem","position":1,"name":"Collections","item":"https:\/\/www.verredart.fr\/verre-dart-bijoux-en-verre-recycle\/boutique-bijoux-en-verre-culinaire-recycle\/"},{"@type":"ListItem","position":2,"name":"Bracelets","item":"https:\/\/www.verredart.fr\/bijoux-en-verre-recycle\/bracelets-en-verre-recycle\/"},{"@type":"ListItem","position":3,"name":"Bracelet en verre recycl\u00e9 vert \u2013 bijou fait main \u00e9co-responsable"}]},{"@type":"WebSite","@id":"https:\/\/www.verredart.fr\/#website","url":"https:\/\/www.verredart.fr\/","name":"Verre d'Art","description":"Recyclage de verre non recyclable en cr\u00e9ations uniques et engag\u00e9s","publisher":{"@id":"https:\/\/www.verredart.fr\/#organization"},"potentialAction":[{"@type":"SearchAction","target":{"@type":"EntryPoint","urlTemplate":"https:\/\/www.verredart.fr\/?s={search_term_string}"},"query-input":{"@type":"PropertyValueSpecification","valueRequired":true,"valueName":"search_term_string"}}],"inLanguage":"en-US"},{"@type":"Organization","@id":"https:\/\/www.verredart.fr\/#organization","name":"Verre d'Art","url":"https:\/\/www.verredart.fr\/","logo":{"@type":"ImageObject","inLanguage":"en-US","@id":"https:\/\/www.verredart.fr\/#\/schema\/logo\/image\/","url":"","contentUrl":"","caption":"Verre d'Art"},"image":{"@id":"https:\/\/www.verredart.fr\/#\/schema\/logo\/image\/"},"sameAs":["https:\/\/www.facebook.com\/Verredart","https:\/\/x.com\/verredart","https:\/\/www.instagram.com\/Verre_dart","https:\/\/www.pinterest.fr\/verredart\/"]}]}},"jetpack_sharing_enabled":true,"_links":{"self":[{"href":"https:\/\/www.verredart.fr\/en\/wp-json\/wp\/v2\/product\/210","targetHints":{"allow":["GET"]}}],"collection":[{"href":"https:\/\/www.verredart.fr\/en\/wp-json\/wp\/v2\/product"}],"about":[{"href":"https:\/\/www.verredart.fr\/en\/wp-json\/wp\/v2\/types\/product"}],"wp:featuredmedia":[{"embeddable":true,"href":"https:\/\/www.verredart.fr\/en\/wp-json\/wp\/v2\/media\/6408"}],"wp:attachment":[{"href":"https:\/\/www.verredart.fr\/en\/wp-json\/wp\/v2\/media?parent=210"}],"wp:term":[{"taxonomy":"product_brand","embeddable":true,"href":"https:\/\/www.verredart.fr\/en\/wp-json\/wp\/v2\/product_brand?post=210"},{"taxonomy":"product_cat","embeddable":true,"href":"https:\/\/www.verredart.fr\/en\/wp-json\/wp\/v2\/product_cat?post=210"},{"taxonomy":"product_tag","embeddable":true,"href":"https:\/\/www.verredart.fr\/en\/wp-json\/wp\/v2\/product_tag?post=210"}],"curies":[{"name":"wp","href":"https:\/\/api.w.org\/{rel}","templated":true}]}}