{"id":232,"date":"2024-03-30T14:21:09","date_gmt":"2024-03-30T14:21:09","guid":{"rendered":"https:\/\/www.verredart.fr\/produit\/produit-81\/"},"modified":"2026-04-23T18:23:04","modified_gmt":"2026-04-23T18:23:04","slug":"collier-perles-jaunes-et-lanieres-en-cuir-noir-lart-du-verre-recycle-au-chalumeau","status":"publish","type":"product","link":"https:\/\/www.verredart.fr\/en\/verre-dart-bijoux-en-verre-recycle\/collier-en-verre-recycle\/collier-perles-jaunes-et-lanieres-en-cuir-noir-lart-du-verre-recycle-au-chalumeau\/","title":{"rendered":"Collier perles jaunes et lani\u00e8res en cuir noir"},"content":{"rendered":"<p>Ce collier artistique d&rsquo;une longueur de 45 cm, incarne la fusion parfaite entre mon amour pour l&rsquo;art et mon engagement envers la mode. Chaque perle en verre fil\u00e9e au chalumeau, teint\u00e9e de jaunes chatoyants et de transparences envo\u00fbtantes, renferme \u00e0 la fois mon souffle cr\u00e9atif et une touche de passion. Associ\u00e9es \u00e0 des lani\u00e8res de cuir noir, ces perles captent l&rsquo;essence de mon inspiration pour offrir une pi\u00e8ce authentique, distinctive et pleine de caract\u00e8re. C&rsquo;est une \u0153uvre qui transcende les fronti\u00e8res conventionnelles, ajoutant une dimension artistique \u00e0 votre style quotidien. Laissez-vous envo\u00fbter par cette cr\u00e9ation unique qui r\u00e9v\u00e8le mon univers artistique \u00e0 travers un bijou.<\/p>","protected":false},"excerpt":{"rendered":"<p>Collier perles jaunes et lani\u00e8res en cuir noir d&rsquo;une longueur de 43 cm<\/p>","protected":false},"featured_media":231,"template":"","meta":[],"product_brand":[],"product_cat":[22],"product_tag":[],"class_list":{"0":"post-232","1":"product","2":"type-product","3":"status-publish","4":"has-post-thumbnail","6":"product_cat-collier-en-verre-recycle","8":"entry","9":"has-media","11":"first","12":"instock","13":"shipping-taxable","14":"purchasable","15":"product-type-simple","16":"has-product-nav","17":"col","18":"span_1_of_3","19":"owp-content-center","20":"item-entry","21":"owp-thumbs-layout-vertical","22":"owp-btn-big","23":"owp-tabs-layout-horizontal"},"yoast_head":"<!-- This site is optimized with the Yoast SEO plugin v27.4 - https:\/\/yoast.com\/product\/yoast-seo-wordpress\/ -->\n<title>Collier perles jaunes et lani\u00e8res en cuir noir - Verre d&#039;Art<\/title>\n<meta name=\"description\" content=\"Collier perles jaunes et lani\u00e8res en cuir noir l&#039;art du verre recycl\u00e9 au chalumeau. Explorez la collection de bijoux en verre recycl\u00e9 de Verre d&#039;Ar\" \/>\n<meta name=\"robots\" content=\"index, follow, max-snippet:-1, max-image-preview:large, max-video-preview:-1\" \/>\n<link rel=\"canonical\" href=\"https:\/\/www.verredart.fr\/en\/verre-dart-bijoux-en-verre-recycle\/collier-en-verre-recycle\/collier-perles-jaunes-et-lanieres-en-cuir-noir-lart-du-verre-recycle-au-chalumeau\/\" \/>\n<meta property=\"og:locale\" content=\"en_US\" \/>\n<meta property=\"og:type\" content=\"article\" \/>\n<meta property=\"og:title\" content=\"Collier perles jaunes et lani\u00e8res en cuir noir - Verre d&#039;Art\" \/>\n<meta property=\"og:description\" content=\"Collier perles jaunes et lani\u00e8res en cuir noir l&#039;art du verre recycl\u00e9 au chalumeau. Explorez la collection de bijoux en verre recycl\u00e9 de Verre d&#039;Ar\" \/>\n<meta property=\"og:url\" content=\"https:\/\/www.verredart.fr\/en\/verre-dart-bijoux-en-verre-recycle\/collier-en-verre-recycle\/collier-perles-jaunes-et-lanieres-en-cuir-noir-lart-du-verre-recycle-au-chalumeau\/\" \/>\n<meta property=\"og:site_name\" content=\"Verre d&#039;Art\" \/>\n<meta property=\"article:publisher\" content=\"https:\/\/www.facebook.com\/Verredart\" \/>\n<meta property=\"article:modified_time\" content=\"2026-04-23T18:23:04+00:00\" \/>\n<meta property=\"og:image\" content=\"https:\/\/www.verredart.fr\/wp-content\/uploads\/2024\/03\/a6d32ceb-6b47-4ad1-b1f5-9429a87696ca.jpeg\" \/>\n\t<meta property=\"og:image:width\" content=\"1134\" \/>\n\t<meta property=\"og:image:height\" content=\"2016\" \/>\n\t<meta property=\"og:image:type\" content=\"image\/jpeg\" \/>\n<meta name=\"twitter:card\" content=\"summary_large_image\" \/>\n<meta name=\"twitter:site\" content=\"@verredart\" \/>\n<meta name=\"twitter:label1\" content=\"Est. reading time\" \/>\n\t<meta name=\"twitter:data1\" content=\"1 minute\" \/>\n<script type=\"application\/ld+json\" class=\"yoast-schema-graph\">{\"@context\":\"https:\\\/\\\/schema.org\",\"@graph\":[{\"@type\":\"WebPage\",\"@id\":\"https:\\\/\\\/www.verredart.fr\\\/verre-dart-bijoux-en-verre-recycle\\\/collier-en-verre-recycle\\\/collier-perles-jaunes-et-lanieres-en-cuir-noir-lart-du-verre-recycle-au-chalumeau\\\/\",\"url\":\"https:\\\/\\\/www.verredart.fr\\\/verre-dart-bijoux-en-verre-recycle\\\/collier-en-verre-recycle\\\/collier-perles-jaunes-et-lanieres-en-cuir-noir-lart-du-verre-recycle-au-chalumeau\\\/\",\"name\":\"Collier perles jaunes et lani\u00e8res en cuir noir - Verre d&#039;Art\",\"isPartOf\":{\"@id\":\"https:\\\/\\\/www.verredart.fr\\\/#website\"},\"primaryImageOfPage\":{\"@id\":\"https:\\\/\\\/www.verredart.fr\\\/verre-dart-bijoux-en-verre-recycle\\\/collier-en-verre-recycle\\\/collier-perles-jaunes-et-lanieres-en-cuir-noir-lart-du-verre-recycle-au-chalumeau\\\/#primaryimage\"},\"image\":{\"@id\":\"https:\\\/\\\/www.verredart.fr\\\/verre-dart-bijoux-en-verre-recycle\\\/collier-en-verre-recycle\\\/collier-perles-jaunes-et-lanieres-en-cuir-noir-lart-du-verre-recycle-au-chalumeau\\\/#primaryimage\"},\"thumbnailUrl\":\"https:\\\/\\\/i0.wp.com\\\/www.verredart.fr\\\/wp-content\\\/uploads\\\/2024\\\/03\\\/a6d32ceb-6b47-4ad1-b1f5-9429a87696ca.jpeg?fit=1134%2C2016&ssl=1\",\"datePublished\":\"2024-03-30T14:21:09+00:00\",\"dateModified\":\"2026-04-23T18:23:04+00:00\",\"description\":\"Collier perles jaunes et lani\u00e8res en cuir noir l'art du verre recycl\u00e9 au chalumeau. Explorez la collection de bijoux en verre recycl\u00e9 de Verre d'Art !\",\"breadcrumb\":{\"@id\":\"https:\\\/\\\/www.verredart.fr\\\/verre-dart-bijoux-en-verre-recycle\\\/collier-en-verre-recycle\\\/collier-perles-jaunes-et-lanieres-en-cuir-noir-lart-du-verre-recycle-au-chalumeau\\\/#breadcrumb\"},\"inLanguage\":\"en-US\",\"potentialAction\":[{\"@type\":\"ReadAction\",\"target\":[\"https:\\\/\\\/www.verredart.fr\\\/verre-dart-bijoux-en-verre-recycle\\\/collier-en-verre-recycle\\\/collier-perles-jaunes-et-lanieres-en-cuir-noir-lart-du-verre-recycle-au-chalumeau\\\/\"]}]},{\"@type\":\"ImageObject\",\"inLanguage\":\"en-US\",\"@id\":\"https:\\\/\\\/www.verredart.fr\\\/verre-dart-bijoux-en-verre-recycle\\\/collier-en-verre-recycle\\\/collier-perles-jaunes-et-lanieres-en-cuir-noir-lart-du-verre-recycle-au-chalumeau\\\/#primaryimage\",\"url\":\"https:\\\/\\\/i0.wp.com\\\/www.verredart.fr\\\/wp-content\\\/uploads\\\/2024\\\/03\\\/a6d32ceb-6b47-4ad1-b1f5-9429a87696ca.jpeg?fit=1134%2C2016&ssl=1\",\"contentUrl\":\"https:\\\/\\\/i0.wp.com\\\/www.verredart.fr\\\/wp-content\\\/uploads\\\/2024\\\/03\\\/a6d32ceb-6b47-4ad1-b1f5-9429a87696ca.jpeg?fit=1134%2C2016&ssl=1\",\"width\":1134,\"height\":2016,\"caption\":\"Collier perles jaunes et lani\u00e8res en cuir noir l'art du verre recycl\u00e9 au chalumeau\"},{\"@type\":\"BreadcrumbList\",\"@id\":\"https:\\\/\\\/www.verredart.fr\\\/verre-dart-bijoux-en-verre-recycle\\\/collier-en-verre-recycle\\\/collier-perles-jaunes-et-lanieres-en-cuir-noir-lart-du-verre-recycle-au-chalumeau\\\/#breadcrumb\",\"itemListElement\":[{\"@type\":\"ListItem\",\"position\":1,\"name\":\"Collections\",\"item\":\"https:\\\/\\\/www.verredart.fr\\\/verre-dart-bijoux-en-verre-recycle\\\/boutique-bijoux-en-verre-culinaire-recycle\\\/\"},{\"@type\":\"ListItem\",\"position\":2,\"name\":\"Colliers\",\"item\":\"https:\\\/\\\/www.verredart.fr\\\/bijoux-en-verre-recycle\\\/collier-en-verre-recycle\\\/\"},{\"@type\":\"ListItem\",\"position\":3,\"name\":\"Collier perles jaunes et lani\u00e8res en cuir noir\"}]},{\"@type\":\"WebSite\",\"@id\":\"https:\\\/\\\/www.verredart.fr\\\/#website\",\"url\":\"https:\\\/\\\/www.verredart.fr\\\/\",\"name\":\"Verre d'Art\",\"description\":\"Recyclage de verre non recyclable en cr\u00e9ations uniques et engag\u00e9s\",\"publisher\":{\"@id\":\"https:\\\/\\\/www.verredart.fr\\\/#organization\"},\"potentialAction\":[{\"@type\":\"SearchAction\",\"target\":{\"@type\":\"EntryPoint\",\"urlTemplate\":\"https:\\\/\\\/www.verredart.fr\\\/?s={search_term_string}\"},\"query-input\":{\"@type\":\"PropertyValueSpecification\",\"valueRequired\":true,\"valueName\":\"search_term_string\"}}],\"inLanguage\":\"en-US\"},{\"@type\":\"Organization\",\"@id\":\"https:\\\/\\\/www.verredart.fr\\\/#organization\",\"name\":\"Verre d'Art\",\"url\":\"https:\\\/\\\/www.verredart.fr\\\/\",\"logo\":{\"@type\":\"ImageObject\",\"inLanguage\":\"en-US\",\"@id\":\"https:\\\/\\\/www.verredart.fr\\\/#\\\/schema\\\/logo\\\/image\\\/\",\"url\":\"\",\"contentUrl\":\"\",\"caption\":\"Verre d'Art\"},\"image\":{\"@id\":\"https:\\\/\\\/www.verredart.fr\\\/#\\\/schema\\\/logo\\\/image\\\/\"},\"sameAs\":[\"https:\\\/\\\/www.facebook.com\\\/Verredart\",\"https:\\\/\\\/x.com\\\/verredart\",\"https:\\\/\\\/www.instagram.com\\\/Verre_dart\",\"https:\\\/\\\/www.pinterest.fr\\\/verredart\\\/\"]}]}<\/script>\n<!-- \/ Yoast SEO plugin. -->","yoast_head_json":{"title":"Collier perles jaunes et lani\u00e8res en cuir noir - Verre d&#039;Art","description":"Collier perles jaunes et lani\u00e8res en cuir noir l'art du verre recycl\u00e9 au chalumeau. Explorez la collection de bijoux en verre recycl\u00e9 de Verre d'Ar","robots":{"index":"index","follow":"follow","max-snippet":"max-snippet:-1","max-image-preview":"max-image-preview:large","max-video-preview":"max-video-preview:-1"},"canonical":"https:\/\/www.verredart.fr\/en\/verre-dart-bijoux-en-verre-recycle\/collier-en-verre-recycle\/collier-perles-jaunes-et-lanieres-en-cuir-noir-lart-du-verre-recycle-au-chalumeau\/","og_locale":"en_US","og_type":"article","og_title":"Collier perles jaunes et lani\u00e8res en cuir noir - Verre d&#039;Art","og_description":"Collier perles jaunes et lani\u00e8res en cuir noir l'art du verre recycl\u00e9 au chalumeau. Explorez la collection de bijoux en verre recycl\u00e9 de Verre d'Ar","og_url":"https:\/\/www.verredart.fr\/en\/verre-dart-bijoux-en-verre-recycle\/collier-en-verre-recycle\/collier-perles-jaunes-et-lanieres-en-cuir-noir-lart-du-verre-recycle-au-chalumeau\/","og_site_name":"Verre d&#039;Art","article_publisher":"https:\/\/www.facebook.com\/Verredart","article_modified_time":"2026-04-23T18:23:04+00:00","og_image":[{"width":1134,"height":2016,"url":"https:\/\/www.verredart.fr\/wp-content\/uploads\/2024\/03\/a6d32ceb-6b47-4ad1-b1f5-9429a87696ca.jpeg","type":"image\/jpeg"}],"twitter_card":"summary_large_image","twitter_site":"@verredart","twitter_misc":{"Est. reading time":"1 minute"},"schema":{"@context":"https:\/\/schema.org","@graph":[{"@type":"WebPage","@id":"https:\/\/www.verredart.fr\/verre-dart-bijoux-en-verre-recycle\/collier-en-verre-recycle\/collier-perles-jaunes-et-lanieres-en-cuir-noir-lart-du-verre-recycle-au-chalumeau\/","url":"https:\/\/www.verredart.fr\/verre-dart-bijoux-en-verre-recycle\/collier-en-verre-recycle\/collier-perles-jaunes-et-lanieres-en-cuir-noir-lart-du-verre-recycle-au-chalumeau\/","name":"Collier perles jaunes et lani\u00e8res en cuir noir - Verre d&#039;Art","isPartOf":{"@id":"https:\/\/www.verredart.fr\/#website"},"primaryImageOfPage":{"@id":"https:\/\/www.verredart.fr\/verre-dart-bijoux-en-verre-recycle\/collier-en-verre-recycle\/collier-perles-jaunes-et-lanieres-en-cuir-noir-lart-du-verre-recycle-au-chalumeau\/#primaryimage"},"image":{"@id":"https:\/\/www.verredart.fr\/verre-dart-bijoux-en-verre-recycle\/collier-en-verre-recycle\/collier-perles-jaunes-et-lanieres-en-cuir-noir-lart-du-verre-recycle-au-chalumeau\/#primaryimage"},"thumbnailUrl":"https:\/\/i0.wp.com\/www.verredart.fr\/wp-content\/uploads\/2024\/03\/a6d32ceb-6b47-4ad1-b1f5-9429a87696ca.jpeg?fit=1134%2C2016&ssl=1","datePublished":"2024-03-30T14:21:09+00:00","dateModified":"2026-04-23T18:23:04+00:00","description":"Collier perles jaunes et lani\u00e8res en cuir noir l'art du verre recycl\u00e9 au chalumeau. Explorez la collection de bijoux en verre recycl\u00e9 de Verre d'Art !","breadcrumb":{"@id":"https:\/\/www.verredart.fr\/verre-dart-bijoux-en-verre-recycle\/collier-en-verre-recycle\/collier-perles-jaunes-et-lanieres-en-cuir-noir-lart-du-verre-recycle-au-chalumeau\/#breadcrumb"},"inLanguage":"en-US","potentialAction":[{"@type":"ReadAction","target":["https:\/\/www.verredart.fr\/verre-dart-bijoux-en-verre-recycle\/collier-en-verre-recycle\/collier-perles-jaunes-et-lanieres-en-cuir-noir-lart-du-verre-recycle-au-chalumeau\/"]}]},{"@type":"ImageObject","inLanguage":"en-US","@id":"https:\/\/www.verredart.fr\/verre-dart-bijoux-en-verre-recycle\/collier-en-verre-recycle\/collier-perles-jaunes-et-lanieres-en-cuir-noir-lart-du-verre-recycle-au-chalumeau\/#primaryimage","url":"https:\/\/i0.wp.com\/www.verredart.fr\/wp-content\/uploads\/2024\/03\/a6d32ceb-6b47-4ad1-b1f5-9429a87696ca.jpeg?fit=1134%2C2016&ssl=1","contentUrl":"https:\/\/i0.wp.com\/www.verredart.fr\/wp-content\/uploads\/2024\/03\/a6d32ceb-6b47-4ad1-b1f5-9429a87696ca.jpeg?fit=1134%2C2016&ssl=1","width":1134,"height":2016,"caption":"Collier perles jaunes et lani\u00e8res en cuir noir l'art du verre recycl\u00e9 au chalumeau"},{"@type":"BreadcrumbList","@id":"https:\/\/www.verredart.fr\/verre-dart-bijoux-en-verre-recycle\/collier-en-verre-recycle\/collier-perles-jaunes-et-lanieres-en-cuir-noir-lart-du-verre-recycle-au-chalumeau\/#breadcrumb","itemListElement":[{"@type":"ListItem","position":1,"name":"Collections","item":"https:\/\/www.verredart.fr\/verre-dart-bijoux-en-verre-recycle\/boutique-bijoux-en-verre-culinaire-recycle\/"},{"@type":"ListItem","position":2,"name":"Colliers","item":"https:\/\/www.verredart.fr\/bijoux-en-verre-recycle\/collier-en-verre-recycle\/"},{"@type":"ListItem","position":3,"name":"Collier perles jaunes et lani\u00e8res en cuir noir"}]},{"@type":"WebSite","@id":"https:\/\/www.verredart.fr\/#website","url":"https:\/\/www.verredart.fr\/","name":"Verre d'Art","description":"Recyclage de verre non recyclable en cr\u00e9ations uniques et engag\u00e9s","publisher":{"@id":"https:\/\/www.verredart.fr\/#organization"},"potentialAction":[{"@type":"SearchAction","target":{"@type":"EntryPoint","urlTemplate":"https:\/\/www.verredart.fr\/?s={search_term_string}"},"query-input":{"@type":"PropertyValueSpecification","valueRequired":true,"valueName":"search_term_string"}}],"inLanguage":"en-US"},{"@type":"Organization","@id":"https:\/\/www.verredart.fr\/#organization","name":"Verre d'Art","url":"https:\/\/www.verredart.fr\/","logo":{"@type":"ImageObject","inLanguage":"en-US","@id":"https:\/\/www.verredart.fr\/#\/schema\/logo\/image\/","url":"","contentUrl":"","caption":"Verre d'Art"},"image":{"@id":"https:\/\/www.verredart.fr\/#\/schema\/logo\/image\/"},"sameAs":["https:\/\/www.facebook.com\/Verredart","https:\/\/x.com\/verredart","https:\/\/www.instagram.com\/Verre_dart","https:\/\/www.pinterest.fr\/verredart\/"]}]}},"jetpack_sharing_enabled":true,"_links":{"self":[{"href":"https:\/\/www.verredart.fr\/en\/wp-json\/wp\/v2\/product\/232","targetHints":{"allow":["GET"]}}],"collection":[{"href":"https:\/\/www.verredart.fr\/en\/wp-json\/wp\/v2\/product"}],"about":[{"href":"https:\/\/www.verredart.fr\/en\/wp-json\/wp\/v2\/types\/product"}],"wp:featuredmedia":[{"embeddable":true,"href":"https:\/\/www.verredart.fr\/en\/wp-json\/wp\/v2\/media\/231"}],"wp:attachment":[{"href":"https:\/\/www.verredart.fr\/en\/wp-json\/wp\/v2\/media?parent=232"}],"wp:term":[{"taxonomy":"product_brand","embeddable":true,"href":"https:\/\/www.verredart.fr\/en\/wp-json\/wp\/v2\/product_brand?post=232"},{"taxonomy":"product_cat","embeddable":true,"href":"https:\/\/www.verredart.fr\/en\/wp-json\/wp\/v2\/product_cat?post=232"},{"taxonomy":"product_tag","embeddable":true,"href":"https:\/\/www.verredart.fr\/en\/wp-json\/wp\/v2\/product_tag?post=232"}],"curies":[{"name":"wp","href":"https:\/\/api.w.org\/{rel}","templated":true}]}}