{"id":265,"date":"2024-03-30T14:21:27","date_gmt":"2024-03-30T14:21:27","guid":{"rendered":"https:\/\/www.verredart.fr\/produit\/produit-99\/"},"modified":"2026-04-23T18:22:33","modified_gmt":"2026-04-23T18:22:33","slug":"collier-perles-en-verre-rouge-et-bulles-dair","status":"publish","type":"product","link":"https:\/\/www.verredart.fr\/en\/verre-dart-bijoux-en-verre-recycle\/collier-en-verre-recycle\/collier-perles-en-verre-rouge-et-bulles-dair\/","title":{"rendered":"Collier perles en verre rouge et bulles d&rsquo;air"},"content":{"rendered":"<p>D\u00e9couvrez l&rsquo;\u00e9l\u00e9gance intemporelle avec notre collier en acier inoxydable d&rsquo;une longueur de 45 cm, orn\u00e9 de perles en verre fil\u00e9 au chalumeau. Les perles rouges enrob\u00e9es de transparent renferment des bulles d&rsquo;air, cr\u00e9ant une esth\u00e9tique unique. Les lani\u00e8res en cuir ajoutent une touche de modernit\u00e9. Un bijou raffin\u00e9, con\u00e7u pour captiver et sublimer votre style. Optez pour l&rsquo;originalit\u00e9 avec ce collier qui allie artisanat d&rsquo;exception et design contemporain.<\/p>","protected":false},"excerpt":{"rendered":"<p>D\u00e9couvrez l&rsquo;\u00e9l\u00e9gance intemporelle avec notre collier en acier inoxydable d&rsquo;une longueur de 45 cm, orn\u00e9 de perles en verre fil\u00e9 au chalumeau. Les perles rouges enrob\u00e9es de transparent renferment des bulles d&rsquo;air, cr\u00e9ant une esth\u00e9tique unique. Les lani\u00e8res en cuir ajoutent une touche de modernit\u00e9. Un bijou raffin\u00e9, con\u00e7u pour captiver et sublimer votre style. Optez pour l&rsquo;originalit\u00e9 avec ce collier qui allie artisanat d&rsquo;exception et design contemporain.<\/p>","protected":false},"featured_media":264,"template":"","meta":[],"product_brand":[],"product_cat":[22],"product_tag":[],"class_list":{"0":"post-265","1":"product","2":"type-product","3":"status-publish","4":"has-post-thumbnail","6":"product_cat-collier-en-verre-recycle","8":"entry","9":"has-media","11":"first","12":"instock","13":"shipping-taxable","14":"purchasable","15":"product-type-simple","16":"has-product-nav","17":"col","18":"span_1_of_3","19":"owp-content-center","20":"item-entry","21":"owp-thumbs-layout-vertical","22":"owp-btn-big","23":"owp-tabs-layout-horizontal"},"yoast_head":"<!-- This site is optimized with the Yoast SEO plugin v27.4 - https:\/\/yoast.com\/product\/yoast-seo-wordpress\/ -->\n<title>Collier perles en verre rouge et bulles d&#039;air - Verre d&#039;Art<\/title>\n<meta name=\"description\" content=\"Collier perles en verre rouge et bulles d&#039;air. Explorez la collection de bijoux en verre de Verre d&#039;Art. Andreia recycleuse de verre culinaire en bijo\" \/>\n<meta name=\"robots\" content=\"index, follow, max-snippet:-1, max-image-preview:large, max-video-preview:-1\" \/>\n<link rel=\"canonical\" href=\"https:\/\/www.verredart.fr\/en\/verre-dart-bijoux-en-verre-recycle\/collier-en-verre-recycle\/collier-perles-en-verre-rouge-et-bulles-dair\/\" \/>\n<meta property=\"og:locale\" content=\"en_US\" \/>\n<meta property=\"og:type\" content=\"article\" \/>\n<meta property=\"og:title\" content=\"Collier perles en verre rouge et bulles d&#039;air - Verre d&#039;Art\" \/>\n<meta property=\"og:description\" content=\"Collier perles en verre rouge et bulles d&#039;air. Explorez la collection de bijoux en verre de Verre d&#039;Art. Andreia recycleuse de verre culinaire en bijo\" \/>\n<meta property=\"og:url\" content=\"https:\/\/www.verredart.fr\/en\/verre-dart-bijoux-en-verre-recycle\/collier-en-verre-recycle\/collier-perles-en-verre-rouge-et-bulles-dair\/\" \/>\n<meta property=\"og:site_name\" content=\"Verre d&#039;Art\" \/>\n<meta property=\"article:publisher\" content=\"https:\/\/www.facebook.com\/Verredart\" \/>\n<meta property=\"article:modified_time\" content=\"2026-04-23T18:22:33+00:00\" \/>\n<meta property=\"og:image\" content=\"https:\/\/www.verredart.fr\/wp-content\/uploads\/2024\/03\/95543b0c-eaea-49b2-97c2-bb139f011e67.jpeg\" \/>\n\t<meta property=\"og:image:width\" content=\"1134\" \/>\n\t<meta property=\"og:image:height\" content=\"2016\" \/>\n\t<meta property=\"og:image:type\" content=\"image\/jpeg\" \/>\n<meta name=\"twitter:card\" content=\"summary_large_image\" \/>\n<meta name=\"twitter:site\" content=\"@verredart\" \/>\n<meta name=\"twitter:label1\" content=\"Est. reading time\" \/>\n\t<meta name=\"twitter:data1\" content=\"1 minute\" \/>\n<script type=\"application\/ld+json\" class=\"yoast-schema-graph\">{\"@context\":\"https:\\\/\\\/schema.org\",\"@graph\":[{\"@type\":\"WebPage\",\"@id\":\"https:\\\/\\\/www.verredart.fr\\\/verre-dart-bijoux-en-verre-recycle\\\/collier-en-verre-recycle\\\/collier-perles-en-verre-rouge-et-bulles-dair\\\/\",\"url\":\"https:\\\/\\\/www.verredart.fr\\\/verre-dart-bijoux-en-verre-recycle\\\/collier-en-verre-recycle\\\/collier-perles-en-verre-rouge-et-bulles-dair\\\/\",\"name\":\"Collier perles en verre rouge et bulles d'air - Verre d&#039;Art\",\"isPartOf\":{\"@id\":\"https:\\\/\\\/www.verredart.fr\\\/#website\"},\"primaryImageOfPage\":{\"@id\":\"https:\\\/\\\/www.verredart.fr\\\/verre-dart-bijoux-en-verre-recycle\\\/collier-en-verre-recycle\\\/collier-perles-en-verre-rouge-et-bulles-dair\\\/#primaryimage\"},\"image\":{\"@id\":\"https:\\\/\\\/www.verredart.fr\\\/verre-dart-bijoux-en-verre-recycle\\\/collier-en-verre-recycle\\\/collier-perles-en-verre-rouge-et-bulles-dair\\\/#primaryimage\"},\"thumbnailUrl\":\"https:\\\/\\\/i0.wp.com\\\/www.verredart.fr\\\/wp-content\\\/uploads\\\/2024\\\/03\\\/95543b0c-eaea-49b2-97c2-bb139f011e67.jpeg?fit=1134%2C2016&ssl=1\",\"datePublished\":\"2024-03-30T14:21:27+00:00\",\"dateModified\":\"2026-04-23T18:22:33+00:00\",\"description\":\"Collier perles en verre rouge et bulles d'air. Explorez la collection de bijoux en verre de Verre d'Art. Andreia recycleuse de verre culinaire en bijoux !\",\"breadcrumb\":{\"@id\":\"https:\\\/\\\/www.verredart.fr\\\/verre-dart-bijoux-en-verre-recycle\\\/collier-en-verre-recycle\\\/collier-perles-en-verre-rouge-et-bulles-dair\\\/#breadcrumb\"},\"inLanguage\":\"en-US\",\"potentialAction\":[{\"@type\":\"ReadAction\",\"target\":[\"https:\\\/\\\/www.verredart.fr\\\/verre-dart-bijoux-en-verre-recycle\\\/collier-en-verre-recycle\\\/collier-perles-en-verre-rouge-et-bulles-dair\\\/\"]}]},{\"@type\":\"ImageObject\",\"inLanguage\":\"en-US\",\"@id\":\"https:\\\/\\\/www.verredart.fr\\\/verre-dart-bijoux-en-verre-recycle\\\/collier-en-verre-recycle\\\/collier-perles-en-verre-rouge-et-bulles-dair\\\/#primaryimage\",\"url\":\"https:\\\/\\\/i0.wp.com\\\/www.verredart.fr\\\/wp-content\\\/uploads\\\/2024\\\/03\\\/95543b0c-eaea-49b2-97c2-bb139f011e67.jpeg?fit=1134%2C2016&ssl=1\",\"contentUrl\":\"https:\\\/\\\/i0.wp.com\\\/www.verredart.fr\\\/wp-content\\\/uploads\\\/2024\\\/03\\\/95543b0c-eaea-49b2-97c2-bb139f011e67.jpeg?fit=1134%2C2016&ssl=1\",\"width\":1134,\"height\":2016,\"caption\":\"Collier en acier inoxydable avec perles en verre fil\u00e9 rouge et bulles d'air - Bijou unique et \u00e9l\u00e9gant\"},{\"@type\":\"BreadcrumbList\",\"@id\":\"https:\\\/\\\/www.verredart.fr\\\/verre-dart-bijoux-en-verre-recycle\\\/collier-en-verre-recycle\\\/collier-perles-en-verre-rouge-et-bulles-dair\\\/#breadcrumb\",\"itemListElement\":[{\"@type\":\"ListItem\",\"position\":1,\"name\":\"Collections\",\"item\":\"https:\\\/\\\/www.verredart.fr\\\/verre-dart-bijoux-en-verre-recycle\\\/boutique-bijoux-en-verre-culinaire-recycle\\\/\"},{\"@type\":\"ListItem\",\"position\":2,\"name\":\"Colliers\",\"item\":\"https:\\\/\\\/www.verredart.fr\\\/bijoux-en-verre-recycle\\\/collier-en-verre-recycle\\\/\"},{\"@type\":\"ListItem\",\"position\":3,\"name\":\"Collier perles en verre rouge et bulles d&rsquo;air\"}]},{\"@type\":\"WebSite\",\"@id\":\"https:\\\/\\\/www.verredart.fr\\\/#website\",\"url\":\"https:\\\/\\\/www.verredart.fr\\\/\",\"name\":\"Verre d'Art\",\"description\":\"Recyclage de verre non recyclable en cr\u00e9ations uniques et engag\u00e9s\",\"publisher\":{\"@id\":\"https:\\\/\\\/www.verredart.fr\\\/#organization\"},\"potentialAction\":[{\"@type\":\"SearchAction\",\"target\":{\"@type\":\"EntryPoint\",\"urlTemplate\":\"https:\\\/\\\/www.verredart.fr\\\/?s={search_term_string}\"},\"query-input\":{\"@type\":\"PropertyValueSpecification\",\"valueRequired\":true,\"valueName\":\"search_term_string\"}}],\"inLanguage\":\"en-US\"},{\"@type\":\"Organization\",\"@id\":\"https:\\\/\\\/www.verredart.fr\\\/#organization\",\"name\":\"Verre d'Art\",\"url\":\"https:\\\/\\\/www.verredart.fr\\\/\",\"logo\":{\"@type\":\"ImageObject\",\"inLanguage\":\"en-US\",\"@id\":\"https:\\\/\\\/www.verredart.fr\\\/#\\\/schema\\\/logo\\\/image\\\/\",\"url\":\"\",\"contentUrl\":\"\",\"caption\":\"Verre d'Art\"},\"image\":{\"@id\":\"https:\\\/\\\/www.verredart.fr\\\/#\\\/schema\\\/logo\\\/image\\\/\"},\"sameAs\":[\"https:\\\/\\\/www.facebook.com\\\/Verredart\",\"https:\\\/\\\/x.com\\\/verredart\",\"https:\\\/\\\/www.instagram.com\\\/Verre_dart\",\"https:\\\/\\\/www.pinterest.fr\\\/verredart\\\/\"]}]}<\/script>\n<!-- \/ Yoast SEO plugin. -->","yoast_head_json":{"title":"Collier perles en verre rouge et bulles d'air - Verre d&#039;Art","description":"Collier perles en verre rouge et bulles d'air. Explorez la collection de bijoux en verre de Verre d'Art. Andreia recycleuse de verre culinaire en bijo","robots":{"index":"index","follow":"follow","max-snippet":"max-snippet:-1","max-image-preview":"max-image-preview:large","max-video-preview":"max-video-preview:-1"},"canonical":"https:\/\/www.verredart.fr\/en\/verre-dart-bijoux-en-verre-recycle\/collier-en-verre-recycle\/collier-perles-en-verre-rouge-et-bulles-dair\/","og_locale":"en_US","og_type":"article","og_title":"Collier perles en verre rouge et bulles d'air - Verre d&#039;Art","og_description":"Collier perles en verre rouge et bulles d'air. Explorez la collection de bijoux en verre de Verre d'Art. Andreia recycleuse de verre culinaire en bijo","og_url":"https:\/\/www.verredart.fr\/en\/verre-dart-bijoux-en-verre-recycle\/collier-en-verre-recycle\/collier-perles-en-verre-rouge-et-bulles-dair\/","og_site_name":"Verre d&#039;Art","article_publisher":"https:\/\/www.facebook.com\/Verredart","article_modified_time":"2026-04-23T18:22:33+00:00","og_image":[{"width":1134,"height":2016,"url":"https:\/\/www.verredart.fr\/wp-content\/uploads\/2024\/03\/95543b0c-eaea-49b2-97c2-bb139f011e67.jpeg","type":"image\/jpeg"}],"twitter_card":"summary_large_image","twitter_site":"@verredart","twitter_misc":{"Est. reading time":"1 minute"},"schema":{"@context":"https:\/\/schema.org","@graph":[{"@type":"WebPage","@id":"https:\/\/www.verredart.fr\/verre-dart-bijoux-en-verre-recycle\/collier-en-verre-recycle\/collier-perles-en-verre-rouge-et-bulles-dair\/","url":"https:\/\/www.verredart.fr\/verre-dart-bijoux-en-verre-recycle\/collier-en-verre-recycle\/collier-perles-en-verre-rouge-et-bulles-dair\/","name":"Collier perles en verre rouge et bulles d'air - Verre d&#039;Art","isPartOf":{"@id":"https:\/\/www.verredart.fr\/#website"},"primaryImageOfPage":{"@id":"https:\/\/www.verredart.fr\/verre-dart-bijoux-en-verre-recycle\/collier-en-verre-recycle\/collier-perles-en-verre-rouge-et-bulles-dair\/#primaryimage"},"image":{"@id":"https:\/\/www.verredart.fr\/verre-dart-bijoux-en-verre-recycle\/collier-en-verre-recycle\/collier-perles-en-verre-rouge-et-bulles-dair\/#primaryimage"},"thumbnailUrl":"https:\/\/i0.wp.com\/www.verredart.fr\/wp-content\/uploads\/2024\/03\/95543b0c-eaea-49b2-97c2-bb139f011e67.jpeg?fit=1134%2C2016&ssl=1","datePublished":"2024-03-30T14:21:27+00:00","dateModified":"2026-04-23T18:22:33+00:00","description":"Collier perles en verre rouge et bulles d'air. Explorez la collection de bijoux en verre de Verre d'Art. Andreia recycleuse de verre culinaire en bijoux !","breadcrumb":{"@id":"https:\/\/www.verredart.fr\/verre-dart-bijoux-en-verre-recycle\/collier-en-verre-recycle\/collier-perles-en-verre-rouge-et-bulles-dair\/#breadcrumb"},"inLanguage":"en-US","potentialAction":[{"@type":"ReadAction","target":["https:\/\/www.verredart.fr\/verre-dart-bijoux-en-verre-recycle\/collier-en-verre-recycle\/collier-perles-en-verre-rouge-et-bulles-dair\/"]}]},{"@type":"ImageObject","inLanguage":"en-US","@id":"https:\/\/www.verredart.fr\/verre-dart-bijoux-en-verre-recycle\/collier-en-verre-recycle\/collier-perles-en-verre-rouge-et-bulles-dair\/#primaryimage","url":"https:\/\/i0.wp.com\/www.verredart.fr\/wp-content\/uploads\/2024\/03\/95543b0c-eaea-49b2-97c2-bb139f011e67.jpeg?fit=1134%2C2016&ssl=1","contentUrl":"https:\/\/i0.wp.com\/www.verredart.fr\/wp-content\/uploads\/2024\/03\/95543b0c-eaea-49b2-97c2-bb139f011e67.jpeg?fit=1134%2C2016&ssl=1","width":1134,"height":2016,"caption":"Collier en acier inoxydable avec perles en verre fil\u00e9 rouge et bulles d'air - Bijou unique et \u00e9l\u00e9gant"},{"@type":"BreadcrumbList","@id":"https:\/\/www.verredart.fr\/verre-dart-bijoux-en-verre-recycle\/collier-en-verre-recycle\/collier-perles-en-verre-rouge-et-bulles-dair\/#breadcrumb","itemListElement":[{"@type":"ListItem","position":1,"name":"Collections","item":"https:\/\/www.verredart.fr\/verre-dart-bijoux-en-verre-recycle\/boutique-bijoux-en-verre-culinaire-recycle\/"},{"@type":"ListItem","position":2,"name":"Colliers","item":"https:\/\/www.verredart.fr\/bijoux-en-verre-recycle\/collier-en-verre-recycle\/"},{"@type":"ListItem","position":3,"name":"Collier perles en verre rouge et bulles d&rsquo;air"}]},{"@type":"WebSite","@id":"https:\/\/www.verredart.fr\/#website","url":"https:\/\/www.verredart.fr\/","name":"Verre d'Art","description":"Recyclage de verre non recyclable en cr\u00e9ations uniques et engag\u00e9s","publisher":{"@id":"https:\/\/www.verredart.fr\/#organization"},"potentialAction":[{"@type":"SearchAction","target":{"@type":"EntryPoint","urlTemplate":"https:\/\/www.verredart.fr\/?s={search_term_string}"},"query-input":{"@type":"PropertyValueSpecification","valueRequired":true,"valueName":"search_term_string"}}],"inLanguage":"en-US"},{"@type":"Organization","@id":"https:\/\/www.verredart.fr\/#organization","name":"Verre d'Art","url":"https:\/\/www.verredart.fr\/","logo":{"@type":"ImageObject","inLanguage":"en-US","@id":"https:\/\/www.verredart.fr\/#\/schema\/logo\/image\/","url":"","contentUrl":"","caption":"Verre d'Art"},"image":{"@id":"https:\/\/www.verredart.fr\/#\/schema\/logo\/image\/"},"sameAs":["https:\/\/www.facebook.com\/Verredart","https:\/\/x.com\/verredart","https:\/\/www.instagram.com\/Verre_dart","https:\/\/www.pinterest.fr\/verredart\/"]}]}},"jetpack_sharing_enabled":true,"_links":{"self":[{"href":"https:\/\/www.verredart.fr\/en\/wp-json\/wp\/v2\/product\/265","targetHints":{"allow":["GET"]}}],"collection":[{"href":"https:\/\/www.verredart.fr\/en\/wp-json\/wp\/v2\/product"}],"about":[{"href":"https:\/\/www.verredart.fr\/en\/wp-json\/wp\/v2\/types\/product"}],"wp:featuredmedia":[{"embeddable":true,"href":"https:\/\/www.verredart.fr\/en\/wp-json\/wp\/v2\/media\/264"}],"wp:attachment":[{"href":"https:\/\/www.verredart.fr\/en\/wp-json\/wp\/v2\/media?parent=265"}],"wp:term":[{"taxonomy":"product_brand","embeddable":true,"href":"https:\/\/www.verredart.fr\/en\/wp-json\/wp\/v2\/product_brand?post=265"},{"taxonomy":"product_cat","embeddable":true,"href":"https:\/\/www.verredart.fr\/en\/wp-json\/wp\/v2\/product_cat?post=265"},{"taxonomy":"product_tag","embeddable":true,"href":"https:\/\/www.verredart.fr\/en\/wp-json\/wp\/v2\/product_tag?post=265"}],"curies":[{"name":"wp","href":"https:\/\/api.w.org\/{rel}","templated":true}]}}