{"id":295,"date":"2024-03-30T14:21:42","date_gmt":"2024-03-30T14:21:42","guid":{"rendered":"https:\/\/www.verredart.fr\/produit\/produit-114\/"},"modified":"2024-12-14T07:03:10","modified_gmt":"2024-12-14T07:03:10","slug":"collier-perle-rouge-en-verre-souflle-monte-en-pendentif-sur-chaine-en-acier-inoxydable","status":"publish","type":"product","link":"https:\/\/www.verredart.fr\/en\/verre-dart-bijoux-en-verre-recycle\/collier-en-verre-recycle\/collier-perle-rouge-en-verre-souflle-monte-en-pendentif-sur-chaine-en-acier-inoxydable\/","title":{"rendered":"Collier perle souffl\u00e9e en verre rouge mont\u00e9 en pendentif"},"content":{"rendered":"<p>D\u00e9couvrez le collier rouge de la collection Creuses, une pi\u00e8ce qui incarne l&rsquo;\u00e9clat et la passion. Fabriqu\u00e9 avec un souci du d\u00e9tail in\u00e9gal\u00e9, ce collier est un chef-d&rsquo;\u0153uvre de l&rsquo;artisanat contemporain.<\/p>\n<p>Longueur : 40 \u00e0 43 cm<\/p>","protected":false},"excerpt":{"rendered":"<p>D\u00e9couvrez le collier rouge de la collection Creuses, une pi\u00e8ce qui incarne l&rsquo;\u00e9clat et la passion. Fabriqu\u00e9 avec un souci du d\u00e9tail in\u00e9gal\u00e9, ce collier est un chef-d&rsquo;\u0153uvre de l&rsquo;artisanat contemporain.<\/p>\n<p>Longueur : 40 \u00e0 43 cm<\/p>","protected":false},"featured_media":294,"template":"","meta":[],"product_brand":[],"product_cat":[22],"product_tag":[],"class_list":{"0":"post-295","1":"product","2":"type-product","3":"status-publish","4":"has-post-thumbnail","6":"product_cat-collier-en-verre-recycle","8":"entry","9":"has-media","11":"first","12":"outofstock","13":"shipping-taxable","14":"purchasable","15":"product-type-simple","16":"has-product-nav","17":"col","18":"span_1_of_3","19":"owp-content-center","20":"item-entry","21":"owp-thumbs-layout-vertical","22":"owp-btn-big","23":"owp-tabs-layout-horizontal"},"yoast_head":"<!-- This site is optimized with the Yoast SEO plugin v27.5 - https:\/\/yoast.com\/product\/yoast-seo-wordpress\/ -->\n<title>Collier perle rouge en verre souffl\u00e9<\/title>\n<meta name=\"description\" content=\"Collier perle souffl\u00e9e en verre rouge mont\u00e9 en pendentif sur chaine en acier inoxydable. Explorez la collection de collier en verre culinaire recycl\" \/>\n<meta name=\"robots\" content=\"index, follow, max-snippet:-1, max-image-preview:large, max-video-preview:-1\" \/>\n<link rel=\"canonical\" href=\"https:\/\/www.verredart.fr\/en\/verre-dart-bijoux-en-verre-recycle\/collier-en-verre-recycle\/collier-perle-rouge-en-verre-souflle-monte-en-pendentif-sur-chaine-en-acier-inoxydable\/\" \/>\n<meta property=\"og:locale\" content=\"en_US\" \/>\n<meta property=\"og:type\" content=\"article\" \/>\n<meta property=\"og:title\" content=\"Collier perle rouge en verre souffl\u00e9\" \/>\n<meta property=\"og:description\" content=\"Collier perle souffl\u00e9e en verre rouge mont\u00e9 en pendentif sur chaine en acier inoxydable. Explorez la collection de collier en verre culinaire recycl\" \/>\n<meta property=\"og:url\" content=\"https:\/\/www.verredart.fr\/en\/verre-dart-bijoux-en-verre-recycle\/collier-en-verre-recycle\/collier-perle-rouge-en-verre-souflle-monte-en-pendentif-sur-chaine-en-acier-inoxydable\/\" \/>\n<meta property=\"og:site_name\" content=\"Verre d&#039;Art\" \/>\n<meta property=\"article:publisher\" content=\"https:\/\/www.facebook.com\/Verredart\" \/>\n<meta property=\"article:modified_time\" content=\"2024-12-14T07:03:10+00:00\" \/>\n<meta property=\"og:image\" content=\"https:\/\/www.verredart.fr\/wp-content\/uploads\/2024\/03\/1de33082-3e3b-48b4-b605-80faf632ff0b.jpeg\" \/>\n\t<meta property=\"og:image:width\" content=\"1134\" \/>\n\t<meta property=\"og:image:height\" content=\"2016\" \/>\n\t<meta property=\"og:image:type\" content=\"image\/jpeg\" \/>\n<meta name=\"twitter:card\" content=\"summary_large_image\" \/>\n<meta name=\"twitter:site\" content=\"@verredart\" \/>\n<meta name=\"twitter:label1\" content=\"Est. reading time\" \/>\n\t<meta name=\"twitter:data1\" content=\"1 minute\" \/>\n<script type=\"application\/ld+json\" class=\"yoast-schema-graph\">{\"@context\":\"https:\\\/\\\/schema.org\",\"@graph\":[{\"@type\":\"WebPage\",\"@id\":\"https:\\\/\\\/www.verredart.fr\\\/verre-dart-bijoux-en-verre-recycle\\\/collier-en-verre-recycle\\\/collier-perle-rouge-en-verre-souflle-monte-en-pendentif-sur-chaine-en-acier-inoxydable\\\/\",\"url\":\"https:\\\/\\\/www.verredart.fr\\\/verre-dart-bijoux-en-verre-recycle\\\/collier-en-verre-recycle\\\/collier-perle-rouge-en-verre-souflle-monte-en-pendentif-sur-chaine-en-acier-inoxydable\\\/\",\"name\":\"Collier perle rouge en verre souffl\u00e9\",\"isPartOf\":{\"@id\":\"https:\\\/\\\/www.verredart.fr\\\/#website\"},\"primaryImageOfPage\":{\"@id\":\"https:\\\/\\\/www.verredart.fr\\\/verre-dart-bijoux-en-verre-recycle\\\/collier-en-verre-recycle\\\/collier-perle-rouge-en-verre-souflle-monte-en-pendentif-sur-chaine-en-acier-inoxydable\\\/#primaryimage\"},\"image\":{\"@id\":\"https:\\\/\\\/www.verredart.fr\\\/verre-dart-bijoux-en-verre-recycle\\\/collier-en-verre-recycle\\\/collier-perle-rouge-en-verre-souflle-monte-en-pendentif-sur-chaine-en-acier-inoxydable\\\/#primaryimage\"},\"thumbnailUrl\":\"https:\\\/\\\/i0.wp.com\\\/www.verredart.fr\\\/wp-content\\\/uploads\\\/2024\\\/03\\\/1de33082-3e3b-48b4-b605-80faf632ff0b.jpeg?fit=1134%2C2016&ssl=1\",\"datePublished\":\"2024-03-30T14:21:42+00:00\",\"dateModified\":\"2024-12-14T07:03:10+00:00\",\"description\":\"Collier perle souffl\u00e9e en verre rouge mont\u00e9 en pendentif sur chaine en acier inoxydable. Explorez la collection de collier en verre culinaire recycl\u00e9\",\"breadcrumb\":{\"@id\":\"https:\\\/\\\/www.verredart.fr\\\/verre-dart-bijoux-en-verre-recycle\\\/collier-en-verre-recycle\\\/collier-perle-rouge-en-verre-souflle-monte-en-pendentif-sur-chaine-en-acier-inoxydable\\\/#breadcrumb\"},\"inLanguage\":\"en-US\",\"potentialAction\":[{\"@type\":\"ReadAction\",\"target\":[\"https:\\\/\\\/www.verredart.fr\\\/verre-dart-bijoux-en-verre-recycle\\\/collier-en-verre-recycle\\\/collier-perle-rouge-en-verre-souflle-monte-en-pendentif-sur-chaine-en-acier-inoxydable\\\/\"]}]},{\"@type\":\"ImageObject\",\"inLanguage\":\"en-US\",\"@id\":\"https:\\\/\\\/www.verredart.fr\\\/verre-dart-bijoux-en-verre-recycle\\\/collier-en-verre-recycle\\\/collier-perle-rouge-en-verre-souflle-monte-en-pendentif-sur-chaine-en-acier-inoxydable\\\/#primaryimage\",\"url\":\"https:\\\/\\\/i0.wp.com\\\/www.verredart.fr\\\/wp-content\\\/uploads\\\/2024\\\/03\\\/1de33082-3e3b-48b4-b605-80faf632ff0b.jpeg?fit=1134%2C2016&ssl=1\",\"contentUrl\":\"https:\\\/\\\/i0.wp.com\\\/www.verredart.fr\\\/wp-content\\\/uploads\\\/2024\\\/03\\\/1de33082-3e3b-48b4-b605-80faf632ff0b.jpeg?fit=1134%2C2016&ssl=1\",\"width\":1134,\"height\":2016,\"caption\":\"Collier perle souffl\u00e9e en verre rouge mont\u00e9 en pendentif\"},{\"@type\":\"BreadcrumbList\",\"@id\":\"https:\\\/\\\/www.verredart.fr\\\/verre-dart-bijoux-en-verre-recycle\\\/collier-en-verre-recycle\\\/collier-perle-rouge-en-verre-souflle-monte-en-pendentif-sur-chaine-en-acier-inoxydable\\\/#breadcrumb\",\"itemListElement\":[{\"@type\":\"ListItem\",\"position\":1,\"name\":\"Collections\",\"item\":\"https:\\\/\\\/www.verredart.fr\\\/verre-dart-bijoux-en-verre-recycle\\\/boutique-bijoux-en-verre-culinaire-recycle\\\/\"},{\"@type\":\"ListItem\",\"position\":2,\"name\":\"Colliers\",\"item\":\"https:\\\/\\\/www.verredart.fr\\\/bijoux-en-verre-recycle\\\/collier-en-verre-recycle\\\/\"},{\"@type\":\"ListItem\",\"position\":3,\"name\":\"Collier perle souffl\u00e9e en verre rouge mont\u00e9 en pendentif\"}]},{\"@type\":\"WebSite\",\"@id\":\"https:\\\/\\\/www.verredart.fr\\\/#website\",\"url\":\"https:\\\/\\\/www.verredart.fr\\\/\",\"name\":\"Verre d'Art\",\"description\":\"Recyclage de verre non recyclable en cr\u00e9ations uniques et engag\u00e9s\",\"publisher\":{\"@id\":\"https:\\\/\\\/www.verredart.fr\\\/#organization\"},\"potentialAction\":[{\"@type\":\"SearchAction\",\"target\":{\"@type\":\"EntryPoint\",\"urlTemplate\":\"https:\\\/\\\/www.verredart.fr\\\/?s={search_term_string}\"},\"query-input\":{\"@type\":\"PropertyValueSpecification\",\"valueRequired\":true,\"valueName\":\"search_term_string\"}}],\"inLanguage\":\"en-US\"},{\"@type\":\"Organization\",\"@id\":\"https:\\\/\\\/www.verredart.fr\\\/#organization\",\"name\":\"Verre d'Art\",\"url\":\"https:\\\/\\\/www.verredart.fr\\\/\",\"logo\":{\"@type\":\"ImageObject\",\"inLanguage\":\"en-US\",\"@id\":\"https:\\\/\\\/www.verredart.fr\\\/#\\\/schema\\\/logo\\\/image\\\/\",\"url\":\"\",\"contentUrl\":\"\",\"caption\":\"Verre d'Art\"},\"image\":{\"@id\":\"https:\\\/\\\/www.verredart.fr\\\/#\\\/schema\\\/logo\\\/image\\\/\"},\"sameAs\":[\"https:\\\/\\\/www.facebook.com\\\/Verredart\",\"https:\\\/\\\/x.com\\\/verredart\",\"https:\\\/\\\/www.instagram.com\\\/Verre_dart\",\"https:\\\/\\\/www.pinterest.fr\\\/verredart\\\/\"]}]}<\/script>\n<!-- \/ Yoast SEO plugin. -->","yoast_head_json":{"title":"Collier perle rouge en verre souffl\u00e9","description":"Collier perle souffl\u00e9e en verre rouge mont\u00e9 en pendentif sur chaine en acier inoxydable. Explorez la collection de collier en verre culinaire recycl","robots":{"index":"index","follow":"follow","max-snippet":"max-snippet:-1","max-image-preview":"max-image-preview:large","max-video-preview":"max-video-preview:-1"},"canonical":"https:\/\/www.verredart.fr\/en\/verre-dart-bijoux-en-verre-recycle\/collier-en-verre-recycle\/collier-perle-rouge-en-verre-souflle-monte-en-pendentif-sur-chaine-en-acier-inoxydable\/","og_locale":"en_US","og_type":"article","og_title":"Collier perle rouge en verre souffl\u00e9","og_description":"Collier perle souffl\u00e9e en verre rouge mont\u00e9 en pendentif sur chaine en acier inoxydable. Explorez la collection de collier en verre culinaire recycl","og_url":"https:\/\/www.verredart.fr\/en\/verre-dart-bijoux-en-verre-recycle\/collier-en-verre-recycle\/collier-perle-rouge-en-verre-souflle-monte-en-pendentif-sur-chaine-en-acier-inoxydable\/","og_site_name":"Verre d&#039;Art","article_publisher":"https:\/\/www.facebook.com\/Verredart","article_modified_time":"2024-12-14T07:03:10+00:00","og_image":[{"width":1134,"height":2016,"url":"https:\/\/www.verredart.fr\/wp-content\/uploads\/2024\/03\/1de33082-3e3b-48b4-b605-80faf632ff0b.jpeg","type":"image\/jpeg"}],"twitter_card":"summary_large_image","twitter_site":"@verredart","twitter_misc":{"Est. reading time":"1 minute"},"schema":{"@context":"https:\/\/schema.org","@graph":[{"@type":"WebPage","@id":"https:\/\/www.verredart.fr\/verre-dart-bijoux-en-verre-recycle\/collier-en-verre-recycle\/collier-perle-rouge-en-verre-souflle-monte-en-pendentif-sur-chaine-en-acier-inoxydable\/","url":"https:\/\/www.verredart.fr\/verre-dart-bijoux-en-verre-recycle\/collier-en-verre-recycle\/collier-perle-rouge-en-verre-souflle-monte-en-pendentif-sur-chaine-en-acier-inoxydable\/","name":"Collier perle rouge en verre souffl\u00e9","isPartOf":{"@id":"https:\/\/www.verredart.fr\/#website"},"primaryImageOfPage":{"@id":"https:\/\/www.verredart.fr\/verre-dart-bijoux-en-verre-recycle\/collier-en-verre-recycle\/collier-perle-rouge-en-verre-souflle-monte-en-pendentif-sur-chaine-en-acier-inoxydable\/#primaryimage"},"image":{"@id":"https:\/\/www.verredart.fr\/verre-dart-bijoux-en-verre-recycle\/collier-en-verre-recycle\/collier-perle-rouge-en-verre-souflle-monte-en-pendentif-sur-chaine-en-acier-inoxydable\/#primaryimage"},"thumbnailUrl":"https:\/\/i0.wp.com\/www.verredart.fr\/wp-content\/uploads\/2024\/03\/1de33082-3e3b-48b4-b605-80faf632ff0b.jpeg?fit=1134%2C2016&ssl=1","datePublished":"2024-03-30T14:21:42+00:00","dateModified":"2024-12-14T07:03:10+00:00","description":"Collier perle souffl\u00e9e en verre rouge mont\u00e9 en pendentif sur chaine en acier inoxydable. Explorez la collection de collier en verre culinaire recycl\u00e9","breadcrumb":{"@id":"https:\/\/www.verredart.fr\/verre-dart-bijoux-en-verre-recycle\/collier-en-verre-recycle\/collier-perle-rouge-en-verre-souflle-monte-en-pendentif-sur-chaine-en-acier-inoxydable\/#breadcrumb"},"inLanguage":"en-US","potentialAction":[{"@type":"ReadAction","target":["https:\/\/www.verredart.fr\/verre-dart-bijoux-en-verre-recycle\/collier-en-verre-recycle\/collier-perle-rouge-en-verre-souflle-monte-en-pendentif-sur-chaine-en-acier-inoxydable\/"]}]},{"@type":"ImageObject","inLanguage":"en-US","@id":"https:\/\/www.verredart.fr\/verre-dart-bijoux-en-verre-recycle\/collier-en-verre-recycle\/collier-perle-rouge-en-verre-souflle-monte-en-pendentif-sur-chaine-en-acier-inoxydable\/#primaryimage","url":"https:\/\/i0.wp.com\/www.verredart.fr\/wp-content\/uploads\/2024\/03\/1de33082-3e3b-48b4-b605-80faf632ff0b.jpeg?fit=1134%2C2016&ssl=1","contentUrl":"https:\/\/i0.wp.com\/www.verredart.fr\/wp-content\/uploads\/2024\/03\/1de33082-3e3b-48b4-b605-80faf632ff0b.jpeg?fit=1134%2C2016&ssl=1","width":1134,"height":2016,"caption":"Collier perle souffl\u00e9e en verre rouge mont\u00e9 en pendentif"},{"@type":"BreadcrumbList","@id":"https:\/\/www.verredart.fr\/verre-dart-bijoux-en-verre-recycle\/collier-en-verre-recycle\/collier-perle-rouge-en-verre-souflle-monte-en-pendentif-sur-chaine-en-acier-inoxydable\/#breadcrumb","itemListElement":[{"@type":"ListItem","position":1,"name":"Collections","item":"https:\/\/www.verredart.fr\/verre-dart-bijoux-en-verre-recycle\/boutique-bijoux-en-verre-culinaire-recycle\/"},{"@type":"ListItem","position":2,"name":"Colliers","item":"https:\/\/www.verredart.fr\/bijoux-en-verre-recycle\/collier-en-verre-recycle\/"},{"@type":"ListItem","position":3,"name":"Collier perle souffl\u00e9e en verre rouge mont\u00e9 en pendentif"}]},{"@type":"WebSite","@id":"https:\/\/www.verredart.fr\/#website","url":"https:\/\/www.verredart.fr\/","name":"Verre d'Art","description":"Recyclage de verre non recyclable en cr\u00e9ations uniques et engag\u00e9s","publisher":{"@id":"https:\/\/www.verredart.fr\/#organization"},"potentialAction":[{"@type":"SearchAction","target":{"@type":"EntryPoint","urlTemplate":"https:\/\/www.verredart.fr\/?s={search_term_string}"},"query-input":{"@type":"PropertyValueSpecification","valueRequired":true,"valueName":"search_term_string"}}],"inLanguage":"en-US"},{"@type":"Organization","@id":"https:\/\/www.verredart.fr\/#organization","name":"Verre d'Art","url":"https:\/\/www.verredart.fr\/","logo":{"@type":"ImageObject","inLanguage":"en-US","@id":"https:\/\/www.verredart.fr\/#\/schema\/logo\/image\/","url":"","contentUrl":"","caption":"Verre d'Art"},"image":{"@id":"https:\/\/www.verredart.fr\/#\/schema\/logo\/image\/"},"sameAs":["https:\/\/www.facebook.com\/Verredart","https:\/\/x.com\/verredart","https:\/\/www.instagram.com\/Verre_dart","https:\/\/www.pinterest.fr\/verredart\/"]}]}},"jetpack_sharing_enabled":true,"_links":{"self":[{"href":"https:\/\/www.verredart.fr\/en\/wp-json\/wp\/v2\/product\/295","targetHints":{"allow":["GET"]}}],"collection":[{"href":"https:\/\/www.verredart.fr\/en\/wp-json\/wp\/v2\/product"}],"about":[{"href":"https:\/\/www.verredart.fr\/en\/wp-json\/wp\/v2\/types\/product"}],"wp:featuredmedia":[{"embeddable":true,"href":"https:\/\/www.verredart.fr\/en\/wp-json\/wp\/v2\/media\/294"}],"wp:attachment":[{"href":"https:\/\/www.verredart.fr\/en\/wp-json\/wp\/v2\/media?parent=295"}],"wp:term":[{"taxonomy":"product_brand","embeddable":true,"href":"https:\/\/www.verredart.fr\/en\/wp-json\/wp\/v2\/product_brand?post=295"},{"taxonomy":"product_cat","embeddable":true,"href":"https:\/\/www.verredart.fr\/en\/wp-json\/wp\/v2\/product_cat?post=295"},{"taxonomy":"product_tag","embeddable":true,"href":"https:\/\/www.verredart.fr\/en\/wp-json\/wp\/v2\/product_tag?post=295"}],"curies":[{"name":"wp","href":"https:\/\/api.w.org\/{rel}","templated":true}]}}