{"id":3068,"date":"2024-09-19T07:30:10","date_gmt":"2024-09-19T07:30:10","guid":{"rendered":"https:\/\/www.verredart.fr\/?post_type=product&#038;p=3068"},"modified":"2024-10-14T06:24:50","modified_gmt":"2024-10-14T06:24:50","slug":"boucles-doreilles-en-verre-recycle-automne","status":"publish","type":"product","link":"https:\/\/www.verredart.fr\/en\/verre-dart-bijoux-en-verre-recycle\/boucles-doreilles-en-verre-recycle\/boucles-doreilles-en-verre-recycle-automne\/","title":{"rendered":"Boucles d&rsquo;oreilles automne en verre recycl\u00e9"},"content":{"rendered":"<p><audio class=\"audio-for-speech\"><\/audio><\/p>\n<div class=\"translate-tooltip-mtz translator-hidden\">\n<div class=\"header\">\n<div class=\"header-controls\">Translator<\/div>\n<div class=\"header-controls\"><\/div>\n<div class=\"header-controls\"><\/div>\n<\/div>\n<div class=\"translated-text\">\n<div class=\"words\"><\/div>\n<div class=\"sentences\"><\/div>\n<\/div>\n<\/div>\n<p>&nbsp;<\/p>\n<h3 class=\"\" data-sourcepos=\"18:1-18:79\"><strong>Boucles d&rsquo;oreilles en verre recycl\u00e9 : un bijou unique et \u00e9coresponsable<\/strong><\/h3>\n<p data-sourcepos=\"20:1-20:50\"><strong>Des cr\u00e9ations artisanales pour un style automnale<br \/>\n<\/strong><\/p>\n<p data-sourcepos=\"22:1-22:177\">Ces <strong>boucles d&rsquo;oreilles en verre recycl\u00e9<\/strong> sont une v\u00e9ritable ode \u00e0 la nature et \u00e0 l&rsquo;artisanat. Chaque pi\u00e8ce est unique, fa\u00e7onn\u00e9e \u00e0 la main avec soin pour cr\u00e9er un bijou aussi beau que durable. Les feuilles en verre recycl\u00e9, aux couleurs chaudes et lumineuses, contraste d\u00e9licatement avec la fleur d\u00e9licate en verre souffl\u00e9.<\/p>\n<p data-sourcepos=\"24:1-24:55\"><strong>Le verre recycl\u00e9 : une mati\u00e8re noble et responsable<\/strong><\/p>\n<p data-sourcepos=\"26:1-26:244\">Le verre utilis\u00e9 pour la cr\u00e9ation de ces boucles d&rsquo;oreilles provient des<strong> <a href=\"https:\/\/www.verredart.fr\/en\/a-propos-de-verre-dart\/recyclage-de-verre-culinaire\/points-de-collectes-de-verre-non-recyclable-assiettes-vase-lustres-y-serons-recycle-enfin\/\">points de collectes<\/a> <\/strong>de <strong>verre non recyclables<\/strong>, leur offrant une seconde vie. En choisissant ces bijoux, vous faites un geste pour l&rsquo;environnement en favorisant l&rsquo;\u00e9conomie circulaire.<\/p>\n<p data-sourcepos=\"28:1-28:33\"><strong>Un style boh\u00e8me et romantique<\/strong><\/p>\n<p data-sourcepos=\"30:1-30:66\">Le design de ces boucles d&rsquo;oreilles est inspir\u00e9 de la nature et s&rsquo;inscrit parfaitement dans une tendance automnale et romantique. Elles apporteront une touche de po\u00e9sie et d&rsquo;originalit\u00e9 \u00e0 toutes vos tenues, qu&rsquo;elles soient d\u00e9contract\u00e9es ou plus habill\u00e9es.<\/p>\n<p data-sourcepos=\"32:1-32:47\"><strong>Un cadeau parfait pour toutes les occasions<\/strong><\/p>\n<p data-sourcepos=\"34:1-34:210\">Ces <strong><a href=\"https:\/\/www.verredart.fr\/en\/bijoux-en-verre-recycle\/boucles-doreilles-en-verre-recycle\/\">boucles d&rsquo;oreilles<\/a><\/strong> sont un cadeau id\u00e9al pour toutes les occasions : anniversaire, f\u00eate des m\u00e8res, No\u00ebl&#8230; Elles feront plaisir \u00e0 coup s\u00fbr \u00e0 toutes celles qui aiment les bijoux originaux et \u00e9co-responsables.<\/p>\n<p data-sourcepos=\"36:1-36:62\"><strong>Les avantages de nos boucles d&rsquo;oreilles en verre recycl\u00e9 :<\/strong><\/p>\n<ul data-sourcepos=\"38:1-40:1\">\n<li data-sourcepos=\"38:1-38:25\"><strong>Unique et fait main<\/strong><\/li>\n<li data-sourcepos=\"39:1-39:27\"><strong>Mat\u00e9riaux \u00e9cologiques<\/strong><\/li>\n<li data-sourcepos=\"40:1-40:1\"><strong>Style automnale et romantique<\/strong><\/li>\n<li data-sourcepos=\"41:1-42:0\"><strong>Parfait pour toutes les occasions<\/strong><\/li>\n<\/ul>\n<p data-sourcepos=\"43:1-43:101\"><strong>Commandez d\u00e8s maintenant votre paire de boucles d&rsquo;oreilles et arborez un style unique et engag\u00e9 !<\/strong><\/p>","protected":false},"excerpt":{"rendered":"<p><audio class=\"audio-for-speech\"><\/audio><\/p>\n<div class=\"translate-tooltip-mtz translator-hidden\">\n<div class=\"header\">\n<div class=\"header-controls\">Translator<\/div>\n<div class=\"header-controls\"><\/div>\n<div class=\"header-controls\"><\/div>\n<\/div>\n<div class=\"translated-text\">\n<div class=\"words\"><\/div>\n<div class=\"sentences\"><\/div>\n<\/div>\n<\/div>\n<p>&nbsp;<\/p>\n<p data-sourcepos=\"54:1-54:2\"><strong>Boucles d&rsquo;oreilles en verre recycl\u00e9 : un bijou unique et \u00e9coresponsable<\/strong><\/p>\n<p data-sourcepos=\"56:1-56:196\">Sublimez votre look avec ces magnifiques <strong>boucles d&rsquo;oreilles en verre recycl\u00e9<\/strong>. Chaque pi\u00e8ce est unique et fabriqu\u00e9e \u00e0 la main dans mon atelier. Un bijou \u00e9l\u00e9gant et responsable qui fera sensation.<\/p>","protected":false},"featured_media":3063,"template":"","meta":[],"product_brand":[],"product_cat":[17],"product_tag":[],"class_list":{"0":"post-3068","1":"product","2":"type-product","3":"status-publish","4":"has-post-thumbnail","6":"product_cat-boucles-doreilles-en-verre-recycle","8":"entry","9":"has-media","11":"first","12":"outofstock","13":"shipping-taxable","14":"purchasable","15":"product-type-simple","16":"has-product-nav","17":"col","18":"span_1_of_3","19":"owp-content-center","20":"item-entry","21":"owp-thumbs-layout-vertical","22":"owp-btn-big","23":"owp-tabs-layout-horizontal"},"yoast_head":"<!-- This site is optimized with the Yoast SEO plugin v27.4 - https:\/\/yoast.com\/product\/yoast-seo-wordpress\/ -->\n<title>Boucles d&#039;oreilles en verre recycl\u00e9 automne : \u00e9coresponsable<\/title>\n<meta name=\"description\" content=\"Offrez-vous un bijou unique et \u00e9coresponsable avec nos boucles d&#039;oreilles en verre recycl\u00e9. Un style boh\u00e8me et romantique pour toutes les occasions\" \/>\n<meta name=\"robots\" content=\"index, follow, max-snippet:-1, max-image-preview:large, max-video-preview:-1\" \/>\n<link rel=\"canonical\" href=\"https:\/\/www.verredart.fr\/en\/verre-dart-bijoux-en-verre-recycle\/boucles-doreilles-en-verre-recycle\/boucles-doreilles-en-verre-recycle-automne\/\" \/>\n<meta property=\"og:locale\" content=\"en_US\" \/>\n<meta property=\"og:type\" content=\"article\" \/>\n<meta property=\"og:title\" content=\"Boucles d&#039;oreilles en verre recycl\u00e9 automne : \u00e9coresponsable\" \/>\n<meta property=\"og:description\" content=\"Offrez-vous un bijou unique et \u00e9coresponsable avec nos boucles d&#039;oreilles en verre recycl\u00e9. Un style boh\u00e8me et romantique pour toutes les occasions\" \/>\n<meta property=\"og:url\" content=\"https:\/\/www.verredart.fr\/en\/verre-dart-bijoux-en-verre-recycle\/boucles-doreilles-en-verre-recycle\/boucles-doreilles-en-verre-recycle-automne\/\" \/>\n<meta property=\"og:site_name\" content=\"Verre d&#039;Art\" \/>\n<meta property=\"article:publisher\" content=\"https:\/\/www.facebook.com\/Verredart\" \/>\n<meta property=\"article:modified_time\" content=\"2024-10-14T06:24:50+00:00\" \/>\n<meta property=\"og:image\" content=\"https:\/\/www.verredart.fr\/wp-content\/uploads\/2024\/09\/20240918_141902-scaled.jpg\" \/>\n\t<meta property=\"og:image:width\" content=\"1440\" \/>\n\t<meta property=\"og:image:height\" content=\"2560\" \/>\n\t<meta property=\"og:image:type\" content=\"image\/jpeg\" \/>\n<meta name=\"twitter:card\" content=\"summary_large_image\" \/>\n<meta name=\"twitter:site\" content=\"@verredart\" \/>\n<meta name=\"twitter:label1\" content=\"Est. reading time\" \/>\n\t<meta name=\"twitter:data1\" content=\"2 minutes\" \/>\n<script type=\"application\/ld+json\" class=\"yoast-schema-graph\">{\"@context\":\"https:\\\/\\\/schema.org\",\"@graph\":[{\"@type\":\"WebPage\",\"@id\":\"https:\\\/\\\/www.verredart.fr\\\/verre-dart-bijoux-en-verre-recycle\\\/boucles-doreilles-en-verre-recycle\\\/boucles-doreilles-en-verre-recycle-automne\\\/\",\"url\":\"https:\\\/\\\/www.verredart.fr\\\/verre-dart-bijoux-en-verre-recycle\\\/boucles-doreilles-en-verre-recycle\\\/boucles-doreilles-en-verre-recycle-automne\\\/\",\"name\":\"Boucles d'oreilles en verre recycl\u00e9 automne : \u00e9coresponsable\",\"isPartOf\":{\"@id\":\"https:\\\/\\\/www.verredart.fr\\\/#website\"},\"primaryImageOfPage\":{\"@id\":\"https:\\\/\\\/www.verredart.fr\\\/verre-dart-bijoux-en-verre-recycle\\\/boucles-doreilles-en-verre-recycle\\\/boucles-doreilles-en-verre-recycle-automne\\\/#primaryimage\"},\"image\":{\"@id\":\"https:\\\/\\\/www.verredart.fr\\\/verre-dart-bijoux-en-verre-recycle\\\/boucles-doreilles-en-verre-recycle\\\/boucles-doreilles-en-verre-recycle-automne\\\/#primaryimage\"},\"thumbnailUrl\":\"https:\\\/\\\/i0.wp.com\\\/www.verredart.fr\\\/wp-content\\\/uploads\\\/2024\\\/09\\\/20240918_141902-scaled.jpg?fit=1440%2C2560&ssl=1\",\"datePublished\":\"2024-09-19T07:30:10+00:00\",\"dateModified\":\"2024-10-14T06:24:50+00:00\",\"description\":\"Offrez-vous un bijou unique et \u00e9coresponsable avec nos boucles d'oreilles en verre recycl\u00e9. Un style boh\u00e8me et romantique pour toutes les occasions.\",\"breadcrumb\":{\"@id\":\"https:\\\/\\\/www.verredart.fr\\\/verre-dart-bijoux-en-verre-recycle\\\/boucles-doreilles-en-verre-recycle\\\/boucles-doreilles-en-verre-recycle-automne\\\/#breadcrumb\"},\"inLanguage\":\"en-US\",\"potentialAction\":[{\"@type\":\"ReadAction\",\"target\":[\"https:\\\/\\\/www.verredart.fr\\\/verre-dart-bijoux-en-verre-recycle\\\/boucles-doreilles-en-verre-recycle\\\/boucles-doreilles-en-verre-recycle-automne\\\/\"]}]},{\"@type\":\"ImageObject\",\"inLanguage\":\"en-US\",\"@id\":\"https:\\\/\\\/www.verredart.fr\\\/verre-dart-bijoux-en-verre-recycle\\\/boucles-doreilles-en-verre-recycle\\\/boucles-doreilles-en-verre-recycle-automne\\\/#primaryimage\",\"url\":\"https:\\\/\\\/i0.wp.com\\\/www.verredart.fr\\\/wp-content\\\/uploads\\\/2024\\\/09\\\/20240918_141902-scaled.jpg?fit=1440%2C2560&ssl=1\",\"contentUrl\":\"https:\\\/\\\/i0.wp.com\\\/www.verredart.fr\\\/wp-content\\\/uploads\\\/2024\\\/09\\\/20240918_141902-scaled.jpg?fit=1440%2C2560&ssl=1\",\"width\":1440,\"height\":2560,\"caption\":\"Boucles d'oreilles en verre recycl\u00e9 automne : \u00e9coresponsable\"},{\"@type\":\"BreadcrumbList\",\"@id\":\"https:\\\/\\\/www.verredart.fr\\\/verre-dart-bijoux-en-verre-recycle\\\/boucles-doreilles-en-verre-recycle\\\/boucles-doreilles-en-verre-recycle-automne\\\/#breadcrumb\",\"itemListElement\":[{\"@type\":\"ListItem\",\"position\":1,\"name\":\"Collections\",\"item\":\"https:\\\/\\\/www.verredart.fr\\\/verre-dart-bijoux-en-verre-recycle\\\/boutique-bijoux-en-verre-culinaire-recycle\\\/\"},{\"@type\":\"ListItem\",\"position\":2,\"name\":\"Boucles d'oreilles\",\"item\":\"https:\\\/\\\/www.verredart.fr\\\/bijoux-en-verre-recycle\\\/boucles-doreilles-en-verre-recycle\\\/\"},{\"@type\":\"ListItem\",\"position\":3,\"name\":\"Boucles d&rsquo;oreilles automne en verre recycl\u00e9\"}]},{\"@type\":\"WebSite\",\"@id\":\"https:\\\/\\\/www.verredart.fr\\\/#website\",\"url\":\"https:\\\/\\\/www.verredart.fr\\\/\",\"name\":\"Verre d'Art\",\"description\":\"Recyclage de verre non recyclable en cr\u00e9ations uniques et engag\u00e9s\",\"publisher\":{\"@id\":\"https:\\\/\\\/www.verredart.fr\\\/#organization\"},\"potentialAction\":[{\"@type\":\"SearchAction\",\"target\":{\"@type\":\"EntryPoint\",\"urlTemplate\":\"https:\\\/\\\/www.verredart.fr\\\/?s={search_term_string}\"},\"query-input\":{\"@type\":\"PropertyValueSpecification\",\"valueRequired\":true,\"valueName\":\"search_term_string\"}}],\"inLanguage\":\"en-US\"},{\"@type\":\"Organization\",\"@id\":\"https:\\\/\\\/www.verredart.fr\\\/#organization\",\"name\":\"Verre d'Art\",\"url\":\"https:\\\/\\\/www.verredart.fr\\\/\",\"logo\":{\"@type\":\"ImageObject\",\"inLanguage\":\"en-US\",\"@id\":\"https:\\\/\\\/www.verredart.fr\\\/#\\\/schema\\\/logo\\\/image\\\/\",\"url\":\"\",\"contentUrl\":\"\",\"caption\":\"Verre d'Art\"},\"image\":{\"@id\":\"https:\\\/\\\/www.verredart.fr\\\/#\\\/schema\\\/logo\\\/image\\\/\"},\"sameAs\":[\"https:\\\/\\\/www.facebook.com\\\/Verredart\",\"https:\\\/\\\/x.com\\\/verredart\",\"https:\\\/\\\/www.instagram.com\\\/Verre_dart\",\"https:\\\/\\\/www.pinterest.fr\\\/verredart\\\/\"]}]}<\/script>\n<!-- \/ Yoast SEO plugin. -->","yoast_head_json":{"title":"Boucles d'oreilles en verre recycl\u00e9 automne : \u00e9coresponsable","description":"Offrez-vous un bijou unique et \u00e9coresponsable avec nos boucles d'oreilles en verre recycl\u00e9. Un style boh\u00e8me et romantique pour toutes les occasions","robots":{"index":"index","follow":"follow","max-snippet":"max-snippet:-1","max-image-preview":"max-image-preview:large","max-video-preview":"max-video-preview:-1"},"canonical":"https:\/\/www.verredart.fr\/en\/verre-dart-bijoux-en-verre-recycle\/boucles-doreilles-en-verre-recycle\/boucles-doreilles-en-verre-recycle-automne\/","og_locale":"en_US","og_type":"article","og_title":"Boucles d'oreilles en verre recycl\u00e9 automne : \u00e9coresponsable","og_description":"Offrez-vous un bijou unique et \u00e9coresponsable avec nos boucles d'oreilles en verre recycl\u00e9. Un style boh\u00e8me et romantique pour toutes les occasions","og_url":"https:\/\/www.verredart.fr\/en\/verre-dart-bijoux-en-verre-recycle\/boucles-doreilles-en-verre-recycle\/boucles-doreilles-en-verre-recycle-automne\/","og_site_name":"Verre d&#039;Art","article_publisher":"https:\/\/www.facebook.com\/Verredart","article_modified_time":"2024-10-14T06:24:50+00:00","og_image":[{"width":1440,"height":2560,"url":"https:\/\/www.verredart.fr\/wp-content\/uploads\/2024\/09\/20240918_141902-scaled.jpg","type":"image\/jpeg"}],"twitter_card":"summary_large_image","twitter_site":"@verredart","twitter_misc":{"Est. reading time":"2 minutes"},"schema":{"@context":"https:\/\/schema.org","@graph":[{"@type":"WebPage","@id":"https:\/\/www.verredart.fr\/verre-dart-bijoux-en-verre-recycle\/boucles-doreilles-en-verre-recycle\/boucles-doreilles-en-verre-recycle-automne\/","url":"https:\/\/www.verredart.fr\/verre-dart-bijoux-en-verre-recycle\/boucles-doreilles-en-verre-recycle\/boucles-doreilles-en-verre-recycle-automne\/","name":"Boucles d'oreilles en verre recycl\u00e9 automne : \u00e9coresponsable","isPartOf":{"@id":"https:\/\/www.verredart.fr\/#website"},"primaryImageOfPage":{"@id":"https:\/\/www.verredart.fr\/verre-dart-bijoux-en-verre-recycle\/boucles-doreilles-en-verre-recycle\/boucles-doreilles-en-verre-recycle-automne\/#primaryimage"},"image":{"@id":"https:\/\/www.verredart.fr\/verre-dart-bijoux-en-verre-recycle\/boucles-doreilles-en-verre-recycle\/boucles-doreilles-en-verre-recycle-automne\/#primaryimage"},"thumbnailUrl":"https:\/\/i0.wp.com\/www.verredart.fr\/wp-content\/uploads\/2024\/09\/20240918_141902-scaled.jpg?fit=1440%2C2560&ssl=1","datePublished":"2024-09-19T07:30:10+00:00","dateModified":"2024-10-14T06:24:50+00:00","description":"Offrez-vous un bijou unique et \u00e9coresponsable avec nos boucles d'oreilles en verre recycl\u00e9. Un style boh\u00e8me et romantique pour toutes les occasions.","breadcrumb":{"@id":"https:\/\/www.verredart.fr\/verre-dart-bijoux-en-verre-recycle\/boucles-doreilles-en-verre-recycle\/boucles-doreilles-en-verre-recycle-automne\/#breadcrumb"},"inLanguage":"en-US","potentialAction":[{"@type":"ReadAction","target":["https:\/\/www.verredart.fr\/verre-dart-bijoux-en-verre-recycle\/boucles-doreilles-en-verre-recycle\/boucles-doreilles-en-verre-recycle-automne\/"]}]},{"@type":"ImageObject","inLanguage":"en-US","@id":"https:\/\/www.verredart.fr\/verre-dart-bijoux-en-verre-recycle\/boucles-doreilles-en-verre-recycle\/boucles-doreilles-en-verre-recycle-automne\/#primaryimage","url":"https:\/\/i0.wp.com\/www.verredart.fr\/wp-content\/uploads\/2024\/09\/20240918_141902-scaled.jpg?fit=1440%2C2560&ssl=1","contentUrl":"https:\/\/i0.wp.com\/www.verredart.fr\/wp-content\/uploads\/2024\/09\/20240918_141902-scaled.jpg?fit=1440%2C2560&ssl=1","width":1440,"height":2560,"caption":"Boucles d'oreilles en verre recycl\u00e9 automne : \u00e9coresponsable"},{"@type":"BreadcrumbList","@id":"https:\/\/www.verredart.fr\/verre-dart-bijoux-en-verre-recycle\/boucles-doreilles-en-verre-recycle\/boucles-doreilles-en-verre-recycle-automne\/#breadcrumb","itemListElement":[{"@type":"ListItem","position":1,"name":"Collections","item":"https:\/\/www.verredart.fr\/verre-dart-bijoux-en-verre-recycle\/boutique-bijoux-en-verre-culinaire-recycle\/"},{"@type":"ListItem","position":2,"name":"Boucles d'oreilles","item":"https:\/\/www.verredart.fr\/bijoux-en-verre-recycle\/boucles-doreilles-en-verre-recycle\/"},{"@type":"ListItem","position":3,"name":"Boucles d&rsquo;oreilles automne en verre recycl\u00e9"}]},{"@type":"WebSite","@id":"https:\/\/www.verredart.fr\/#website","url":"https:\/\/www.verredart.fr\/","name":"Verre d'Art","description":"Recyclage de verre non recyclable en cr\u00e9ations uniques et engag\u00e9s","publisher":{"@id":"https:\/\/www.verredart.fr\/#organization"},"potentialAction":[{"@type":"SearchAction","target":{"@type":"EntryPoint","urlTemplate":"https:\/\/www.verredart.fr\/?s={search_term_string}"},"query-input":{"@type":"PropertyValueSpecification","valueRequired":true,"valueName":"search_term_string"}}],"inLanguage":"en-US"},{"@type":"Organization","@id":"https:\/\/www.verredart.fr\/#organization","name":"Verre d'Art","url":"https:\/\/www.verredart.fr\/","logo":{"@type":"ImageObject","inLanguage":"en-US","@id":"https:\/\/www.verredart.fr\/#\/schema\/logo\/image\/","url":"","contentUrl":"","caption":"Verre d'Art"},"image":{"@id":"https:\/\/www.verredart.fr\/#\/schema\/logo\/image\/"},"sameAs":["https:\/\/www.facebook.com\/Verredart","https:\/\/x.com\/verredart","https:\/\/www.instagram.com\/Verre_dart","https:\/\/www.pinterest.fr\/verredart\/"]}]}},"jetpack_sharing_enabled":true,"_links":{"self":[{"href":"https:\/\/www.verredart.fr\/en\/wp-json\/wp\/v2\/product\/3068","targetHints":{"allow":["GET"]}}],"collection":[{"href":"https:\/\/www.verredart.fr\/en\/wp-json\/wp\/v2\/product"}],"about":[{"href":"https:\/\/www.verredart.fr\/en\/wp-json\/wp\/v2\/types\/product"}],"wp:featuredmedia":[{"embeddable":true,"href":"https:\/\/www.verredart.fr\/en\/wp-json\/wp\/v2\/media\/3063"}],"wp:attachment":[{"href":"https:\/\/www.verredart.fr\/en\/wp-json\/wp\/v2\/media?parent=3068"}],"wp:term":[{"taxonomy":"product_brand","embeddable":true,"href":"https:\/\/www.verredart.fr\/en\/wp-json\/wp\/v2\/product_brand?post=3068"},{"taxonomy":"product_cat","embeddable":true,"href":"https:\/\/www.verredart.fr\/en\/wp-json\/wp\/v2\/product_cat?post=3068"},{"taxonomy":"product_tag","embeddable":true,"href":"https:\/\/www.verredart.fr\/en\/wp-json\/wp\/v2\/product_tag?post=3068"}],"curies":[{"name":"wp","href":"https:\/\/api.w.org\/{rel}","templated":true}]}}