{"id":3080,"date":"2024-09-22T09:26:09","date_gmt":"2024-09-22T09:26:09","guid":{"rendered":"https:\/\/www.verredart.fr\/?post_type=product&#038;p=3080"},"modified":"2025-03-01T11:34:44","modified_gmt":"2025-03-01T11:34:44","slug":"collier-cuir-verre-recycle-non-recyclable","status":"publish","type":"product","link":"https:\/\/www.verredart.fr\/en\/verre-dart-bijoux-en-verre-recycle\/collier-en-verre-recycle\/collier-cuir-verre-recycle-non-recyclable\/","title":{"rendered":"Collier goutte cuir rouge et verre recycl\u00e9 vert"},"content":{"rendered":"<p><audio class=\"audio-for-speech\"><\/audio><\/p>\n<div class=\"translate-tooltip-mtz translator-hidden\">\n<div class=\"header\">\n<div class=\"header-controls\">Translator<\/div>\n<div class=\"header-controls\"><\/div>\n<div class=\"header-controls\"><\/div>\n<\/div>\n<div class=\"translated-text\">\n<div class=\"words\"><\/div>\n<div class=\"sentences\"><\/div>\n<\/div>\n<\/div>\n<p>&nbsp;<\/p>\n<h3 class=\"\" data-sourcepos=\"16:1-16:69\"><strong>Collier en cuir et verre recycl\u00e9 : un bijou unique et \u00e9thique<\/strong><\/h3>\n<p data-sourcepos=\"18:1-18:40\"><strong>Un bijou artisanal et \u00e9coresponsable<\/strong><\/p>\n<p data-sourcepos=\"20:1-20:160\">Vous \u00eates \u00e0 la recherche d&rsquo;un <strong>bijou unique<\/strong> et porteur de sens ? Ce collier en cuir et verre recycl\u00e9 est fait pour vous ! Chaque pi\u00e8ce est enti\u00e8rement r\u00e9alis\u00e9e \u00e0 la main dans mon atelier, avec le plus grand soin. En choisissant ce bijou, vous optez pour <strong>une mode durable et responsable.<\/strong><\/p>\n<p data-sourcepos=\"22:1-22:56\"><strong>Le verre recycl\u00e9, une mati\u00e8re noble et pleine de vie<\/strong><\/p>\n<p data-sourcepos=\"24:1-24:390\">Le pendentif en forme de goutte d&rsquo;eau est r\u00e9alis\u00e9 \u00e0 partir de cuir rouge. Chaque pi\u00e8ce est unique, avec des nuances de couleurs et des inclusions qui lui donnent un caract\u00e8re authentique. Le<a href=\"https:\/\/www.verredart.fr\/en\/a-propos-de-verre-dart\/recyclage-de-verre-culinaire\/\"><strong> verre recycl\u00e9<\/strong><\/a> est une mati\u00e8re noble qui allie esth\u00e9tisme et \u00e9cologie. En donnant une seconde vie \u00e0 des mat\u00e9riaux destin\u00e9s \u00e0 \u00eatre jet\u00e9s, je contribue \u00e0 <strong>r\u00e9duire notre impact sur l&rsquo;environnement<\/strong>.<\/p>\n<p data-sourcepos=\"26:1-26:15\"><strong>Un bijou pour toutes les occasions<\/strong><\/p>\n<p data-sourcepos=\"28:1-28:225\">Ce collier est parfait pour toutes les occasions : \u00e0 porter au quotidien ou pour une soir\u00e9e sp\u00e9ciale, il ajoutera une touche d&rsquo;originalit\u00e9 \u00e0 votre tenue. Le cuir souple et agr\u00e9able \u00e0 porter s&rsquo;adapte \u00e0 toutes les morphologies.<\/p>\n<p data-sourcepos=\"30:1-30:58\"><strong>Offrez-vous ou offrez un cadeau unique et personnalis\u00e9<\/strong><\/p>\n<p data-sourcepos=\"32:1-32:191\">Ce collier est \u00e9galement une id\u00e9e de cadeau originale pour un anniversaire, la f\u00eate des m\u00e8res, No\u00ebl ou tout autres f\u00eate.<\/p>\n<p data-sourcepos=\"34:1-34:33\"><strong>Pourquoi choisir ce collier ?<\/strong><\/p>\n<ul data-sourcepos=\"36:1-36:55\">\n<li data-sourcepos=\"36:1-36:55\"><strong>Unique et artisanal :<\/strong> chaque pi\u00e8ce est r\u00e9alis\u00e9e \u00e0 la main, ce qui en fait un bijou unique.<\/li>\n<li data-sourcepos=\"37:1-37:76\"><strong>\u00c9coresponsable :<\/strong> le verre recycl\u00e9 est une mati\u00e8re noble et \u00e9cologique.<\/li>\n<li data-sourcepos=\"38:1-38:60\"><strong>Durable :<\/strong> ce bijou est con\u00e7u pour durer dans le temps.<\/li>\n<li data-sourcepos=\"40:1-41:0\"><strong>Significatif :<\/strong> en portant ce collier, vous affirmez votre engagement pour une mode plus responsable.<\/li>\n<\/ul>\n<p data-sourcepos=\"42:1-42:114\"><strong>Commandez d\u00e8s maintenant votre collier en verre recycl\u00e9 et rejoignez la communaut\u00e9 des consommateurs engag\u00e9s !<\/strong><\/p>","protected":false},"excerpt":{"rendered":"<p><audio class=\"audio-for-speech\"><\/audio><\/p>\n<div class=\"translate-tooltip-mtz translator-hidden\">\n<div class=\"header\">\n<div class=\"header-controls\">Translator<\/div>\n<div class=\"header-controls\"><\/div>\n<div class=\"header-controls\"><\/div>\n<\/div>\n<div class=\"translated-text\">\n<div class=\"words\"><\/div>\n<div class=\"sentences\"><\/div>\n<\/div>\n<\/div>\n<p>&nbsp;<\/p>\n<p data-sourcepos=\"46:1-46:66\"><strong>Sublimez votre look avec ce collier en cuir et verre recycl\u00e9 !<\/strong><\/p>\n<p data-sourcepos=\"48:1-48:232\">Ce bijou unique et artisanal est r\u00e9alis\u00e9 \u00e0 partir de mat\u00e9riaux nobles et \u00e9cologiques. Le pendentif en verre recycl\u00e9, aux couleurs chatoyantes, est serti dans un d\u00e9licat \u00e9crin de cuir. Chaque pi\u00e8ce est une \u0153uvre d&rsquo;art \u00e0 part enti\u00e8re.<\/p>\n<p data-sourcepos=\"50:1-50:34\"><strong>Pourquoi vous allez l&rsquo;adorer :<\/strong><\/p>\n<ul data-sourcepos=\"52:1-57:0\">\n<li data-sourcepos=\"52:1-52:34\"><strong>Design \u00e9l\u00e9gant et intemporel<\/strong><\/li>\n<li data-sourcepos=\"53:1-53:39\"><strong>Mat\u00e9riaux naturels et \u00e9cologiques<\/strong><\/li>\n<li data-sourcepos=\"54:1-54:28\"><strong>Fabrication artisanale<\/strong><\/li>\n<li data-sourcepos=\"55:1-55:21\"><strong>Confort optimal<\/strong><\/li>\n<li data-sourcepos=\"56:1-57:0\"><strong>Cadeau id\u00e9al<\/strong><\/li>\n<\/ul>\n<p data-sourcepos=\"58:1-58:4\"><strong>N&rsquo;attendez plus pour vous offrir ce bijou d&rsquo;exception !<\/strong><\/p>","protected":false},"featured_media":3076,"template":"","meta":[],"product_brand":[],"product_cat":[22],"product_tag":[],"class_list":{"0":"post-3080","1":"product","2":"type-product","3":"status-publish","4":"has-post-thumbnail","6":"product_cat-collier-en-verre-recycle","8":"entry","9":"has-media","11":"first","12":"outofstock","13":"shipping-taxable","14":"purchasable","15":"product-type-simple","16":"has-product-nav","17":"col","18":"span_1_of_3","19":"owp-content-center","20":"item-entry","21":"owp-thumbs-layout-vertical","22":"owp-btn-big","23":"owp-tabs-layout-horizontal"},"yoast_head":"<!-- This site is optimized with the Yoast SEO plugin v27.5 - https:\/\/yoast.com\/product\/yoast-seo-wordpress\/ -->\n<title>Collier en cuir et verre recycl\u00e9 : un bijou unique et \u00e9coresponsable<\/title>\n<meta name=\"description\" content=\"Sublimez votre look avec ce collier en cuir et verre recycl\u00e9 ! Bijou artisanal et \u00e9coresponsable, parfait pour un cadeau unique. Commandez d\u00e8s main\" \/>\n<meta name=\"robots\" content=\"index, follow, max-snippet:-1, max-image-preview:large, max-video-preview:-1\" \/>\n<link rel=\"canonical\" href=\"https:\/\/www.verredart.fr\/en\/verre-dart-bijoux-en-verre-recycle\/collier-en-verre-recycle\/collier-cuir-verre-recycle-non-recyclable\/\" \/>\n<meta property=\"og:locale\" content=\"en_US\" \/>\n<meta property=\"og:type\" content=\"article\" \/>\n<meta property=\"og:title\" content=\"Collier en cuir et verre recycl\u00e9 : un bijou unique et \u00e9coresponsable\" \/>\n<meta property=\"og:description\" content=\"Sublimez votre look avec ce collier en cuir et verre recycl\u00e9 ! Bijou artisanal et \u00e9coresponsable, parfait pour un cadeau unique. Commandez d\u00e8s main\" \/>\n<meta property=\"og:url\" content=\"https:\/\/www.verredart.fr\/en\/verre-dart-bijoux-en-verre-recycle\/collier-en-verre-recycle\/collier-cuir-verre-recycle-non-recyclable\/\" \/>\n<meta property=\"og:site_name\" content=\"Verre d&#039;Art\" \/>\n<meta property=\"article:publisher\" content=\"https:\/\/www.facebook.com\/Verredart\" \/>\n<meta property=\"article:modified_time\" content=\"2025-03-01T11:34:44+00:00\" \/>\n<meta property=\"og:image\" content=\"https:\/\/www.verredart.fr\/wp-content\/uploads\/2024\/09\/20240922_105753-scaled.jpg\" \/>\n\t<meta property=\"og:image:width\" content=\"1440\" \/>\n\t<meta property=\"og:image:height\" content=\"2560\" \/>\n\t<meta property=\"og:image:type\" content=\"image\/jpeg\" \/>\n<meta name=\"twitter:card\" content=\"summary_large_image\" \/>\n<meta name=\"twitter:site\" content=\"@verredart\" \/>\n<meta name=\"twitter:label1\" content=\"Est. reading time\" \/>\n\t<meta name=\"twitter:data1\" content=\"2 minutes\" \/>\n<script type=\"application\/ld+json\" class=\"yoast-schema-graph\">{\"@context\":\"https:\\\/\\\/schema.org\",\"@graph\":[{\"@type\":\"WebPage\",\"@id\":\"https:\\\/\\\/www.verredart.fr\\\/verre-dart-bijoux-en-verre-recycle\\\/collier-en-verre-recycle\\\/collier-cuir-verre-recycle-non-recyclable\\\/\",\"url\":\"https:\\\/\\\/www.verredart.fr\\\/verre-dart-bijoux-en-verre-recycle\\\/collier-en-verre-recycle\\\/collier-cuir-verre-recycle-non-recyclable\\\/\",\"name\":\"Collier en cuir et verre recycl\u00e9 : un bijou unique et \u00e9coresponsable\",\"isPartOf\":{\"@id\":\"https:\\\/\\\/www.verredart.fr\\\/#website\"},\"primaryImageOfPage\":{\"@id\":\"https:\\\/\\\/www.verredart.fr\\\/verre-dart-bijoux-en-verre-recycle\\\/collier-en-verre-recycle\\\/collier-cuir-verre-recycle-non-recyclable\\\/#primaryimage\"},\"image\":{\"@id\":\"https:\\\/\\\/www.verredart.fr\\\/verre-dart-bijoux-en-verre-recycle\\\/collier-en-verre-recycle\\\/collier-cuir-verre-recycle-non-recyclable\\\/#primaryimage\"},\"thumbnailUrl\":\"https:\\\/\\\/i0.wp.com\\\/www.verredart.fr\\\/wp-content\\\/uploads\\\/2024\\\/09\\\/20240922_105753-scaled.jpg?fit=1440%2C2560&ssl=1\",\"datePublished\":\"2024-09-22T09:26:09+00:00\",\"dateModified\":\"2025-03-01T11:34:44+00:00\",\"description\":\"Sublimez votre look avec ce collier en cuir et verre recycl\u00e9 ! Bijou artisanal et \u00e9coresponsable, parfait pour un cadeau unique. Commandez d\u00e8s maintenant !\",\"breadcrumb\":{\"@id\":\"https:\\\/\\\/www.verredart.fr\\\/verre-dart-bijoux-en-verre-recycle\\\/collier-en-verre-recycle\\\/collier-cuir-verre-recycle-non-recyclable\\\/#breadcrumb\"},\"inLanguage\":\"en-US\",\"potentialAction\":[{\"@type\":\"ReadAction\",\"target\":[\"https:\\\/\\\/www.verredart.fr\\\/verre-dart-bijoux-en-verre-recycle\\\/collier-en-verre-recycle\\\/collier-cuir-verre-recycle-non-recyclable\\\/\"]}]},{\"@type\":\"ImageObject\",\"inLanguage\":\"en-US\",\"@id\":\"https:\\\/\\\/www.verredart.fr\\\/verre-dart-bijoux-en-verre-recycle\\\/collier-en-verre-recycle\\\/collier-cuir-verre-recycle-non-recyclable\\\/#primaryimage\",\"url\":\"https:\\\/\\\/i0.wp.com\\\/www.verredart.fr\\\/wp-content\\\/uploads\\\/2024\\\/09\\\/20240922_105753-scaled.jpg?fit=1440%2C2560&ssl=1\",\"contentUrl\":\"https:\\\/\\\/i0.wp.com\\\/www.verredart.fr\\\/wp-content\\\/uploads\\\/2024\\\/09\\\/20240922_105753-scaled.jpg?fit=1440%2C2560&ssl=1\",\"width\":1440,\"height\":2560,\"caption\":\"Collier en cuir et verre recycl\u00e9 : un bijou unique et \u00e9coresponsable\"},{\"@type\":\"BreadcrumbList\",\"@id\":\"https:\\\/\\\/www.verredart.fr\\\/verre-dart-bijoux-en-verre-recycle\\\/collier-en-verre-recycle\\\/collier-cuir-verre-recycle-non-recyclable\\\/#breadcrumb\",\"itemListElement\":[{\"@type\":\"ListItem\",\"position\":1,\"name\":\"Collections\",\"item\":\"https:\\\/\\\/www.verredart.fr\\\/verre-dart-bijoux-en-verre-recycle\\\/boutique-bijoux-en-verre-culinaire-recycle\\\/\"},{\"@type\":\"ListItem\",\"position\":2,\"name\":\"Colliers\",\"item\":\"https:\\\/\\\/www.verredart.fr\\\/bijoux-en-verre-recycle\\\/collier-en-verre-recycle\\\/\"},{\"@type\":\"ListItem\",\"position\":3,\"name\":\"Collier goutte cuir rouge et verre recycl\u00e9 vert\"}]},{\"@type\":\"WebSite\",\"@id\":\"https:\\\/\\\/www.verredart.fr\\\/#website\",\"url\":\"https:\\\/\\\/www.verredart.fr\\\/\",\"name\":\"Verre d'Art\",\"description\":\"Recyclage de verre non recyclable en cr\u00e9ations uniques et engag\u00e9s\",\"publisher\":{\"@id\":\"https:\\\/\\\/www.verredart.fr\\\/#organization\"},\"potentialAction\":[{\"@type\":\"SearchAction\",\"target\":{\"@type\":\"EntryPoint\",\"urlTemplate\":\"https:\\\/\\\/www.verredart.fr\\\/?s={search_term_string}\"},\"query-input\":{\"@type\":\"PropertyValueSpecification\",\"valueRequired\":true,\"valueName\":\"search_term_string\"}}],\"inLanguage\":\"en-US\"},{\"@type\":\"Organization\",\"@id\":\"https:\\\/\\\/www.verredart.fr\\\/#organization\",\"name\":\"Verre d'Art\",\"url\":\"https:\\\/\\\/www.verredart.fr\\\/\",\"logo\":{\"@type\":\"ImageObject\",\"inLanguage\":\"en-US\",\"@id\":\"https:\\\/\\\/www.verredart.fr\\\/#\\\/schema\\\/logo\\\/image\\\/\",\"url\":\"\",\"contentUrl\":\"\",\"caption\":\"Verre d'Art\"},\"image\":{\"@id\":\"https:\\\/\\\/www.verredart.fr\\\/#\\\/schema\\\/logo\\\/image\\\/\"},\"sameAs\":[\"https:\\\/\\\/www.facebook.com\\\/Verredart\",\"https:\\\/\\\/x.com\\\/verredart\",\"https:\\\/\\\/www.instagram.com\\\/Verre_dart\",\"https:\\\/\\\/www.pinterest.fr\\\/verredart\\\/\"]}]}<\/script>\n<!-- \/ Yoast SEO plugin. -->","yoast_head_json":{"title":"Collier en cuir et verre recycl\u00e9 : un bijou unique et \u00e9coresponsable","description":"Sublimez votre look avec ce collier en cuir et verre recycl\u00e9 ! Bijou artisanal et \u00e9coresponsable, parfait pour un cadeau unique. Commandez d\u00e8s main","robots":{"index":"index","follow":"follow","max-snippet":"max-snippet:-1","max-image-preview":"max-image-preview:large","max-video-preview":"max-video-preview:-1"},"canonical":"https:\/\/www.verredart.fr\/en\/verre-dart-bijoux-en-verre-recycle\/collier-en-verre-recycle\/collier-cuir-verre-recycle-non-recyclable\/","og_locale":"en_US","og_type":"article","og_title":"Collier en cuir et verre recycl\u00e9 : un bijou unique et \u00e9coresponsable","og_description":"Sublimez votre look avec ce collier en cuir et verre recycl\u00e9 ! Bijou artisanal et \u00e9coresponsable, parfait pour un cadeau unique. Commandez d\u00e8s main","og_url":"https:\/\/www.verredart.fr\/en\/verre-dart-bijoux-en-verre-recycle\/collier-en-verre-recycle\/collier-cuir-verre-recycle-non-recyclable\/","og_site_name":"Verre d&#039;Art","article_publisher":"https:\/\/www.facebook.com\/Verredart","article_modified_time":"2025-03-01T11:34:44+00:00","og_image":[{"width":1440,"height":2560,"url":"https:\/\/www.verredart.fr\/wp-content\/uploads\/2024\/09\/20240922_105753-scaled.jpg","type":"image\/jpeg"}],"twitter_card":"summary_large_image","twitter_site":"@verredart","twitter_misc":{"Est. reading time":"2 minutes"},"schema":{"@context":"https:\/\/schema.org","@graph":[{"@type":"WebPage","@id":"https:\/\/www.verredart.fr\/verre-dart-bijoux-en-verre-recycle\/collier-en-verre-recycle\/collier-cuir-verre-recycle-non-recyclable\/","url":"https:\/\/www.verredart.fr\/verre-dart-bijoux-en-verre-recycle\/collier-en-verre-recycle\/collier-cuir-verre-recycle-non-recyclable\/","name":"Collier en cuir et verre recycl\u00e9 : un bijou unique et \u00e9coresponsable","isPartOf":{"@id":"https:\/\/www.verredart.fr\/#website"},"primaryImageOfPage":{"@id":"https:\/\/www.verredart.fr\/verre-dart-bijoux-en-verre-recycle\/collier-en-verre-recycle\/collier-cuir-verre-recycle-non-recyclable\/#primaryimage"},"image":{"@id":"https:\/\/www.verredart.fr\/verre-dart-bijoux-en-verre-recycle\/collier-en-verre-recycle\/collier-cuir-verre-recycle-non-recyclable\/#primaryimage"},"thumbnailUrl":"https:\/\/i0.wp.com\/www.verredart.fr\/wp-content\/uploads\/2024\/09\/20240922_105753-scaled.jpg?fit=1440%2C2560&ssl=1","datePublished":"2024-09-22T09:26:09+00:00","dateModified":"2025-03-01T11:34:44+00:00","description":"Sublimez votre look avec ce collier en cuir et verre recycl\u00e9 ! Bijou artisanal et \u00e9coresponsable, parfait pour un cadeau unique. Commandez d\u00e8s maintenant !","breadcrumb":{"@id":"https:\/\/www.verredart.fr\/verre-dart-bijoux-en-verre-recycle\/collier-en-verre-recycle\/collier-cuir-verre-recycle-non-recyclable\/#breadcrumb"},"inLanguage":"en-US","potentialAction":[{"@type":"ReadAction","target":["https:\/\/www.verredart.fr\/verre-dart-bijoux-en-verre-recycle\/collier-en-verre-recycle\/collier-cuir-verre-recycle-non-recyclable\/"]}]},{"@type":"ImageObject","inLanguage":"en-US","@id":"https:\/\/www.verredart.fr\/verre-dart-bijoux-en-verre-recycle\/collier-en-verre-recycle\/collier-cuir-verre-recycle-non-recyclable\/#primaryimage","url":"https:\/\/i0.wp.com\/www.verredart.fr\/wp-content\/uploads\/2024\/09\/20240922_105753-scaled.jpg?fit=1440%2C2560&ssl=1","contentUrl":"https:\/\/i0.wp.com\/www.verredart.fr\/wp-content\/uploads\/2024\/09\/20240922_105753-scaled.jpg?fit=1440%2C2560&ssl=1","width":1440,"height":2560,"caption":"Collier en cuir et verre recycl\u00e9 : un bijou unique et \u00e9coresponsable"},{"@type":"BreadcrumbList","@id":"https:\/\/www.verredart.fr\/verre-dart-bijoux-en-verre-recycle\/collier-en-verre-recycle\/collier-cuir-verre-recycle-non-recyclable\/#breadcrumb","itemListElement":[{"@type":"ListItem","position":1,"name":"Collections","item":"https:\/\/www.verredart.fr\/verre-dart-bijoux-en-verre-recycle\/boutique-bijoux-en-verre-culinaire-recycle\/"},{"@type":"ListItem","position":2,"name":"Colliers","item":"https:\/\/www.verredart.fr\/bijoux-en-verre-recycle\/collier-en-verre-recycle\/"},{"@type":"ListItem","position":3,"name":"Collier goutte cuir rouge et verre recycl\u00e9 vert"}]},{"@type":"WebSite","@id":"https:\/\/www.verredart.fr\/#website","url":"https:\/\/www.verredart.fr\/","name":"Verre d'Art","description":"Recyclage de verre non recyclable en cr\u00e9ations uniques et engag\u00e9s","publisher":{"@id":"https:\/\/www.verredart.fr\/#organization"},"potentialAction":[{"@type":"SearchAction","target":{"@type":"EntryPoint","urlTemplate":"https:\/\/www.verredart.fr\/?s={search_term_string}"},"query-input":{"@type":"PropertyValueSpecification","valueRequired":true,"valueName":"search_term_string"}}],"inLanguage":"en-US"},{"@type":"Organization","@id":"https:\/\/www.verredart.fr\/#organization","name":"Verre d'Art","url":"https:\/\/www.verredart.fr\/","logo":{"@type":"ImageObject","inLanguage":"en-US","@id":"https:\/\/www.verredart.fr\/#\/schema\/logo\/image\/","url":"","contentUrl":"","caption":"Verre d'Art"},"image":{"@id":"https:\/\/www.verredart.fr\/#\/schema\/logo\/image\/"},"sameAs":["https:\/\/www.facebook.com\/Verredart","https:\/\/x.com\/verredart","https:\/\/www.instagram.com\/Verre_dart","https:\/\/www.pinterest.fr\/verredart\/"]}]}},"jetpack_sharing_enabled":true,"_links":{"self":[{"href":"https:\/\/www.verredart.fr\/en\/wp-json\/wp\/v2\/product\/3080","targetHints":{"allow":["GET"]}}],"collection":[{"href":"https:\/\/www.verredart.fr\/en\/wp-json\/wp\/v2\/product"}],"about":[{"href":"https:\/\/www.verredart.fr\/en\/wp-json\/wp\/v2\/types\/product"}],"wp:featuredmedia":[{"embeddable":true,"href":"https:\/\/www.verredart.fr\/en\/wp-json\/wp\/v2\/media\/3076"}],"wp:attachment":[{"href":"https:\/\/www.verredart.fr\/en\/wp-json\/wp\/v2\/media?parent=3080"}],"wp:term":[{"taxonomy":"product_brand","embeddable":true,"href":"https:\/\/www.verredart.fr\/en\/wp-json\/wp\/v2\/product_brand?post=3080"},{"taxonomy":"product_cat","embeddable":true,"href":"https:\/\/www.verredart.fr\/en\/wp-json\/wp\/v2\/product_cat?post=3080"},{"taxonomy":"product_tag","embeddable":true,"href":"https:\/\/www.verredart.fr\/en\/wp-json\/wp\/v2\/product_tag?post=3080"}],"curies":[{"name":"wp","href":"https:\/\/api.w.org\/{rel}","templated":true}]}}