{"id":318,"date":"2024-03-30T14:21:51","date_gmt":"2024-03-30T14:21:51","guid":{"rendered":"https:\/\/www.verredart.fr\/produit\/produit-128\/"},"modified":"2024-12-14T20:41:44","modified_gmt":"2024-12-14T20:41:44","slug":"boucles-doreilles-cuir-et-verre","status":"publish","type":"product","link":"https:\/\/www.verredart.fr\/en\/verre-dart-bijoux-en-verre-recycle\/boucles-doreilles-en-verre-recycle\/boucles-doreilles-cuir-et-verre\/","title":{"rendered":"Boucles d&rsquo;oreilles fusion rubis verdent"},"content":{"rendered":"<p>D\u00e9couvrez l&rsquo;audace du cuir rouge brillant et l&rsquo;\u00e9clat des perles boules en verre fil\u00e9es au chalumeau. Ces boucles d&rsquo;oreilles uniques m\u00ealent le rouge vibrant \u00e0 la puret\u00e9 du blanc et \u00e0 la vivacit\u00e9 du vert pour une touche de style qui ne passera pas inaper\u00e7ue.<\/p>\n<ul>\n<li>Longueur : 5 cm<\/li>\n<li>Cuir : rouge brillant<\/li>\n<li>Perle : verre blanc et vert<\/li>\n<li>M\u00e9tal : acier inoxydable et inox<\/li>\n<\/ul>","protected":false},"excerpt":{"rendered":"<p>D\u00e9couvrez les sublimes boucles d&rsquo;oreilles en cuir rouge, rehauss\u00e9es de d\u00e9licates perles en verre blanc et vert. Un mariage parfait de couleurs et de mat\u00e9riaux pour un style unique et \u00e9l\u00e9gant. Ajoutez une touche de sophistication \u00e0 votre look d\u00e8s aujourd&rsquo;hui en explorant ma <a href=\"https:\/\/www.verredart.fr\/en\/verre-dart-bijoux-en-verre-recycle\/boutique-bijoux-en-verre-culinaire-recycle\/\">collection<\/a>.<\/p>","protected":false},"featured_media":317,"template":"","meta":[],"product_brand":[],"product_cat":[17],"product_tag":[],"class_list":{"0":"post-318","1":"product","2":"type-product","3":"status-publish","4":"has-post-thumbnail","6":"product_cat-boucles-doreilles-en-verre-recycle","8":"entry","9":"has-media","11":"first","12":"outofstock","13":"shipping-taxable","14":"purchasable","15":"product-type-simple","16":"has-product-nav","17":"col","18":"span_1_of_3","19":"owp-content-center","20":"item-entry","21":"owp-thumbs-layout-vertical","22":"owp-btn-big","23":"owp-tabs-layout-horizontal","24":"has-no-thumbnails"},"yoast_head":"<!-- This site is optimized with the Yoast SEO plugin v27.5 - https:\/\/yoast.com\/product\/yoast-seo-wordpress\/ -->\n<title>Boucles d&#039;oreilles fusion rubis verdent - Verre d&#039;Art<\/title>\n<meta name=\"description\" content=\"Boucles d&#039;oreilles cuir rouge, perles verre blanc et vert. \u00c9l\u00e9gance et couleur pour un style raffin\u00e9. D\u00e9couvrez notre collection d\u00e8s maintenant!\" \/>\n<meta name=\"robots\" content=\"index, follow, max-snippet:-1, max-image-preview:large, max-video-preview:-1\" \/>\n<link rel=\"canonical\" href=\"https:\/\/www.verredart.fr\/en\/verre-dart-bijoux-en-verre-recycle\/boucles-doreilles-en-verre-recycle\/boucles-doreilles-cuir-et-verre\/\" \/>\n<meta property=\"og:locale\" content=\"en_US\" \/>\n<meta property=\"og:type\" content=\"article\" \/>\n<meta property=\"og:title\" content=\"Boucles d&#039;oreilles fusion rubis verdent - Verre d&#039;Art\" \/>\n<meta property=\"og:description\" content=\"Boucles d&#039;oreilles cuir rouge, perles verre blanc et vert. \u00c9l\u00e9gance et couleur pour un style raffin\u00e9. D\u00e9couvrez notre collection d\u00e8s maintenant!\" \/>\n<meta property=\"og:url\" content=\"https:\/\/www.verredart.fr\/en\/verre-dart-bijoux-en-verre-recycle\/boucles-doreilles-en-verre-recycle\/boucles-doreilles-cuir-et-verre\/\" \/>\n<meta property=\"og:site_name\" content=\"Verre d&#039;Art\" \/>\n<meta property=\"article:publisher\" content=\"https:\/\/www.facebook.com\/Verredart\" \/>\n<meta property=\"article:modified_time\" content=\"2024-12-14T20:41:44+00:00\" \/>\n<meta property=\"og:image\" content=\"https:\/\/www.verredart.fr\/wp-content\/uploads\/2024\/03\/e68d0980-eb1c-413f-baf7-0fd3263ba35d.jpeg\" \/>\n\t<meta property=\"og:image:width\" content=\"908\" \/>\n\t<meta property=\"og:image:height\" content=\"1613\" \/>\n\t<meta property=\"og:image:type\" content=\"image\/jpeg\" \/>\n<meta name=\"twitter:card\" content=\"summary_large_image\" \/>\n<meta name=\"twitter:site\" content=\"@verredart\" \/>\n<meta name=\"twitter:label1\" content=\"Est. reading time\" \/>\n\t<meta name=\"twitter:data1\" content=\"1 minute\" \/>\n<script type=\"application\/ld+json\" class=\"yoast-schema-graph\">{\"@context\":\"https:\\\/\\\/schema.org\",\"@graph\":[{\"@type\":\"WebPage\",\"@id\":\"https:\\\/\\\/www.verredart.fr\\\/verre-dart-bijoux-en-verre-recycle\\\/boucles-doreilles-en-verre-recycle\\\/boucles-doreilles-cuir-et-verre\\\/\",\"url\":\"https:\\\/\\\/www.verredart.fr\\\/verre-dart-bijoux-en-verre-recycle\\\/boucles-doreilles-en-verre-recycle\\\/boucles-doreilles-cuir-et-verre\\\/\",\"name\":\"Boucles d'oreilles fusion rubis verdent - Verre d&#039;Art\",\"isPartOf\":{\"@id\":\"https:\\\/\\\/www.verredart.fr\\\/#website\"},\"primaryImageOfPage\":{\"@id\":\"https:\\\/\\\/www.verredart.fr\\\/verre-dart-bijoux-en-verre-recycle\\\/boucles-doreilles-en-verre-recycle\\\/boucles-doreilles-cuir-et-verre\\\/#primaryimage\"},\"image\":{\"@id\":\"https:\\\/\\\/www.verredart.fr\\\/verre-dart-bijoux-en-verre-recycle\\\/boucles-doreilles-en-verre-recycle\\\/boucles-doreilles-cuir-et-verre\\\/#primaryimage\"},\"thumbnailUrl\":\"https:\\\/\\\/i0.wp.com\\\/www.verredart.fr\\\/wp-content\\\/uploads\\\/2024\\\/03\\\/e68d0980-eb1c-413f-baf7-0fd3263ba35d.jpeg?fit=908%2C1613&ssl=1\",\"datePublished\":\"2024-03-30T14:21:51+00:00\",\"dateModified\":\"2024-12-14T20:41:44+00:00\",\"description\":\"Boucles d'oreilles cuir rouge, perles verre blanc et vert. \u00c9l\u00e9gance et couleur pour un style raffin\u00e9. D\u00e9couvrez notre collection d\u00e8s maintenant!\",\"breadcrumb\":{\"@id\":\"https:\\\/\\\/www.verredart.fr\\\/verre-dart-bijoux-en-verre-recycle\\\/boucles-doreilles-en-verre-recycle\\\/boucles-doreilles-cuir-et-verre\\\/#breadcrumb\"},\"inLanguage\":\"en-US\",\"potentialAction\":[{\"@type\":\"ReadAction\",\"target\":[\"https:\\\/\\\/www.verredart.fr\\\/verre-dart-bijoux-en-verre-recycle\\\/boucles-doreilles-en-verre-recycle\\\/boucles-doreilles-cuir-et-verre\\\/\"]}]},{\"@type\":\"ImageObject\",\"inLanguage\":\"en-US\",\"@id\":\"https:\\\/\\\/www.verredart.fr\\\/verre-dart-bijoux-en-verre-recycle\\\/boucles-doreilles-en-verre-recycle\\\/boucles-doreilles-cuir-et-verre\\\/#primaryimage\",\"url\":\"https:\\\/\\\/i0.wp.com\\\/www.verredart.fr\\\/wp-content\\\/uploads\\\/2024\\\/03\\\/e68d0980-eb1c-413f-baf7-0fd3263ba35d.jpeg?fit=908%2C1613&ssl=1\",\"contentUrl\":\"https:\\\/\\\/i0.wp.com\\\/www.verredart.fr\\\/wp-content\\\/uploads\\\/2024\\\/03\\\/e68d0980-eb1c-413f-baf7-0fd3263ba35d.jpeg?fit=908%2C1613&ssl=1\",\"width\":908,\"height\":1613,\"caption\":\"Boucles d'oreilles cuir rouge, perles verre blanc et vert. \u00c9l\u00e9gance et couleur pour un style raffin\u00e9. D\u00e9couvrez notre collection d\u00e8s maintenant!\"},{\"@type\":\"BreadcrumbList\",\"@id\":\"https:\\\/\\\/www.verredart.fr\\\/verre-dart-bijoux-en-verre-recycle\\\/boucles-doreilles-en-verre-recycle\\\/boucles-doreilles-cuir-et-verre\\\/#breadcrumb\",\"itemListElement\":[{\"@type\":\"ListItem\",\"position\":1,\"name\":\"Collections\",\"item\":\"https:\\\/\\\/www.verredart.fr\\\/verre-dart-bijoux-en-verre-recycle\\\/boutique-bijoux-en-verre-culinaire-recycle\\\/\"},{\"@type\":\"ListItem\",\"position\":2,\"name\":\"Boucles d'oreilles\",\"item\":\"https:\\\/\\\/www.verredart.fr\\\/bijoux-en-verre-recycle\\\/boucles-doreilles-en-verre-recycle\\\/\"},{\"@type\":\"ListItem\",\"position\":3,\"name\":\"Boucles d&rsquo;oreilles fusion rubis verdent\"}]},{\"@type\":\"WebSite\",\"@id\":\"https:\\\/\\\/www.verredart.fr\\\/#website\",\"url\":\"https:\\\/\\\/www.verredart.fr\\\/\",\"name\":\"Verre d'Art\",\"description\":\"Recyclage de verre non recyclable en cr\u00e9ations uniques et engag\u00e9s\",\"publisher\":{\"@id\":\"https:\\\/\\\/www.verredart.fr\\\/#organization\"},\"potentialAction\":[{\"@type\":\"SearchAction\",\"target\":{\"@type\":\"EntryPoint\",\"urlTemplate\":\"https:\\\/\\\/www.verredart.fr\\\/?s={search_term_string}\"},\"query-input\":{\"@type\":\"PropertyValueSpecification\",\"valueRequired\":true,\"valueName\":\"search_term_string\"}}],\"inLanguage\":\"en-US\"},{\"@type\":\"Organization\",\"@id\":\"https:\\\/\\\/www.verredart.fr\\\/#organization\",\"name\":\"Verre d'Art\",\"url\":\"https:\\\/\\\/www.verredart.fr\\\/\",\"logo\":{\"@type\":\"ImageObject\",\"inLanguage\":\"en-US\",\"@id\":\"https:\\\/\\\/www.verredart.fr\\\/#\\\/schema\\\/logo\\\/image\\\/\",\"url\":\"\",\"contentUrl\":\"\",\"caption\":\"Verre d'Art\"},\"image\":{\"@id\":\"https:\\\/\\\/www.verredart.fr\\\/#\\\/schema\\\/logo\\\/image\\\/\"},\"sameAs\":[\"https:\\\/\\\/www.facebook.com\\\/Verredart\",\"https:\\\/\\\/x.com\\\/verredart\",\"https:\\\/\\\/www.instagram.com\\\/Verre_dart\",\"https:\\\/\\\/www.pinterest.fr\\\/verredart\\\/\"]}]}<\/script>\n<!-- \/ Yoast SEO plugin. -->","yoast_head_json":{"title":"Boucles d'oreilles fusion rubis verdent - Verre d&#039;Art","description":"Boucles d'oreilles cuir rouge, perles verre blanc et vert. \u00c9l\u00e9gance et couleur pour un style raffin\u00e9. D\u00e9couvrez notre collection d\u00e8s maintenant!","robots":{"index":"index","follow":"follow","max-snippet":"max-snippet:-1","max-image-preview":"max-image-preview:large","max-video-preview":"max-video-preview:-1"},"canonical":"https:\/\/www.verredart.fr\/en\/verre-dart-bijoux-en-verre-recycle\/boucles-doreilles-en-verre-recycle\/boucles-doreilles-cuir-et-verre\/","og_locale":"en_US","og_type":"article","og_title":"Boucles d'oreilles fusion rubis verdent - Verre d&#039;Art","og_description":"Boucles d'oreilles cuir rouge, perles verre blanc et vert. \u00c9l\u00e9gance et couleur pour un style raffin\u00e9. D\u00e9couvrez notre collection d\u00e8s maintenant!","og_url":"https:\/\/www.verredart.fr\/en\/verre-dart-bijoux-en-verre-recycle\/boucles-doreilles-en-verre-recycle\/boucles-doreilles-cuir-et-verre\/","og_site_name":"Verre d&#039;Art","article_publisher":"https:\/\/www.facebook.com\/Verredart","article_modified_time":"2024-12-14T20:41:44+00:00","og_image":[{"width":908,"height":1613,"url":"https:\/\/www.verredart.fr\/wp-content\/uploads\/2024\/03\/e68d0980-eb1c-413f-baf7-0fd3263ba35d.jpeg","type":"image\/jpeg"}],"twitter_card":"summary_large_image","twitter_site":"@verredart","twitter_misc":{"Est. reading time":"1 minute"},"schema":{"@context":"https:\/\/schema.org","@graph":[{"@type":"WebPage","@id":"https:\/\/www.verredart.fr\/verre-dart-bijoux-en-verre-recycle\/boucles-doreilles-en-verre-recycle\/boucles-doreilles-cuir-et-verre\/","url":"https:\/\/www.verredart.fr\/verre-dart-bijoux-en-verre-recycle\/boucles-doreilles-en-verre-recycle\/boucles-doreilles-cuir-et-verre\/","name":"Boucles d'oreilles fusion rubis verdent - Verre d&#039;Art","isPartOf":{"@id":"https:\/\/www.verredart.fr\/#website"},"primaryImageOfPage":{"@id":"https:\/\/www.verredart.fr\/verre-dart-bijoux-en-verre-recycle\/boucles-doreilles-en-verre-recycle\/boucles-doreilles-cuir-et-verre\/#primaryimage"},"image":{"@id":"https:\/\/www.verredart.fr\/verre-dart-bijoux-en-verre-recycle\/boucles-doreilles-en-verre-recycle\/boucles-doreilles-cuir-et-verre\/#primaryimage"},"thumbnailUrl":"https:\/\/i0.wp.com\/www.verredart.fr\/wp-content\/uploads\/2024\/03\/e68d0980-eb1c-413f-baf7-0fd3263ba35d.jpeg?fit=908%2C1613&ssl=1","datePublished":"2024-03-30T14:21:51+00:00","dateModified":"2024-12-14T20:41:44+00:00","description":"Boucles d'oreilles cuir rouge, perles verre blanc et vert. \u00c9l\u00e9gance et couleur pour un style raffin\u00e9. D\u00e9couvrez notre collection d\u00e8s maintenant!","breadcrumb":{"@id":"https:\/\/www.verredart.fr\/verre-dart-bijoux-en-verre-recycle\/boucles-doreilles-en-verre-recycle\/boucles-doreilles-cuir-et-verre\/#breadcrumb"},"inLanguage":"en-US","potentialAction":[{"@type":"ReadAction","target":["https:\/\/www.verredart.fr\/verre-dart-bijoux-en-verre-recycle\/boucles-doreilles-en-verre-recycle\/boucles-doreilles-cuir-et-verre\/"]}]},{"@type":"ImageObject","inLanguage":"en-US","@id":"https:\/\/www.verredart.fr\/verre-dart-bijoux-en-verre-recycle\/boucles-doreilles-en-verre-recycle\/boucles-doreilles-cuir-et-verre\/#primaryimage","url":"https:\/\/i0.wp.com\/www.verredart.fr\/wp-content\/uploads\/2024\/03\/e68d0980-eb1c-413f-baf7-0fd3263ba35d.jpeg?fit=908%2C1613&ssl=1","contentUrl":"https:\/\/i0.wp.com\/www.verredart.fr\/wp-content\/uploads\/2024\/03\/e68d0980-eb1c-413f-baf7-0fd3263ba35d.jpeg?fit=908%2C1613&ssl=1","width":908,"height":1613,"caption":"Boucles d'oreilles cuir rouge, perles verre blanc et vert. \u00c9l\u00e9gance et couleur pour un style raffin\u00e9. D\u00e9couvrez notre collection d\u00e8s maintenant!"},{"@type":"BreadcrumbList","@id":"https:\/\/www.verredart.fr\/verre-dart-bijoux-en-verre-recycle\/boucles-doreilles-en-verre-recycle\/boucles-doreilles-cuir-et-verre\/#breadcrumb","itemListElement":[{"@type":"ListItem","position":1,"name":"Collections","item":"https:\/\/www.verredart.fr\/verre-dart-bijoux-en-verre-recycle\/boutique-bijoux-en-verre-culinaire-recycle\/"},{"@type":"ListItem","position":2,"name":"Boucles d'oreilles","item":"https:\/\/www.verredart.fr\/bijoux-en-verre-recycle\/boucles-doreilles-en-verre-recycle\/"},{"@type":"ListItem","position":3,"name":"Boucles d&rsquo;oreilles fusion rubis verdent"}]},{"@type":"WebSite","@id":"https:\/\/www.verredart.fr\/#website","url":"https:\/\/www.verredart.fr\/","name":"Verre d'Art","description":"Recyclage de verre non recyclable en cr\u00e9ations uniques et engag\u00e9s","publisher":{"@id":"https:\/\/www.verredart.fr\/#organization"},"potentialAction":[{"@type":"SearchAction","target":{"@type":"EntryPoint","urlTemplate":"https:\/\/www.verredart.fr\/?s={search_term_string}"},"query-input":{"@type":"PropertyValueSpecification","valueRequired":true,"valueName":"search_term_string"}}],"inLanguage":"en-US"},{"@type":"Organization","@id":"https:\/\/www.verredart.fr\/#organization","name":"Verre d'Art","url":"https:\/\/www.verredart.fr\/","logo":{"@type":"ImageObject","inLanguage":"en-US","@id":"https:\/\/www.verredart.fr\/#\/schema\/logo\/image\/","url":"","contentUrl":"","caption":"Verre d'Art"},"image":{"@id":"https:\/\/www.verredart.fr\/#\/schema\/logo\/image\/"},"sameAs":["https:\/\/www.facebook.com\/Verredart","https:\/\/x.com\/verredart","https:\/\/www.instagram.com\/Verre_dart","https:\/\/www.pinterest.fr\/verredart\/"]}]}},"jetpack_sharing_enabled":true,"_links":{"self":[{"href":"https:\/\/www.verredart.fr\/en\/wp-json\/wp\/v2\/product\/318","targetHints":{"allow":["GET"]}}],"collection":[{"href":"https:\/\/www.verredart.fr\/en\/wp-json\/wp\/v2\/product"}],"about":[{"href":"https:\/\/www.verredart.fr\/en\/wp-json\/wp\/v2\/types\/product"}],"wp:featuredmedia":[{"embeddable":true,"href":"https:\/\/www.verredart.fr\/en\/wp-json\/wp\/v2\/media\/317"}],"wp:attachment":[{"href":"https:\/\/www.verredart.fr\/en\/wp-json\/wp\/v2\/media?parent=318"}],"wp:term":[{"taxonomy":"product_brand","embeddable":true,"href":"https:\/\/www.verredart.fr\/en\/wp-json\/wp\/v2\/product_brand?post=318"},{"taxonomy":"product_cat","embeddable":true,"href":"https:\/\/www.verredart.fr\/en\/wp-json\/wp\/v2\/product_cat?post=318"},{"taxonomy":"product_tag","embeddable":true,"href":"https:\/\/www.verredart.fr\/en\/wp-json\/wp\/v2\/product_tag?post=318"}],"curies":[{"name":"wp","href":"https:\/\/api.w.org\/{rel}","templated":true}]}}