{"id":335,"date":"2024-03-30T14:22:00","date_gmt":"2024-03-30T14:22:00","guid":{"rendered":"https:\/\/www.verredart.fr\/produit\/produit-138\/"},"modified":"2025-02-19T18:29:45","modified_gmt":"2025-02-19T18:29:45","slug":"bagues-en-verre-recycle-reglable","status":"publish","type":"product","link":"https:\/\/www.verredart.fr\/en\/verre-dart-bijoux-en-verre-recycle\/bagues-en-verre-recycle\/bagues-en-verre-recycle-reglable\/","title":{"rendered":"Bague r\u00e9glable perles en verre blanches et bleues"},"content":{"rendered":"<p>Plongez dans l&rsquo;\u00e9l\u00e9gance intemporelle avec la bague r\u00e9glable aux perles de verre fil\u00e9es au chalumeau, fusionnant harmonieusement les teintes apaisantes de bleu et blanc. Chaque pi\u00e8ce est m\u00e9ticuleusement con\u00e7ue pour s&rsquo;adapter \u00e0 toutes les tailles de doigts, offrant un confort exceptionnel sans compromis sur le style.<\/p>\n<p>Les perles en verre fil\u00e9es au chalumeau ajoutent une touche artisanale unique, capturant la lumi\u00e8re de mani\u00e8re \u00e9blouissante. Que ce soit pour une occasion sp\u00e9ciale ou pour \u00e9gayer votre tenue quotidienne, cette bague polyvalente est le choix parfait.D\u00e9couvrez l&rsquo;art de la bijouterie avec notre bague r\u00e9glable \u2013 une fusion de design exquis et de qualit\u00e9 exceptionnelle. \u2728<\/p>","protected":false},"excerpt":{"rendered":"<p>D\u00e9couvrez l&rsquo;\u00e9l\u00e9gance sublim\u00e9e avec la bague ajustable en perles de verre fil\u00e9es au chalumeau. La fusion de nuances bleues et blanches offre une touche sophistiqu\u00e9e \u00e0 votre style. Explorez la <a href=\"https:\/\/www.verredart.fr\/en\/categorie-produit\/bagues-en-verre-recycle\/\">collection<\/a> pour une \u00e9l\u00e9gance sans pareille.<\/p>","protected":false},"featured_media":334,"template":"","meta":[],"product_brand":[],"product_cat":[20],"product_tag":[],"class_list":{"0":"post-335","1":"product","2":"type-product","3":"status-publish","4":"has-post-thumbnail","6":"product_cat-bagues-en-verre-recycle","8":"entry","9":"has-media","11":"first","12":"outofstock","13":"shipping-taxable","14":"purchasable","15":"product-type-simple","16":"has-product-nav","17":"col","18":"span_1_of_3","19":"owp-content-center","20":"item-entry","21":"owp-thumbs-layout-vertical","22":"owp-btn-big","23":"owp-tabs-layout-horizontal"},"yoast_head":"<!-- This site is optimized with the Yoast SEO plugin v27.4 - https:\/\/yoast.com\/product\/yoast-seo-wordpress\/ -->\n<title>Bague r\u00e9glable perles en verre blanches et bleues - Verre d&#039;Art<\/title>\n<meta name=\"description\" content=\"Bague en verre recycl\u00e9s. Transformation de verre recycl\u00e9 au chalumeau. Recyclage de verre en magnifiques bijoux engag\u00e9s et \u00e9cologique\" \/>\n<meta name=\"robots\" content=\"index, follow, max-snippet:-1, max-image-preview:large, max-video-preview:-1\" \/>\n<link rel=\"canonical\" href=\"https:\/\/www.verredart.fr\/en\/verre-dart-bijoux-en-verre-recycle\/adoptes-par-les-clients-de-la-boutique-verre-dart\/bagues-en-verre-recycle-reglable\/\" \/>\n<meta property=\"og:locale\" content=\"en_US\" \/>\n<meta property=\"og:type\" content=\"article\" \/>\n<meta property=\"og:title\" content=\"Bague r\u00e9glable perles en verre blanches et bleues - Verre d&#039;Art\" \/>\n<meta property=\"og:description\" content=\"Bague en verre recycl\u00e9s. Transformation de verre recycl\u00e9 au chalumeau. Recyclage de verre en magnifiques bijoux engag\u00e9s et \u00e9cologique\" \/>\n<meta property=\"og:url\" content=\"https:\/\/www.verredart.fr\/en\/verre-dart-bijoux-en-verre-recycle\/adoptes-par-les-clients-de-la-boutique-verre-dart\/bagues-en-verre-recycle-reglable\/\" \/>\n<meta property=\"og:site_name\" content=\"Verre d&#039;Art\" \/>\n<meta property=\"article:publisher\" content=\"https:\/\/www.facebook.com\/Verredart\" \/>\n<meta property=\"article:modified_time\" content=\"2025-02-19T18:29:45+00:00\" \/>\n<meta property=\"og:image\" content=\"https:\/\/www.verredart.fr\/wp-content\/uploads\/2024\/03\/2e98c38c-0981-4763-8716-fe17e1cf13b5.jpeg\" \/>\n\t<meta property=\"og:image:width\" content=\"706\" \/>\n\t<meta property=\"og:image:height\" content=\"1256\" \/>\n\t<meta property=\"og:image:type\" content=\"image\/jpeg\" \/>\n<meta name=\"twitter:card\" content=\"summary_large_image\" \/>\n<meta name=\"twitter:site\" content=\"@verredart\" \/>\n<meta name=\"twitter:label1\" content=\"Est. reading time\" \/>\n\t<meta name=\"twitter:data1\" content=\"1 minute\" \/>\n<script type=\"application\/ld+json\" class=\"yoast-schema-graph\">{\"@context\":\"https:\\\/\\\/schema.org\",\"@graph\":[{\"@type\":\"WebPage\",\"@id\":\"https:\\\/\\\/www.verredart.fr\\\/verre-dart-bijoux-en-verre-recycle\\\/adoptes-par-les-clients-de-la-boutique-verre-dart\\\/bagues-en-verre-recycle-reglable\\\/\",\"url\":\"https:\\\/\\\/www.verredart.fr\\\/verre-dart-bijoux-en-verre-recycle\\\/adoptes-par-les-clients-de-la-boutique-verre-dart\\\/bagues-en-verre-recycle-reglable\\\/\",\"name\":\"Bague r\u00e9glable perles en verre blanches et bleues - Verre d&#039;Art\",\"isPartOf\":{\"@id\":\"https:\\\/\\\/www.verredart.fr\\\/#website\"},\"primaryImageOfPage\":{\"@id\":\"https:\\\/\\\/www.verredart.fr\\\/verre-dart-bijoux-en-verre-recycle\\\/adoptes-par-les-clients-de-la-boutique-verre-dart\\\/bagues-en-verre-recycle-reglable\\\/#primaryimage\"},\"image\":{\"@id\":\"https:\\\/\\\/www.verredart.fr\\\/verre-dart-bijoux-en-verre-recycle\\\/adoptes-par-les-clients-de-la-boutique-verre-dart\\\/bagues-en-verre-recycle-reglable\\\/#primaryimage\"},\"thumbnailUrl\":\"https:\\\/\\\/i0.wp.com\\\/www.verredart.fr\\\/wp-content\\\/uploads\\\/2024\\\/03\\\/2e98c38c-0981-4763-8716-fe17e1cf13b5.jpeg?fit=706%2C1256&ssl=1\",\"datePublished\":\"2024-03-30T14:22:00+00:00\",\"dateModified\":\"2025-02-19T18:29:45+00:00\",\"description\":\"Bague en verre recycl\u00e9s. Transformation de verre recycl\u00e9 au chalumeau. Recyclage de verre en magnifiques bijoux engag\u00e9s et \u00e9cologique\",\"breadcrumb\":{\"@id\":\"https:\\\/\\\/www.verredart.fr\\\/verre-dart-bijoux-en-verre-recycle\\\/adoptes-par-les-clients-de-la-boutique-verre-dart\\\/bagues-en-verre-recycle-reglable\\\/#breadcrumb\"},\"inLanguage\":\"en-US\",\"potentialAction\":[{\"@type\":\"ReadAction\",\"target\":[\"https:\\\/\\\/www.verredart.fr\\\/verre-dart-bijoux-en-verre-recycle\\\/adoptes-par-les-clients-de-la-boutique-verre-dart\\\/bagues-en-verre-recycle-reglable\\\/\"]}]},{\"@type\":\"ImageObject\",\"inLanguage\":\"en-US\",\"@id\":\"https:\\\/\\\/www.verredart.fr\\\/verre-dart-bijoux-en-verre-recycle\\\/adoptes-par-les-clients-de-la-boutique-verre-dart\\\/bagues-en-verre-recycle-reglable\\\/#primaryimage\",\"url\":\"https:\\\/\\\/i0.wp.com\\\/www.verredart.fr\\\/wp-content\\\/uploads\\\/2024\\\/03\\\/2e98c38c-0981-4763-8716-fe17e1cf13b5.jpeg?fit=706%2C1256&ssl=1\",\"contentUrl\":\"https:\\\/\\\/i0.wp.com\\\/www.verredart.fr\\\/wp-content\\\/uploads\\\/2024\\\/03\\\/2e98c38c-0981-4763-8716-fe17e1cf13b5.jpeg?fit=706%2C1256&ssl=1\",\"width\":706,\"height\":1256,\"caption\":\"Bague en verre recycl\u00e9s. Transformation de verre recycl\u00e9 au chalumeau. Recyclage de verre en magnifiques bijoux engag\u00e9s et \u00e9cologique\"},{\"@type\":\"BreadcrumbList\",\"@id\":\"https:\\\/\\\/www.verredart.fr\\\/verre-dart-bijoux-en-verre-recycle\\\/adoptes-par-les-clients-de-la-boutique-verre-dart\\\/bagues-en-verre-recycle-reglable\\\/#breadcrumb\",\"itemListElement\":[{\"@type\":\"ListItem\",\"position\":1,\"name\":\"Collections\",\"item\":\"https:\\\/\\\/www.verredart.fr\\\/verre-dart-bijoux-en-verre-recycle\\\/boutique-bijoux-en-verre-culinaire-recycle\\\/\"},{\"@type\":\"ListItem\",\"position\":2,\"name\":\"Bagues\",\"item\":\"https:\\\/\\\/www.verredart.fr\\\/bijoux-en-verre-recycle\\\/bagues-en-verre-recycle\\\/\"},{\"@type\":\"ListItem\",\"position\":3,\"name\":\"Bague r\u00e9glable perles en verre blanches et bleues\"}]},{\"@type\":\"WebSite\",\"@id\":\"https:\\\/\\\/www.verredart.fr\\\/#website\",\"url\":\"https:\\\/\\\/www.verredart.fr\\\/\",\"name\":\"Verre d'Art\",\"description\":\"Recyclage de verre non recyclable en cr\u00e9ations uniques et engag\u00e9s\",\"publisher\":{\"@id\":\"https:\\\/\\\/www.verredart.fr\\\/#organization\"},\"potentialAction\":[{\"@type\":\"SearchAction\",\"target\":{\"@type\":\"EntryPoint\",\"urlTemplate\":\"https:\\\/\\\/www.verredart.fr\\\/?s={search_term_string}\"},\"query-input\":{\"@type\":\"PropertyValueSpecification\",\"valueRequired\":true,\"valueName\":\"search_term_string\"}}],\"inLanguage\":\"en-US\"},{\"@type\":\"Organization\",\"@id\":\"https:\\\/\\\/www.verredart.fr\\\/#organization\",\"name\":\"Verre d'Art\",\"url\":\"https:\\\/\\\/www.verredart.fr\\\/\",\"logo\":{\"@type\":\"ImageObject\",\"inLanguage\":\"en-US\",\"@id\":\"https:\\\/\\\/www.verredart.fr\\\/#\\\/schema\\\/logo\\\/image\\\/\",\"url\":\"\",\"contentUrl\":\"\",\"caption\":\"Verre d'Art\"},\"image\":{\"@id\":\"https:\\\/\\\/www.verredart.fr\\\/#\\\/schema\\\/logo\\\/image\\\/\"},\"sameAs\":[\"https:\\\/\\\/www.facebook.com\\\/Verredart\",\"https:\\\/\\\/x.com\\\/verredart\",\"https:\\\/\\\/www.instagram.com\\\/Verre_dart\",\"https:\\\/\\\/www.pinterest.fr\\\/verredart\\\/\"]}]}<\/script>\n<!-- \/ Yoast SEO plugin. -->","yoast_head_json":{"title":"Bague r\u00e9glable perles en verre blanches et bleues - Verre d&#039;Art","description":"Bague en verre recycl\u00e9s. Transformation de verre recycl\u00e9 au chalumeau. Recyclage de verre en magnifiques bijoux engag\u00e9s et \u00e9cologique","robots":{"index":"index","follow":"follow","max-snippet":"max-snippet:-1","max-image-preview":"max-image-preview:large","max-video-preview":"max-video-preview:-1"},"canonical":"https:\/\/www.verredart.fr\/en\/verre-dart-bijoux-en-verre-recycle\/adoptes-par-les-clients-de-la-boutique-verre-dart\/bagues-en-verre-recycle-reglable\/","og_locale":"en_US","og_type":"article","og_title":"Bague r\u00e9glable perles en verre blanches et bleues - Verre d&#039;Art","og_description":"Bague en verre recycl\u00e9s. Transformation de verre recycl\u00e9 au chalumeau. Recyclage de verre en magnifiques bijoux engag\u00e9s et \u00e9cologique","og_url":"https:\/\/www.verredart.fr\/en\/verre-dart-bijoux-en-verre-recycle\/adoptes-par-les-clients-de-la-boutique-verre-dart\/bagues-en-verre-recycle-reglable\/","og_site_name":"Verre d&#039;Art","article_publisher":"https:\/\/www.facebook.com\/Verredart","article_modified_time":"2025-02-19T18:29:45+00:00","og_image":[{"width":706,"height":1256,"url":"https:\/\/www.verredart.fr\/wp-content\/uploads\/2024\/03\/2e98c38c-0981-4763-8716-fe17e1cf13b5.jpeg","type":"image\/jpeg"}],"twitter_card":"summary_large_image","twitter_site":"@verredart","twitter_misc":{"Est. reading time":"1 minute"},"schema":{"@context":"https:\/\/schema.org","@graph":[{"@type":"WebPage","@id":"https:\/\/www.verredart.fr\/verre-dart-bijoux-en-verre-recycle\/adoptes-par-les-clients-de-la-boutique-verre-dart\/bagues-en-verre-recycle-reglable\/","url":"https:\/\/www.verredart.fr\/verre-dart-bijoux-en-verre-recycle\/adoptes-par-les-clients-de-la-boutique-verre-dart\/bagues-en-verre-recycle-reglable\/","name":"Bague r\u00e9glable perles en verre blanches et bleues - Verre d&#039;Art","isPartOf":{"@id":"https:\/\/www.verredart.fr\/#website"},"primaryImageOfPage":{"@id":"https:\/\/www.verredart.fr\/verre-dart-bijoux-en-verre-recycle\/adoptes-par-les-clients-de-la-boutique-verre-dart\/bagues-en-verre-recycle-reglable\/#primaryimage"},"image":{"@id":"https:\/\/www.verredart.fr\/verre-dart-bijoux-en-verre-recycle\/adoptes-par-les-clients-de-la-boutique-verre-dart\/bagues-en-verre-recycle-reglable\/#primaryimage"},"thumbnailUrl":"https:\/\/i0.wp.com\/www.verredart.fr\/wp-content\/uploads\/2024\/03\/2e98c38c-0981-4763-8716-fe17e1cf13b5.jpeg?fit=706%2C1256&ssl=1","datePublished":"2024-03-30T14:22:00+00:00","dateModified":"2025-02-19T18:29:45+00:00","description":"Bague en verre recycl\u00e9s. Transformation de verre recycl\u00e9 au chalumeau. Recyclage de verre en magnifiques bijoux engag\u00e9s et \u00e9cologique","breadcrumb":{"@id":"https:\/\/www.verredart.fr\/verre-dart-bijoux-en-verre-recycle\/adoptes-par-les-clients-de-la-boutique-verre-dart\/bagues-en-verre-recycle-reglable\/#breadcrumb"},"inLanguage":"en-US","potentialAction":[{"@type":"ReadAction","target":["https:\/\/www.verredart.fr\/verre-dart-bijoux-en-verre-recycle\/adoptes-par-les-clients-de-la-boutique-verre-dart\/bagues-en-verre-recycle-reglable\/"]}]},{"@type":"ImageObject","inLanguage":"en-US","@id":"https:\/\/www.verredart.fr\/verre-dart-bijoux-en-verre-recycle\/adoptes-par-les-clients-de-la-boutique-verre-dart\/bagues-en-verre-recycle-reglable\/#primaryimage","url":"https:\/\/i0.wp.com\/www.verredart.fr\/wp-content\/uploads\/2024\/03\/2e98c38c-0981-4763-8716-fe17e1cf13b5.jpeg?fit=706%2C1256&ssl=1","contentUrl":"https:\/\/i0.wp.com\/www.verredart.fr\/wp-content\/uploads\/2024\/03\/2e98c38c-0981-4763-8716-fe17e1cf13b5.jpeg?fit=706%2C1256&ssl=1","width":706,"height":1256,"caption":"Bague en verre recycl\u00e9s. Transformation de verre recycl\u00e9 au chalumeau. Recyclage de verre en magnifiques bijoux engag\u00e9s et \u00e9cologique"},{"@type":"BreadcrumbList","@id":"https:\/\/www.verredart.fr\/verre-dart-bijoux-en-verre-recycle\/adoptes-par-les-clients-de-la-boutique-verre-dart\/bagues-en-verre-recycle-reglable\/#breadcrumb","itemListElement":[{"@type":"ListItem","position":1,"name":"Collections","item":"https:\/\/www.verredart.fr\/verre-dart-bijoux-en-verre-recycle\/boutique-bijoux-en-verre-culinaire-recycle\/"},{"@type":"ListItem","position":2,"name":"Bagues","item":"https:\/\/www.verredart.fr\/bijoux-en-verre-recycle\/bagues-en-verre-recycle\/"},{"@type":"ListItem","position":3,"name":"Bague r\u00e9glable perles en verre blanches et bleues"}]},{"@type":"WebSite","@id":"https:\/\/www.verredart.fr\/#website","url":"https:\/\/www.verredart.fr\/","name":"Verre d'Art","description":"Recyclage de verre non recyclable en cr\u00e9ations uniques et engag\u00e9s","publisher":{"@id":"https:\/\/www.verredart.fr\/#organization"},"potentialAction":[{"@type":"SearchAction","target":{"@type":"EntryPoint","urlTemplate":"https:\/\/www.verredart.fr\/?s={search_term_string}"},"query-input":{"@type":"PropertyValueSpecification","valueRequired":true,"valueName":"search_term_string"}}],"inLanguage":"en-US"},{"@type":"Organization","@id":"https:\/\/www.verredart.fr\/#organization","name":"Verre d'Art","url":"https:\/\/www.verredart.fr\/","logo":{"@type":"ImageObject","inLanguage":"en-US","@id":"https:\/\/www.verredart.fr\/#\/schema\/logo\/image\/","url":"","contentUrl":"","caption":"Verre d'Art"},"image":{"@id":"https:\/\/www.verredart.fr\/#\/schema\/logo\/image\/"},"sameAs":["https:\/\/www.facebook.com\/Verredart","https:\/\/x.com\/verredart","https:\/\/www.instagram.com\/Verre_dart","https:\/\/www.pinterest.fr\/verredart\/"]}]}},"jetpack_sharing_enabled":true,"_links":{"self":[{"href":"https:\/\/www.verredart.fr\/en\/wp-json\/wp\/v2\/product\/335","targetHints":{"allow":["GET"]}}],"collection":[{"href":"https:\/\/www.verredart.fr\/en\/wp-json\/wp\/v2\/product"}],"about":[{"href":"https:\/\/www.verredart.fr\/en\/wp-json\/wp\/v2\/types\/product"}],"wp:featuredmedia":[{"embeddable":true,"href":"https:\/\/www.verredart.fr\/en\/wp-json\/wp\/v2\/media\/334"}],"wp:attachment":[{"href":"https:\/\/www.verredart.fr\/en\/wp-json\/wp\/v2\/media?parent=335"}],"wp:term":[{"taxonomy":"product_brand","embeddable":true,"href":"https:\/\/www.verredart.fr\/en\/wp-json\/wp\/v2\/product_brand?post=335"},{"taxonomy":"product_cat","embeddable":true,"href":"https:\/\/www.verredart.fr\/en\/wp-json\/wp\/v2\/product_cat?post=335"},{"taxonomy":"product_tag","embeddable":true,"href":"https:\/\/www.verredart.fr\/en\/wp-json\/wp\/v2\/product_tag?post=335"}],"curies":[{"name":"wp","href":"https:\/\/api.w.org\/{rel}","templated":true}]}}