{"id":4763,"date":"2025-03-07T17:43:42","date_gmt":"2025-03-07T17:43:42","guid":{"rendered":"https:\/\/www.verredart.fr\/?post_type=product&#038;p=4763"},"modified":"2026-04-23T18:12:12","modified_gmt":"2026-04-23T18:12:12","slug":"boucles-oreilles-verre-recycle-pendantes-perles-soufflees","status":"publish","type":"product","link":"https:\/\/www.verredart.fr\/en\/verre-dart-bijoux-en-verre-recycle\/boucles-doreilles-en-verre-recycle\/boucles-oreilles-verre-recycle-pendantes-perles-soufflees\/","title":{"rendered":"Boucles d&rsquo;oreilles pendantes perles souffl\u00e9es en verre recycl\u00e9"},"content":{"rendered":"<h3 data-start=\"0\" data-end=\"78\"><strong data-start=\"4\" data-end=\"76\">Boucles d\u2019oreilles en verre recycl\u00e9 \u2013 \u00e9l\u00e9gance et \u00e9co-responsabilit\u00e9<\/strong><\/h3>\n<h4 data-start=\"80\" data-end=\"131\"><strong data-start=\"85\" data-end=\"129\">Des bijoux uniques fa\u00e7onn\u00e9s au chalumeau<\/strong><\/h4>\n<p data-start=\"133\" data-end=\"484\">Je cr\u00e9e ces <strong data-start=\"145\" data-end=\"184\">earrings made from recycled glass<\/strong> en utilisant une technique artisanale de <a href=\"https:\/\/www.verredart.fr\/en\/verre-file-chalumeau-recycle-non-recyclable\/\"><strong data-start=\"226\" data-end=\"258\">filage du verre au chalumeau<\/strong><\/a>. Chaque perle souffl\u00e9e est issue de <strong data-start=\"295\" data-end=\"319\">The non-recyclable glass<\/strong>, que je transforme avec soin pour lui offrir une seconde vie. Gr\u00e2ce \u00e0 ce processus, chaque paire est unique, avec de subtils reflets et une transparence \u00e9l\u00e9gante.<\/p>\n<h4 data-start=\"486\" data-end=\"551\"><strong data-start=\"491\" data-end=\"549\">Un engagement pour l\u2019upcycling et l\u2019artisanat fran\u00e7ais<\/strong><\/h4>\n<p data-start=\"553\" data-end=\"944\">Je travaille exclusivement avec du <a href=\"https:\/\/www.verredart.fr\/en\/a-propos-de-verre-dart\/recyclage-de-verre-culinaire\/\"><strong data-start=\"588\" data-end=\"615\">verre issu du recyclage<\/strong><\/a>, notamment du <strong data-start=\"630\" data-end=\"649\">verre culinaire<\/strong> destin\u00e9 \u00e0 \u00eatre jet\u00e9. Ce choix s\u2019inscrit dans une d\u00e9marche d\u2019<strong data-start=\"710\" data-end=\"734\">eco-friendly crafts<\/strong>, o\u00f9 chaque cr\u00e9ation contribue \u00e0 limiter le gaspillage. Fabriqu\u00e9es \u00e0 la main dans mon atelier, ces <strong data-start=\"833\" data-end=\"869\">cr\u00e9ations artisanales fran\u00e7aises<\/strong> allient <strong data-start=\"878\" data-end=\"907\">savoir-faire traditionnel<\/strong> et <strong data-start=\"911\" data-end=\"941\">engagement \u00e9co-responsable<\/strong>.<\/p>\n<h4 data-start=\"946\" data-end=\"1015\"><strong data-start=\"951\" data-end=\"1013\">Pourquoi choisir ces boucles d\u2019oreilles en verre recycl\u00e9 ?<\/strong><\/h4>\n<ul data-start=\"1017\" data-end=\"1420\">\n<li data-start=\"1017\" data-end=\"1127\"><strong data-start=\"1019\" data-end=\"1035\">Bijou unique<\/strong> : chaque perle souffl\u00e9e pr\u00e9sente de l\u00e9g\u00e8res variations qui rendent chaque paire sp\u00e9ciale.<\/li>\n<li data-start=\"1128\" data-end=\"1217\"><strong data-start=\"1130\" data-end=\"1152\">\u00c9co-responsabilit\u00e9<\/strong> : le verre recycl\u00e9 r\u00e9duit les d\u00e9chets et valorise l\u2019upcycling.<\/li>\n<li data-start=\"1218\" data-end=\"1331\"><strong data-start=\"1220\" data-end=\"1244\">L\u00e9g\u00e8ret\u00e9 et \u00e9l\u00e9gance<\/strong> : malgr\u00e9 leur apparence d\u00e9licate, ces boucles sont l\u00e9g\u00e8res et confortables \u00e0 porter.<\/li>\n<li data-start=\"1332\" data-end=\"1420\"><strong data-start=\"1334\" data-end=\"1357\">Fait main en France<\/strong> : chaque bijou est fabriqu\u00e9 artisanalement dans mon atelier.<\/li>\n<\/ul>\n<p data-start=\"1422\" data-end=\"1654\">Ces <strong data-start=\"1426\" data-end=\"1475\">boucles d\u2019oreilles pendantes en verre recycl\u00e9<\/strong> sont parfaites pour ajouter une touche d\u2019originalit\u00e9 et de conscience \u00e9cologique \u00e0 ta tenue. Offre-toi un bijou durable et \u00e9l\u00e9gant en les ajoutant \u00e0 ton panier d\u00e8s maintenant !<\/p>","protected":false},"excerpt":{"rendered":"<h3 data-start=\"0\" data-end=\"66\"><strong data-start=\"4\" data-end=\"64\">Boucles d\u2019oreilles en verre recycl\u00e9 \u2013 finesse et \u00e9thique<\/strong><\/h3>\n<p data-start=\"68\" data-end=\"345\">Ces <strong data-start=\"72\" data-end=\"121\">boucles d\u2019oreilles pendantes en verre recycl\u00e9<\/strong> sont enti\u00e8rement fa\u00e7onn\u00e9es \u00e0 la main. Chaque perle souffl\u00e9e est issue de <a href=\"https:\/\/www.verredart.fr\/en\/a-propos-de-verre-dart\/recyclage-de-verre-culinaire\/\"><strong data-start=\"195\" data-end=\"219\">The non-recyclable glass<\/strong><\/a>, transform\u00e9 gr\u00e2ce \u00e0 la technique du <a href=\"https:\/\/www.verredart.fr\/en\/verre-file-chalumeau-recycle-non-recyclable\/\"><strong data-start=\"256\" data-end=\"279\">filage au chalumeau<\/strong><\/a>. L\u00e9g\u00e8res et \u00e9l\u00e9gantes, elles captent la lumi\u00e8re avec subtilit\u00e9.<\/p>\n<p data-start=\"347\" data-end=\"569\">Je m\u2019inscris dans une d\u00e9marche d\u2019<strong data-start=\"380\" data-end=\"404\">eco-friendly crafts<\/strong>, en donnant une seconde vie \u00e0 du <strong data-start=\"438\" data-end=\"457\">verre culinaire<\/strong> destin\u00e9 \u00e0 \u00eatre jet\u00e9. Chaque paire est unique, avec de l\u00e9g\u00e8res variations qui t\u00e9moignent du travail artisanal.<\/p>\n<p data-start=\"571\" data-end=\"736\" data-is-last-node=\"\" data-is-only-node=\"\">Fines et d\u00e9licates, ces boucles d\u2019oreilles sont id\u00e9ales pour une touche d\u2019\u00e9l\u00e9gance responsable. Adopte un bijou unique et \u00e9thique en les commandant d\u00e8s aujourd\u2019hui !<\/p>","protected":false},"featured_media":6368,"template":"","meta":[],"product_brand":[],"product_cat":[17],"product_tag":[],"class_list":{"0":"post-4763","1":"product","2":"type-product","3":"status-publish","4":"has-post-thumbnail","6":"product_cat-boucles-doreilles-en-verre-recycle","8":"entry","9":"has-media","11":"first","12":"instock","13":"shipping-taxable","14":"purchasable","15":"product-type-simple","16":"has-product-nav","17":"col","18":"span_1_of_3","19":"owp-content-center","20":"item-entry","21":"owp-thumbs-layout-vertical","22":"owp-btn-big","23":"owp-tabs-layout-horizontal"},"yoast_head":"<!-- This site is optimized with the Yoast SEO plugin v27.4 - https:\/\/yoast.com\/product\/yoast-seo-wordpress\/ -->\n<title>Boucles d\u2019oreilles en verre recycl\u00e9 pendantes \u2013 Perles souffl\u00e9es<\/title>\n<meta name=\"description\" content=\"D\u00e9couvrez nos boucles d\u2019oreilles pendantes en verre recycl\u00e9, fa\u00e7onn\u00e9es \u00e0 la main avec des perles souffl\u00e9es uniques \u00e0 partir de verre non recy\" \/>\n<meta name=\"robots\" content=\"index, follow, max-snippet:-1, max-image-preview:large, max-video-preview:-1\" \/>\n<link rel=\"canonical\" href=\"https:\/\/www.verredart.fr\/en\/verre-dart-bijoux-en-verre-recycle\/boucles-doreilles-en-verre-recycle\/boucles-oreilles-verre-recycle-pendantes-perles-soufflees\/\" \/>\n<meta property=\"og:locale\" content=\"en_US\" \/>\n<meta property=\"og:type\" content=\"article\" \/>\n<meta property=\"og:title\" content=\"Boucles d\u2019oreilles en verre recycl\u00e9 pendantes \u2013 Perles souffl\u00e9es\" \/>\n<meta property=\"og:description\" content=\"D\u00e9couvrez nos boucles d\u2019oreilles pendantes en verre recycl\u00e9, fa\u00e7onn\u00e9es \u00e0 la main avec des perles souffl\u00e9es uniques \u00e0 partir de verre non recy\" \/>\n<meta property=\"og:url\" content=\"https:\/\/www.verredart.fr\/en\/verre-dart-bijoux-en-verre-recycle\/boucles-doreilles-en-verre-recycle\/boucles-oreilles-verre-recycle-pendantes-perles-soufflees\/\" \/>\n<meta property=\"og:site_name\" content=\"Verre d&#039;Art\" \/>\n<meta property=\"article:publisher\" content=\"https:\/\/www.facebook.com\/Verredart\" \/>\n<meta property=\"article:modified_time\" content=\"2026-04-23T18:12:12+00:00\" \/>\n<meta property=\"og:image\" content=\"https:\/\/www.verredart.fr\/wp-content\/uploads\/2025\/03\/IMG_5824.jpg\" \/>\n\t<meta property=\"og:image:width\" content=\"1920\" \/>\n\t<meta property=\"og:image:height\" content=\"1080\" \/>\n\t<meta property=\"og:image:type\" content=\"image\/jpeg\" \/>\n<meta name=\"twitter:card\" content=\"summary_large_image\" \/>\n<meta name=\"twitter:site\" content=\"@verredart\" \/>\n<meta name=\"twitter:label1\" content=\"Est. reading time\" \/>\n\t<meta name=\"twitter:data1\" content=\"2 minutes\" \/>\n<script type=\"application\/ld+json\" class=\"yoast-schema-graph\">{\"@context\":\"https:\\\/\\\/schema.org\",\"@graph\":[{\"@type\":\"WebPage\",\"@id\":\"https:\\\/\\\/www.verredart.fr\\\/verre-dart-bijoux-en-verre-recycle\\\/boucles-doreilles-en-verre-recycle\\\/boucles-oreilles-verre-recycle-pendantes-perles-soufflees\\\/\",\"url\":\"https:\\\/\\\/www.verredart.fr\\\/verre-dart-bijoux-en-verre-recycle\\\/boucles-doreilles-en-verre-recycle\\\/boucles-oreilles-verre-recycle-pendantes-perles-soufflees\\\/\",\"name\":\"Boucles d\u2019oreilles en verre recycl\u00e9 pendantes \u2013 Perles souffl\u00e9es\",\"isPartOf\":{\"@id\":\"https:\\\/\\\/www.verredart.fr\\\/#website\"},\"primaryImageOfPage\":{\"@id\":\"https:\\\/\\\/www.verredart.fr\\\/verre-dart-bijoux-en-verre-recycle\\\/boucles-doreilles-en-verre-recycle\\\/boucles-oreilles-verre-recycle-pendantes-perles-soufflees\\\/#primaryimage\"},\"image\":{\"@id\":\"https:\\\/\\\/www.verredart.fr\\\/verre-dart-bijoux-en-verre-recycle\\\/boucles-doreilles-en-verre-recycle\\\/boucles-oreilles-verre-recycle-pendantes-perles-soufflees\\\/#primaryimage\"},\"thumbnailUrl\":\"https:\\\/\\\/i0.wp.com\\\/www.verredart.fr\\\/wp-content\\\/uploads\\\/2025\\\/03\\\/IMG_5824.jpg?fit=1920%2C1080&ssl=1\",\"datePublished\":\"2025-03-07T17:43:42+00:00\",\"dateModified\":\"2026-04-23T18:12:12+00:00\",\"description\":\"D\u00e9couvrez nos boucles d\u2019oreilles pendantes en verre recycl\u00e9, fa\u00e7onn\u00e9es \u00e0 la main avec des perles souffl\u00e9es uniques \u00e0 partir de verre non recyclable.\",\"breadcrumb\":{\"@id\":\"https:\\\/\\\/www.verredart.fr\\\/verre-dart-bijoux-en-verre-recycle\\\/boucles-doreilles-en-verre-recycle\\\/boucles-oreilles-verre-recycle-pendantes-perles-soufflees\\\/#breadcrumb\"},\"inLanguage\":\"en-US\",\"potentialAction\":[{\"@type\":\"ReadAction\",\"target\":[\"https:\\\/\\\/www.verredart.fr\\\/verre-dart-bijoux-en-verre-recycle\\\/boucles-doreilles-en-verre-recycle\\\/boucles-oreilles-verre-recycle-pendantes-perles-soufflees\\\/\"]}]},{\"@type\":\"ImageObject\",\"inLanguage\":\"en-US\",\"@id\":\"https:\\\/\\\/www.verredart.fr\\\/verre-dart-bijoux-en-verre-recycle\\\/boucles-doreilles-en-verre-recycle\\\/boucles-oreilles-verre-recycle-pendantes-perles-soufflees\\\/#primaryimage\",\"url\":\"https:\\\/\\\/i0.wp.com\\\/www.verredart.fr\\\/wp-content\\\/uploads\\\/2025\\\/03\\\/IMG_5824.jpg?fit=1920%2C1080&ssl=1\",\"contentUrl\":\"https:\\\/\\\/i0.wp.com\\\/www.verredart.fr\\\/wp-content\\\/uploads\\\/2025\\\/03\\\/IMG_5824.jpg?fit=1920%2C1080&ssl=1\",\"width\":1920,\"height\":1080,\"caption\":\"boucle d\u2019oreille pendante verre recycl\u00e9 perle souffl\u00e9e\"},{\"@type\":\"BreadcrumbList\",\"@id\":\"https:\\\/\\\/www.verredart.fr\\\/verre-dart-bijoux-en-verre-recycle\\\/boucles-doreilles-en-verre-recycle\\\/boucles-oreilles-verre-recycle-pendantes-perles-soufflees\\\/#breadcrumb\",\"itemListElement\":[{\"@type\":\"ListItem\",\"position\":1,\"name\":\"Collections\",\"item\":\"https:\\\/\\\/www.verredart.fr\\\/verre-dart-bijoux-en-verre-recycle\\\/boutique-bijoux-en-verre-culinaire-recycle\\\/\"},{\"@type\":\"ListItem\",\"position\":2,\"name\":\"Boucles d'oreilles\",\"item\":\"https:\\\/\\\/www.verredart.fr\\\/bijoux-en-verre-recycle\\\/boucles-doreilles-en-verre-recycle\\\/\"},{\"@type\":\"ListItem\",\"position\":3,\"name\":\"Boucles d&rsquo;oreilles pendantes perles souffl\u00e9es en verre recycl\u00e9\"}]},{\"@type\":\"WebSite\",\"@id\":\"https:\\\/\\\/www.verredart.fr\\\/#website\",\"url\":\"https:\\\/\\\/www.verredart.fr\\\/\",\"name\":\"Verre d'Art\",\"description\":\"Recyclage de verre non recyclable en cr\u00e9ations uniques et engag\u00e9s\",\"publisher\":{\"@id\":\"https:\\\/\\\/www.verredart.fr\\\/#organization\"},\"potentialAction\":[{\"@type\":\"SearchAction\",\"target\":{\"@type\":\"EntryPoint\",\"urlTemplate\":\"https:\\\/\\\/www.verredart.fr\\\/?s={search_term_string}\"},\"query-input\":{\"@type\":\"PropertyValueSpecification\",\"valueRequired\":true,\"valueName\":\"search_term_string\"}}],\"inLanguage\":\"en-US\"},{\"@type\":\"Organization\",\"@id\":\"https:\\\/\\\/www.verredart.fr\\\/#organization\",\"name\":\"Verre d'Art\",\"url\":\"https:\\\/\\\/www.verredart.fr\\\/\",\"logo\":{\"@type\":\"ImageObject\",\"inLanguage\":\"en-US\",\"@id\":\"https:\\\/\\\/www.verredart.fr\\\/#\\\/schema\\\/logo\\\/image\\\/\",\"url\":\"\",\"contentUrl\":\"\",\"caption\":\"Verre d'Art\"},\"image\":{\"@id\":\"https:\\\/\\\/www.verredart.fr\\\/#\\\/schema\\\/logo\\\/image\\\/\"},\"sameAs\":[\"https:\\\/\\\/www.facebook.com\\\/Verredart\",\"https:\\\/\\\/x.com\\\/verredart\",\"https:\\\/\\\/www.instagram.com\\\/Verre_dart\",\"https:\\\/\\\/www.pinterest.fr\\\/verredart\\\/\"]}]}<\/script>\n<!-- \/ Yoast SEO plugin. -->","yoast_head_json":{"title":"Boucles d\u2019oreilles en verre recycl\u00e9 pendantes \u2013 Perles souffl\u00e9es","description":"D\u00e9couvrez nos boucles d\u2019oreilles pendantes en verre recycl\u00e9, fa\u00e7onn\u00e9es \u00e0 la main avec des perles souffl\u00e9es uniques \u00e0 partir de verre non recy","robots":{"index":"index","follow":"follow","max-snippet":"max-snippet:-1","max-image-preview":"max-image-preview:large","max-video-preview":"max-video-preview:-1"},"canonical":"https:\/\/www.verredart.fr\/en\/verre-dart-bijoux-en-verre-recycle\/boucles-doreilles-en-verre-recycle\/boucles-oreilles-verre-recycle-pendantes-perles-soufflees\/","og_locale":"en_US","og_type":"article","og_title":"Boucles d\u2019oreilles en verre recycl\u00e9 pendantes \u2013 Perles souffl\u00e9es","og_description":"D\u00e9couvrez nos boucles d\u2019oreilles pendantes en verre recycl\u00e9, fa\u00e7onn\u00e9es \u00e0 la main avec des perles souffl\u00e9es uniques \u00e0 partir de verre non recy","og_url":"https:\/\/www.verredart.fr\/en\/verre-dart-bijoux-en-verre-recycle\/boucles-doreilles-en-verre-recycle\/boucles-oreilles-verre-recycle-pendantes-perles-soufflees\/","og_site_name":"Verre d&#039;Art","article_publisher":"https:\/\/www.facebook.com\/Verredart","article_modified_time":"2026-04-23T18:12:12+00:00","og_image":[{"width":1920,"height":1080,"url":"https:\/\/www.verredart.fr\/wp-content\/uploads\/2025\/03\/IMG_5824.jpg","type":"image\/jpeg"}],"twitter_card":"summary_large_image","twitter_site":"@verredart","twitter_misc":{"Est. reading time":"2 minutes"},"schema":{"@context":"https:\/\/schema.org","@graph":[{"@type":"WebPage","@id":"https:\/\/www.verredart.fr\/verre-dart-bijoux-en-verre-recycle\/boucles-doreilles-en-verre-recycle\/boucles-oreilles-verre-recycle-pendantes-perles-soufflees\/","url":"https:\/\/www.verredart.fr\/verre-dart-bijoux-en-verre-recycle\/boucles-doreilles-en-verre-recycle\/boucles-oreilles-verre-recycle-pendantes-perles-soufflees\/","name":"Boucles d\u2019oreilles en verre recycl\u00e9 pendantes \u2013 Perles souffl\u00e9es","isPartOf":{"@id":"https:\/\/www.verredart.fr\/#website"},"primaryImageOfPage":{"@id":"https:\/\/www.verredart.fr\/verre-dart-bijoux-en-verre-recycle\/boucles-doreilles-en-verre-recycle\/boucles-oreilles-verre-recycle-pendantes-perles-soufflees\/#primaryimage"},"image":{"@id":"https:\/\/www.verredart.fr\/verre-dart-bijoux-en-verre-recycle\/boucles-doreilles-en-verre-recycle\/boucles-oreilles-verre-recycle-pendantes-perles-soufflees\/#primaryimage"},"thumbnailUrl":"https:\/\/i0.wp.com\/www.verredart.fr\/wp-content\/uploads\/2025\/03\/IMG_5824.jpg?fit=1920%2C1080&ssl=1","datePublished":"2025-03-07T17:43:42+00:00","dateModified":"2026-04-23T18:12:12+00:00","description":"D\u00e9couvrez nos boucles d\u2019oreilles pendantes en verre recycl\u00e9, fa\u00e7onn\u00e9es \u00e0 la main avec des perles souffl\u00e9es uniques \u00e0 partir de verre non recyclable.","breadcrumb":{"@id":"https:\/\/www.verredart.fr\/verre-dart-bijoux-en-verre-recycle\/boucles-doreilles-en-verre-recycle\/boucles-oreilles-verre-recycle-pendantes-perles-soufflees\/#breadcrumb"},"inLanguage":"en-US","potentialAction":[{"@type":"ReadAction","target":["https:\/\/www.verredart.fr\/verre-dart-bijoux-en-verre-recycle\/boucles-doreilles-en-verre-recycle\/boucles-oreilles-verre-recycle-pendantes-perles-soufflees\/"]}]},{"@type":"ImageObject","inLanguage":"en-US","@id":"https:\/\/www.verredart.fr\/verre-dart-bijoux-en-verre-recycle\/boucles-doreilles-en-verre-recycle\/boucles-oreilles-verre-recycle-pendantes-perles-soufflees\/#primaryimage","url":"https:\/\/i0.wp.com\/www.verredart.fr\/wp-content\/uploads\/2025\/03\/IMG_5824.jpg?fit=1920%2C1080&ssl=1","contentUrl":"https:\/\/i0.wp.com\/www.verredart.fr\/wp-content\/uploads\/2025\/03\/IMG_5824.jpg?fit=1920%2C1080&ssl=1","width":1920,"height":1080,"caption":"boucle d\u2019oreille pendante verre recycl\u00e9 perle souffl\u00e9e"},{"@type":"BreadcrumbList","@id":"https:\/\/www.verredart.fr\/verre-dart-bijoux-en-verre-recycle\/boucles-doreilles-en-verre-recycle\/boucles-oreilles-verre-recycle-pendantes-perles-soufflees\/#breadcrumb","itemListElement":[{"@type":"ListItem","position":1,"name":"Collections","item":"https:\/\/www.verredart.fr\/verre-dart-bijoux-en-verre-recycle\/boutique-bijoux-en-verre-culinaire-recycle\/"},{"@type":"ListItem","position":2,"name":"Boucles d'oreilles","item":"https:\/\/www.verredart.fr\/bijoux-en-verre-recycle\/boucles-doreilles-en-verre-recycle\/"},{"@type":"ListItem","position":3,"name":"Boucles d&rsquo;oreilles pendantes perles souffl\u00e9es en verre recycl\u00e9"}]},{"@type":"WebSite","@id":"https:\/\/www.verredart.fr\/#website","url":"https:\/\/www.verredart.fr\/","name":"Verre d'Art","description":"Recyclage de verre non recyclable en cr\u00e9ations uniques et engag\u00e9s","publisher":{"@id":"https:\/\/www.verredart.fr\/#organization"},"potentialAction":[{"@type":"SearchAction","target":{"@type":"EntryPoint","urlTemplate":"https:\/\/www.verredart.fr\/?s={search_term_string}"},"query-input":{"@type":"PropertyValueSpecification","valueRequired":true,"valueName":"search_term_string"}}],"inLanguage":"en-US"},{"@type":"Organization","@id":"https:\/\/www.verredart.fr\/#organization","name":"Verre d'Art","url":"https:\/\/www.verredart.fr\/","logo":{"@type":"ImageObject","inLanguage":"en-US","@id":"https:\/\/www.verredart.fr\/#\/schema\/logo\/image\/","url":"","contentUrl":"","caption":"Verre d'Art"},"image":{"@id":"https:\/\/www.verredart.fr\/#\/schema\/logo\/image\/"},"sameAs":["https:\/\/www.facebook.com\/Verredart","https:\/\/x.com\/verredart","https:\/\/www.instagram.com\/Verre_dart","https:\/\/www.pinterest.fr\/verredart\/"]}]}},"jetpack_sharing_enabled":true,"_links":{"self":[{"href":"https:\/\/www.verredart.fr\/en\/wp-json\/wp\/v2\/product\/4763","targetHints":{"allow":["GET"]}}],"collection":[{"href":"https:\/\/www.verredart.fr\/en\/wp-json\/wp\/v2\/product"}],"about":[{"href":"https:\/\/www.verredart.fr\/en\/wp-json\/wp\/v2\/types\/product"}],"wp:featuredmedia":[{"embeddable":true,"href":"https:\/\/www.verredart.fr\/en\/wp-json\/wp\/v2\/media\/6368"}],"wp:attachment":[{"href":"https:\/\/www.verredart.fr\/en\/wp-json\/wp\/v2\/media?parent=4763"}],"wp:term":[{"taxonomy":"product_brand","embeddable":true,"href":"https:\/\/www.verredart.fr\/en\/wp-json\/wp\/v2\/product_brand?post=4763"},{"taxonomy":"product_cat","embeddable":true,"href":"https:\/\/www.verredart.fr\/en\/wp-json\/wp\/v2\/product_cat?post=4763"},{"taxonomy":"product_tag","embeddable":true,"href":"https:\/\/www.verredart.fr\/en\/wp-json\/wp\/v2\/product_tag?post=4763"}],"curies":[{"name":"wp","href":"https:\/\/api.w.org\/{rel}","templated":true}]}}