{"id":5185,"date":"2025-04-16T06:51:22","date_gmt":"2025-04-16T06:51:22","guid":{"rendered":"https:\/\/www.verredart.fr\/?post_type=product&#038;p=5185"},"modified":"2025-06-03T19:44:21","modified_gmt":"2025-06-03T19:44:21","slug":"boucles-doreilles-muguet-verre-recycle-bijou-solidaire","status":"publish","type":"product","link":"https:\/\/www.verredart.fr\/en\/verre-dart-bijoux-en-verre-recycle\/boucles-doreilles-en-verre-recycle\/boucles-doreilles-muguet-verre-recycle-bijou-solidaire\/","title":{"rendered":"Lily of the valley earrings \u2013 recycled glass &amp; ethical jewelry"},"content":{"rendered":"<p class=\"\" data-start=\"673\" data-end=\"728\">\ud83c\udf3f <strong data-start=\"676\" data-end=\"728\">Un bijou de printemps engag\u00e9 et porteur d\u2019espoir<\/strong><\/p>\n<p class=\"\" data-start=\"730\" data-end=\"990\">Je cr\u00e9e ces <strong data-start=\"742\" data-end=\"771\">boucles d\u2019oreilles muguet<\/strong> dans mon atelier \u00e0 partir de <strong data-start=\"801\" data-end=\"825\">The non-recyclable glass<\/strong>, r\u00e9cup\u00e9r\u00e9 localement. \u00c0 la flamme, je transforme chaque fragment de verre en d\u00e9licates clochettes. R\u00e9sultat : un bijou unique, po\u00e9tique, et profond\u00e9ment symbolique.<\/p>\n<p class=\"\" data-start=\"992\" data-end=\"1322\">\ud83d\udc9a <strong data-start=\"995\" data-end=\"1053\">Et ce n\u2019est pas tout : c\u2019est aussi un bijou solidaire.<\/strong><br data-start=\"1053\" data-end=\"1056\" \/>Gr\u00e2ce \u00e0 mon partenariat avec <strong data-start=\"1085\" data-end=\"1124\">Patrick Magnier du Lions Club Orsay<\/strong>, <strong data-start=\"1126\" data-end=\"1250\">je reverse 20 % du montant de chaque vente \u00e0 l\u2019association <a class=\"\" href=\"https:\/\/www.enfants-cancers-sante.fr\" target=\"_new\" rel=\"noopener\" data-start=\"1187\" data-end=\"1248\">Enfants Cancers Sant\u00e9<\/a><\/strong>. Ensemble, nous soutenons la recherche contre les cancers infantile.<\/p>\n<hr class=\"\" data-start=\"1324\" data-end=\"1327\" \/>\n<p class=\"\" data-start=\"1329\" data-end=\"1364\">\u2728 <strong data-start=\"1331\" data-end=\"1364\">Caract\u00e9ristiques :<\/strong><\/p>\n<ul data-start=\"1366\" data-end=\"1612\">\n<li class=\"\" data-start=\"1366\" data-end=\"1427\">\n<p class=\"\" data-start=\"1368\" data-end=\"1427\">\ud83d\udd25 Verre non recyclable issu d&rsquo;une assiette et d&rsquo;un verre de table<\/p>\n<\/li>\n<li class=\"\" data-start=\"1428\" data-end=\"1463\">\n<p class=\"\" data-start=\"1430\" data-end=\"1463\">\ud83d\udc8e Travail artisanal au chalumeau<\/p>\n<\/li>\n<li class=\"\" data-start=\"1464\" data-end=\"1492\">\n<p class=\"\" data-start=\"1466\" data-end=\"1492\">\ud83c\udf38 Design : brin de muguet<\/p>\n<\/li>\n<li class=\"\" data-start=\"1493\" data-end=\"1523\">\n<p class=\"\" data-start=\"1495\" data-end=\"1523\">\ud83d\udccf Longueur : environ 4 \u00e0 5 cm<\/p>\n<\/li>\n<li class=\"\" data-start=\"1524\" data-end=\"1575\">\n<p class=\"\" data-start=\"1526\" data-end=\"1575\">\ud83d\udd17 Crochets en acier inoxydable (sans allergie)<\/p>\n<\/li>\n<li class=\"\" data-start=\"1576\" data-end=\"1612\">\n<p class=\"\" data-start=\"1578\" data-end=\"1612\">\ud83c\udf81 Emballage recycl\u00e9 et recyclable<\/p>\n<\/li>\n<\/ul>\n<hr class=\"\" data-start=\"1614\" data-end=\"1617\" \/>\n<p class=\"\" data-start=\"1619\" data-end=\"1663\">\ud83c\udf31 <strong data-start=\"1622\" data-end=\"1663\">Pourquoi adopter ces boucles muguet ?<\/strong><\/p>\n<ul data-start=\"1665\" data-end=\"1932\">\n<li class=\"\" data-start=\"1665\" data-end=\"1726\">\n<p class=\"\" data-start=\"1667\" data-end=\"1726\">Vous soutenez une <strong data-start=\"1685\" data-end=\"1726\">cr\u00e9ation artisanale et \u00e9coresponsable<\/strong><\/p>\n<\/li>\n<li class=\"\" data-start=\"1727\" data-end=\"1787\">\n<p class=\"\" data-start=\"1729\" data-end=\"1787\">Vous portez un bijou <strong data-start=\"1750\" data-end=\"1763\">fait main<\/strong> qui \u00e9voque le renouveau<\/p>\n<\/li>\n<li class=\"\" data-start=\"1788\" data-end=\"1864\">\n<p class=\"\" data-start=\"1790\" data-end=\"1864\">Vous participez \u00e0 un projet <strong data-start=\"1818\" data-end=\"1831\">solidaire<\/strong>, au b\u00e9n\u00e9fice des enfants malades<\/p>\n<\/li>\n<li class=\"\" data-start=\"1865\" data-end=\"1932\">\n<p class=\"\" data-start=\"1867\" data-end=\"1932\">Vous contribuez \u00e0 <strong data-start=\"1885\" data-end=\"1932\">r\u00e9duire les d\u00e9chets de verre non recyclable<\/strong><\/p>\n<\/li>\n<\/ul>\n<hr class=\"\" data-start=\"1934\" data-end=\"1937\" \/>\n<p class=\"\" data-start=\"1939\" data-end=\"2120\">\ud83d\udce6 <strong data-start=\"1942\" data-end=\"1988\">Pr\u00e9commande ouverte jusqu\u2019au 5 Mai 2025<\/strong><br data-start=\"1988\" data-end=\"1991\" \/>J\u2019exp\u00e9dierai les commandes dans un d\u00e9lais de 3 \u00e0 5 jours apr\u00e8s la commande.<br data-start=\"2048\" data-end=\"2051\" \/>Les quantit\u00e9s sont limit\u00e9es, je fabrique chaque paire avec attention.<\/p>\n<hr class=\"\" data-start=\"2122\" data-end=\"2125\" \/>\n<p class=\"\" data-start=\"2127\" data-end=\"2234\"><br data-start=\"2147\" data-end=\"2150\" \/>\ud83d\ude9a Livraison en France &amp; en Europe<br data-start=\"2184\" data-end=\"2187\" \/>\u267b\ufe0f Z\u00e9ro plastique \u2013 Envoi soign\u00e9 et responsable<\/p>","protected":false},"excerpt":{"rendered":"<h2><strong data-start=\"2420\" data-end=\"2439\">Bijou solidaire<\/strong><\/h2>\n<h3><strong> 20 % revers\u00e9s \u00e0 <a href=\"https:\/\/www.enfants-cancers-sante.fr\">Enfants Cancers Sant\u00e9<\/a><\/strong> \ud83e\udd0d<br data-start=\"2482\" data-end=\"2485\" \/>Cr\u00e9ation unique en verre recycl\u00e9 \u267b\ufe0f | Artisanat local \ud83c\uddeb\ud83c\uddf7<\/h3>\n<hr class=\"\" data-start=\"1324\" data-end=\"1327\" \/>\n<p class=\"\" data-start=\"1329\" data-end=\"1364\">\u2728 <strong data-start=\"1331\" data-end=\"1364\">Caract\u00e9ristiques :<\/strong><\/p>\n<ul data-start=\"1366\" data-end=\"1612\">\n<li class=\"\" data-start=\"1366\" data-end=\"1427\">\n<p class=\"\" data-start=\"1368\" data-end=\"1427\">\ud83d\udd25 <a href=\"https:\/\/www.verredart.fr\/en\/le-recyclage-du-verre-non-recyclable\/\">Verre non recyclable<\/a> issu d&rsquo;une assiette et d&rsquo;un verre de table<\/p>\n<\/li>\n<li class=\"\" data-start=\"1428\" data-end=\"1463\">\n<p class=\"\" data-start=\"1430\" data-end=\"1463\">\ud83d\udc8e Travail artisanal au chalumeau<\/p>\n<\/li>\n<li class=\"\" data-start=\"1464\" data-end=\"1492\">\n<p class=\"\" data-start=\"1466\" data-end=\"1492\">\ud83c\udf38 Design : brin de muguet<\/p>\n<\/li>\n<li class=\"\" data-start=\"1493\" data-end=\"1523\">\n<p class=\"\" data-start=\"1495\" data-end=\"1523\">\ud83d\udccf Longueur : environ 4 \u00e0 5 cm<\/p>\n<\/li>\n<li class=\"\" data-start=\"1524\" data-end=\"1575\">\n<p class=\"\" data-start=\"1526\" data-end=\"1575\">\ud83d\udd17 Crochets en acier inoxydable (sans allergie)<\/p>\n<\/li>\n<li class=\"\" data-start=\"1576\" data-end=\"1612\">\n<p class=\"\" data-start=\"1578\" data-end=\"1612\">\ud83c\udf81 Emballage recycl\u00e9 et recyclable<\/p>\n<\/li>\n<\/ul>\n<p>&nbsp;<\/p>","protected":false},"featured_media":5361,"template":"","meta":[],"product_brand":[],"product_cat":[17],"product_tag":[],"class_list":{"0":"post-5185","1":"product","2":"type-product","3":"status-publish","4":"has-post-thumbnail","6":"product_cat-boucles-doreilles-en-verre-recycle","8":"entry","9":"has-media","11":"first","12":"instock","13":"shipping-taxable","14":"purchasable","15":"product-type-simple","16":"has-product-nav","17":"col","18":"span_1_of_3","19":"owp-content-center","20":"item-entry","21":"owp-thumbs-layout-vertical","22":"owp-btn-big","23":"owp-tabs-layout-horizontal"},"yoast_head":"<!-- This site is optimized with the Yoast SEO plugin v27.4 - https:\/\/yoast.com\/product\/yoast-seo-wordpress\/ -->\n<title>Boucles d\u2019oreilles muguet solidaire \u2013 verre recycl\u00e9 non recyclable<\/title>\n<meta name=\"description\" content=\"Boucles d\u2019oreilles muguet solidaire en verre recycl\u00e9 non recyclable. Fabriqu\u00e9es \u00e0 la main, 20 % des ventes revers\u00e9s \u00e0 Enfants Cancers Sant\u00e9.\" \/>\n<meta name=\"robots\" content=\"index, follow, max-snippet:-1, max-image-preview:large, max-video-preview:-1\" \/>\n<link rel=\"canonical\" href=\"https:\/\/www.verredart.fr\/en\/verre-dart-bijoux-en-verre-recycle\/boucles-doreilles-en-verre-recycle\/boucles-doreilles-muguet-verre-recycle-bijou-solidaire\/\" \/>\n<meta property=\"og:locale\" content=\"en_US\" \/>\n<meta property=\"og:type\" content=\"article\" \/>\n<meta property=\"og:title\" content=\"Boucles d\u2019oreilles muguet solidaire \u2013 verre recycl\u00e9 non recyclable\" \/>\n<meta property=\"og:description\" content=\"Boucles d\u2019oreilles muguet solidaire en verre recycl\u00e9 non recyclable. Fabriqu\u00e9es \u00e0 la main, 20 % des ventes revers\u00e9s \u00e0 Enfants Cancers Sant\u00e9.\" \/>\n<meta property=\"og:url\" content=\"https:\/\/www.verredart.fr\/en\/verre-dart-bijoux-en-verre-recycle\/boucles-doreilles-en-verre-recycle\/boucles-doreilles-muguet-verre-recycle-bijou-solidaire\/\" \/>\n<meta property=\"og:site_name\" content=\"Verre d&#039;Art\" \/>\n<meta property=\"article:publisher\" content=\"https:\/\/www.facebook.com\/Verredart\" \/>\n<meta property=\"article:modified_time\" content=\"2025-06-03T19:44:21+00:00\" \/>\n<meta property=\"og:image\" content=\"https:\/\/www.verredart.fr\/wp-content\/uploads\/2025\/04\/IMG_4591-1024x576.jpg\" \/>\n\t<meta property=\"og:image:width\" content=\"1024\" \/>\n\t<meta property=\"og:image:height\" content=\"576\" \/>\n\t<meta property=\"og:image:type\" content=\"image\/jpeg\" \/>\n<meta name=\"twitter:card\" content=\"summary_large_image\" \/>\n<meta name=\"twitter:site\" content=\"@verredart\" \/>\n<meta name=\"twitter:label1\" content=\"Est. reading time\" \/>\n\t<meta name=\"twitter:data1\" content=\"2 minutes\" \/>\n<script type=\"application\/ld+json\" class=\"yoast-schema-graph\">{\"@context\":\"https:\\\/\\\/schema.org\",\"@graph\":[{\"@type\":\"WebPage\",\"@id\":\"https:\\\/\\\/www.verredart.fr\\\/verre-dart-bijoux-en-verre-recycle\\\/boucles-doreilles-en-verre-recycle\\\/boucles-doreilles-muguet-verre-recycle-bijou-solidaire\\\/\",\"url\":\"https:\\\/\\\/www.verredart.fr\\\/verre-dart-bijoux-en-verre-recycle\\\/boucles-doreilles-en-verre-recycle\\\/boucles-doreilles-muguet-verre-recycle-bijou-solidaire\\\/\",\"name\":\"Boucles d\u2019oreilles muguet solidaire \u2013 verre recycl\u00e9 non recyclable\",\"isPartOf\":{\"@id\":\"https:\\\/\\\/www.verredart.fr\\\/#website\"},\"primaryImageOfPage\":{\"@id\":\"https:\\\/\\\/www.verredart.fr\\\/verre-dart-bijoux-en-verre-recycle\\\/boucles-doreilles-en-verre-recycle\\\/boucles-doreilles-muguet-verre-recycle-bijou-solidaire\\\/#primaryimage\"},\"image\":{\"@id\":\"https:\\\/\\\/www.verredart.fr\\\/verre-dart-bijoux-en-verre-recycle\\\/boucles-doreilles-en-verre-recycle\\\/boucles-doreilles-muguet-verre-recycle-bijou-solidaire\\\/#primaryimage\"},\"thumbnailUrl\":\"https:\\\/\\\/i0.wp.com\\\/www.verredart.fr\\\/wp-content\\\/uploads\\\/2025\\\/04\\\/IMG_4593.jpg?fit=1920%2C1080&ssl=1\",\"datePublished\":\"2025-04-16T06:51:22+00:00\",\"dateModified\":\"2025-06-03T19:44:21+00:00\",\"description\":\"Boucles d\u2019oreilles muguet solidaire en verre recycl\u00e9 non recyclable. Fabriqu\u00e9es \u00e0 la main, 20 % des ventes revers\u00e9s \u00e0 Enfants Cancers Sant\u00e9.\",\"breadcrumb\":{\"@id\":\"https:\\\/\\\/www.verredart.fr\\\/verre-dart-bijoux-en-verre-recycle\\\/boucles-doreilles-en-verre-recycle\\\/boucles-doreilles-muguet-verre-recycle-bijou-solidaire\\\/#breadcrumb\"},\"inLanguage\":\"en-US\",\"potentialAction\":[{\"@type\":\"ReadAction\",\"target\":[\"https:\\\/\\\/www.verredart.fr\\\/verre-dart-bijoux-en-verre-recycle\\\/boucles-doreilles-en-verre-recycle\\\/boucles-doreilles-muguet-verre-recycle-bijou-solidaire\\\/\"]}]},{\"@type\":\"ImageObject\",\"inLanguage\":\"en-US\",\"@id\":\"https:\\\/\\\/www.verredart.fr\\\/verre-dart-bijoux-en-verre-recycle\\\/boucles-doreilles-en-verre-recycle\\\/boucles-doreilles-muguet-verre-recycle-bijou-solidaire\\\/#primaryimage\",\"url\":\"https:\\\/\\\/i0.wp.com\\\/www.verredart.fr\\\/wp-content\\\/uploads\\\/2025\\\/04\\\/IMG_4593.jpg?fit=1920%2C1080&ssl=1\",\"contentUrl\":\"https:\\\/\\\/i0.wp.com\\\/www.verredart.fr\\\/wp-content\\\/uploads\\\/2025\\\/04\\\/IMG_4593.jpg?fit=1920%2C1080&ssl=1\",\"width\":1920,\"height\":1080,\"caption\":\"Boucles d\u2019oreilles muguet solidaire \u2013 verre recycl\u00e9 non recyclable\"},{\"@type\":\"BreadcrumbList\",\"@id\":\"https:\\\/\\\/www.verredart.fr\\\/verre-dart-bijoux-en-verre-recycle\\\/boucles-doreilles-en-verre-recycle\\\/boucles-doreilles-muguet-verre-recycle-bijou-solidaire\\\/#breadcrumb\",\"itemListElement\":[{\"@type\":\"ListItem\",\"position\":1,\"name\":\"Collections\",\"item\":\"https:\\\/\\\/www.verredart.fr\\\/verre-dart-bijoux-en-verre-recycle\\\/boutique-bijoux-en-verre-culinaire-recycle\\\/\"},{\"@type\":\"ListItem\",\"position\":2,\"name\":\"Boucles d'oreilles\",\"item\":\"https:\\\/\\\/www.verredart.fr\\\/bijoux-en-verre-recycle\\\/boucles-doreilles-en-verre-recycle\\\/\"},{\"@type\":\"ListItem\",\"position\":3,\"name\":\"Boucles d\u2019oreilles muguet \u2013 verre recycl\u00e9 &#038; bijou solidaire\"}]},{\"@type\":\"WebSite\",\"@id\":\"https:\\\/\\\/www.verredart.fr\\\/#website\",\"url\":\"https:\\\/\\\/www.verredart.fr\\\/\",\"name\":\"Verre d'Art\",\"description\":\"Recyclage de verre non recyclable en cr\u00e9ations uniques et engag\u00e9s\",\"publisher\":{\"@id\":\"https:\\\/\\\/www.verredart.fr\\\/#organization\"},\"potentialAction\":[{\"@type\":\"SearchAction\",\"target\":{\"@type\":\"EntryPoint\",\"urlTemplate\":\"https:\\\/\\\/www.verredart.fr\\\/?s={search_term_string}\"},\"query-input\":{\"@type\":\"PropertyValueSpecification\",\"valueRequired\":true,\"valueName\":\"search_term_string\"}}],\"inLanguage\":\"en-US\"},{\"@type\":\"Organization\",\"@id\":\"https:\\\/\\\/www.verredart.fr\\\/#organization\",\"name\":\"Verre d'Art\",\"url\":\"https:\\\/\\\/www.verredart.fr\\\/\",\"logo\":{\"@type\":\"ImageObject\",\"inLanguage\":\"en-US\",\"@id\":\"https:\\\/\\\/www.verredart.fr\\\/#\\\/schema\\\/logo\\\/image\\\/\",\"url\":\"\",\"contentUrl\":\"\",\"caption\":\"Verre d'Art\"},\"image\":{\"@id\":\"https:\\\/\\\/www.verredart.fr\\\/#\\\/schema\\\/logo\\\/image\\\/\"},\"sameAs\":[\"https:\\\/\\\/www.facebook.com\\\/Verredart\",\"https:\\\/\\\/x.com\\\/verredart\",\"https:\\\/\\\/www.instagram.com\\\/Verre_dart\",\"https:\\\/\\\/www.pinterest.fr\\\/verredart\\\/\"]}]}<\/script>\n<!-- \/ Yoast SEO plugin. -->","yoast_head_json":{"title":"Boucles d\u2019oreilles muguet solidaire \u2013 verre recycl\u00e9 non recyclable","description":"Boucles d\u2019oreilles muguet solidaire en verre recycl\u00e9 non recyclable. Fabriqu\u00e9es \u00e0 la main, 20 % des ventes revers\u00e9s \u00e0 Enfants Cancers Sant\u00e9.","robots":{"index":"index","follow":"follow","max-snippet":"max-snippet:-1","max-image-preview":"max-image-preview:large","max-video-preview":"max-video-preview:-1"},"canonical":"https:\/\/www.verredart.fr\/en\/verre-dart-bijoux-en-verre-recycle\/boucles-doreilles-en-verre-recycle\/boucles-doreilles-muguet-verre-recycle-bijou-solidaire\/","og_locale":"en_US","og_type":"article","og_title":"Boucles d\u2019oreilles muguet solidaire \u2013 verre recycl\u00e9 non recyclable","og_description":"Boucles d\u2019oreilles muguet solidaire en verre recycl\u00e9 non recyclable. Fabriqu\u00e9es \u00e0 la main, 20 % des ventes revers\u00e9s \u00e0 Enfants Cancers Sant\u00e9.","og_url":"https:\/\/www.verredart.fr\/en\/verre-dart-bijoux-en-verre-recycle\/boucles-doreilles-en-verre-recycle\/boucles-doreilles-muguet-verre-recycle-bijou-solidaire\/","og_site_name":"Verre d&#039;Art","article_publisher":"https:\/\/www.facebook.com\/Verredart","article_modified_time":"2025-06-03T19:44:21+00:00","og_image":[{"width":1024,"height":576,"url":"https:\/\/www.verredart.fr\/wp-content\/uploads\/2025\/04\/IMG_4591-1024x576.jpg","type":"image\/jpeg"}],"twitter_card":"summary_large_image","twitter_site":"@verredart","twitter_misc":{"Est. reading time":"2 minutes"},"schema":{"@context":"https:\/\/schema.org","@graph":[{"@type":"WebPage","@id":"https:\/\/www.verredart.fr\/verre-dart-bijoux-en-verre-recycle\/boucles-doreilles-en-verre-recycle\/boucles-doreilles-muguet-verre-recycle-bijou-solidaire\/","url":"https:\/\/www.verredart.fr\/verre-dart-bijoux-en-verre-recycle\/boucles-doreilles-en-verre-recycle\/boucles-doreilles-muguet-verre-recycle-bijou-solidaire\/","name":"Boucles d\u2019oreilles muguet solidaire \u2013 verre recycl\u00e9 non recyclable","isPartOf":{"@id":"https:\/\/www.verredart.fr\/#website"},"primaryImageOfPage":{"@id":"https:\/\/www.verredart.fr\/verre-dart-bijoux-en-verre-recycle\/boucles-doreilles-en-verre-recycle\/boucles-doreilles-muguet-verre-recycle-bijou-solidaire\/#primaryimage"},"image":{"@id":"https:\/\/www.verredart.fr\/verre-dart-bijoux-en-verre-recycle\/boucles-doreilles-en-verre-recycle\/boucles-doreilles-muguet-verre-recycle-bijou-solidaire\/#primaryimage"},"thumbnailUrl":"https:\/\/i0.wp.com\/www.verredart.fr\/wp-content\/uploads\/2025\/04\/IMG_4593.jpg?fit=1920%2C1080&ssl=1","datePublished":"2025-04-16T06:51:22+00:00","dateModified":"2025-06-03T19:44:21+00:00","description":"Boucles d\u2019oreilles muguet solidaire en verre recycl\u00e9 non recyclable. Fabriqu\u00e9es \u00e0 la main, 20 % des ventes revers\u00e9s \u00e0 Enfants Cancers Sant\u00e9.","breadcrumb":{"@id":"https:\/\/www.verredart.fr\/verre-dart-bijoux-en-verre-recycle\/boucles-doreilles-en-verre-recycle\/boucles-doreilles-muguet-verre-recycle-bijou-solidaire\/#breadcrumb"},"inLanguage":"en-US","potentialAction":[{"@type":"ReadAction","target":["https:\/\/www.verredart.fr\/verre-dart-bijoux-en-verre-recycle\/boucles-doreilles-en-verre-recycle\/boucles-doreilles-muguet-verre-recycle-bijou-solidaire\/"]}]},{"@type":"ImageObject","inLanguage":"en-US","@id":"https:\/\/www.verredart.fr\/verre-dart-bijoux-en-verre-recycle\/boucles-doreilles-en-verre-recycle\/boucles-doreilles-muguet-verre-recycle-bijou-solidaire\/#primaryimage","url":"https:\/\/i0.wp.com\/www.verredart.fr\/wp-content\/uploads\/2025\/04\/IMG_4593.jpg?fit=1920%2C1080&ssl=1","contentUrl":"https:\/\/i0.wp.com\/www.verredart.fr\/wp-content\/uploads\/2025\/04\/IMG_4593.jpg?fit=1920%2C1080&ssl=1","width":1920,"height":1080,"caption":"Boucles d\u2019oreilles muguet solidaire \u2013 verre recycl\u00e9 non recyclable"},{"@type":"BreadcrumbList","@id":"https:\/\/www.verredart.fr\/verre-dart-bijoux-en-verre-recycle\/boucles-doreilles-en-verre-recycle\/boucles-doreilles-muguet-verre-recycle-bijou-solidaire\/#breadcrumb","itemListElement":[{"@type":"ListItem","position":1,"name":"Collections","item":"https:\/\/www.verredart.fr\/verre-dart-bijoux-en-verre-recycle\/boutique-bijoux-en-verre-culinaire-recycle\/"},{"@type":"ListItem","position":2,"name":"Boucles d'oreilles","item":"https:\/\/www.verredart.fr\/bijoux-en-verre-recycle\/boucles-doreilles-en-verre-recycle\/"},{"@type":"ListItem","position":3,"name":"Boucles d\u2019oreilles muguet \u2013 verre recycl\u00e9 &#038; bijou solidaire"}]},{"@type":"WebSite","@id":"https:\/\/www.verredart.fr\/#website","url":"https:\/\/www.verredart.fr\/","name":"Verre d'Art","description":"Recyclage de verre non recyclable en cr\u00e9ations uniques et engag\u00e9s","publisher":{"@id":"https:\/\/www.verredart.fr\/#organization"},"potentialAction":[{"@type":"SearchAction","target":{"@type":"EntryPoint","urlTemplate":"https:\/\/www.verredart.fr\/?s={search_term_string}"},"query-input":{"@type":"PropertyValueSpecification","valueRequired":true,"valueName":"search_term_string"}}],"inLanguage":"en-US"},{"@type":"Organization","@id":"https:\/\/www.verredart.fr\/#organization","name":"Verre d'Art","url":"https:\/\/www.verredart.fr\/","logo":{"@type":"ImageObject","inLanguage":"en-US","@id":"https:\/\/www.verredart.fr\/#\/schema\/logo\/image\/","url":"","contentUrl":"","caption":"Verre d'Art"},"image":{"@id":"https:\/\/www.verredart.fr\/#\/schema\/logo\/image\/"},"sameAs":["https:\/\/www.facebook.com\/Verredart","https:\/\/x.com\/verredart","https:\/\/www.instagram.com\/Verre_dart","https:\/\/www.pinterest.fr\/verredart\/"]}]}},"jetpack_sharing_enabled":true,"_links":{"self":[{"href":"https:\/\/www.verredart.fr\/en\/wp-json\/wp\/v2\/product\/5185","targetHints":{"allow":["GET"]}}],"collection":[{"href":"https:\/\/www.verredart.fr\/en\/wp-json\/wp\/v2\/product"}],"about":[{"href":"https:\/\/www.verredart.fr\/en\/wp-json\/wp\/v2\/types\/product"}],"wp:featuredmedia":[{"embeddable":true,"href":"https:\/\/www.verredart.fr\/en\/wp-json\/wp\/v2\/media\/5361"}],"wp:attachment":[{"href":"https:\/\/www.verredart.fr\/en\/wp-json\/wp\/v2\/media?parent=5185"}],"wp:term":[{"taxonomy":"product_brand","embeddable":true,"href":"https:\/\/www.verredart.fr\/en\/wp-json\/wp\/v2\/product_brand?post=5185"},{"taxonomy":"product_cat","embeddable":true,"href":"https:\/\/www.verredart.fr\/en\/wp-json\/wp\/v2\/product_cat?post=5185"},{"taxonomy":"product_tag","embeddable":true,"href":"https:\/\/www.verredart.fr\/en\/wp-json\/wp\/v2\/product_tag?post=5185"}],"curies":[{"name":"wp","href":"https:\/\/api.w.org\/{rel}","templated":true}]}}