{"id":5658,"date":"2025-09-12T07:57:48","date_gmt":"2025-09-12T07:57:48","guid":{"rendered":"https:\/\/www.verredart.fr\/?post_type=product&#038;p=5658"},"modified":"2026-04-23T18:19:31","modified_gmt":"2026-04-23T18:19:31","slug":"collier-cuir-recycle-et-verre-recycle-un-bijou-ethique-et-contemporain","status":"publish","type":"product","link":"https:\/\/www.verredart.fr\/en\/verre-dart-bijoux-en-verre-recycle\/collier-en-verre-recycle\/collier-cuir-recycle-et-verre-recycle-un-bijou-ethique-et-contemporain\/","title":{"rendered":"Collier cuir recycl\u00e9 et verre recycl\u00e9 \u2013 un bijou \u00e9thique"},"content":{"rendered":"<h3 data-start=\"406\" data-end=\"486\"><strong data-start=\"410\" data-end=\"486\">Collier cuir recycl\u00e9 et verre recycl\u00e9 \u2013 un bijou \u00e9thique et contemporain<\/strong><\/h3>\n<h4 data-start=\"488\" data-end=\"547\">Une alliance durable entre mati\u00e8re noble et verre fil\u00e9<\/h4>\n<p data-start=\"549\" data-end=\"915\">Ce <strong data-start=\"552\" data-end=\"596\">collier en cuir recycl\u00e9 et verre recycl\u00e9<\/strong> est une pi\u00e8ce forte et unique que j\u2019ai r\u00e9alis\u00e9e \u00e0 la main dans mon atelier. J\u2019ai souhait\u00e9 marier deux mat\u00e9riaux que je valorise depuis plusieurs ann\u00e9es : le <strong data-start=\"754\" data-end=\"770\">cuir upcycl\u00e9<\/strong> issu de chutes de maroquinerie, et le <strong data-start=\"809\" data-end=\"833\">The non-recyclable glass<\/strong> que je transforme au <strong data-start=\"855\" data-end=\"868\">chalumeau<\/strong>, dans une d\u00e9marche d\u2019<strong data-start=\"890\" data-end=\"914\">eco-friendly crafts<\/strong>.<\/p>\n<p data-start=\"917\" data-end=\"1233\">Ce collier incarne mon engagement pour un <strong data-start=\"959\" data-end=\"984\">bijou \u00e9co-responsable<\/strong> sans compromis sur le style. La forme incurv\u00e9e du cuir \u00e9pouse \u00e9l\u00e9gamment le cou, tandis que trois <strong data-start=\"1083\" data-end=\"1107\">perles de verre fil\u00e9<\/strong> viennent ponctuer la pointe du bijou. Ces gouttes noires, cr\u00e9\u00e9es \u00e0 la flamme, ajoutent une touche de mouvement et de myst\u00e8re.<\/p>\n<h4 data-start=\"1235\" data-end=\"1291\">Une cr\u00e9ation artisanale fran\u00e7aise au design affirm\u00e9<\/h4>\n<p data-start=\"1293\" data-end=\"1550\">Je r\u00e9alise chaque pi\u00e8ce enti\u00e8rement \u00e0 la main, en France, selon les principes du <strong data-start=\"1374\" data-end=\"1389\">slow design<\/strong>. Le <strong data-start=\"1394\" data-end=\"1410\">cuir recycl\u00e9<\/strong> que j\u2019utilise est s\u00e9lectionn\u00e9 pour sa souplesse et sa r\u00e9sistance. Je le d\u00e9coupe, le perce, puis l\u2019assemble \u00e0 la cha\u00eene en acier inoxydable.<\/p>\n<p data-start=\"1552\" data-end=\"1808\">Les <strong data-start=\"1556\" data-end=\"1575\">perles de verre<\/strong> sont fil\u00e9es une \u00e0 une au <strong data-start=\"1601\" data-end=\"1614\">chalumeau<\/strong>, \u00e0 partir de <strong data-start=\"1628\" data-end=\"1662\">verre culinaire non recyclable<\/strong>, destin\u00e9 initialement \u00e0 la poubelle. Mon objectif : offrir \u00e0 ces mat\u00e9riaux une seconde vie, en les transformant en <strong data-start=\"1778\" data-end=\"1807\">bijoux uniques faits main<\/strong>.<\/p>\n<p data-start=\"1810\" data-end=\"1998\">Je revendique une approche responsable, artisanale et durable, pour cr\u00e9er des <strong data-start=\"1888\" data-end=\"1930\">accessoires en verre fil\u00e9 au chalumeau<\/strong> qui respectent l\u2019environnement et valorisent le savoir-faire local.<\/p>\n<h4 data-start=\"2000\" data-end=\"2059\">Pourquoi choisir ce collier en cuir et verre recycl\u00e9 ?<\/h4>\n<ul data-start=\"2061\" data-end=\"2381\">\n<li data-start=\"2061\" data-end=\"2132\">\n<p data-start=\"2063\" data-end=\"2132\"><strong data-start=\"2063\" data-end=\"2091\">Mat\u00e9riaux 100 % recycl\u00e9s<\/strong> : cuir et verre r\u00e9cup\u00e9r\u00e9s et revaloris\u00e9s<\/p>\n<\/li>\n<li data-start=\"2133\" data-end=\"2174\">\n<p data-start=\"2135\" data-end=\"2174\"><strong data-start=\"2135\" data-end=\"2148\">Fait main<\/strong> dans mon atelier fran\u00e7ais<\/p>\n<\/li>\n<li data-start=\"2175\" data-end=\"2208\">\n<p data-start=\"2177\" data-end=\"2208\"><strong data-start=\"2177\" data-end=\"2208\">Design moderne et graphique<\/strong><\/p>\n<\/li>\n<li data-start=\"2209\" data-end=\"2241\">\n<p data-start=\"2211\" data-end=\"2241\">L\u00e9ger, confortable et original<\/p>\n<\/li>\n<li data-start=\"2242\" data-end=\"2309\">\n<p data-start=\"2244\" data-end=\"2309\">Convient aussi bien pour les occasions sp\u00e9ciales que le quotidien<\/p>\n<\/li>\n<li data-start=\"2310\" data-end=\"2381\">\n<p data-start=\"2312\" data-end=\"2381\">Compatible avec d\u2019autres <strong data-start=\"2337\" data-end=\"2364\">bijoux en verre recycl\u00e9<\/strong> de ma collection<\/p>\n<\/li>\n<\/ul>\n<p data-start=\"2383\" data-end=\"2551\">Ce <strong data-start=\"2386\" data-end=\"2411\">collier \u00e9co-conscient<\/strong> peut facilement \u00eatre compl\u00e9t\u00e9 avec mes <strong data-start=\"2451\" data-end=\"2490\">earrings made from recycled glass<\/strong>, ou encore un <strong data-start=\"2505\" data-end=\"2525\">bracelet assorti<\/strong> en cuir et perles fil\u00e9es.<\/p>\n<h3 data-start=\"2553\" data-end=\"2594\">Offre-toi une cr\u00e9ation pleine de sens<\/h3>\n<p data-start=\"2596\" data-end=\"2827\">Ce <strong data-start=\"2599\" data-end=\"2625\">bijou unique fait main<\/strong> ne ressemble \u00e0 aucun autre. Il raconte l\u2019histoire de mat\u00e9riaux oubli\u00e9s transform\u00e9s en un objet pr\u00e9cieux. Porte-le pour affirmer ton style et tes valeurs. Il est disponible d\u00e8s maintenant \u2014 il t\u2019attend.<\/p>\n<div class=\"translate-tooltip-mtz translator-hidden\">\n<div class=\"header\">\n<div class=\"header-controls\">Translator<\/div>\n<div class=\"header-controls\"><\/div>\n<div class=\"header-controls\"><\/div>\n<\/div>\n<div class=\"translated-text\">\n<div class=\"words\"><\/div>\n<div class=\"sentences\"><\/div>\n<\/div>\n<\/div>\n<p>&nbsp;<\/p>","protected":false},"excerpt":{"rendered":"<h3 data-start=\"3196\" data-end=\"3237\">Collier cuir et verre recycl\u00e9 \u00e9thique<\/h3>\n<p data-start=\"3239\" data-end=\"3443\">Ce <strong data-start=\"3242\" data-end=\"3272\">collier cuir verre recycl\u00e9<\/strong> est une cr\u00e9ation artisanale fran\u00e7aise. Il associe du <strong data-start=\"3326\" data-end=\"3342\">cuir upcycl\u00e9<\/strong> \u00e0 du <strong data-start=\"3348\" data-end=\"3372\">The non-recyclable glass<\/strong>, que j\u2019ai fil\u00e9 au chalumeau. Chaque \u00e9l\u00e9ment a \u00e9t\u00e9 travaill\u00e9 \u00e0 la main.<\/p>\n<p data-start=\"3445\" data-end=\"3646\">Le cuir noir est issu de chutes de maroquinerie. Il est souple, l\u00e9ger et agr\u00e9able \u00e0 porter. Les perles en <strong data-start=\"3551\" data-end=\"3568\">verre recycl\u00e9<\/strong> sont faites \u00e0 partir de <strong data-start=\"3593\" data-end=\"3612\">verre culinaire<\/strong>, fondu et transform\u00e9 \u00e0 la flamme.<\/p>\n<p data-start=\"3648\" data-end=\"3834\">Ce bijou allie originalit\u00e9 et engagement. Son design asym\u00e9trique met en valeur les mat\u00e9riaux tout en cr\u00e9ant une silhouette moderne. Id\u00e9al pour une tenue habill\u00e9e ou un look du quotidien.<\/p>","protected":false},"featured_media":5659,"template":"","meta":[],"product_brand":[],"product_cat":[22],"product_tag":[],"class_list":{"0":"post-5658","1":"product","2":"type-product","3":"status-publish","4":"has-post-thumbnail","6":"product_cat-collier-en-verre-recycle","8":"entry","9":"has-media","11":"first","12":"instock","13":"shipping-taxable","14":"purchasable","15":"product-type-simple","16":"has-product-nav","17":"col","18":"span_1_of_3","19":"owp-content-center","20":"item-entry","21":"owp-thumbs-layout-vertical","22":"owp-btn-big","23":"owp-tabs-layout-horizontal"},"yoast_head":"<!-- This site is optimized with the Yoast SEO plugin v27.4 - https:\/\/yoast.com\/product\/yoast-seo-wordpress\/ -->\n<title>Collier cuir verre recycl\u00e9 fait main et \u00e9thique<\/title>\n<meta name=\"description\" content=\"Collier cuir et verre recycl\u00e9, cr\u00e9ation unique faite main. Une pi\u00e8ce forte et \u00e9co-consciente \u00e0 d\u00e9couvrir sans attendre. Verre d&#039;Art - verre non\" \/>\n<meta name=\"robots\" content=\"index, follow, max-snippet:-1, max-image-preview:large, max-video-preview:-1\" \/>\n<link rel=\"canonical\" href=\"https:\/\/www.verredart.fr\/en\/verre-dart-bijoux-en-verre-recycle\/collier-en-verre-recycle\/collier-cuir-recycle-et-verre-recycle-un-bijou-ethique-et-contemporain\/\" \/>\n<meta property=\"og:locale\" content=\"en_US\" \/>\n<meta property=\"og:type\" content=\"article\" \/>\n<meta property=\"og:title\" content=\"Collier cuir verre recycl\u00e9 fait main et \u00e9thique\" \/>\n<meta property=\"og:description\" content=\"Collier cuir et verre recycl\u00e9, cr\u00e9ation unique faite main. Une pi\u00e8ce forte et \u00e9co-consciente \u00e0 d\u00e9couvrir sans attendre. Verre d&#039;Art - verre non\" \/>\n<meta property=\"og:url\" content=\"https:\/\/www.verredart.fr\/en\/verre-dart-bijoux-en-verre-recycle\/collier-en-verre-recycle\/collier-cuir-recycle-et-verre-recycle-un-bijou-ethique-et-contemporain\/\" \/>\n<meta property=\"og:site_name\" content=\"Verre d&#039;Art\" \/>\n<meta property=\"article:publisher\" content=\"https:\/\/www.facebook.com\/Verredart\" \/>\n<meta property=\"article:modified_time\" content=\"2026-04-23T18:19:31+00:00\" \/>\n<meta property=\"og:image\" content=\"https:\/\/www.verredart.fr\/wp-content\/uploads\/2025\/09\/IMG_5116.jpg\" \/>\n\t<meta property=\"og:image:width\" content=\"1920\" \/>\n\t<meta property=\"og:image:height\" content=\"1080\" \/>\n\t<meta property=\"og:image:type\" content=\"image\/jpeg\" \/>\n<meta name=\"twitter:card\" content=\"summary_large_image\" \/>\n<meta name=\"twitter:site\" content=\"@verredart\" \/>\n<meta name=\"twitter:label1\" content=\"Est. reading time\" \/>\n\t<meta name=\"twitter:data1\" content=\"3 minutes\" \/>\n<script type=\"application\/ld+json\" class=\"yoast-schema-graph\">{\"@context\":\"https:\\\/\\\/schema.org\",\"@graph\":[{\"@type\":\"WebPage\",\"@id\":\"https:\\\/\\\/www.verredart.fr\\\/verre-dart-bijoux-en-verre-recycle\\\/collier-en-verre-recycle\\\/collier-cuir-recycle-et-verre-recycle-un-bijou-ethique-et-contemporain\\\/\",\"url\":\"https:\\\/\\\/www.verredart.fr\\\/verre-dart-bijoux-en-verre-recycle\\\/collier-en-verre-recycle\\\/collier-cuir-recycle-et-verre-recycle-un-bijou-ethique-et-contemporain\\\/\",\"name\":\"Collier cuir verre recycl\u00e9 fait main et \u00e9thique\",\"isPartOf\":{\"@id\":\"https:\\\/\\\/www.verredart.fr\\\/#website\"},\"primaryImageOfPage\":{\"@id\":\"https:\\\/\\\/www.verredart.fr\\\/verre-dart-bijoux-en-verre-recycle\\\/collier-en-verre-recycle\\\/collier-cuir-recycle-et-verre-recycle-un-bijou-ethique-et-contemporain\\\/#primaryimage\"},\"image\":{\"@id\":\"https:\\\/\\\/www.verredart.fr\\\/verre-dart-bijoux-en-verre-recycle\\\/collier-en-verre-recycle\\\/collier-cuir-recycle-et-verre-recycle-un-bijou-ethique-et-contemporain\\\/#primaryimage\"},\"thumbnailUrl\":\"https:\\\/\\\/i0.wp.com\\\/www.verredart.fr\\\/wp-content\\\/uploads\\\/2025\\\/09\\\/IMG_5116.jpg?fit=1920%2C1080&ssl=1\",\"datePublished\":\"2025-09-12T07:57:48+00:00\",\"dateModified\":\"2026-04-23T18:19:31+00:00\",\"description\":\"Collier cuir et verre recycl\u00e9, cr\u00e9ation unique faite main. Une pi\u00e8ce forte et \u00e9co-consciente \u00e0 d\u00e9couvrir sans attendre. Verre d'Art - verre non recyclable\",\"breadcrumb\":{\"@id\":\"https:\\\/\\\/www.verredart.fr\\\/verre-dart-bijoux-en-verre-recycle\\\/collier-en-verre-recycle\\\/collier-cuir-recycle-et-verre-recycle-un-bijou-ethique-et-contemporain\\\/#breadcrumb\"},\"inLanguage\":\"en-US\",\"potentialAction\":[{\"@type\":\"ReadAction\",\"target\":[\"https:\\\/\\\/www.verredart.fr\\\/verre-dart-bijoux-en-verre-recycle\\\/collier-en-verre-recycle\\\/collier-cuir-recycle-et-verre-recycle-un-bijou-ethique-et-contemporain\\\/\"]}]},{\"@type\":\"ImageObject\",\"inLanguage\":\"en-US\",\"@id\":\"https:\\\/\\\/www.verredart.fr\\\/verre-dart-bijoux-en-verre-recycle\\\/collier-en-verre-recycle\\\/collier-cuir-recycle-et-verre-recycle-un-bijou-ethique-et-contemporain\\\/#primaryimage\",\"url\":\"https:\\\/\\\/i0.wp.com\\\/www.verredart.fr\\\/wp-content\\\/uploads\\\/2025\\\/09\\\/IMG_5116.jpg?fit=1920%2C1080&ssl=1\",\"contentUrl\":\"https:\\\/\\\/i0.wp.com\\\/www.verredart.fr\\\/wp-content\\\/uploads\\\/2025\\\/09\\\/IMG_5116.jpg?fit=1920%2C1080&ssl=1\",\"width\":1920,\"height\":1080,\"caption\":\"Collier cuir recycl\u00e9 et verre recycl\u00e9 \u2013 un bijou \u00e9thique et contemporain\"},{\"@type\":\"BreadcrumbList\",\"@id\":\"https:\\\/\\\/www.verredart.fr\\\/verre-dart-bijoux-en-verre-recycle\\\/collier-en-verre-recycle\\\/collier-cuir-recycle-et-verre-recycle-un-bijou-ethique-et-contemporain\\\/#breadcrumb\",\"itemListElement\":[{\"@type\":\"ListItem\",\"position\":1,\"name\":\"Collections\",\"item\":\"https:\\\/\\\/www.verredart.fr\\\/verre-dart-bijoux-en-verre-recycle\\\/boutique-bijoux-en-verre-culinaire-recycle\\\/\"},{\"@type\":\"ListItem\",\"position\":2,\"name\":\"Colliers\",\"item\":\"https:\\\/\\\/www.verredart.fr\\\/bijoux-en-verre-recycle\\\/collier-en-verre-recycle\\\/\"},{\"@type\":\"ListItem\",\"position\":3,\"name\":\"Collier cuir recycl\u00e9 et verre recycl\u00e9 \u2013 un bijou \u00e9thique\"}]},{\"@type\":\"WebSite\",\"@id\":\"https:\\\/\\\/www.verredart.fr\\\/#website\",\"url\":\"https:\\\/\\\/www.verredart.fr\\\/\",\"name\":\"Verre d'Art\",\"description\":\"Recyclage de verre non recyclable en cr\u00e9ations uniques et engag\u00e9s\",\"publisher\":{\"@id\":\"https:\\\/\\\/www.verredart.fr\\\/#organization\"},\"potentialAction\":[{\"@type\":\"SearchAction\",\"target\":{\"@type\":\"EntryPoint\",\"urlTemplate\":\"https:\\\/\\\/www.verredart.fr\\\/?s={search_term_string}\"},\"query-input\":{\"@type\":\"PropertyValueSpecification\",\"valueRequired\":true,\"valueName\":\"search_term_string\"}}],\"inLanguage\":\"en-US\"},{\"@type\":\"Organization\",\"@id\":\"https:\\\/\\\/www.verredart.fr\\\/#organization\",\"name\":\"Verre d'Art\",\"url\":\"https:\\\/\\\/www.verredart.fr\\\/\",\"logo\":{\"@type\":\"ImageObject\",\"inLanguage\":\"en-US\",\"@id\":\"https:\\\/\\\/www.verredart.fr\\\/#\\\/schema\\\/logo\\\/image\\\/\",\"url\":\"\",\"contentUrl\":\"\",\"caption\":\"Verre d'Art\"},\"image\":{\"@id\":\"https:\\\/\\\/www.verredart.fr\\\/#\\\/schema\\\/logo\\\/image\\\/\"},\"sameAs\":[\"https:\\\/\\\/www.facebook.com\\\/Verredart\",\"https:\\\/\\\/x.com\\\/verredart\",\"https:\\\/\\\/www.instagram.com\\\/Verre_dart\",\"https:\\\/\\\/www.pinterest.fr\\\/verredart\\\/\"]}]}<\/script>\n<!-- \/ Yoast SEO plugin. -->","yoast_head_json":{"title":"Collier cuir verre recycl\u00e9 fait main et \u00e9thique","description":"Collier cuir et verre recycl\u00e9, cr\u00e9ation unique faite main. Une pi\u00e8ce forte et \u00e9co-consciente \u00e0 d\u00e9couvrir sans attendre. Verre d'Art - verre non","robots":{"index":"index","follow":"follow","max-snippet":"max-snippet:-1","max-image-preview":"max-image-preview:large","max-video-preview":"max-video-preview:-1"},"canonical":"https:\/\/www.verredart.fr\/en\/verre-dart-bijoux-en-verre-recycle\/collier-en-verre-recycle\/collier-cuir-recycle-et-verre-recycle-un-bijou-ethique-et-contemporain\/","og_locale":"en_US","og_type":"article","og_title":"Collier cuir verre recycl\u00e9 fait main et \u00e9thique","og_description":"Collier cuir et verre recycl\u00e9, cr\u00e9ation unique faite main. Une pi\u00e8ce forte et \u00e9co-consciente \u00e0 d\u00e9couvrir sans attendre. Verre d'Art - verre non","og_url":"https:\/\/www.verredart.fr\/en\/verre-dart-bijoux-en-verre-recycle\/collier-en-verre-recycle\/collier-cuir-recycle-et-verre-recycle-un-bijou-ethique-et-contemporain\/","og_site_name":"Verre d&#039;Art","article_publisher":"https:\/\/www.facebook.com\/Verredart","article_modified_time":"2026-04-23T18:19:31+00:00","og_image":[{"width":1920,"height":1080,"url":"https:\/\/www.verredart.fr\/wp-content\/uploads\/2025\/09\/IMG_5116.jpg","type":"image\/jpeg"}],"twitter_card":"summary_large_image","twitter_site":"@verredart","twitter_misc":{"Est. reading time":"3 minutes"},"schema":{"@context":"https:\/\/schema.org","@graph":[{"@type":"WebPage","@id":"https:\/\/www.verredart.fr\/verre-dart-bijoux-en-verre-recycle\/collier-en-verre-recycle\/collier-cuir-recycle-et-verre-recycle-un-bijou-ethique-et-contemporain\/","url":"https:\/\/www.verredart.fr\/verre-dart-bijoux-en-verre-recycle\/collier-en-verre-recycle\/collier-cuir-recycle-et-verre-recycle-un-bijou-ethique-et-contemporain\/","name":"Collier cuir verre recycl\u00e9 fait main et \u00e9thique","isPartOf":{"@id":"https:\/\/www.verredart.fr\/#website"},"primaryImageOfPage":{"@id":"https:\/\/www.verredart.fr\/verre-dart-bijoux-en-verre-recycle\/collier-en-verre-recycle\/collier-cuir-recycle-et-verre-recycle-un-bijou-ethique-et-contemporain\/#primaryimage"},"image":{"@id":"https:\/\/www.verredart.fr\/verre-dart-bijoux-en-verre-recycle\/collier-en-verre-recycle\/collier-cuir-recycle-et-verre-recycle-un-bijou-ethique-et-contemporain\/#primaryimage"},"thumbnailUrl":"https:\/\/i0.wp.com\/www.verredart.fr\/wp-content\/uploads\/2025\/09\/IMG_5116.jpg?fit=1920%2C1080&ssl=1","datePublished":"2025-09-12T07:57:48+00:00","dateModified":"2026-04-23T18:19:31+00:00","description":"Collier cuir et verre recycl\u00e9, cr\u00e9ation unique faite main. Une pi\u00e8ce forte et \u00e9co-consciente \u00e0 d\u00e9couvrir sans attendre. Verre d'Art - verre non recyclable","breadcrumb":{"@id":"https:\/\/www.verredart.fr\/verre-dart-bijoux-en-verre-recycle\/collier-en-verre-recycle\/collier-cuir-recycle-et-verre-recycle-un-bijou-ethique-et-contemporain\/#breadcrumb"},"inLanguage":"en-US","potentialAction":[{"@type":"ReadAction","target":["https:\/\/www.verredart.fr\/verre-dart-bijoux-en-verre-recycle\/collier-en-verre-recycle\/collier-cuir-recycle-et-verre-recycle-un-bijou-ethique-et-contemporain\/"]}]},{"@type":"ImageObject","inLanguage":"en-US","@id":"https:\/\/www.verredart.fr\/verre-dart-bijoux-en-verre-recycle\/collier-en-verre-recycle\/collier-cuir-recycle-et-verre-recycle-un-bijou-ethique-et-contemporain\/#primaryimage","url":"https:\/\/i0.wp.com\/www.verredart.fr\/wp-content\/uploads\/2025\/09\/IMG_5116.jpg?fit=1920%2C1080&ssl=1","contentUrl":"https:\/\/i0.wp.com\/www.verredart.fr\/wp-content\/uploads\/2025\/09\/IMG_5116.jpg?fit=1920%2C1080&ssl=1","width":1920,"height":1080,"caption":"Collier cuir recycl\u00e9 et verre recycl\u00e9 \u2013 un bijou \u00e9thique et contemporain"},{"@type":"BreadcrumbList","@id":"https:\/\/www.verredart.fr\/verre-dart-bijoux-en-verre-recycle\/collier-en-verre-recycle\/collier-cuir-recycle-et-verre-recycle-un-bijou-ethique-et-contemporain\/#breadcrumb","itemListElement":[{"@type":"ListItem","position":1,"name":"Collections","item":"https:\/\/www.verredart.fr\/verre-dart-bijoux-en-verre-recycle\/boutique-bijoux-en-verre-culinaire-recycle\/"},{"@type":"ListItem","position":2,"name":"Colliers","item":"https:\/\/www.verredart.fr\/bijoux-en-verre-recycle\/collier-en-verre-recycle\/"},{"@type":"ListItem","position":3,"name":"Collier cuir recycl\u00e9 et verre recycl\u00e9 \u2013 un bijou \u00e9thique"}]},{"@type":"WebSite","@id":"https:\/\/www.verredart.fr\/#website","url":"https:\/\/www.verredart.fr\/","name":"Verre d'Art","description":"Recyclage de verre non recyclable en cr\u00e9ations uniques et engag\u00e9s","publisher":{"@id":"https:\/\/www.verredart.fr\/#organization"},"potentialAction":[{"@type":"SearchAction","target":{"@type":"EntryPoint","urlTemplate":"https:\/\/www.verredart.fr\/?s={search_term_string}"},"query-input":{"@type":"PropertyValueSpecification","valueRequired":true,"valueName":"search_term_string"}}],"inLanguage":"en-US"},{"@type":"Organization","@id":"https:\/\/www.verredart.fr\/#organization","name":"Verre d'Art","url":"https:\/\/www.verredart.fr\/","logo":{"@type":"ImageObject","inLanguage":"en-US","@id":"https:\/\/www.verredart.fr\/#\/schema\/logo\/image\/","url":"","contentUrl":"","caption":"Verre d'Art"},"image":{"@id":"https:\/\/www.verredart.fr\/#\/schema\/logo\/image\/"},"sameAs":["https:\/\/www.facebook.com\/Verredart","https:\/\/x.com\/verredart","https:\/\/www.instagram.com\/Verre_dart","https:\/\/www.pinterest.fr\/verredart\/"]}]}},"jetpack_sharing_enabled":true,"_links":{"self":[{"href":"https:\/\/www.verredart.fr\/en\/wp-json\/wp\/v2\/product\/5658","targetHints":{"allow":["GET"]}}],"collection":[{"href":"https:\/\/www.verredart.fr\/en\/wp-json\/wp\/v2\/product"}],"about":[{"href":"https:\/\/www.verredart.fr\/en\/wp-json\/wp\/v2\/types\/product"}],"wp:featuredmedia":[{"embeddable":true,"href":"https:\/\/www.verredart.fr\/en\/wp-json\/wp\/v2\/media\/5659"}],"wp:attachment":[{"href":"https:\/\/www.verredart.fr\/en\/wp-json\/wp\/v2\/media?parent=5658"}],"wp:term":[{"taxonomy":"product_brand","embeddable":true,"href":"https:\/\/www.verredart.fr\/en\/wp-json\/wp\/v2\/product_brand?post=5658"},{"taxonomy":"product_cat","embeddable":true,"href":"https:\/\/www.verredart.fr\/en\/wp-json\/wp\/v2\/product_cat?post=5658"},{"taxonomy":"product_tag","embeddable":true,"href":"https:\/\/www.verredart.fr\/en\/wp-json\/wp\/v2\/product_tag?post=5658"}],"curies":[{"name":"wp","href":"https:\/\/api.w.org\/{rel}","templated":true}]}}