{"id":5662,"date":"2025-09-12T07:58:24","date_gmt":"2025-09-12T07:58:24","guid":{"rendered":"https:\/\/www.verredart.fr\/?post_type=product&#038;p=5662"},"modified":"2025-12-09T08:40:50","modified_gmt":"2025-12-09T08:40:50","slug":"collier-cuir-recycle-et-verre-recycle-une-piece-forte-au-style-tribal-et-engage","status":"publish","type":"product","link":"https:\/\/www.verredart.fr\/en\/verre-dart-bijoux-en-verre-recycle\/collier-en-verre-recycle\/collier-cuir-recycle-et-verre-recycle-une-piece-forte-au-style-tribal-et-engage\/","title":{"rendered":"Collier cuir recycl\u00e9 et verre recycl\u00e9 \u2013 une pi\u00e8ce forte au style tribal"},"content":{"rendered":"<p><audio class=\"audio-for-speech\"><\/audio><\/p>\n<div class=\"translate-tooltip-mtz translator-hidden\">\n<div class=\"header\">\n<div class=\"header-controls\">Translator<\/div>\n<div class=\"header-controls\"><\/div>\n<div class=\"header-controls\"><\/div>\n<\/div>\n<div class=\"translated-text\">\n<div class=\"words\"><\/div>\n<div class=\"sentences\"><\/div>\n<\/div>\n<\/div>\n<p>&nbsp;<\/p>\n<h3 data-start=\"360\" data-end=\"449\"><strong data-start=\"364\" data-end=\"449\">Collier cuir recycl\u00e9 et verre recycl\u00e9 \u2013 une pi\u00e8ce forte au style tribal et engag\u00e9<\/strong><\/h3>\n<h4 data-start=\"451\" data-end=\"498\">Une cr\u00e9ation artisanale n\u00e9e de l\u2019upcycling<\/h4>\n<p data-start=\"500\" data-end=\"850\">Ce <strong data-start=\"503\" data-end=\"544\">collier cuir recycl\u00e9 et verre recycl\u00e9<\/strong> est le fruit de mon travail d\u2019<strong data-start=\"575\" data-end=\"615\">artisan verrier et cr\u00e9atrice engag\u00e9e<\/strong>. Je l\u2019ai con\u00e7u pour celles qui cherchent \u00e0 porter un bijou fort, qui allie style, caract\u00e8re et \u00e9thique. \u00c0 la fois graphique, audacieux et l\u00e9ger, il met en valeur des <strong data-start=\"782\" data-end=\"804\">mat\u00e9riaux recycl\u00e9s<\/strong> que je transforme avec soin dans mon atelier.<\/p>\n<p data-start=\"852\" data-end=\"1189\">Le cuir noir utilis\u00e9 ici provient de <strong data-start=\"889\" data-end=\"915\">chutes de maroquinerie<\/strong>, que je r\u00e9cup\u00e8re et d\u00e9coupe \u00e0 la main. Je joue avec les formes angulaires pour donner un esprit tribal et contemporain \u00e0 la pi\u00e8ce. Ce design original est ponctu\u00e9 de <strong data-start=\"1081\" data-end=\"1107\">gouttes de verre blanc<\/strong> que j\u2019ai fil\u00e9es au <strong data-start=\"1127\" data-end=\"1140\">chalumeau<\/strong>, \u00e0 partir de <a href=\"https:\/\/www.verredart.fr\/en\/a-propos-de-verre-dart\/recyclage-de-verre-culinaire\/\"><strong data-start=\"1154\" data-end=\"1188\">verre culinaire non recyclable<\/strong><\/a>.<\/p>\n<p data-start=\"1191\" data-end=\"1327\">Chaque \u00e9l\u00e9ment est mont\u00e9 un par un, avec pr\u00e9cision et patience, pour former un collier qui attire l\u2019\u0153il sans jamais \u00eatre lourd \u00e0 porter.<\/p>\n<h4 data-start=\"1329\" data-end=\"1378\">Verre non recyclable transform\u00e9 au chalumeau<\/h4>\n<p data-start=\"1380\" data-end=\"1642\">J\u2019utilise un <strong data-start=\"1393\" data-end=\"1417\">chalumeau de verrier<\/strong> pour travailler les chutes de <strong data-start=\"1448\" data-end=\"1467\">verre culinaire<\/strong>, une mati\u00e8re que l\u2019on ne peut pas recycler dans les circuits classiques. En la transformant \u00e0 la flamme, je donne naissance \u00e0 des perles douces, lumineuses, et 100 % uniques.<\/p>\n<p data-start=\"1644\" data-end=\"1887\">Dans ce collier, le contraste entre le <strong data-start=\"1683\" data-end=\"1704\">cuir noir textur\u00e9<\/strong> et le <strong data-start=\"1711\" data-end=\"1731\">verre blanc fil\u00e9<\/strong> cr\u00e9e un \u00e9quilibre subtil entre force et d\u00e9licatesse. Chaque goutte de verre est fa\u00e7onn\u00e9e \u00e0 la main, sans moule, ce qui rend chaque bijou totalement unique.<\/p>\n<h4 data-start=\"1889\" data-end=\"1948\">Pourquoi choisir ce collier en cuir et verre recycl\u00e9 ?<\/h4>\n<ul data-start=\"1950\" data-end=\"2341\">\n<li data-start=\"1950\" data-end=\"2015\">\n<p data-start=\"1952\" data-end=\"2015\"><strong data-start=\"1952\" data-end=\"1974\">Mat\u00e9riaux upcycl\u00e9s<\/strong> : cuir et verre r\u00e9cup\u00e9r\u00e9s et revaloris\u00e9s<\/p>\n<\/li>\n<li data-start=\"2016\" data-end=\"2080\">\n<p data-start=\"2018\" data-end=\"2080\"><strong data-start=\"2018\" data-end=\"2051\">Cr\u00e9ation artisanale fran\u00e7aise<\/strong>, enti\u00e8rement faite \u00e0 la main<\/p>\n<\/li>\n<li data-start=\"2081\" data-end=\"2129\">\n<p data-start=\"2083\" data-end=\"2129\">Design graphique, entre tribal et contemporain<\/p>\n<\/li>\n<li data-start=\"2130\" data-end=\"2201\">\n<p data-start=\"2132\" data-end=\"2201\">L\u00e9ger, confortable et ajustable gr\u00e2ce \u00e0 sa cha\u00eene en acier inoxydable<\/p>\n<\/li>\n<li data-start=\"2202\" data-end=\"2274\">\n<p data-start=\"2204\" data-end=\"2274\">Id\u00e9al pour une tenue habill\u00e9e, un look affirm\u00e9 ou un \u00e9v\u00e8nement sp\u00e9cial<\/p>\n<\/li>\n<li data-start=\"2275\" data-end=\"2341\">\n<p data-start=\"2277\" data-end=\"2341\"><strong data-start=\"2277\" data-end=\"2302\">Bijou \u00e9co-responsable<\/strong> issu d\u2019une d\u00e9marche de recyclage local<\/p>\n<\/li>\n<\/ul>\n<p data-start=\"2343\" data-end=\"2502\">Ce collier peut aussi s\u2019associer \u00e0 mes <strong data-start=\"2382\" data-end=\"2421\">earrings made from recycled glass<\/strong> ou \u00e0 un <strong data-start=\"2430\" data-end=\"2450\">bracelet assorti<\/strong> pour compl\u00e9ter ton look avec coh\u00e9rence et \u00e9l\u00e9gance.<\/p>\n<hr data-start=\"2504\" data-end=\"2507\" \/>\n<h3 data-start=\"2509\" data-end=\"2564\">R\u00e9v\u00e8le ta singularit\u00e9 avec une cr\u00e9ation responsable<\/h3>\n<p data-start=\"2566\" data-end=\"2873\">Offre-toi ce <strong data-start=\"2579\" data-end=\"2605\">bijou unique fait main<\/strong>, et affirme un style \u00e0 la fois fort et durable. Ce collier est bien plus qu\u2019un simple accessoire : c\u2019est une <strong data-start=\"2715\" data-end=\"2748\">cr\u00e9ation artisanale fran\u00e7aise<\/strong>, pens\u00e9e pour valoriser l\u2019<strong data-start=\"2774\" data-end=\"2806\">upcycling de verre culinaire<\/strong> et le <strong data-start=\"2813\" data-end=\"2840\">travail \u00e9thique du cuir<\/strong>. Il t\u2019attend, pr\u00eat \u00e0 \u00eatre port\u00e9.<\/p>","protected":false},"excerpt":{"rendered":"<p><audio class=\"audio-for-speech\"><\/audio><\/p>\n<div class=\"translate-tooltip-mtz translator-hidden\">\n<div class=\"header\">\n<div class=\"header-controls\">Translator<\/div>\n<div class=\"header-controls\"><\/div>\n<div class=\"header-controls\"><\/div>\n<\/div>\n<div class=\"translated-text\">\n<div class=\"words\"><\/div>\n<div class=\"sentences\"><\/div>\n<\/div>\n<\/div>\n<p>&nbsp;<\/p>\n<h3 data-start=\"492\" data-end=\"575\"><strong data-start=\"496\" data-end=\"575\">Collier cuir recycl\u00e9 et verre recycl\u00e9 \u2013 bijou fait main au design graphique<\/strong><\/h3>\n<p data-start=\"577\" data-end=\"798\">Ce <strong data-start=\"580\" data-end=\"610\">collier cuir verre recycl\u00e9<\/strong> associe <strong data-start=\"619\" data-end=\"640\">cuir noir upcycl\u00e9<\/strong> et <strong data-start=\"644\" data-end=\"671\">verre fil\u00e9 au chalumeau<\/strong>. Je l\u2019ai fa\u00e7onn\u00e9 \u00e0 la main dans mon atelier fran\u00e7ais. Son style tribal, graphique et moderne lui donne une forte personnalit\u00e9.<\/p>\n<p data-start=\"800\" data-end=\"1004\">Le cuir provient de <strong data-start=\"820\" data-end=\"846\">chutes de maroquinerie<\/strong>. Je d\u00e9coupe chaque forme \u00e0 la main pour cr\u00e9er ce motif dentel\u00e9 original. Il est ensuite assembl\u00e9 avec des <strong data-start=\"953\" data-end=\"984\">cha\u00eenes en acier inoxydable<\/strong> solides et l\u00e9g\u00e8res.<\/p>\n<p data-start=\"1006\" data-end=\"1218\">Les perles sont en <a href=\"https:\/\/www.verredart.fr\/en\/a-propos-de-verre-dart\/recyclage-de-verre-culinaire\/\"><strong data-start=\"1025\" data-end=\"1049\">The non-recyclable glass<\/strong><\/a>. Je les file \u00e0 la flamme \u00e0 partir de <strong data-start=\"1087\" data-end=\"1106\">verre culinaire<\/strong> sauv\u00e9 de la poubelle. Chaque goutte blanche est unique et cr\u00e9e un contraste \u00e9clatant avec le fond noir du cuir.<\/p>\n<p data-start=\"1220\" data-end=\"1423\">Ce <strong data-start=\"1223\" data-end=\"1248\">bijou \u00e9co-responsable<\/strong> est parfait pour une occasion sp\u00e9ciale. Il apporte une touche originale \u00e0 une tenue sobre ou compl\u00e8te un look affirm\u00e9. Sa l\u00e9g\u00e8ret\u00e9 garantit un port agr\u00e9able toute la journ\u00e9e.<\/p>","protected":false},"featured_media":5663,"template":"","meta":[],"product_brand":[],"product_cat":[22],"product_tag":[],"class_list":{"0":"post-5662","1":"product","2":"type-product","3":"status-publish","4":"has-post-thumbnail","6":"product_cat-collier-en-verre-recycle","8":"entry","9":"has-media","11":"first","12":"outofstock","13":"shipping-taxable","14":"purchasable","15":"product-type-simple","16":"has-product-nav","17":"col","18":"span_1_of_3","19":"owp-content-center","20":"item-entry","21":"owp-thumbs-layout-vertical","22":"owp-btn-big","23":"owp-tabs-layout-horizontal"},"yoast_head":"<!-- This site is optimized with the Yoast SEO plugin v27.4 - https:\/\/yoast.com\/product\/yoast-seo-wordpress\/ -->\n<title>Collier cuir verre recycl\u00e9 fait main et graphique<\/title>\n<meta name=\"description\" content=\"Collier en cuir et verre recycl\u00e9 fait main, design tribal et \u00e9thique. Commande ta pi\u00e8ce unique d\u00e8s aujourd\u2019hui. Verre d&#039;Art - Verre non recyclab\" \/>\n<meta name=\"robots\" content=\"index, follow, max-snippet:-1, max-image-preview:large, max-video-preview:-1\" \/>\n<link rel=\"canonical\" href=\"https:\/\/www.verredart.fr\/en\/verre-dart-bijoux-en-verre-recycle\/collier-en-verre-recycle\/collier-cuir-recycle-et-verre-recycle-une-piece-forte-au-style-tribal-et-engage\/\" \/>\n<meta property=\"og:locale\" content=\"en_US\" \/>\n<meta property=\"og:type\" content=\"article\" \/>\n<meta property=\"og:title\" content=\"Collier cuir verre recycl\u00e9 fait main et graphique\" \/>\n<meta property=\"og:description\" content=\"Collier en cuir et verre recycl\u00e9 fait main, design tribal et \u00e9thique. Commande ta pi\u00e8ce unique d\u00e8s aujourd\u2019hui. Verre d&#039;Art - Verre non recyclab\" \/>\n<meta property=\"og:url\" content=\"https:\/\/www.verredart.fr\/en\/verre-dart-bijoux-en-verre-recycle\/collier-en-verre-recycle\/collier-cuir-recycle-et-verre-recycle-une-piece-forte-au-style-tribal-et-engage\/\" \/>\n<meta property=\"og:site_name\" content=\"Verre d&#039;Art\" \/>\n<meta property=\"article:publisher\" content=\"https:\/\/www.facebook.com\/Verredart\" \/>\n<meta property=\"article:modified_time\" content=\"2025-12-09T08:40:50+00:00\" \/>\n<meta property=\"og:image\" content=\"https:\/\/www.verredart.fr\/wp-content\/uploads\/2025\/09\/IMG_5113.jpg\" \/>\n\t<meta property=\"og:image:width\" content=\"1920\" \/>\n\t<meta property=\"og:image:height\" content=\"1080\" \/>\n\t<meta property=\"og:image:type\" content=\"image\/jpeg\" \/>\n<meta name=\"twitter:card\" content=\"summary_large_image\" \/>\n<meta name=\"twitter:site\" content=\"@verredart\" \/>\n<meta name=\"twitter:label1\" content=\"Est. reading time\" \/>\n\t<meta name=\"twitter:data1\" content=\"3 minutes\" \/>\n<script type=\"application\/ld+json\" class=\"yoast-schema-graph\">{\"@context\":\"https:\\\/\\\/schema.org\",\"@graph\":[{\"@type\":\"WebPage\",\"@id\":\"https:\\\/\\\/www.verredart.fr\\\/verre-dart-bijoux-en-verre-recycle\\\/collier-en-verre-recycle\\\/collier-cuir-recycle-et-verre-recycle-une-piece-forte-au-style-tribal-et-engage\\\/\",\"url\":\"https:\\\/\\\/www.verredart.fr\\\/verre-dart-bijoux-en-verre-recycle\\\/collier-en-verre-recycle\\\/collier-cuir-recycle-et-verre-recycle-une-piece-forte-au-style-tribal-et-engage\\\/\",\"name\":\"Collier cuir verre recycl\u00e9 fait main et graphique\",\"isPartOf\":{\"@id\":\"https:\\\/\\\/www.verredart.fr\\\/#website\"},\"primaryImageOfPage\":{\"@id\":\"https:\\\/\\\/www.verredart.fr\\\/verre-dart-bijoux-en-verre-recycle\\\/collier-en-verre-recycle\\\/collier-cuir-recycle-et-verre-recycle-une-piece-forte-au-style-tribal-et-engage\\\/#primaryimage\"},\"image\":{\"@id\":\"https:\\\/\\\/www.verredart.fr\\\/verre-dart-bijoux-en-verre-recycle\\\/collier-en-verre-recycle\\\/collier-cuir-recycle-et-verre-recycle-une-piece-forte-au-style-tribal-et-engage\\\/#primaryimage\"},\"thumbnailUrl\":\"https:\\\/\\\/i0.wp.com\\\/www.verredart.fr\\\/wp-content\\\/uploads\\\/2025\\\/09\\\/IMG_5113.jpg?fit=1920%2C1080&ssl=1\",\"datePublished\":\"2025-09-12T07:58:24+00:00\",\"dateModified\":\"2025-12-09T08:40:50+00:00\",\"description\":\"Collier en cuir et verre recycl\u00e9 fait main, design tribal et \u00e9thique. Commande ta pi\u00e8ce unique d\u00e8s aujourd\u2019hui. Verre d'Art - Verre non recyclable recycl\u00e9\",\"breadcrumb\":{\"@id\":\"https:\\\/\\\/www.verredart.fr\\\/verre-dart-bijoux-en-verre-recycle\\\/collier-en-verre-recycle\\\/collier-cuir-recycle-et-verre-recycle-une-piece-forte-au-style-tribal-et-engage\\\/#breadcrumb\"},\"inLanguage\":\"en-US\",\"potentialAction\":[{\"@type\":\"ReadAction\",\"target\":[\"https:\\\/\\\/www.verredart.fr\\\/verre-dart-bijoux-en-verre-recycle\\\/collier-en-verre-recycle\\\/collier-cuir-recycle-et-verre-recycle-une-piece-forte-au-style-tribal-et-engage\\\/\"]}]},{\"@type\":\"ImageObject\",\"inLanguage\":\"en-US\",\"@id\":\"https:\\\/\\\/www.verredart.fr\\\/verre-dart-bijoux-en-verre-recycle\\\/collier-en-verre-recycle\\\/collier-cuir-recycle-et-verre-recycle-une-piece-forte-au-style-tribal-et-engage\\\/#primaryimage\",\"url\":\"https:\\\/\\\/i0.wp.com\\\/www.verredart.fr\\\/wp-content\\\/uploads\\\/2025\\\/09\\\/IMG_5113.jpg?fit=1920%2C1080&ssl=1\",\"contentUrl\":\"https:\\\/\\\/i0.wp.com\\\/www.verredart.fr\\\/wp-content\\\/uploads\\\/2025\\\/09\\\/IMG_5113.jpg?fit=1920%2C1080&ssl=1\",\"width\":1920,\"height\":1080,\"caption\":\"Collier artisanal en cuir recycl\u00e9 et verre blanc fil\u00e9 au chalumeau, design tribal\"},{\"@type\":\"BreadcrumbList\",\"@id\":\"https:\\\/\\\/www.verredart.fr\\\/verre-dart-bijoux-en-verre-recycle\\\/collier-en-verre-recycle\\\/collier-cuir-recycle-et-verre-recycle-une-piece-forte-au-style-tribal-et-engage\\\/#breadcrumb\",\"itemListElement\":[{\"@type\":\"ListItem\",\"position\":1,\"name\":\"Collections\",\"item\":\"https:\\\/\\\/www.verredart.fr\\\/verre-dart-bijoux-en-verre-recycle\\\/boutique-bijoux-en-verre-culinaire-recycle\\\/\"},{\"@type\":\"ListItem\",\"position\":2,\"name\":\"Colliers\",\"item\":\"https:\\\/\\\/www.verredart.fr\\\/bijoux-en-verre-recycle\\\/collier-en-verre-recycle\\\/\"},{\"@type\":\"ListItem\",\"position\":3,\"name\":\"Collier cuir recycl\u00e9 et verre recycl\u00e9 \u2013 une pi\u00e8ce forte au style tribal\"}]},{\"@type\":\"WebSite\",\"@id\":\"https:\\\/\\\/www.verredart.fr\\\/#website\",\"url\":\"https:\\\/\\\/www.verredart.fr\\\/\",\"name\":\"Verre d'Art\",\"description\":\"Recyclage de verre non recyclable en cr\u00e9ations uniques et engag\u00e9s\",\"publisher\":{\"@id\":\"https:\\\/\\\/www.verredart.fr\\\/#organization\"},\"potentialAction\":[{\"@type\":\"SearchAction\",\"target\":{\"@type\":\"EntryPoint\",\"urlTemplate\":\"https:\\\/\\\/www.verredart.fr\\\/?s={search_term_string}\"},\"query-input\":{\"@type\":\"PropertyValueSpecification\",\"valueRequired\":true,\"valueName\":\"search_term_string\"}}],\"inLanguage\":\"en-US\"},{\"@type\":\"Organization\",\"@id\":\"https:\\\/\\\/www.verredart.fr\\\/#organization\",\"name\":\"Verre d'Art\",\"url\":\"https:\\\/\\\/www.verredart.fr\\\/\",\"logo\":{\"@type\":\"ImageObject\",\"inLanguage\":\"en-US\",\"@id\":\"https:\\\/\\\/www.verredart.fr\\\/#\\\/schema\\\/logo\\\/image\\\/\",\"url\":\"\",\"contentUrl\":\"\",\"caption\":\"Verre d'Art\"},\"image\":{\"@id\":\"https:\\\/\\\/www.verredart.fr\\\/#\\\/schema\\\/logo\\\/image\\\/\"},\"sameAs\":[\"https:\\\/\\\/www.facebook.com\\\/Verredart\",\"https:\\\/\\\/x.com\\\/verredart\",\"https:\\\/\\\/www.instagram.com\\\/Verre_dart\",\"https:\\\/\\\/www.pinterest.fr\\\/verredart\\\/\"]}]}<\/script>\n<!-- \/ Yoast SEO plugin. -->","yoast_head_json":{"title":"Collier cuir verre recycl\u00e9 fait main et graphique","description":"Collier en cuir et verre recycl\u00e9 fait main, design tribal et \u00e9thique. Commande ta pi\u00e8ce unique d\u00e8s aujourd\u2019hui. Verre d'Art - Verre non recyclab","robots":{"index":"index","follow":"follow","max-snippet":"max-snippet:-1","max-image-preview":"max-image-preview:large","max-video-preview":"max-video-preview:-1"},"canonical":"https:\/\/www.verredart.fr\/en\/verre-dart-bijoux-en-verre-recycle\/collier-en-verre-recycle\/collier-cuir-recycle-et-verre-recycle-une-piece-forte-au-style-tribal-et-engage\/","og_locale":"en_US","og_type":"article","og_title":"Collier cuir verre recycl\u00e9 fait main et graphique","og_description":"Collier en cuir et verre recycl\u00e9 fait main, design tribal et \u00e9thique. Commande ta pi\u00e8ce unique d\u00e8s aujourd\u2019hui. Verre d'Art - Verre non recyclab","og_url":"https:\/\/www.verredart.fr\/en\/verre-dart-bijoux-en-verre-recycle\/collier-en-verre-recycle\/collier-cuir-recycle-et-verre-recycle-une-piece-forte-au-style-tribal-et-engage\/","og_site_name":"Verre d&#039;Art","article_publisher":"https:\/\/www.facebook.com\/Verredart","article_modified_time":"2025-12-09T08:40:50+00:00","og_image":[{"width":1920,"height":1080,"url":"https:\/\/www.verredart.fr\/wp-content\/uploads\/2025\/09\/IMG_5113.jpg","type":"image\/jpeg"}],"twitter_card":"summary_large_image","twitter_site":"@verredart","twitter_misc":{"Est. reading time":"3 minutes"},"schema":{"@context":"https:\/\/schema.org","@graph":[{"@type":"WebPage","@id":"https:\/\/www.verredart.fr\/verre-dart-bijoux-en-verre-recycle\/collier-en-verre-recycle\/collier-cuir-recycle-et-verre-recycle-une-piece-forte-au-style-tribal-et-engage\/","url":"https:\/\/www.verredart.fr\/verre-dart-bijoux-en-verre-recycle\/collier-en-verre-recycle\/collier-cuir-recycle-et-verre-recycle-une-piece-forte-au-style-tribal-et-engage\/","name":"Collier cuir verre recycl\u00e9 fait main et graphique","isPartOf":{"@id":"https:\/\/www.verredart.fr\/#website"},"primaryImageOfPage":{"@id":"https:\/\/www.verredart.fr\/verre-dart-bijoux-en-verre-recycle\/collier-en-verre-recycle\/collier-cuir-recycle-et-verre-recycle-une-piece-forte-au-style-tribal-et-engage\/#primaryimage"},"image":{"@id":"https:\/\/www.verredart.fr\/verre-dart-bijoux-en-verre-recycle\/collier-en-verre-recycle\/collier-cuir-recycle-et-verre-recycle-une-piece-forte-au-style-tribal-et-engage\/#primaryimage"},"thumbnailUrl":"https:\/\/i0.wp.com\/www.verredart.fr\/wp-content\/uploads\/2025\/09\/IMG_5113.jpg?fit=1920%2C1080&ssl=1","datePublished":"2025-09-12T07:58:24+00:00","dateModified":"2025-12-09T08:40:50+00:00","description":"Collier en cuir et verre recycl\u00e9 fait main, design tribal et \u00e9thique. Commande ta pi\u00e8ce unique d\u00e8s aujourd\u2019hui. Verre d'Art - Verre non recyclable recycl\u00e9","breadcrumb":{"@id":"https:\/\/www.verredart.fr\/verre-dart-bijoux-en-verre-recycle\/collier-en-verre-recycle\/collier-cuir-recycle-et-verre-recycle-une-piece-forte-au-style-tribal-et-engage\/#breadcrumb"},"inLanguage":"en-US","potentialAction":[{"@type":"ReadAction","target":["https:\/\/www.verredart.fr\/verre-dart-bijoux-en-verre-recycle\/collier-en-verre-recycle\/collier-cuir-recycle-et-verre-recycle-une-piece-forte-au-style-tribal-et-engage\/"]}]},{"@type":"ImageObject","inLanguage":"en-US","@id":"https:\/\/www.verredart.fr\/verre-dart-bijoux-en-verre-recycle\/collier-en-verre-recycle\/collier-cuir-recycle-et-verre-recycle-une-piece-forte-au-style-tribal-et-engage\/#primaryimage","url":"https:\/\/i0.wp.com\/www.verredart.fr\/wp-content\/uploads\/2025\/09\/IMG_5113.jpg?fit=1920%2C1080&ssl=1","contentUrl":"https:\/\/i0.wp.com\/www.verredart.fr\/wp-content\/uploads\/2025\/09\/IMG_5113.jpg?fit=1920%2C1080&ssl=1","width":1920,"height":1080,"caption":"Collier artisanal en cuir recycl\u00e9 et verre blanc fil\u00e9 au chalumeau, design tribal"},{"@type":"BreadcrumbList","@id":"https:\/\/www.verredart.fr\/verre-dart-bijoux-en-verre-recycle\/collier-en-verre-recycle\/collier-cuir-recycle-et-verre-recycle-une-piece-forte-au-style-tribal-et-engage\/#breadcrumb","itemListElement":[{"@type":"ListItem","position":1,"name":"Collections","item":"https:\/\/www.verredart.fr\/verre-dart-bijoux-en-verre-recycle\/boutique-bijoux-en-verre-culinaire-recycle\/"},{"@type":"ListItem","position":2,"name":"Colliers","item":"https:\/\/www.verredart.fr\/bijoux-en-verre-recycle\/collier-en-verre-recycle\/"},{"@type":"ListItem","position":3,"name":"Collier cuir recycl\u00e9 et verre recycl\u00e9 \u2013 une pi\u00e8ce forte au style tribal"}]},{"@type":"WebSite","@id":"https:\/\/www.verredart.fr\/#website","url":"https:\/\/www.verredart.fr\/","name":"Verre d'Art","description":"Recyclage de verre non recyclable en cr\u00e9ations uniques et engag\u00e9s","publisher":{"@id":"https:\/\/www.verredart.fr\/#organization"},"potentialAction":[{"@type":"SearchAction","target":{"@type":"EntryPoint","urlTemplate":"https:\/\/www.verredart.fr\/?s={search_term_string}"},"query-input":{"@type":"PropertyValueSpecification","valueRequired":true,"valueName":"search_term_string"}}],"inLanguage":"en-US"},{"@type":"Organization","@id":"https:\/\/www.verredart.fr\/#organization","name":"Verre d'Art","url":"https:\/\/www.verredart.fr\/","logo":{"@type":"ImageObject","inLanguage":"en-US","@id":"https:\/\/www.verredart.fr\/#\/schema\/logo\/image\/","url":"","contentUrl":"","caption":"Verre d'Art"},"image":{"@id":"https:\/\/www.verredart.fr\/#\/schema\/logo\/image\/"},"sameAs":["https:\/\/www.facebook.com\/Verredart","https:\/\/x.com\/verredart","https:\/\/www.instagram.com\/Verre_dart","https:\/\/www.pinterest.fr\/verredart\/"]}]}},"jetpack_sharing_enabled":true,"_links":{"self":[{"href":"https:\/\/www.verredart.fr\/en\/wp-json\/wp\/v2\/product\/5662","targetHints":{"allow":["GET"]}}],"collection":[{"href":"https:\/\/www.verredart.fr\/en\/wp-json\/wp\/v2\/product"}],"about":[{"href":"https:\/\/www.verredart.fr\/en\/wp-json\/wp\/v2\/types\/product"}],"wp:featuredmedia":[{"embeddable":true,"href":"https:\/\/www.verredart.fr\/en\/wp-json\/wp\/v2\/media\/5663"}],"wp:attachment":[{"href":"https:\/\/www.verredart.fr\/en\/wp-json\/wp\/v2\/media?parent=5662"}],"wp:term":[{"taxonomy":"product_brand","embeddable":true,"href":"https:\/\/www.verredart.fr\/en\/wp-json\/wp\/v2\/product_brand?post=5662"},{"taxonomy":"product_cat","embeddable":true,"href":"https:\/\/www.verredart.fr\/en\/wp-json\/wp\/v2\/product_cat?post=5662"},{"taxonomy":"product_tag","embeddable":true,"href":"https:\/\/www.verredart.fr\/en\/wp-json\/wp\/v2\/product_tag?post=5662"}],"curies":[{"name":"wp","href":"https:\/\/api.w.org\/{rel}","templated":true}]}}