{"id":5693,"date":"2025-09-23T20:24:44","date_gmt":"2025-09-23T20:24:44","guid":{"rendered":"https:\/\/www.verredart.fr\/?post_type=product&#038;p=5693"},"modified":"2025-10-18T16:27:11","modified_gmt":"2025-10-18T16:27:11","slug":"atelier-epingle-cheveux-mariee-demoiselles-honneur-evjf","status":"publish","type":"product","link":"https:\/\/www.verredart.fr\/en\/verre-dart-bijoux-en-verre-recycle\/ateliers-de-verre-file-chalumeau-loire-42-andreia-matos\/atelier-epingle-cheveux-mariee-demoiselles-honneur-evjf\/","title":{"rendered":"Hairpin workshop, hen party or bridesmaids"},"content":{"rendered":"<p><audio class=\"audio-for-speech\"><\/audio><\/p>\n<div class=\"translate-tooltip-mtz translator-hidden\">\n<div class=\"header\">\n<div class=\"header-controls\">Translator<\/div>\n<div class=\"header-controls\"><\/div>\n<div class=\"header-controls\"><\/div>\n<\/div>\n<div class=\"translated-text\">\n<div class=\"words\"><\/div>\n<div class=\"sentences\"><\/div>\n<\/div>\n<\/div>\n<p>&nbsp;<\/p>\n<p data-start=\"307\" data-end=\"545\">Vivez un moment cr\u00e9atif et inoubliable avec un <strong data-start=\"354\" data-end=\"390\">atelier \u00e9pingle \u00e0 cheveux mari\u00e9e<\/strong>, sp\u00e9cialement pens\u00e9 pour les <strong data-start=\"420\" data-end=\"445\">demoiselles d\u2019honneur<\/strong>, la <strong data-start=\"450\" data-end=\"467\">future mari\u00e9e<\/strong>, ou encore dans le cadre d\u2019un <strong data-start=\"498\" data-end=\"542\">enterrement de vie de jeune fille (EVJF)<\/strong>.<\/p>\n<p data-start=\"547\" data-end=\"867\">Je vous guide pas \u00e0 pas pour r\u00e9aliser des <strong data-start=\"589\" data-end=\"619\">\u00e9pingles \u00e0 cheveux uniques<\/strong>, fa\u00e7onn\u00e9es \u00e0 partir de <strong data-start=\"643\" data-end=\"675\">verre recycl\u00e9 non recyclable<\/strong>, une mati\u00e8re \u00e9l\u00e9gante, originale et respectueuse de l\u2019environnement. Chaque participante d\u00e9couvre les bases de l\u2019assemblage et compose ses bijoux selon le style et la coiffure de la mari\u00e9e.<\/p>\n<p data-start=\"869\" data-end=\"1281\">Cet atelier est une occasion magique de partager un moment de complicit\u00e9, de cr\u00e9er ensemble et d\u2019offrir \u00e0 la mari\u00e9e un souvenir pr\u00e9cieux : des accessoires faits main, pens\u00e9s pour elle. Que ce soit pour pr\u00e9parer la coiffure du grand jour, surprendre la future mari\u00e9e avec un cadeau personnalis\u00e9 ou vivre un instant cr\u00e9atif entre amies lors d\u2019un EVJF, chaque \u00e9pingle devient le symbole d\u2019une journ\u00e9e inoubliable.<\/p>\n<p data-start=\"1283\" data-end=\"1575\">\u2728 <strong data-start=\"1285\" data-end=\"1294\">Dur\u00e9e<\/strong> : 2h<br data-start=\"1306\" data-end=\"1309\" \/>\u2728 <strong data-start=\"1311\" data-end=\"1321\">Public<\/strong> : Mari\u00e9e, demoiselles d\u2019honneur, ateliers EVJF<br data-start=\"1368\" data-end=\"1371\" \/>\u2728 <strong data-start=\"1373\" data-end=\"1392\">Mat\u00e9riel fourni<\/strong> : perles en verre recycl\u00e9, appr\u00eats, outils<br data-start=\"1435\" data-end=\"1438\" \/>\u2728 <strong data-start=\"1440\" data-end=\"1448\">Lieu<\/strong> : Atelier-boutique Verre d\u2019Art, 30 place Mario Meunier, Le Crozet<br data-start=\"1514\" data-end=\"1517\" \/>\u2728 <strong data-start=\"1519\" data-end=\"1528\">Tarif<\/strong> : 55 \u20ac par personne, tout inclus<\/p>\n<p data-start=\"1577\" data-end=\"1754\">\u00c0 la fin de cet <strong data-start=\"1593\" data-end=\"1636\">atelier d\u2019\u00e9pingle \u00e0 cheveux pour mari\u00e9e<\/strong>, vous repartez avec vos cr\u00e9ations personnalis\u00e9es et le souvenir d\u2019un moment cr\u00e9atif unique, \u00e0 partager et \u00e0 ch\u00e9rir.<\/p>","protected":false},"excerpt":{"rendered":"<p><audio class=\"audio-for-speech\"><\/audio><\/p>\n<div class=\"translate-tooltip-mtz translator-hidden\">\n<div class=\"header\">\n<div class=\"header-controls\">Translator<\/div>\n<div class=\"header-controls\"><\/div>\n<div class=\"header-controls\"><\/div>\n<\/div>\n<div class=\"translated-text\">\n<div class=\"words\"><\/div>\n<div class=\"sentences\"><\/div>\n<\/div>\n<\/div>\n<p>&nbsp;<\/p>\n<p>Participez \u00e0 un <strong data-start=\"1819\" data-end=\"1855\">atelier \u00e9pingle \u00e0 cheveux mari\u00e9e<\/strong> pour cr\u00e9er un bijou unique en <strong data-start=\"1886\" data-end=\"1903\">verre recycl\u00e9<\/strong>. Id\u00e9al pour les <strong data-start=\"1920\" data-end=\"1945\">demoiselles d\u2019honneur<\/strong>, la <strong data-start=\"1950\" data-end=\"1967\">future mari\u00e9e<\/strong> ou un <strong data-start=\"1974\" data-end=\"1982\">EVJF<\/strong>, cet atelier vous permet de r\u00e9aliser des accessoires personnalis\u00e9s et m\u00e9morables.<\/p>","protected":false},"featured_media":5560,"template":"","meta":[],"product_brand":[],"product_cat":[181],"product_tag":[],"class_list":{"0":"post-5693","1":"product","2":"type-product","3":"status-publish","4":"has-post-thumbnail","6":"product_cat-ateliers-de-verre-file-chalumeau-loire-42-andreia-matos","8":"entry","9":"has-media","11":"first","12":"instock","13":"virtual","14":"purchasable","15":"product-type-simple","16":"has-product-nav","17":"col","18":"span_1_of_3","19":"owp-content-center","20":"item-entry","21":"owp-thumbs-layout-vertical","22":"owp-btn-big","23":"owp-tabs-layout-horizontal","24":"has-no-thumbnails"},"yoast_head":"<!-- This site is optimized with the Yoast SEO plugin v27.4 - https:\/\/yoast.com\/product\/yoast-seo-wordpress\/ -->\n<title>Atelier cr\u00e9ation d\u2019\u00e9pingles \u00e0 cheveux pour mari\u00e9e, EVJF<\/title>\n<meta name=\"description\" content=\"Cr\u00e9ez des \u00e9pingles \u00e0 cheveux uniques en verre recycl\u00e9 pour la mari\u00e9e. Atelier cr\u00e9atif id\u00e9al pour demoiselles d\u2019honneur ou enterrement de vie\" \/>\n<meta name=\"robots\" content=\"index, follow, max-snippet:-1, max-image-preview:large, max-video-preview:-1\" \/>\n<link rel=\"canonical\" href=\"https:\/\/www.verredart.fr\/en\/verre-dart-bijoux-en-verre-recycle\/ateliers-de-verre-file-chalumeau-loire-42-andreia-matos\/atelier-epingle-cheveux-mariee-demoiselles-honneur-evjf\/\" \/>\n<meta property=\"og:locale\" content=\"en_US\" \/>\n<meta property=\"og:type\" content=\"article\" \/>\n<meta property=\"og:title\" content=\"Atelier cr\u00e9ation d\u2019\u00e9pingles \u00e0 cheveux pour mari\u00e9e, EVJF\" \/>\n<meta property=\"og:description\" content=\"Cr\u00e9ez des \u00e9pingles \u00e0 cheveux uniques en verre recycl\u00e9 pour la mari\u00e9e. Atelier cr\u00e9atif id\u00e9al pour demoiselles d\u2019honneur ou enterrement de vie\" \/>\n<meta property=\"og:url\" content=\"https:\/\/www.verredart.fr\/en\/verre-dart-bijoux-en-verre-recycle\/ateliers-de-verre-file-chalumeau-loire-42-andreia-matos\/atelier-epingle-cheveux-mariee-demoiselles-honneur-evjf\/\" \/>\n<meta property=\"og:site_name\" content=\"Verre d&#039;Art\" \/>\n<meta property=\"article:publisher\" content=\"https:\/\/www.facebook.com\/Verredart\" \/>\n<meta property=\"article:modified_time\" content=\"2025-10-18T16:27:11+00:00\" \/>\n<meta property=\"og:image\" content=\"https:\/\/i0.wp.com\/www.verredart.fr\/wp-content\/uploads\/2025\/06\/IMG_46032.jpg?fit=1080%2C1920&ssl=1\" \/>\n\t<meta property=\"og:image:width\" content=\"1080\" \/>\n\t<meta property=\"og:image:height\" content=\"1920\" \/>\n\t<meta property=\"og:image:type\" content=\"image\/jpeg\" \/>\n<meta name=\"twitter:card\" content=\"summary_large_image\" \/>\n<meta name=\"twitter:site\" content=\"@verredart\" \/>\n<meta name=\"twitter:label1\" content=\"Est. reading time\" \/>\n\t<meta name=\"twitter:data1\" content=\"2 minutes\" \/>\n<script type=\"application\/ld+json\" class=\"yoast-schema-graph\">{\"@context\":\"https:\\\/\\\/schema.org\",\"@graph\":[{\"@type\":\"WebPage\",\"@id\":\"https:\\\/\\\/www.verredart.fr\\\/verre-dart-bijoux-en-verre-recycle\\\/ateliers-de-verre-file-chalumeau-loire-42-andreia-matos\\\/atelier-epingle-cheveux-mariee-demoiselles-honneur-evjf\\\/\",\"url\":\"https:\\\/\\\/www.verredart.fr\\\/verre-dart-bijoux-en-verre-recycle\\\/ateliers-de-verre-file-chalumeau-loire-42-andreia-matos\\\/atelier-epingle-cheveux-mariee-demoiselles-honneur-evjf\\\/\",\"name\":\"Atelier cr\u00e9ation d\u2019\u00e9pingles \u00e0 cheveux pour mari\u00e9e, EVJF\",\"isPartOf\":{\"@id\":\"https:\\\/\\\/www.verredart.fr\\\/#website\"},\"primaryImageOfPage\":{\"@id\":\"https:\\\/\\\/www.verredart.fr\\\/verre-dart-bijoux-en-verre-recycle\\\/ateliers-de-verre-file-chalumeau-loire-42-andreia-matos\\\/atelier-epingle-cheveux-mariee-demoiselles-honneur-evjf\\\/#primaryimage\"},\"image\":{\"@id\":\"https:\\\/\\\/www.verredart.fr\\\/verre-dart-bijoux-en-verre-recycle\\\/ateliers-de-verre-file-chalumeau-loire-42-andreia-matos\\\/atelier-epingle-cheveux-mariee-demoiselles-honneur-evjf\\\/#primaryimage\"},\"thumbnailUrl\":\"https:\\\/\\\/i0.wp.com\\\/www.verredart.fr\\\/wp-content\\\/uploads\\\/2025\\\/06\\\/IMG_46032.jpg?fit=1080%2C1920&ssl=1\",\"datePublished\":\"2025-09-23T20:24:44+00:00\",\"dateModified\":\"2025-10-18T16:27:11+00:00\",\"description\":\"Cr\u00e9ez des \u00e9pingles \u00e0 cheveux uniques en verre recycl\u00e9 pour la mari\u00e9e. Atelier cr\u00e9atif id\u00e9al pour demoiselles d\u2019honneur ou enterrement de vie de jeune fille.\",\"breadcrumb\":{\"@id\":\"https:\\\/\\\/www.verredart.fr\\\/verre-dart-bijoux-en-verre-recycle\\\/ateliers-de-verre-file-chalumeau-loire-42-andreia-matos\\\/atelier-epingle-cheveux-mariee-demoiselles-honneur-evjf\\\/#breadcrumb\"},\"inLanguage\":\"en-US\",\"potentialAction\":[{\"@type\":\"ReadAction\",\"target\":[\"https:\\\/\\\/www.verredart.fr\\\/verre-dart-bijoux-en-verre-recycle\\\/ateliers-de-verre-file-chalumeau-loire-42-andreia-matos\\\/atelier-epingle-cheveux-mariee-demoiselles-honneur-evjf\\\/\"]}]},{\"@type\":\"ImageObject\",\"inLanguage\":\"en-US\",\"@id\":\"https:\\\/\\\/www.verredart.fr\\\/verre-dart-bijoux-en-verre-recycle\\\/ateliers-de-verre-file-chalumeau-loire-42-andreia-matos\\\/atelier-epingle-cheveux-mariee-demoiselles-honneur-evjf\\\/#primaryimage\",\"url\":\"https:\\\/\\\/i0.wp.com\\\/www.verredart.fr\\\/wp-content\\\/uploads\\\/2025\\\/06\\\/IMG_46032.jpg?fit=1080%2C1920&ssl=1\",\"contentUrl\":\"https:\\\/\\\/i0.wp.com\\\/www.verredart.fr\\\/wp-content\\\/uploads\\\/2025\\\/06\\\/IMG_46032.jpg?fit=1080%2C1920&ssl=1\",\"width\":1080,\"height\":1920,\"caption\":\"Epingle \u00e0 cheveux personnalis\u00e9 mariage au couleurs de votre mariage\"},{\"@type\":\"BreadcrumbList\",\"@id\":\"https:\\\/\\\/www.verredart.fr\\\/verre-dart-bijoux-en-verre-recycle\\\/ateliers-de-verre-file-chalumeau-loire-42-andreia-matos\\\/atelier-epingle-cheveux-mariee-demoiselles-honneur-evjf\\\/#breadcrumb\",\"itemListElement\":[{\"@type\":\"ListItem\",\"position\":1,\"name\":\"Collections\",\"item\":\"https:\\\/\\\/www.verredart.fr\\\/verre-dart-bijoux-en-verre-recycle\\\/boutique-bijoux-en-verre-culinaire-recycle\\\/\"},{\"@type\":\"ListItem\",\"position\":2,\"name\":\"Ateliers\",\"item\":\"https:\\\/\\\/www.verredart.fr\\\/bijoux-en-verre-recycle\\\/ateliers-de-verre-file-chalumeau-loire-42-andreia-matos\\\/\"},{\"@type\":\"ListItem\",\"position\":3,\"name\":\"Atelier \u00e9pingle \u00e0 cheveux, enterrement de vie de jeune fille ou demoiselles d\u2019honneur\"}]},{\"@type\":\"WebSite\",\"@id\":\"https:\\\/\\\/www.verredart.fr\\\/#website\",\"url\":\"https:\\\/\\\/www.verredart.fr\\\/\",\"name\":\"Verre d'Art\",\"description\":\"Recyclage de verre non recyclable en cr\u00e9ations uniques et engag\u00e9s\",\"publisher\":{\"@id\":\"https:\\\/\\\/www.verredart.fr\\\/#organization\"},\"potentialAction\":[{\"@type\":\"SearchAction\",\"target\":{\"@type\":\"EntryPoint\",\"urlTemplate\":\"https:\\\/\\\/www.verredart.fr\\\/?s={search_term_string}\"},\"query-input\":{\"@type\":\"PropertyValueSpecification\",\"valueRequired\":true,\"valueName\":\"search_term_string\"}}],\"inLanguage\":\"en-US\"},{\"@type\":\"Organization\",\"@id\":\"https:\\\/\\\/www.verredart.fr\\\/#organization\",\"name\":\"Verre d'Art\",\"url\":\"https:\\\/\\\/www.verredart.fr\\\/\",\"logo\":{\"@type\":\"ImageObject\",\"inLanguage\":\"en-US\",\"@id\":\"https:\\\/\\\/www.verredart.fr\\\/#\\\/schema\\\/logo\\\/image\\\/\",\"url\":\"\",\"contentUrl\":\"\",\"caption\":\"Verre d'Art\"},\"image\":{\"@id\":\"https:\\\/\\\/www.verredart.fr\\\/#\\\/schema\\\/logo\\\/image\\\/\"},\"sameAs\":[\"https:\\\/\\\/www.facebook.com\\\/Verredart\",\"https:\\\/\\\/x.com\\\/verredart\",\"https:\\\/\\\/www.instagram.com\\\/Verre_dart\",\"https:\\\/\\\/www.pinterest.fr\\\/verredart\\\/\"]}]}<\/script>\n<!-- \/ Yoast SEO plugin. -->","yoast_head_json":{"title":"Atelier cr\u00e9ation d\u2019\u00e9pingles \u00e0 cheveux pour mari\u00e9e, EVJF","description":"Cr\u00e9ez des \u00e9pingles \u00e0 cheveux uniques en verre recycl\u00e9 pour la mari\u00e9e. Atelier cr\u00e9atif id\u00e9al pour demoiselles d\u2019honneur ou enterrement de vie","robots":{"index":"index","follow":"follow","max-snippet":"max-snippet:-1","max-image-preview":"max-image-preview:large","max-video-preview":"max-video-preview:-1"},"canonical":"https:\/\/www.verredart.fr\/en\/verre-dart-bijoux-en-verre-recycle\/ateliers-de-verre-file-chalumeau-loire-42-andreia-matos\/atelier-epingle-cheveux-mariee-demoiselles-honneur-evjf\/","og_locale":"en_US","og_type":"article","og_title":"Atelier cr\u00e9ation d\u2019\u00e9pingles \u00e0 cheveux pour mari\u00e9e, EVJF","og_description":"Cr\u00e9ez des \u00e9pingles \u00e0 cheveux uniques en verre recycl\u00e9 pour la mari\u00e9e. Atelier cr\u00e9atif id\u00e9al pour demoiselles d\u2019honneur ou enterrement de vie","og_url":"https:\/\/www.verredart.fr\/en\/verre-dart-bijoux-en-verre-recycle\/ateliers-de-verre-file-chalumeau-loire-42-andreia-matos\/atelier-epingle-cheveux-mariee-demoiselles-honneur-evjf\/","og_site_name":"Verre d&#039;Art","article_publisher":"https:\/\/www.facebook.com\/Verredart","article_modified_time":"2025-10-18T16:27:11+00:00","og_image":[{"width":1080,"height":1920,"url":"https:\/\/i0.wp.com\/www.verredart.fr\/wp-content\/uploads\/2025\/06\/IMG_46032.jpg?fit=1080%2C1920&ssl=1","type":"image\/jpeg"}],"twitter_card":"summary_large_image","twitter_site":"@verredart","twitter_misc":{"Est. reading time":"2 minutes"},"schema":{"@context":"https:\/\/schema.org","@graph":[{"@type":"WebPage","@id":"https:\/\/www.verredart.fr\/verre-dart-bijoux-en-verre-recycle\/ateliers-de-verre-file-chalumeau-loire-42-andreia-matos\/atelier-epingle-cheveux-mariee-demoiselles-honneur-evjf\/","url":"https:\/\/www.verredart.fr\/verre-dart-bijoux-en-verre-recycle\/ateliers-de-verre-file-chalumeau-loire-42-andreia-matos\/atelier-epingle-cheveux-mariee-demoiselles-honneur-evjf\/","name":"Atelier cr\u00e9ation d\u2019\u00e9pingles \u00e0 cheveux pour mari\u00e9e, EVJF","isPartOf":{"@id":"https:\/\/www.verredart.fr\/#website"},"primaryImageOfPage":{"@id":"https:\/\/www.verredart.fr\/verre-dart-bijoux-en-verre-recycle\/ateliers-de-verre-file-chalumeau-loire-42-andreia-matos\/atelier-epingle-cheveux-mariee-demoiselles-honneur-evjf\/#primaryimage"},"image":{"@id":"https:\/\/www.verredart.fr\/verre-dart-bijoux-en-verre-recycle\/ateliers-de-verre-file-chalumeau-loire-42-andreia-matos\/atelier-epingle-cheveux-mariee-demoiselles-honneur-evjf\/#primaryimage"},"thumbnailUrl":"https:\/\/i0.wp.com\/www.verredart.fr\/wp-content\/uploads\/2025\/06\/IMG_46032.jpg?fit=1080%2C1920&ssl=1","datePublished":"2025-09-23T20:24:44+00:00","dateModified":"2025-10-18T16:27:11+00:00","description":"Cr\u00e9ez des \u00e9pingles \u00e0 cheveux uniques en verre recycl\u00e9 pour la mari\u00e9e. Atelier cr\u00e9atif id\u00e9al pour demoiselles d\u2019honneur ou enterrement de vie de jeune fille.","breadcrumb":{"@id":"https:\/\/www.verredart.fr\/verre-dart-bijoux-en-verre-recycle\/ateliers-de-verre-file-chalumeau-loire-42-andreia-matos\/atelier-epingle-cheveux-mariee-demoiselles-honneur-evjf\/#breadcrumb"},"inLanguage":"en-US","potentialAction":[{"@type":"ReadAction","target":["https:\/\/www.verredart.fr\/verre-dart-bijoux-en-verre-recycle\/ateliers-de-verre-file-chalumeau-loire-42-andreia-matos\/atelier-epingle-cheveux-mariee-demoiselles-honneur-evjf\/"]}]},{"@type":"ImageObject","inLanguage":"en-US","@id":"https:\/\/www.verredart.fr\/verre-dart-bijoux-en-verre-recycle\/ateliers-de-verre-file-chalumeau-loire-42-andreia-matos\/atelier-epingle-cheveux-mariee-demoiselles-honneur-evjf\/#primaryimage","url":"https:\/\/i0.wp.com\/www.verredart.fr\/wp-content\/uploads\/2025\/06\/IMG_46032.jpg?fit=1080%2C1920&ssl=1","contentUrl":"https:\/\/i0.wp.com\/www.verredart.fr\/wp-content\/uploads\/2025\/06\/IMG_46032.jpg?fit=1080%2C1920&ssl=1","width":1080,"height":1920,"caption":"Epingle \u00e0 cheveux personnalis\u00e9 mariage au couleurs de votre mariage"},{"@type":"BreadcrumbList","@id":"https:\/\/www.verredart.fr\/verre-dart-bijoux-en-verre-recycle\/ateliers-de-verre-file-chalumeau-loire-42-andreia-matos\/atelier-epingle-cheveux-mariee-demoiselles-honneur-evjf\/#breadcrumb","itemListElement":[{"@type":"ListItem","position":1,"name":"Collections","item":"https:\/\/www.verredart.fr\/verre-dart-bijoux-en-verre-recycle\/boutique-bijoux-en-verre-culinaire-recycle\/"},{"@type":"ListItem","position":2,"name":"Ateliers","item":"https:\/\/www.verredart.fr\/bijoux-en-verre-recycle\/ateliers-de-verre-file-chalumeau-loire-42-andreia-matos\/"},{"@type":"ListItem","position":3,"name":"Atelier \u00e9pingle \u00e0 cheveux, enterrement de vie de jeune fille ou demoiselles d\u2019honneur"}]},{"@type":"WebSite","@id":"https:\/\/www.verredart.fr\/#website","url":"https:\/\/www.verredart.fr\/","name":"Verre d'Art","description":"Recyclage de verre non recyclable en cr\u00e9ations uniques et engag\u00e9s","publisher":{"@id":"https:\/\/www.verredart.fr\/#organization"},"potentialAction":[{"@type":"SearchAction","target":{"@type":"EntryPoint","urlTemplate":"https:\/\/www.verredart.fr\/?s={search_term_string}"},"query-input":{"@type":"PropertyValueSpecification","valueRequired":true,"valueName":"search_term_string"}}],"inLanguage":"en-US"},{"@type":"Organization","@id":"https:\/\/www.verredart.fr\/#organization","name":"Verre d'Art","url":"https:\/\/www.verredart.fr\/","logo":{"@type":"ImageObject","inLanguage":"en-US","@id":"https:\/\/www.verredart.fr\/#\/schema\/logo\/image\/","url":"","contentUrl":"","caption":"Verre d'Art"},"image":{"@id":"https:\/\/www.verredart.fr\/#\/schema\/logo\/image\/"},"sameAs":["https:\/\/www.facebook.com\/Verredart","https:\/\/x.com\/verredart","https:\/\/www.instagram.com\/Verre_dart","https:\/\/www.pinterest.fr\/verredart\/"]}]}},"jetpack_sharing_enabled":true,"_links":{"self":[{"href":"https:\/\/www.verredart.fr\/en\/wp-json\/wp\/v2\/product\/5693","targetHints":{"allow":["GET"]}}],"collection":[{"href":"https:\/\/www.verredart.fr\/en\/wp-json\/wp\/v2\/product"}],"about":[{"href":"https:\/\/www.verredart.fr\/en\/wp-json\/wp\/v2\/types\/product"}],"wp:featuredmedia":[{"embeddable":true,"href":"https:\/\/www.verredart.fr\/en\/wp-json\/wp\/v2\/media\/5560"}],"wp:attachment":[{"href":"https:\/\/www.verredart.fr\/en\/wp-json\/wp\/v2\/media?parent=5693"}],"wp:term":[{"taxonomy":"product_brand","embeddable":true,"href":"https:\/\/www.verredart.fr\/en\/wp-json\/wp\/v2\/product_brand?post=5693"},{"taxonomy":"product_cat","embeddable":true,"href":"https:\/\/www.verredart.fr\/en\/wp-json\/wp\/v2\/product_cat?post=5693"},{"taxonomy":"product_tag","embeddable":true,"href":"https:\/\/www.verredart.fr\/en\/wp-json\/wp\/v2\/product_tag?post=5693"}],"curies":[{"name":"wp","href":"https:\/\/api.w.org\/{rel}","templated":true}]}}