{"id":5813,"date":"2025-10-02T19:18:34","date_gmt":"2025-10-02T19:18:34","guid":{"rendered":"https:\/\/www.verredart.fr\/?post_type=product&#038;p=5813"},"modified":"2026-03-04T18:10:10","modified_gmt":"2026-03-04T18:10:10","slug":"pendentif-olfactif-cristal-recycle-verre-dart","status":"publish","type":"product","link":"https:\/\/www.verredart.fr\/en\/verre-dart-bijoux-en-verre-recycle\/bijoux-diffuseurs-huiles-essentielles-femme\/pendentif-olfactif-cristal-recycle-verre-dart\/","title":{"rendered":"Pendentif rose en cristal recycl\u00e9 \u2013 l\u2019\u00e9l\u00e9gance d\u2019un bijou olfactif"},"content":{"rendered":"<h2 data-start=\"573\" data-end=\"632\">Pendentif cristal recycl\u00e9 fleur bijou olfactif artisanal<\/h2>\n<h3 data-start=\"634\" data-end=\"675\">Une fleur d\u00e9licate n\u00e9e du verre d&rsquo;art<\/h3>\n<h4 data-start=\"677\" data-end=\"722\">Une cr\u00e9ation artisanale unique<\/h4>\n<p data-start=\"724\" data-end=\"857\">Je r\u00e9alise ce pendentif dans mon atelier gr\u00e2ce au travail du feu.<br data-start=\"789\" data-end=\"792\" \/>Chaque pi\u00e8ce na\u00eet d\u2019un geste pr\u00e9cis et d\u2019une mati\u00e8re transform\u00e9e.<\/p>\n<p data-start=\"859\" data-end=\"982\">Ce bijou appartient \u00e0 l\u2019univers du <strong data-start=\"894\" data-end=\"909\">verre d&rsquo;art<\/strong>.<br data-start=\"910\" data-end=\"913\" \/>Je travaille du cristal r\u00e9cup\u00e9r\u00e9 afin de lui offrir une nouvelle vie.<\/p>\n<p data-start=\"984\" data-end=\"1116\">Ce processus s\u2019inscrit dans une d\u00e9marche d\u2019<strong data-start=\"1027\" data-end=\"1051\">eco-friendly crafts<\/strong>.<br data-start=\"1052\" data-end=\"1055\" \/>Je transforme une mati\u00e8re oubli\u00e9e pour cr\u00e9er un bijou unique.<\/p>\n<p data-start=\"1118\" data-end=\"1252\">Cette approche correspond \u00e0 une v\u00e9ritable <strong data-start=\"1160\" data-end=\"1201\">transformation de verre non recycable<\/strong>.<br data-start=\"1202\" data-end=\"1205\" \/>La mati\u00e8re devient alors une cr\u00e9ation d\u00e9licate.<\/p>\n<p data-start=\"1254\" data-end=\"1342\">Chaque pi\u00e8ce est fa\u00e7onn\u00e9e une par une.<br data-start=\"1292\" data-end=\"1295\" \/>Ainsi naissent mes <strong data-start=\"1314\" data-end=\"1341\">bijoux en verre recycl\u00e9<\/strong>.<\/p>\n<p data-start=\"1344\" data-end=\"1449\">La forme de fleur apporte douceur et po\u00e9sie.<br data-start=\"1388\" data-end=\"1391\" \/>La transparence du cristal capte la lumi\u00e8re avec \u00e9l\u00e9gance.<\/p>\n<hr data-start=\"1451\" data-end=\"1454\" \/>\n<h3 data-start=\"1456\" data-end=\"1510\">Un pendentif olfactif en cristal fil\u00e9 au chalumeau<\/h3>\n<h4 data-start=\"1512\" data-end=\"1554\">Un bijou \u00e9l\u00e9gant et sensoriel<\/h4>\n<p data-start=\"1556\" data-end=\"1648\">Je fa\u00e7onne ce pendentif gr\u00e2ce \u00e0 la technique des <strong data-start=\"1605\" data-end=\"1647\">accessoires en verre fil\u00e9 au chalumeau<\/strong>.<\/p>\n<p data-start=\"1650\" data-end=\"1765\">Sous la chaleur du chalumeau, le cristal devient mall\u00e9able.<br data-start=\"1709\" data-end=\"1712\" \/>Je le mod\u00e8le pour cr\u00e9er cette petite fleur lumineuse.<\/p>\n<p data-start=\"1767\" data-end=\"1854\">Le pendentif mesure environ <strong data-start=\"1795\" data-end=\"1814\">3 cm de hauteur<\/strong>.<br data-start=\"1815\" data-end=\"1818\" \/>Il reste l\u00e9ger et agr\u00e9able \u00e0 porter.<\/p>\n<p data-start=\"1856\" data-end=\"1966\">Il est mont\u00e9 sur une <strong data-start=\"1877\" data-end=\"1910\">cha\u00eene r\u00e9glable de 43 \u00e0 48 cm<\/strong>.<br data-start=\"1911\" data-end=\"1914\" \/>Cette longueur permet d\u2019adapter facilement le bijou.<\/p>\n<p data-start=\"1968\" data-end=\"2015\">Ce pendentif poss\u00e8de une fonction particuli\u00e8re.<\/p>\n<p data-start=\"2017\" data-end=\"2051\">Il s\u2019agit d\u2019un pendentif olfactif.<\/p>\n<p data-start=\"2053\" data-end=\"2185\">Une petite cavit\u00e9 permet d\u2019y d\u00e9poser quelques gouttes d\u2019huile essentielle ou de parfum.<br data-start=\"2140\" data-end=\"2143\" \/>Le parfum se diffuse ensuite d\u00e9licatement.<\/p>\n<p data-start=\"2187\" data-end=\"2288\">Ce bijou devient alors un accessoire sensoriel discret.<br data-start=\"2242\" data-end=\"2245\" \/>Il accompagne votre journ\u00e9e avec subtilit\u00e9.<\/p>\n<hr data-start=\"2290\" data-end=\"2293\" \/>\n<h3 data-start=\"2295\" data-end=\"2364\">Un bijou \u00e9co responsable issu d\u2019une cr\u00e9ation artisanale fran\u00e7aise<\/h3>\n<h4 data-start=\"2366\" data-end=\"2406\">Porter un bijou qui a du sens<\/h4>\n<p data-start=\"2408\" data-end=\"2470\">Porter ce pendentif signifie choisir une cr\u00e9ation authentique.<\/p>\n<p data-start=\"2472\" data-end=\"2550\">Je fabrique chaque pi\u00e8ce dans mon atelier.<br data-start=\"2514\" data-end=\"2517\" \/>Chaque bijou devient donc unique.<\/p>\n<p data-start=\"2552\" data-end=\"2670\">Cette cr\u00e9ation fait partie de mes <strong data-start=\"2586\" data-end=\"2613\">bijoux \u00e9co-responsables<\/strong>.<br data-start=\"2614\" data-end=\"2617\" \/>Elle s\u2019inscrit dans une d\u00e9marche de cr\u00e9ation durable.<\/p>\n<p data-start=\"3139\" data-end=\"3197\">Je cr\u00e9e \u00e9galement d\u2019autres <strong data-start=\"3166\" data-end=\"3195\">bijoux uniques faits main<\/strong> :<\/p>\n<ul data-start=\"3199\" data-end=\"3341\">\n<li data-start=\"3199\" data-end=\"3242\">\n<p data-start=\"3201\" data-end=\"3242\"><a href=\"https:\/\/www.verredart.fr\/en\/bijoux-en-verre-recycle\/boucles-doreilles-en-verre-recycle\/\"><strong data-start=\"3201\" data-end=\"3240\">earrings made from recycled glass<\/strong><\/a><\/p>\n<\/li>\n<li data-start=\"3243\" data-end=\"3277\">\n<p data-start=\"3245\" data-end=\"3277\"><a href=\"https:\/\/www.verredart.fr\/en\/bijoux-en-verre-recycle\/bracelets-en-verre-recycle\/\"><strong data-start=\"3245\" data-end=\"3275\">bracelets en verre recycl\u00e9<\/strong><\/a><\/p>\n<\/li>\n<li data-start=\"3278\" data-end=\"3309\">\n<p data-start=\"3280\" data-end=\"3309\"><a href=\"https:\/\/www.verredart.fr\/en\/bijoux-en-verre-recycle\/bagues-en-verre-recycle\/\"><strong data-start=\"3280\" data-end=\"3307\">bagues en verre recycl\u00e9<\/strong><\/a><\/p>\n<\/li>\n<li data-start=\"3310\" data-end=\"3341\">\n<p data-start=\"3312\" data-end=\"3341\"><a href=\"https:\/\/www.verredart.fr\/en\/bijoux-en-verre-recycle\/collier-en-verre-recycle\/\"><strong data-start=\"3312\" data-end=\"3341\">colliers en verre recycl\u00e9<\/strong><\/a><\/p>\n<\/li>\n<\/ul>\n<p data-start=\"3343\" data-end=\"3441\">Je d\u00e9veloppe aussi des cr\u00e9ations autour du <strong data-start=\"3386\" data-end=\"3401\">verre d\u2019art<\/strong> pour la maison et la cr\u00e9ation textile :<\/p>\n<ul data-start=\"3443\" data-end=\"3665\">\n<li data-start=\"3443\" data-end=\"3476\">\n<p data-start=\"3445\" data-end=\"3476\"><a href=\"https:\/\/www.verredart.fr\/en\/bijoux-en-verre-recycle\/art-de-la-table-verre-recycle-non-recyclable\/pics-a-aperitifs\/\"><strong data-start=\"3445\" data-end=\"3474\">pics \u00e0 ap\u00e9ritifs en verre<\/strong><\/a><\/p>\n<\/li>\n<li data-start=\"3477\" data-end=\"3517\">\n<p data-start=\"3479\" data-end=\"3517\"><a href=\"https:\/\/www.verredart.fr\/en\/bijoux-en-verre-recycle\/art-de-la-table-verre-recycle-non-recyclable\/\"><strong data-start=\"3479\" data-end=\"3515\">art de la table en verre recycl\u00e9<\/strong><\/a><\/p>\n<\/li>\n<li data-start=\"3518\" data-end=\"3550\">\n<p data-start=\"3520\" data-end=\"3550\"><a href=\"https:\/\/www.verredart.fr\/en\/bijoux-en-verre-recycle\/accessoires-de-couture-verre-recycle-non-recyclable\/boutons-verre-recycle\/\"><strong data-start=\"3520\" data-end=\"3548\">boutons en verre recycl\u00e9<\/strong><\/a><\/p>\n<\/li>\n<li data-start=\"3551\" data-end=\"3587\">\n<p data-start=\"3553\" data-end=\"3587\"><a href=\"https:\/\/www.verredart.fr\/en\/bijoux-en-verre-recycle\/accessoires-de-couture-verre-recycle-non-recyclable\/epingles-de-couture-artisanales-avec-embout-en-verre-recycle\/\"><strong data-start=\"3553\" data-end=\"3585\">\u00e9pingles de couture en verre<\/strong><\/a><\/p>\n<\/li>\n<li data-start=\"3588\" data-end=\"3625\">\n<p data-start=\"3590\" data-end=\"3625\"><a href=\"https:\/\/www.verredart.fr\/en\/bijoux-en-verre-recycle\/accessoires-de-couture-verre-recycle-non-recyclable\/aiguilles-tricot-verre-recycle\/\"><strong data-start=\"3590\" data-end=\"3623\">aiguilles \u00e0 tricoter en verre<\/strong><\/a><\/p>\n<\/li>\n<li data-start=\"3626\" data-end=\"3665\">\n<p data-start=\"3628\" data-end=\"3665\"><a href=\"https:\/\/www.verredart.fr\/en\/categorie-tricot-verre-recycle\/\"><strong data-start=\"3628\" data-end=\"3665\">accessoires de tricot \u00e9cologiques<\/strong><\/a><\/p>\n<\/li>\n<\/ul>\n<p data-start=\"3667\" data-end=\"3741\">Toutes ces pi\u00e8ces font partie de mes <strong data-start=\"3704\" data-end=\"3740\">cr\u00e9ations artisanales fran\u00e7aises<\/strong>.<\/p>\n<p data-start=\"3743\" data-end=\"3827\">Je partage \u00e9galement mon savoir-faire lors d\u2019<a href=\"https:\/\/www.verredart.fr\/en\/ateliers-creatifs-le-crozet\/\"><strong>ateliers<\/strong> <strong data-start=\"3789\" data-end=\"3826\">de filage de verre<\/strong><\/a>.<\/p>\n<p data-start=\"3315\" data-end=\"3383\">Chaque pi\u00e8ce raconte une histoire de feu, de mati\u00e8re et de cr\u00e9ation.<\/p>\n<hr data-start=\"3385\" data-end=\"3388\" \/>\n<h3 data-start=\"3390\" data-end=\"3440\">Une fleur de cristal pour sublimer votre style<\/h3>\n<h4 data-start=\"3442\" data-end=\"3487\">Adoptez un bijou artisanal unique<\/h4>\n<p data-start=\"3489\" data-end=\"3551\">Ce pendentif fleur en cristal attire le regard par sa finesse.<\/p>\n<p data-start=\"3553\" data-end=\"3629\">Sa transparence capte la lumi\u00e8re.<br data-start=\"3586\" data-end=\"3589\" \/>Sa forme \u00e9voque la nature et la douceur.<\/p>\n<p data-start=\"3631\" data-end=\"3742\">La <strong data-start=\"3634\" data-end=\"3667\">cha\u00eene r\u00e9glable de 43 \u00e0 48 cm<\/strong> permet d\u2019adapter facilement le bijou.<br data-start=\"3705\" data-end=\"3708\" \/>Il s\u2019int\u00e8gre \u00e0 de nombreux styles.<\/p>\n<p data-start=\"3744\" data-end=\"3879\">Ce pendentif est bien plus qu\u2019un simple accessoire.<br data-start=\"3795\" data-end=\"3798\" \/>Il incarne la rencontre entre <strong data-start=\"3828\" data-end=\"3843\">verre d&rsquo;art<\/strong>, artisanat et cr\u00e9ation responsable.<\/p>\n<p data-start=\"3881\" data-end=\"4009\">Si vous aimez les bijoux uniques et porteurs de sens, cette fleur en cristal trouvera facilement sa place dans votre collection.<\/p>\n<p data-start=\"4011\" data-end=\"4141\">Ajoutez d\u00e8s maintenant ce pendentif en <strong data-start=\"4050\" data-end=\"4069\">cristal recycl\u00e9<\/strong> \u00e0 votre panier et laissez la po\u00e9sie du feu accompagner votre quotidien.<\/p>","protected":false},"excerpt":{"rendered":"<p data-start=\"4170\" data-end=\"4231\">Ce pendentif fleur appartient \u00e0 l\u2019univers du <strong data-start=\"4215\" data-end=\"4230\">verre d&rsquo;art<\/strong>.<\/p>\n<p data-start=\"4233\" data-end=\"4349\">Je le cr\u00e9e dans mon atelier gr\u00e2ce \u00e0 la technique du chalumeau.<br data-start=\"4295\" data-end=\"4298\" \/>La mati\u00e8re utilis\u00e9e provient de cristal transform\u00e9.<\/p>\n<p data-start=\"4351\" data-end=\"4419\">Cette d\u00e9marche s\u2019inscrit dans un v\u00e9ritable <strong data-start=\"4394\" data-end=\"4418\">eco-friendly crafts<\/strong>.<\/p>\n<p data-start=\"4421\" data-end=\"4528\">Je r\u00e9alise une <strong data-start=\"4436\" data-end=\"4477\">transformation de verre non recycable<\/strong>.<br data-start=\"4478\" data-end=\"4481\" \/>La mati\u00e8re devient alors une cr\u00e9ation d\u00e9licate.<\/p>\n<p data-start=\"4530\" data-end=\"4595\">Chaque pi\u00e8ce est fa\u00e7onn\u00e9e \u00e0 la main.<br data-start=\"4566\" data-end=\"4569\" \/>Chaque bijou reste unique.<\/p>\n<p data-start=\"4597\" data-end=\"4649\">Le pendentif repr\u00e9sente une petite fleur en cristal.<\/p>\n<p data-start=\"4651\" data-end=\"4686\">Sa hauteur mesure environ <strong data-start=\"4677\" data-end=\"4685\">3 cm<\/strong>.<\/p>\n<p data-start=\"4688\" data-end=\"4734\">Sa transparence capte la lumi\u00e8re avec douceur.<\/p>\n<p data-start=\"4736\" data-end=\"4797\">Ce bijou est mont\u00e9 sur une <strong data-start=\"4763\" data-end=\"4796\">cha\u00eene r\u00e9glable de 43 \u00e0 48 cm<\/strong>.<\/p>\n<p data-start=\"4799\" data-end=\"4855\">Cette longueur permet d\u2019adapter facilement le pendentif.<\/p>\n<p data-start=\"4857\" data-end=\"4900\">Ce bijou poss\u00e8de une fonction particuli\u00e8re.<\/p>\n<p data-start=\"4902\" data-end=\"4936\">Il s\u2019agit d\u2019un pendentif olfactif.<\/p>\n<p data-start=\"4938\" data-end=\"5007\">Il peut accueillir quelques gouttes d\u2019huile essentielle ou de parfum.<\/p>\n<p data-start=\"5009\" data-end=\"5067\">Le parfum se diffuse ensuite d\u00e9licatement dans la journ\u00e9e.<\/p>\n<p data-start=\"5069\" data-end=\"5131\">Cette cr\u00e9ation fait partie de mes <strong data-start=\"5103\" data-end=\"5130\">bijoux \u00e9co-responsables<\/strong>.<\/p>\n<p data-start=\"5069\" data-end=\"5131\">Ajoutez ce pendentif fleur en <strong data-start=\"5724\" data-end=\"5743\">cristal recycl\u00e9<\/strong> \u00e0 votre collection et portez un bijou artisanal unique.<\/p>","protected":false},"featured_media":5818,"template":"","meta":[],"product_brand":[],"product_cat":[157],"product_tag":[],"class_list":{"0":"post-5813","1":"product","2":"type-product","3":"status-publish","4":"has-post-thumbnail","6":"product_cat-bijoux-diffuseurs-huiles-essentielles-femme","8":"entry","9":"has-media","11":"first","12":"instock","13":"shipping-taxable","14":"purchasable","15":"product-type-simple","16":"has-product-nav","17":"col","18":"span_1_of_3","19":"owp-content-center","20":"item-entry","21":"owp-thumbs-layout-vertical","22":"owp-btn-big","23":"owp-tabs-layout-horizontal"},"yoast_head":"<!-- This site is optimized with the Yoast SEO plugin v27.4 - https:\/\/yoast.com\/product\/yoast-seo-wordpress\/ -->\n<title>Pendentif rose en cristal recycl\u00e9 \u2013 l\u2019\u00e9l\u00e9gance d\u2019un bijou olfactif - Verre d&#039;Art<\/title>\n<meta name=\"description\" content=\"Porte ton parfum avec style gr\u00e2ce \u00e0 ce pendentif olfactif en cristal recycl\u00e9 fa\u00e7onn\u00e9 au chalumeau. Commande ta pi\u00e8ce unique !\" \/>\n<meta name=\"robots\" content=\"index, follow, max-snippet:-1, max-image-preview:large, max-video-preview:-1\" \/>\n<link rel=\"canonical\" href=\"https:\/\/www.verredart.fr\/en\/verre-dart-bijoux-en-verre-recycle\/bijoux-diffuseurs-huiles-essentielles-femme\/pendentif-olfactif-cristal-recycle-verre-dart\/\" \/>\n<meta property=\"og:locale\" content=\"en_US\" \/>\n<meta property=\"og:type\" content=\"article\" \/>\n<meta property=\"og:title\" content=\"Pendentif rose en cristal recycl\u00e9 \u2013 l\u2019\u00e9l\u00e9gance d\u2019un bijou olfactif - Verre d&#039;Art\" \/>\n<meta property=\"og:description\" content=\"Porte ton parfum avec style gr\u00e2ce \u00e0 ce pendentif olfactif en cristal recycl\u00e9 fa\u00e7onn\u00e9 au chalumeau. Commande ta pi\u00e8ce unique !\" \/>\n<meta property=\"og:url\" content=\"https:\/\/www.verredart.fr\/en\/verre-dart-bijoux-en-verre-recycle\/bijoux-diffuseurs-huiles-essentielles-femme\/pendentif-olfactif-cristal-recycle-verre-dart\/\" \/>\n<meta property=\"og:site_name\" content=\"Verre d&#039;Art\" \/>\n<meta property=\"article:publisher\" content=\"https:\/\/www.facebook.com\/Verredart\" \/>\n<meta property=\"article:modified_time\" content=\"2026-03-04T18:10:10+00:00\" \/>\n<meta property=\"og:image\" content=\"https:\/\/www.verredart.fr\/wp-content\/uploads\/2025\/10\/IMG_5278.jpg\" \/>\n\t<meta property=\"og:image:width\" content=\"1920\" \/>\n\t<meta property=\"og:image:height\" content=\"1080\" \/>\n\t<meta property=\"og:image:type\" content=\"image\/jpeg\" \/>\n<meta name=\"twitter:card\" content=\"summary_large_image\" \/>\n<meta name=\"twitter:site\" content=\"@verredart\" \/>\n<meta name=\"twitter:label1\" content=\"Est. reading time\" \/>\n\t<meta name=\"twitter:data1\" content=\"3 minutes\" \/>\n<script type=\"application\/ld+json\" class=\"yoast-schema-graph\">{\"@context\":\"https:\\\/\\\/schema.org\",\"@graph\":[{\"@type\":\"WebPage\",\"@id\":\"https:\\\/\\\/www.verredart.fr\\\/verre-dart-bijoux-en-verre-recycle\\\/bijoux-diffuseurs-huiles-essentielles-femme\\\/pendentif-olfactif-cristal-recycle-verre-dart\\\/\",\"url\":\"https:\\\/\\\/www.verredart.fr\\\/verre-dart-bijoux-en-verre-recycle\\\/bijoux-diffuseurs-huiles-essentielles-femme\\\/pendentif-olfactif-cristal-recycle-verre-dart\\\/\",\"name\":\"Pendentif rose en cristal recycl\u00e9 \u2013 l\u2019\u00e9l\u00e9gance d\u2019un bijou olfactif - Verre d&#039;Art\",\"isPartOf\":{\"@id\":\"https:\\\/\\\/www.verredart.fr\\\/#website\"},\"primaryImageOfPage\":{\"@id\":\"https:\\\/\\\/www.verredart.fr\\\/verre-dart-bijoux-en-verre-recycle\\\/bijoux-diffuseurs-huiles-essentielles-femme\\\/pendentif-olfactif-cristal-recycle-verre-dart\\\/#primaryimage\"},\"image\":{\"@id\":\"https:\\\/\\\/www.verredart.fr\\\/verre-dart-bijoux-en-verre-recycle\\\/bijoux-diffuseurs-huiles-essentielles-femme\\\/pendentif-olfactif-cristal-recycle-verre-dart\\\/#primaryimage\"},\"thumbnailUrl\":\"https:\\\/\\\/i0.wp.com\\\/www.verredart.fr\\\/wp-content\\\/uploads\\\/2025\\\/10\\\/IMG_5278.jpg?fit=1920%2C1080&ssl=1\",\"datePublished\":\"2025-10-02T19:18:34+00:00\",\"dateModified\":\"2026-03-04T18:10:10+00:00\",\"description\":\"Porte ton parfum avec style gr\u00e2ce \u00e0 ce pendentif olfactif en cristal recycl\u00e9 fa\u00e7onn\u00e9 au chalumeau. Commande ta pi\u00e8ce unique !\",\"breadcrumb\":{\"@id\":\"https:\\\/\\\/www.verredart.fr\\\/verre-dart-bijoux-en-verre-recycle\\\/bijoux-diffuseurs-huiles-essentielles-femme\\\/pendentif-olfactif-cristal-recycle-verre-dart\\\/#breadcrumb\"},\"inLanguage\":\"en-US\",\"potentialAction\":[{\"@type\":\"ReadAction\",\"target\":[\"https:\\\/\\\/www.verredart.fr\\\/verre-dart-bijoux-en-verre-recycle\\\/bijoux-diffuseurs-huiles-essentielles-femme\\\/pendentif-olfactif-cristal-recycle-verre-dart\\\/\"]}]},{\"@type\":\"ImageObject\",\"inLanguage\":\"en-US\",\"@id\":\"https:\\\/\\\/www.verredart.fr\\\/verre-dart-bijoux-en-verre-recycle\\\/bijoux-diffuseurs-huiles-essentielles-femme\\\/pendentif-olfactif-cristal-recycle-verre-dart\\\/#primaryimage\",\"url\":\"https:\\\/\\\/i0.wp.com\\\/www.verredart.fr\\\/wp-content\\\/uploads\\\/2025\\\/10\\\/IMG_5278.jpg?fit=1920%2C1080&ssl=1\",\"contentUrl\":\"https:\\\/\\\/i0.wp.com\\\/www.verredart.fr\\\/wp-content\\\/uploads\\\/2025\\\/10\\\/IMG_5278.jpg?fit=1920%2C1080&ssl=1\",\"width\":1920,\"height\":1080,\"caption\":\"Pendentif olfactif rose en cristal \u2013 bijou \u00e9co-responsable\"},{\"@type\":\"BreadcrumbList\",\"@id\":\"https:\\\/\\\/www.verredart.fr\\\/verre-dart-bijoux-en-verre-recycle\\\/bijoux-diffuseurs-huiles-essentielles-femme\\\/pendentif-olfactif-cristal-recycle-verre-dart\\\/#breadcrumb\",\"itemListElement\":[{\"@type\":\"ListItem\",\"position\":1,\"name\":\"Collections\",\"item\":\"https:\\\/\\\/www.verredart.fr\\\/verre-dart-bijoux-en-verre-recycle\\\/boutique-bijoux-en-verre-culinaire-recycle\\\/\"},{\"@type\":\"ListItem\",\"position\":2,\"name\":\"Colliers Olfactifs\",\"item\":\"https:\\\/\\\/www.verredart.fr\\\/bijoux-en-verre-recycle\\\/bijoux-diffuseurs-huiles-essentielles-femme\\\/\"},{\"@type\":\"ListItem\",\"position\":3,\"name\":\"Pendentif rose en cristal recycl\u00e9 \u2013 l\u2019\u00e9l\u00e9gance d\u2019un bijou olfactif\"}]},{\"@type\":\"WebSite\",\"@id\":\"https:\\\/\\\/www.verredart.fr\\\/#website\",\"url\":\"https:\\\/\\\/www.verredart.fr\\\/\",\"name\":\"Verre d'Art\",\"description\":\"Recyclage de verre non recyclable en cr\u00e9ations uniques et engag\u00e9s\",\"publisher\":{\"@id\":\"https:\\\/\\\/www.verredart.fr\\\/#organization\"},\"potentialAction\":[{\"@type\":\"SearchAction\",\"target\":{\"@type\":\"EntryPoint\",\"urlTemplate\":\"https:\\\/\\\/www.verredart.fr\\\/?s={search_term_string}\"},\"query-input\":{\"@type\":\"PropertyValueSpecification\",\"valueRequired\":true,\"valueName\":\"search_term_string\"}}],\"inLanguage\":\"en-US\"},{\"@type\":\"Organization\",\"@id\":\"https:\\\/\\\/www.verredart.fr\\\/#organization\",\"name\":\"Verre d'Art\",\"url\":\"https:\\\/\\\/www.verredart.fr\\\/\",\"logo\":{\"@type\":\"ImageObject\",\"inLanguage\":\"en-US\",\"@id\":\"https:\\\/\\\/www.verredart.fr\\\/#\\\/schema\\\/logo\\\/image\\\/\",\"url\":\"\",\"contentUrl\":\"\",\"caption\":\"Verre d'Art\"},\"image\":{\"@id\":\"https:\\\/\\\/www.verredart.fr\\\/#\\\/schema\\\/logo\\\/image\\\/\"},\"sameAs\":[\"https:\\\/\\\/www.facebook.com\\\/Verredart\",\"https:\\\/\\\/x.com\\\/verredart\",\"https:\\\/\\\/www.instagram.com\\\/Verre_dart\",\"https:\\\/\\\/www.pinterest.fr\\\/verredart\\\/\"]}]}<\/script>\n<!-- \/ Yoast SEO plugin. -->","yoast_head_json":{"title":"Pendentif rose en cristal recycl\u00e9 \u2013 l\u2019\u00e9l\u00e9gance d\u2019un bijou olfactif - Verre d&#039;Art","description":"Porte ton parfum avec style gr\u00e2ce \u00e0 ce pendentif olfactif en cristal recycl\u00e9 fa\u00e7onn\u00e9 au chalumeau. Commande ta pi\u00e8ce unique !","robots":{"index":"index","follow":"follow","max-snippet":"max-snippet:-1","max-image-preview":"max-image-preview:large","max-video-preview":"max-video-preview:-1"},"canonical":"https:\/\/www.verredart.fr\/en\/verre-dart-bijoux-en-verre-recycle\/bijoux-diffuseurs-huiles-essentielles-femme\/pendentif-olfactif-cristal-recycle-verre-dart\/","og_locale":"en_US","og_type":"article","og_title":"Pendentif rose en cristal recycl\u00e9 \u2013 l\u2019\u00e9l\u00e9gance d\u2019un bijou olfactif - Verre d&#039;Art","og_description":"Porte ton parfum avec style gr\u00e2ce \u00e0 ce pendentif olfactif en cristal recycl\u00e9 fa\u00e7onn\u00e9 au chalumeau. Commande ta pi\u00e8ce unique !","og_url":"https:\/\/www.verredart.fr\/en\/verre-dart-bijoux-en-verre-recycle\/bijoux-diffuseurs-huiles-essentielles-femme\/pendentif-olfactif-cristal-recycle-verre-dart\/","og_site_name":"Verre d&#039;Art","article_publisher":"https:\/\/www.facebook.com\/Verredart","article_modified_time":"2026-03-04T18:10:10+00:00","og_image":[{"width":1920,"height":1080,"url":"https:\/\/www.verredart.fr\/wp-content\/uploads\/2025\/10\/IMG_5278.jpg","type":"image\/jpeg"}],"twitter_card":"summary_large_image","twitter_site":"@verredart","twitter_misc":{"Est. reading time":"3 minutes"},"schema":{"@context":"https:\/\/schema.org","@graph":[{"@type":"WebPage","@id":"https:\/\/www.verredart.fr\/verre-dart-bijoux-en-verre-recycle\/bijoux-diffuseurs-huiles-essentielles-femme\/pendentif-olfactif-cristal-recycle-verre-dart\/","url":"https:\/\/www.verredart.fr\/verre-dart-bijoux-en-verre-recycle\/bijoux-diffuseurs-huiles-essentielles-femme\/pendentif-olfactif-cristal-recycle-verre-dart\/","name":"Pendentif rose en cristal recycl\u00e9 \u2013 l\u2019\u00e9l\u00e9gance d\u2019un bijou olfactif - Verre d&#039;Art","isPartOf":{"@id":"https:\/\/www.verredart.fr\/#website"},"primaryImageOfPage":{"@id":"https:\/\/www.verredart.fr\/verre-dart-bijoux-en-verre-recycle\/bijoux-diffuseurs-huiles-essentielles-femme\/pendentif-olfactif-cristal-recycle-verre-dart\/#primaryimage"},"image":{"@id":"https:\/\/www.verredart.fr\/verre-dart-bijoux-en-verre-recycle\/bijoux-diffuseurs-huiles-essentielles-femme\/pendentif-olfactif-cristal-recycle-verre-dart\/#primaryimage"},"thumbnailUrl":"https:\/\/i0.wp.com\/www.verredart.fr\/wp-content\/uploads\/2025\/10\/IMG_5278.jpg?fit=1920%2C1080&ssl=1","datePublished":"2025-10-02T19:18:34+00:00","dateModified":"2026-03-04T18:10:10+00:00","description":"Porte ton parfum avec style gr\u00e2ce \u00e0 ce pendentif olfactif en cristal recycl\u00e9 fa\u00e7onn\u00e9 au chalumeau. Commande ta pi\u00e8ce unique !","breadcrumb":{"@id":"https:\/\/www.verredart.fr\/verre-dart-bijoux-en-verre-recycle\/bijoux-diffuseurs-huiles-essentielles-femme\/pendentif-olfactif-cristal-recycle-verre-dart\/#breadcrumb"},"inLanguage":"en-US","potentialAction":[{"@type":"ReadAction","target":["https:\/\/www.verredart.fr\/verre-dart-bijoux-en-verre-recycle\/bijoux-diffuseurs-huiles-essentielles-femme\/pendentif-olfactif-cristal-recycle-verre-dart\/"]}]},{"@type":"ImageObject","inLanguage":"en-US","@id":"https:\/\/www.verredart.fr\/verre-dart-bijoux-en-verre-recycle\/bijoux-diffuseurs-huiles-essentielles-femme\/pendentif-olfactif-cristal-recycle-verre-dart\/#primaryimage","url":"https:\/\/i0.wp.com\/www.verredart.fr\/wp-content\/uploads\/2025\/10\/IMG_5278.jpg?fit=1920%2C1080&ssl=1","contentUrl":"https:\/\/i0.wp.com\/www.verredart.fr\/wp-content\/uploads\/2025\/10\/IMG_5278.jpg?fit=1920%2C1080&ssl=1","width":1920,"height":1080,"caption":"Pendentif olfactif rose en cristal \u2013 bijou \u00e9co-responsable"},{"@type":"BreadcrumbList","@id":"https:\/\/www.verredart.fr\/verre-dart-bijoux-en-verre-recycle\/bijoux-diffuseurs-huiles-essentielles-femme\/pendentif-olfactif-cristal-recycle-verre-dart\/#breadcrumb","itemListElement":[{"@type":"ListItem","position":1,"name":"Collections","item":"https:\/\/www.verredart.fr\/verre-dart-bijoux-en-verre-recycle\/boutique-bijoux-en-verre-culinaire-recycle\/"},{"@type":"ListItem","position":2,"name":"Colliers Olfactifs","item":"https:\/\/www.verredart.fr\/bijoux-en-verre-recycle\/bijoux-diffuseurs-huiles-essentielles-femme\/"},{"@type":"ListItem","position":3,"name":"Pendentif rose en cristal recycl\u00e9 \u2013 l\u2019\u00e9l\u00e9gance d\u2019un bijou olfactif"}]},{"@type":"WebSite","@id":"https:\/\/www.verredart.fr\/#website","url":"https:\/\/www.verredart.fr\/","name":"Verre d'Art","description":"Recyclage de verre non recyclable en cr\u00e9ations uniques et engag\u00e9s","publisher":{"@id":"https:\/\/www.verredart.fr\/#organization"},"potentialAction":[{"@type":"SearchAction","target":{"@type":"EntryPoint","urlTemplate":"https:\/\/www.verredart.fr\/?s={search_term_string}"},"query-input":{"@type":"PropertyValueSpecification","valueRequired":true,"valueName":"search_term_string"}}],"inLanguage":"en-US"},{"@type":"Organization","@id":"https:\/\/www.verredart.fr\/#organization","name":"Verre d'Art","url":"https:\/\/www.verredart.fr\/","logo":{"@type":"ImageObject","inLanguage":"en-US","@id":"https:\/\/www.verredart.fr\/#\/schema\/logo\/image\/","url":"","contentUrl":"","caption":"Verre d'Art"},"image":{"@id":"https:\/\/www.verredart.fr\/#\/schema\/logo\/image\/"},"sameAs":["https:\/\/www.facebook.com\/Verredart","https:\/\/x.com\/verredart","https:\/\/www.instagram.com\/Verre_dart","https:\/\/www.pinterest.fr\/verredart\/"]}]}},"jetpack_sharing_enabled":true,"_links":{"self":[{"href":"https:\/\/www.verredart.fr\/en\/wp-json\/wp\/v2\/product\/5813","targetHints":{"allow":["GET"]}}],"collection":[{"href":"https:\/\/www.verredart.fr\/en\/wp-json\/wp\/v2\/product"}],"about":[{"href":"https:\/\/www.verredart.fr\/en\/wp-json\/wp\/v2\/types\/product"}],"wp:featuredmedia":[{"embeddable":true,"href":"https:\/\/www.verredart.fr\/en\/wp-json\/wp\/v2\/media\/5818"}],"wp:attachment":[{"href":"https:\/\/www.verredart.fr\/en\/wp-json\/wp\/v2\/media?parent=5813"}],"wp:term":[{"taxonomy":"product_brand","embeddable":true,"href":"https:\/\/www.verredart.fr\/en\/wp-json\/wp\/v2\/product_brand?post=5813"},{"taxonomy":"product_cat","embeddable":true,"href":"https:\/\/www.verredart.fr\/en\/wp-json\/wp\/v2\/product_cat?post=5813"},{"taxonomy":"product_tag","embeddable":true,"href":"https:\/\/www.verredart.fr\/en\/wp-json\/wp\/v2\/product_tag?post=5813"}],"curies":[{"name":"wp","href":"https:\/\/api.w.org\/{rel}","templated":true}]}}