{"id":6212,"date":"2025-11-17T10:17:14","date_gmt":"2025-11-17T10:17:14","guid":{"rendered":"https:\/\/www.verredart.fr\/?post_type=product&#038;p=6212"},"modified":"2025-11-17T10:18:10","modified_gmt":"2025-11-17T10:18:10","slug":"pic-chignon-verre-recycle-violet","status":"publish","type":"product","link":"https:\/\/www.verredart.fr\/en\/verre-dart-bijoux-en-verre-recycle\/pince-cheveux-verre-recycle-non-recyclable\/pic-chignon-verre-recycle-violet\/","title":{"rendered":"Pic \u00e0 chignon verre recycl\u00e9 violet pour une coiffure \u00e9thique"},"content":{"rendered":"<h2 data-start=\"347\" data-end=\"384\">Pic \u00e0 chignon verre recycl\u00e9 violet<\/h2>\n<h3 data-start=\"386\" data-end=\"451\">Une rose en <a href=\"https:\/\/www.verredart.fr\/en\/verre-file-chalumeau-recycle-non-recyclable\/\">verre fil\u00e9 au chalumeau<\/a> pour une coiffure \u00e9thique<\/h3>\n<h4 data-start=\"453\" data-end=\"525\">Accessoire unique issu de la transformation du verre non recyclable<\/h4>\n<p data-start=\"527\" data-end=\"908\">Je cr\u00e9e ce <strong data-start=\"538\" data-end=\"579\">pic \u00e0 chignon en verre recycl\u00e9 violet<\/strong> \u00e0 partir de <a href=\"https:\/\/www.verredart.fr\/en\/le-recyclage-du-verre-non-recyclable\/\"><strong data-start=\"592\" data-end=\"627\">verre de vitrail non recyclable<\/strong><\/a>, r\u00e9cup\u00e9r\u00e9 localement. Ce mat\u00e9riau, destin\u00e9 \u00e0 la d\u00e9chetterie, prend une toute nouvelle vie dans mon atelier. \u00c0 la flamme du chalumeau, je mod\u00e8le une rose aux p\u00e9tales d\u00e9licats. Chaque fleur est unique, car je la fa\u00e7onne enti\u00e8rement \u00e0 la main, sans moule, avec patience et pr\u00e9cision.<\/p>\n<p data-start=\"910\" data-end=\"1155\">La tige mesure <strong data-start=\"925\" data-end=\"934\">12 cm<\/strong>. Elle est en acier inoxydable, ce qui la rend r\u00e9sistante, l\u00e9g\u00e8re et agr\u00e9able \u00e0 utiliser au quotidien. Ce <strong data-start=\"1040\" data-end=\"1065\">bijou \u00e9co-responsable<\/strong> est pens\u00e9 pour sublimer toutes les coiffures, du chignon flou aux attaches sophistiqu\u00e9es.<\/p>\n<hr data-start=\"1157\" data-end=\"1160\" \/>\n<h4 data-start=\"1162\" data-end=\"1202\">Un savoir-faire artisanal et engag\u00e9<\/h4>\n<p data-start=\"1204\" data-end=\"1535\">Ce <strong data-start=\"1207\" data-end=\"1224\">pic \u00e0 chignon<\/strong> incarne mon engagement pour un <strong data-start=\"1256\" data-end=\"1280\">eco-friendly crafts<\/strong>. En utilisant du verre que l\u2019industrie ne peut pas recycler, je pratique l\u2019<strong data-start=\"1356\" data-end=\"1402\">upcycling de verre culinaire et artistique<\/strong>. J\u2019\u00e9vite le gaspillage, je valorise la mati\u00e8re et je propose des <strong data-start=\"1468\" data-end=\"1504\">cr\u00e9ations artisanales fran\u00e7aises<\/strong> durables et porteuses de sens.<\/p>\n<p data-start=\"1537\" data-end=\"1868\">Le travail du verre au chalumeau demande technicit\u00e9 et pr\u00e9cision. Je chauffe le verre \u00e0 plus de 1000 \u00b0C pour pouvoir le modeler. Ce processus me permet de cr\u00e9er des <strong data-start=\"1702\" data-end=\"1744\">accessoires en verre fil\u00e9 au chalumeau<\/strong> qui ne ressemblent \u00e0 aucun autre. Chaque pi\u00e8ce raconte une histoire : celle d\u2019un mat\u00e9riau sauv\u00e9 et transform\u00e9 avec passion.<\/p>\n<hr data-start=\"1870\" data-end=\"1873\" \/>\n<h4 data-start=\"1875\" data-end=\"1932\">Pourquoi choisir ce pic \u00e0 chignon en verre recycl\u00e9 ?<\/h4>\n<ul data-start=\"1934\" data-end=\"2219\">\n<li data-start=\"1934\" data-end=\"1974\">\n<p data-start=\"1936\" data-end=\"1974\">\ud83c\udf39 Rose fil\u00e9e \u00e0 la main au chalumeau<\/p>\n<\/li>\n<li data-start=\"1975\" data-end=\"2028\">\n<p data-start=\"1977\" data-end=\"2028\">\u267b\ufe0f Cr\u00e9\u00e9e \u00e0 partir de <strong data-start=\"1998\" data-end=\"2026\">verre de vitrail recycl\u00e9<\/strong><\/p>\n<\/li>\n<li data-start=\"2029\" data-end=\"2080\">\n<p data-start=\"2031\" data-end=\"2080\">\ud83c\udf3f D\u00e9marche de <strong data-start=\"2046\" data-end=\"2078\">recyclage de verre culinaire<\/strong><\/p>\n<\/li>\n<li data-start=\"2081\" data-end=\"2130\">\n<p data-start=\"2083\" data-end=\"2130\">\ud83c\uddeb\ud83c\uddf7 <strong data-start=\"2088\" data-end=\"2121\">Cr\u00e9ation artisanale fran\u00e7aise<\/strong> unique<\/p>\n<\/li>\n<li data-start=\"2131\" data-end=\"2181\">\n<p data-start=\"2133\" data-end=\"2181\">\ud83d\udd29 Tige en inox de <strong data-start=\"2152\" data-end=\"2161\">12 cm<\/strong>, solide et l\u00e9g\u00e8re<\/p>\n<\/li>\n<li data-start=\"2182\" data-end=\"2219\">\n<p data-start=\"2184\" data-end=\"2219\">\ud83c\udf81 Id\u00e9e cadeau \u00e9thique et durable<\/p>\n<\/li>\n<\/ul>\n<p data-start=\"2221\" data-end=\"2551\">Tu peux porter ce <strong data-start=\"2239\" data-end=\"2256\">pic \u00e0 chignon<\/strong> pour un usage quotidien ou pour une occasion sp\u00e9ciale : mariage, c\u00e9r\u00e9monie, soir\u00e9e boh\u00e8me\u2026 Il ajoute une touche florale et po\u00e9tique \u00e0 ta coiffure. Il s\u2019associe aussi tr\u00e8s bien \u00e0 mes <strong data-start=\"2439\" data-end=\"2478\"><a href=\"https:\/\/www.verredart.fr\/en\/bijoux-en-verre-recycle\/boucles-doreilles-en-verre-recycle\/\">boucles d\u2019oreilles<\/a> en verre recycl\u00e9<\/strong> ou \u00e0 un <strong data-start=\"2487\" data-end=\"2516\"><a href=\"https:\/\/www.verredart.fr\/en\/bijoux-en-verre-recycle\/bracelets-en-verre-recycle\/\">bracelet<\/a> en verre upcycl\u00e9<\/strong> pour cr\u00e9er un ensemble harmonieux.<\/p>\n<hr data-start=\"2553\" data-end=\"2556\" \/>\n<p data-start=\"2558\" data-end=\"2852\">Ce <strong data-start=\"2561\" data-end=\"2587\">bijou en verre recycl\u00e9<\/strong> incarne une alternative \u00e0 la mode industrielle. Il conjugue esth\u00e9tique, \u00e9thique et savoir-faire. Offre-toi une pi\u00e8ce unique et pleine de sens. Commande ton <strong data-start=\"2744\" data-end=\"2785\">pic \u00e0 chignon en verre recycl\u00e9 violet<\/strong> d\u00e8s maintenant et affirme ton style tout en respectant la plan\u00e8te.<\/p>","protected":false},"excerpt":{"rendered":"<h3 data-start=\"3199\" data-end=\"3240\">Pic \u00e0 chignon en verre recycl\u00e9 violet<\/h3>\n<p data-start=\"3242\" data-end=\"3588\">Ce <strong data-start=\"3245\" data-end=\"3279\">pic \u00e0 chignon en verre recycl\u00e9<\/strong> est fa\u00e7onn\u00e9 \u00e0 la main \u00e0 partir de <strong data-start=\"3314\" data-end=\"3334\">verre de vitrail<\/strong>. J\u2019ai model\u00e9 chaque p\u00e9tale au chalumeau pour former une rose l\u00e9g\u00e8re et solide. Il mesure <strong data-start=\"3424\" data-end=\"3433\">12 cm<\/strong> et sa tige en acier inoxydable assure un maintien optimal. C\u2019est un <strong data-start=\"3502\" data-end=\"3543\">accessoire en <a href=\"https:\/\/www.verredart.fr\/en\/verre-file-chalumeau-recycle-non-recyclable\/\">verre fil\u00e9 au chalumeau<\/a><\/strong> qui allie finesse, durabilit\u00e9 et engagement.<\/p>\n<p data-start=\"3590\" data-end=\"3784\">Chaque pi\u00e8ce est <strong data-start=\"3607\" data-end=\"3617\">unique<\/strong>. Sa forme peut l\u00e9g\u00e8rement varier, preuve d\u2019un v\u00e9ritable <strong data-start=\"3674\" data-end=\"3695\">travail artisanal<\/strong>. Ce mod\u00e8le convient aussi bien pour un usage quotidien que pour des occasions sp\u00e9ciales.<\/p>\n<p data-start=\"3786\" data-end=\"3974\">Ce <strong data-start=\"3789\" data-end=\"3814\">bijou \u00e9co-responsable<\/strong> s\u2019accorde parfaitement avec d\u2019autres <strong data-start=\"3852\" data-end=\"3888\">cr\u00e9ations artisanales fran\u00e7aises<\/strong> de ma collection. Il est id\u00e9al pour un <strong data-start=\"3928\" data-end=\"3946\">cadeau \u00e9thique<\/strong> ou une coiffure de mariage.<\/p>\n<p data-start=\"3976\" data-end=\"4054\">Adopte ce <strong data-start=\"3986\" data-end=\"4020\">pic \u00e0 chignon en verre recycl\u00e9<\/strong>, symbole d\u2019un style plus durable.<\/p>\n<hr data-start=\"4056\" data-end=\"4059\" \/>","protected":false},"featured_media":6216,"template":"","meta":[],"product_brand":[],"product_cat":[154],"product_tag":[],"class_list":{"0":"post-6212","1":"product","2":"type-product","3":"status-publish","4":"has-post-thumbnail","6":"product_cat-pince-cheveux-verre-recycle-non-recyclable","8":"entry","9":"has-media","11":"first","12":"instock","13":"shipping-taxable","14":"purchasable","15":"product-type-simple","16":"has-product-nav","17":"col","18":"span_1_of_3","19":"owp-content-center","20":"item-entry","21":"owp-thumbs-layout-vertical","22":"owp-btn-big","23":"owp-tabs-layout-horizontal"},"yoast_head":"<!-- This site is optimized with the Yoast SEO plugin v27.4 - https:\/\/yoast.com\/product\/yoast-seo-wordpress\/ -->\n<title>Pic \u00e0 chignon en verre recycl\u00e9 violet fait main<\/title>\n<meta name=\"description\" content=\"Pic \u00e0 chignon 12 cm en verre recycl\u00e9 violet fil\u00e9 \u00e0 la main. Accessoire \u00e9thique pour coiffure unique. Commande ta pi\u00e8ce artisanale maintenant ! L\" \/>\n<meta name=\"robots\" content=\"index, follow, max-snippet:-1, max-image-preview:large, max-video-preview:-1\" \/>\n<link rel=\"canonical\" href=\"https:\/\/www.verredart.fr\/en\/verre-dart-bijoux-en-verre-recycle\/pince-cheveux-verre-recycle-non-recyclable\/pic-chignon-verre-recycle-violet\/\" \/>\n<meta property=\"og:locale\" content=\"en_US\" \/>\n<meta property=\"og:type\" content=\"article\" \/>\n<meta property=\"og:title\" content=\"Pic \u00e0 chignon en verre recycl\u00e9 violet fait main\" \/>\n<meta property=\"og:description\" content=\"Pic \u00e0 chignon 12 cm en verre recycl\u00e9 violet fil\u00e9 \u00e0 la main. Accessoire \u00e9thique pour coiffure unique. Commande ta pi\u00e8ce artisanale maintenant ! L\" \/>\n<meta property=\"og:url\" content=\"https:\/\/www.verredart.fr\/en\/verre-dart-bijoux-en-verre-recycle\/pince-cheveux-verre-recycle-non-recyclable\/pic-chignon-verre-recycle-violet\/\" \/>\n<meta property=\"og:site_name\" content=\"Verre d&#039;Art\" \/>\n<meta property=\"article:publisher\" content=\"https:\/\/www.facebook.com\/Verredart\" \/>\n<meta property=\"article:modified_time\" content=\"2025-11-17T10:18:10+00:00\" \/>\n<meta property=\"og:image\" content=\"https:\/\/www.verredart.fr\/wp-content\/uploads\/2025\/11\/IMG_5607.jpg\" \/>\n\t<meta property=\"og:image:width\" content=\"1920\" \/>\n\t<meta property=\"og:image:height\" content=\"1080\" \/>\n\t<meta property=\"og:image:type\" content=\"image\/jpeg\" \/>\n<meta name=\"twitter:card\" content=\"summary_large_image\" \/>\n<meta name=\"twitter:site\" content=\"@verredart\" \/>\n<meta name=\"twitter:label1\" content=\"Est. reading time\" \/>\n\t<meta name=\"twitter:data1\" content=\"3 minutes\" \/>\n<script type=\"application\/ld+json\" class=\"yoast-schema-graph\">{\"@context\":\"https:\\\/\\\/schema.org\",\"@graph\":[{\"@type\":\"WebPage\",\"@id\":\"https:\\\/\\\/www.verredart.fr\\\/verre-dart-bijoux-en-verre-recycle\\\/pince-cheveux-verre-recycle-non-recyclable\\\/pic-chignon-verre-recycle-violet\\\/\",\"url\":\"https:\\\/\\\/www.verredart.fr\\\/verre-dart-bijoux-en-verre-recycle\\\/pince-cheveux-verre-recycle-non-recyclable\\\/pic-chignon-verre-recycle-violet\\\/\",\"name\":\"Pic \u00e0 chignon en verre recycl\u00e9 violet fait main\",\"isPartOf\":{\"@id\":\"https:\\\/\\\/www.verredart.fr\\\/#website\"},\"primaryImageOfPage\":{\"@id\":\"https:\\\/\\\/www.verredart.fr\\\/verre-dart-bijoux-en-verre-recycle\\\/pince-cheveux-verre-recycle-non-recyclable\\\/pic-chignon-verre-recycle-violet\\\/#primaryimage\"},\"image\":{\"@id\":\"https:\\\/\\\/www.verredart.fr\\\/verre-dart-bijoux-en-verre-recycle\\\/pince-cheveux-verre-recycle-non-recyclable\\\/pic-chignon-verre-recycle-violet\\\/#primaryimage\"},\"thumbnailUrl\":\"https:\\\/\\\/i0.wp.com\\\/www.verredart.fr\\\/wp-content\\\/uploads\\\/2025\\\/11\\\/IMG_5607.jpg?fit=1920%2C1080&ssl=1\",\"datePublished\":\"2025-11-17T10:17:14+00:00\",\"dateModified\":\"2025-11-17T10:18:10+00:00\",\"description\":\"Pic \u00e0 chignon 12 cm en verre recycl\u00e9 violet fil\u00e9 \u00e0 la main. Accessoire \u00e9thique pour coiffure unique. Commande ta pi\u00e8ce artisanale maintenant ! Le Crozet\",\"breadcrumb\":{\"@id\":\"https:\\\/\\\/www.verredart.fr\\\/verre-dart-bijoux-en-verre-recycle\\\/pince-cheveux-verre-recycle-non-recyclable\\\/pic-chignon-verre-recycle-violet\\\/#breadcrumb\"},\"inLanguage\":\"en-US\",\"potentialAction\":[{\"@type\":\"ReadAction\",\"target\":[\"https:\\\/\\\/www.verredart.fr\\\/verre-dart-bijoux-en-verre-recycle\\\/pince-cheveux-verre-recycle-non-recyclable\\\/pic-chignon-verre-recycle-violet\\\/\"]}]},{\"@type\":\"ImageObject\",\"inLanguage\":\"en-US\",\"@id\":\"https:\\\/\\\/www.verredart.fr\\\/verre-dart-bijoux-en-verre-recycle\\\/pince-cheveux-verre-recycle-non-recyclable\\\/pic-chignon-verre-recycle-violet\\\/#primaryimage\",\"url\":\"https:\\\/\\\/i0.wp.com\\\/www.verredart.fr\\\/wp-content\\\/uploads\\\/2025\\\/11\\\/IMG_5607.jpg?fit=1920%2C1080&ssl=1\",\"contentUrl\":\"https:\\\/\\\/i0.wp.com\\\/www.verredart.fr\\\/wp-content\\\/uploads\\\/2025\\\/11\\\/IMG_5607.jpg?fit=1920%2C1080&ssl=1\",\"width\":1920,\"height\":1080,\"caption\":\"Pic \u00e0 chignon 12 cm en verre recycl\u00e9 violet fil\u00e9 \u00e0 la main. Accessoire \u00e9thique pour coiffure unique.\"},{\"@type\":\"BreadcrumbList\",\"@id\":\"https:\\\/\\\/www.verredart.fr\\\/verre-dart-bijoux-en-verre-recycle\\\/pince-cheveux-verre-recycle-non-recyclable\\\/pic-chignon-verre-recycle-violet\\\/#breadcrumb\",\"itemListElement\":[{\"@type\":\"ListItem\",\"position\":1,\"name\":\"Collections\",\"item\":\"https:\\\/\\\/www.verredart.fr\\\/verre-dart-bijoux-en-verre-recycle\\\/boutique-bijoux-en-verre-culinaire-recycle\\\/\"},{\"@type\":\"ListItem\",\"position\":2,\"name\":\"Epingle \u00e0 cheveux\",\"item\":\"https:\\\/\\\/www.verredart.fr\\\/bijoux-en-verre-recycle\\\/pince-cheveux-verre-recycle-non-recyclable\\\/\"},{\"@type\":\"ListItem\",\"position\":3,\"name\":\"Pic \u00e0 chignon verre recycl\u00e9 violet pour une coiffure \u00e9thique\"}]},{\"@type\":\"WebSite\",\"@id\":\"https:\\\/\\\/www.verredart.fr\\\/#website\",\"url\":\"https:\\\/\\\/www.verredart.fr\\\/\",\"name\":\"Verre d'Art\",\"description\":\"Recyclage de verre non recyclable en cr\u00e9ations uniques et engag\u00e9s\",\"publisher\":{\"@id\":\"https:\\\/\\\/www.verredart.fr\\\/#organization\"},\"potentialAction\":[{\"@type\":\"SearchAction\",\"target\":{\"@type\":\"EntryPoint\",\"urlTemplate\":\"https:\\\/\\\/www.verredart.fr\\\/?s={search_term_string}\"},\"query-input\":{\"@type\":\"PropertyValueSpecification\",\"valueRequired\":true,\"valueName\":\"search_term_string\"}}],\"inLanguage\":\"en-US\"},{\"@type\":\"Organization\",\"@id\":\"https:\\\/\\\/www.verredart.fr\\\/#organization\",\"name\":\"Verre d'Art\",\"url\":\"https:\\\/\\\/www.verredart.fr\\\/\",\"logo\":{\"@type\":\"ImageObject\",\"inLanguage\":\"en-US\",\"@id\":\"https:\\\/\\\/www.verredart.fr\\\/#\\\/schema\\\/logo\\\/image\\\/\",\"url\":\"\",\"contentUrl\":\"\",\"caption\":\"Verre d'Art\"},\"image\":{\"@id\":\"https:\\\/\\\/www.verredart.fr\\\/#\\\/schema\\\/logo\\\/image\\\/\"},\"sameAs\":[\"https:\\\/\\\/www.facebook.com\\\/Verredart\",\"https:\\\/\\\/x.com\\\/verredart\",\"https:\\\/\\\/www.instagram.com\\\/Verre_dart\",\"https:\\\/\\\/www.pinterest.fr\\\/verredart\\\/\"]}]}<\/script>\n<!-- \/ Yoast SEO plugin. -->","yoast_head_json":{"title":"Pic \u00e0 chignon en verre recycl\u00e9 violet fait main","description":"Pic \u00e0 chignon 12 cm en verre recycl\u00e9 violet fil\u00e9 \u00e0 la main. Accessoire \u00e9thique pour coiffure unique. Commande ta pi\u00e8ce artisanale maintenant ! L","robots":{"index":"index","follow":"follow","max-snippet":"max-snippet:-1","max-image-preview":"max-image-preview:large","max-video-preview":"max-video-preview:-1"},"canonical":"https:\/\/www.verredart.fr\/en\/verre-dart-bijoux-en-verre-recycle\/pince-cheveux-verre-recycle-non-recyclable\/pic-chignon-verre-recycle-violet\/","og_locale":"en_US","og_type":"article","og_title":"Pic \u00e0 chignon en verre recycl\u00e9 violet fait main","og_description":"Pic \u00e0 chignon 12 cm en verre recycl\u00e9 violet fil\u00e9 \u00e0 la main. Accessoire \u00e9thique pour coiffure unique. Commande ta pi\u00e8ce artisanale maintenant ! L","og_url":"https:\/\/www.verredart.fr\/en\/verre-dart-bijoux-en-verre-recycle\/pince-cheveux-verre-recycle-non-recyclable\/pic-chignon-verre-recycle-violet\/","og_site_name":"Verre d&#039;Art","article_publisher":"https:\/\/www.facebook.com\/Verredart","article_modified_time":"2025-11-17T10:18:10+00:00","og_image":[{"width":1920,"height":1080,"url":"https:\/\/www.verredart.fr\/wp-content\/uploads\/2025\/11\/IMG_5607.jpg","type":"image\/jpeg"}],"twitter_card":"summary_large_image","twitter_site":"@verredart","twitter_misc":{"Est. reading time":"3 minutes"},"schema":{"@context":"https:\/\/schema.org","@graph":[{"@type":"WebPage","@id":"https:\/\/www.verredart.fr\/verre-dart-bijoux-en-verre-recycle\/pince-cheveux-verre-recycle-non-recyclable\/pic-chignon-verre-recycle-violet\/","url":"https:\/\/www.verredart.fr\/verre-dart-bijoux-en-verre-recycle\/pince-cheveux-verre-recycle-non-recyclable\/pic-chignon-verre-recycle-violet\/","name":"Pic \u00e0 chignon en verre recycl\u00e9 violet fait main","isPartOf":{"@id":"https:\/\/www.verredart.fr\/#website"},"primaryImageOfPage":{"@id":"https:\/\/www.verredart.fr\/verre-dart-bijoux-en-verre-recycle\/pince-cheveux-verre-recycle-non-recyclable\/pic-chignon-verre-recycle-violet\/#primaryimage"},"image":{"@id":"https:\/\/www.verredart.fr\/verre-dart-bijoux-en-verre-recycle\/pince-cheveux-verre-recycle-non-recyclable\/pic-chignon-verre-recycle-violet\/#primaryimage"},"thumbnailUrl":"https:\/\/i0.wp.com\/www.verredart.fr\/wp-content\/uploads\/2025\/11\/IMG_5607.jpg?fit=1920%2C1080&ssl=1","datePublished":"2025-11-17T10:17:14+00:00","dateModified":"2025-11-17T10:18:10+00:00","description":"Pic \u00e0 chignon 12 cm en verre recycl\u00e9 violet fil\u00e9 \u00e0 la main. Accessoire \u00e9thique pour coiffure unique. Commande ta pi\u00e8ce artisanale maintenant ! Le Crozet","breadcrumb":{"@id":"https:\/\/www.verredart.fr\/verre-dart-bijoux-en-verre-recycle\/pince-cheveux-verre-recycle-non-recyclable\/pic-chignon-verre-recycle-violet\/#breadcrumb"},"inLanguage":"en-US","potentialAction":[{"@type":"ReadAction","target":["https:\/\/www.verredart.fr\/verre-dart-bijoux-en-verre-recycle\/pince-cheveux-verre-recycle-non-recyclable\/pic-chignon-verre-recycle-violet\/"]}]},{"@type":"ImageObject","inLanguage":"en-US","@id":"https:\/\/www.verredart.fr\/verre-dart-bijoux-en-verre-recycle\/pince-cheveux-verre-recycle-non-recyclable\/pic-chignon-verre-recycle-violet\/#primaryimage","url":"https:\/\/i0.wp.com\/www.verredart.fr\/wp-content\/uploads\/2025\/11\/IMG_5607.jpg?fit=1920%2C1080&ssl=1","contentUrl":"https:\/\/i0.wp.com\/www.verredart.fr\/wp-content\/uploads\/2025\/11\/IMG_5607.jpg?fit=1920%2C1080&ssl=1","width":1920,"height":1080,"caption":"Pic \u00e0 chignon 12 cm en verre recycl\u00e9 violet fil\u00e9 \u00e0 la main. Accessoire \u00e9thique pour coiffure unique."},{"@type":"BreadcrumbList","@id":"https:\/\/www.verredart.fr\/verre-dart-bijoux-en-verre-recycle\/pince-cheveux-verre-recycle-non-recyclable\/pic-chignon-verre-recycle-violet\/#breadcrumb","itemListElement":[{"@type":"ListItem","position":1,"name":"Collections","item":"https:\/\/www.verredart.fr\/verre-dart-bijoux-en-verre-recycle\/boutique-bijoux-en-verre-culinaire-recycle\/"},{"@type":"ListItem","position":2,"name":"Epingle \u00e0 cheveux","item":"https:\/\/www.verredart.fr\/bijoux-en-verre-recycle\/pince-cheveux-verre-recycle-non-recyclable\/"},{"@type":"ListItem","position":3,"name":"Pic \u00e0 chignon verre recycl\u00e9 violet pour une coiffure \u00e9thique"}]},{"@type":"WebSite","@id":"https:\/\/www.verredart.fr\/#website","url":"https:\/\/www.verredart.fr\/","name":"Verre d'Art","description":"Recyclage de verre non recyclable en cr\u00e9ations uniques et engag\u00e9s","publisher":{"@id":"https:\/\/www.verredart.fr\/#organization"},"potentialAction":[{"@type":"SearchAction","target":{"@type":"EntryPoint","urlTemplate":"https:\/\/www.verredart.fr\/?s={search_term_string}"},"query-input":{"@type":"PropertyValueSpecification","valueRequired":true,"valueName":"search_term_string"}}],"inLanguage":"en-US"},{"@type":"Organization","@id":"https:\/\/www.verredart.fr\/#organization","name":"Verre d'Art","url":"https:\/\/www.verredart.fr\/","logo":{"@type":"ImageObject","inLanguage":"en-US","@id":"https:\/\/www.verredart.fr\/#\/schema\/logo\/image\/","url":"","contentUrl":"","caption":"Verre d'Art"},"image":{"@id":"https:\/\/www.verredart.fr\/#\/schema\/logo\/image\/"},"sameAs":["https:\/\/www.facebook.com\/Verredart","https:\/\/x.com\/verredart","https:\/\/www.instagram.com\/Verre_dart","https:\/\/www.pinterest.fr\/verredart\/"]}]}},"jetpack_sharing_enabled":true,"_links":{"self":[{"href":"https:\/\/www.verredart.fr\/en\/wp-json\/wp\/v2\/product\/6212","targetHints":{"allow":["GET"]}}],"collection":[{"href":"https:\/\/www.verredart.fr\/en\/wp-json\/wp\/v2\/product"}],"about":[{"href":"https:\/\/www.verredart.fr\/en\/wp-json\/wp\/v2\/types\/product"}],"wp:featuredmedia":[{"embeddable":true,"href":"https:\/\/www.verredart.fr\/en\/wp-json\/wp\/v2\/media\/6216"}],"wp:attachment":[{"href":"https:\/\/www.verredart.fr\/en\/wp-json\/wp\/v2\/media?parent=6212"}],"wp:term":[{"taxonomy":"product_brand","embeddable":true,"href":"https:\/\/www.verredart.fr\/en\/wp-json\/wp\/v2\/product_brand?post=6212"},{"taxonomy":"product_cat","embeddable":true,"href":"https:\/\/www.verredart.fr\/en\/wp-json\/wp\/v2\/product_cat?post=6212"},{"taxonomy":"product_tag","embeddable":true,"href":"https:\/\/www.verredart.fr\/en\/wp-json\/wp\/v2\/product_tag?post=6212"}],"curies":[{"name":"wp","href":"https:\/\/api.w.org\/{rel}","templated":true}]}}