{"id":6391,"date":"2026-01-02T15:29:38","date_gmt":"2026-01-02T15:29:38","guid":{"rendered":"https:\/\/www.verredart.fr\/?post_type=product&#038;p=6391"},"modified":"2026-01-02T15:32:20","modified_gmt":"2026-01-02T15:32:20","slug":"boucles-oreilles-verre-recycle-blanc-noir","status":"publish","type":"product","link":"https:\/\/www.verredart.fr\/en\/verre-dart-bijoux-en-verre-recycle\/boucles-doreilles-en-verre-recycle\/boucles-oreilles-verre-recycle-blanc-noir\/","title":{"rendered":"Boucles d\u2019oreilles recycl\u00e9 \u2013 bijoux \u00e9co-responsables"},"content":{"rendered":"<h2 data-start=\"621\" data-end=\"699\">Boucles d\u2019oreilles recycl\u00e9 \u2013 bijoux \u00e9co-responsables en verre blanc et noir<\/h2>\n<h3 data-start=\"701\" data-end=\"761\">Des boucles d\u2019oreilles en verre fa\u00e7onn\u00e9es artisanalement<\/h3>\n<p data-start=\"763\" data-end=\"981\">Ces <strong data-start=\"767\" data-end=\"797\">boucles d\u2019oreilles recycl\u00e9<\/strong> ne sont pas de simples bijoux.<br data-start=\"828\" data-end=\"831\" \/>Je les con\u00e7ois comme de v\u00e9ritables <strong data-start=\"866\" data-end=\"882\">pi\u00e8ces d&rsquo;art<\/strong>, en transformant du <strong data-start=\"903\" data-end=\"937\">verre culinaire non recyclable<\/strong> en un <strong data-start=\"944\" data-end=\"980\">accessoire unique et responsable<\/strong>.<\/p>\n<p data-start=\"983\" data-end=\"1284\">Leur design repose sur une <strong data-start=\"1010\" data-end=\"1039\">demi-perle en verre blanc<\/strong>, d\u00e9cor\u00e9e d\u2019un motif en <strong data-start=\"1063\" data-end=\"1100\">spirale de points noirs et blancs<\/strong>.<br data-start=\"1101\" data-end=\"1104\" \/>Chaque d\u00e9tail est r\u00e9alis\u00e9 \u00e0 la main, dans mon atelier, gr\u00e2ce \u00e0 la technique du <strong data-start=\"1183\" data-end=\"1210\">verre fil\u00e9 au chalumeau<\/strong>.<br data-start=\"1211\" data-end=\"1214\" \/>C\u2019est un travail minutieux qui demande patience, pr\u00e9cision et passion.<\/p>\n<p data-start=\"1286\" data-end=\"1502\">Je file moi-m\u00eame le verre, issu d\u2019<strong data-start=\"1320\" data-end=\"1343\">anciennes assiettes<\/strong> destin\u00e9es \u00e0 \u00eatre jet\u00e9es.<br data-start=\"1368\" data-end=\"1371\" \/>Ce geste d\u2019<strong data-start=\"1382\" data-end=\"1395\">upcycling<\/strong> me permet de cr\u00e9er des <strong data-start=\"1419\" data-end=\"1446\">bijoux en verre recycl\u00e9<\/strong> originaux, porteurs de sens, et d\u2019\u00e9viter le gaspillage.<\/p>\n<h3 data-start=\"1504\" data-end=\"1564\">L\u2019upcycling du verre culinaire, un engagement \u00e9cologique<\/h3>\n<p data-start=\"1566\" data-end=\"1842\">Mon objectif : proposer des <strong data-start=\"1594\" data-end=\"1621\">bijoux \u00e9co-responsables<\/strong> tout en valorisant un savoir-faire rare.<br data-start=\"1662\" data-end=\"1665\" \/>Chaque cr\u00e9ation donne une seconde vie \u00e0 une mati\u00e8re vou\u00e9e \u00e0 dispara\u00eetre.<br data-start=\"1737\" data-end=\"1740\" \/>Ce <strong data-start=\"1743\" data-end=\"1767\">The non-recyclable glass<\/strong>, souvent exclu des circuits de tri classiques, est ici sublim\u00e9 par le feu.<\/p>\n<p data-start=\"1844\" data-end=\"2027\">Je nettoie, trie et coupe chaque pi\u00e8ce de verre \u00e0 la main.<br data-start=\"1902\" data-end=\"1905\" \/>Puis, je les transforme au chalumeau pour leur donner forme.<br data-start=\"1965\" data-end=\"1968\" \/>Aucune machine industrielle n\u2019intervient dans ce processus.<\/p>\n<p data-start=\"2029\" data-end=\"2152\">Ce choix d\u2019<strong data-start=\"2040\" data-end=\"2064\">eco-friendly crafts<\/strong> r\u00e9duit l\u2019empreinte carbone.<br data-start=\"2092\" data-end=\"2095\" \/>Il favorise une consommation plus lente, plus consciente.<\/p>\n<h3 data-start=\"2154\" data-end=\"2190\">\u00c9l\u00e9gance et confort au quotidien<\/h3>\n<p data-start=\"2192\" data-end=\"2357\">Les boucles sont <strong data-start=\"2209\" data-end=\"2257\">mont\u00e9es sur des crochets en acier inoxydable<\/strong>, l\u00e9gers et hypoallerg\u00e9niques.<br data-start=\"2287\" data-end=\"2290\" \/>Leur confort de port est optimal, m\u00eame pour les oreilles sensibles.<\/p>\n<p data-start=\"2359\" data-end=\"2543\">Le motif noir et blanc s\u2019adapte \u00e0 toutes les tenues.<br data-start=\"2411\" data-end=\"2414\" \/>Avec leur style graphique, ces <strong data-start=\"2445\" data-end=\"2466\">bijoux faits main<\/strong> se portent aussi bien avec un look classique qu\u2019avec une tenue plus moderne.<\/p>\n<p data-start=\"2545\" data-end=\"2700\">Chaque paire est <strong data-start=\"2562\" data-end=\"2585\">une cr\u00e9ation unique<\/strong>.<br data-start=\"2586\" data-end=\"2589\" \/>Les variations l\u00e9g\u00e8res du motif ou du fil de verre rendent chaque mod\u00e8le impossible \u00e0 reproduire \u00e0 l\u2019identique.<\/p>\n<h3 data-start=\"2702\" data-end=\"2740\">Offrir ou s\u2019offrir un bijou engag\u00e9<\/h3>\n<p data-start=\"2742\" data-end=\"2966\">Tu cherches une id\u00e9e de cadeau original ?<br data-start=\"2783\" data-end=\"2786\" \/>Ces <strong data-start=\"2790\" data-end=\"2829\">earrings made from recycled glass<\/strong> sont parfaites.<br data-start=\"2845\" data-end=\"2848\" \/>Elles conviennent \u00e0 celles et ceux qui aiment la <strong data-start=\"2897\" data-end=\"2930\">cr\u00e9ation artisanale fran\u00e7aise<\/strong> et les <strong data-start=\"2938\" data-end=\"2965\">accessoires \u00e9cologiques<\/strong>.<\/p>\n<p data-start=\"2968\" data-end=\"3137\">Je les livre dans un emballage simple, naturel, pr\u00eat \u00e0 offrir.<br data-start=\"3030\" data-end=\"3033\" \/>Tu peux aussi les assortir avec mes <strong data-start=\"3069\" data-end=\"3098\">colliers en verre recycl\u00e9<\/strong> ou mes <strong data-start=\"3106\" data-end=\"3136\">bracelets en verre upcycl\u00e9<\/strong>.<\/p>\n<p data-start=\"3139\" data-end=\"3313\">Chaque bijou raconte une histoire : celle du <strong data-start=\"3184\" data-end=\"3215\">verre transform\u00e9 par le feu<\/strong>, de mes mains, pour en faire une pi\u00e8ce unique.<br data-start=\"3262\" data-end=\"3265\" \/>Il n\u2019attend que toi pour continuer son histoire.<\/p>\n<hr data-start=\"3315\" data-end=\"3318\" \/>","protected":false},"excerpt":{"rendered":"<p data-start=\"981\" data-end=\"1272\">Ces <strong data-start=\"985\" data-end=\"1015\">boucles d\u2019oreilles recycl\u00e9<\/strong> sont fabriqu\u00e9es \u00e0 la main dans mon atelier.<br data-start=\"1059\" data-end=\"1062\" \/>Je les cr\u00e9e \u00e0 partir de <strong data-start=\"1086\" data-end=\"1120\">verre culinaire non recyclable<\/strong>, issu d\u2019assiettes en fin de vie.<br data-start=\"1153\" data-end=\"1156\" \/>Ce <strong data-start=\"1159\" data-end=\"1186\">verre fil\u00e9 au chalumeau<\/strong> devient une <strong data-start=\"1199\" data-end=\"1221\">demi-perle blanche<\/strong>, d\u00e9cor\u00e9e de <strong data-start=\"1234\" data-end=\"1271\">points noirs et blancs superpos\u00e9s<\/strong>.<\/p>\n<p data-start=\"1274\" data-end=\"1466\">Chaque motif pr\u00e9sente une <strong data-start=\"1300\" data-end=\"1330\">spirale graphique \u00e9l\u00e9gante<\/strong>.<br data-start=\"1331\" data-end=\"1334\" \/>Le r\u00e9sultat est unique : <strong data-start=\"1359\" data-end=\"1391\">aucune paire n\u2019est identique<\/strong>.<br data-start=\"1392\" data-end=\"1395\" \/>Je r\u00e9alise chaque bijou selon les r\u00e8gles de l&rsquo;<strong data-start=\"1441\" data-end=\"1465\">eco-friendly crafts<\/strong>.<\/p>\n<p data-start=\"1468\" data-end=\"1635\">L\u2019attache est en acier inoxydable.<br data-start=\"1502\" data-end=\"1505\" \/>Elle ne provoque pas d\u2019irritation.<br data-start=\"1539\" data-end=\"1542\" \/>Ce mat\u00e9riau est solide et hypoallerg\u00e9nique.<br data-start=\"1585\" data-end=\"1588\" \/>Tu peux les porter toute la journ\u00e9e, sans g\u00eane.<\/p>\n<p data-start=\"1637\" data-end=\"1814\">Ce bijou s\u2019int\u00e8gre \u00e0 toutes les tenues.<br data-start=\"1676\" data-end=\"1679\" \/>Il reste discret tout en ajoutant une touche artistique et engag\u00e9e.<br data-start=\"1746\" data-end=\"1749\" \/>Son <strong data-start=\"1753\" data-end=\"1777\">design noir et blanc<\/strong> en fait une pi\u00e8ce facile \u00e0 assortir.<\/p>\n<p data-start=\"1816\" data-end=\"2013\">En choisissant ces boucles, tu fais un choix responsable.<br data-start=\"1873\" data-end=\"1876\" \/>Tu encourages la <strong data-start=\"1893\" data-end=\"1926\">cr\u00e9ation artisanale fran\u00e7aise<\/strong> et le <strong data-start=\"1933\" data-end=\"1970\">recyclage du verre non recyclable<\/strong>.<br data-start=\"1971\" data-end=\"1974\" \/>Chaque pi\u00e8ce a du sens et une histoire.<\/p>\n<p data-start=\"2015\" data-end=\"2206\">Tu peux aussi composer une parure compl\u00e8te.<br data-start=\"2058\" data-end=\"2061\" \/>D\u00e9couvre mes <strong data-start=\"2074\" data-end=\"2103\">colliers en verre recycl\u00e9<\/strong> ou mes <strong data-start=\"2111\" data-end=\"2141\">bracelets en verre upcycl\u00e9<\/strong>.<br data-start=\"2142\" data-end=\"2145\" \/>Ils sont tous con\u00e7us \u00e0 la main dans la m\u00eame d\u00e9marche \u00e9thique.<\/p>\n<p data-start=\"2208\" data-end=\"2372\">Ces boucles sont parfaites pour un cadeau original.<br data-start=\"2259\" data-end=\"2262\" \/>Elles sont livr\u00e9es dans un emballage simple et \u00e9cologique.<br data-start=\"2320\" data-end=\"2323\" \/>Tu n\u2019as plus qu\u2019\u00e0 les offrir&#8230; ou te les offrir.<\/p>\n<p data-start=\"2374\" data-end=\"2503\">Chaque d\u00e9tail compte dans mon processus.<br data-start=\"2414\" data-end=\"2417\" \/>Je transforme les d\u00e9chets en beaut\u00e9.<br data-start=\"2453\" data-end=\"2456\" \/>Et je le fais avec soin, passion et conscience.<\/p>\n<p data-start=\"2505\" data-end=\"2692\">Ajoute d\u00e8s maintenant ces <strong data-start=\"2531\" data-end=\"2570\">earrings made from recycled glass<\/strong> \u00e0 ton panier.<br data-start=\"2584\" data-end=\"2587\" \/>Fais entrer l\u2019<strong data-start=\"2601\" data-end=\"2615\">\u00e9co-design<\/strong> dans ta collection de bijoux avec une pi\u00e8ce qui ne ressemble \u00e0 aucune autre.<\/p>","protected":false},"featured_media":6393,"template":"","meta":[],"product_brand":[],"product_cat":[17],"product_tag":[],"class_list":{"0":"post-6391","1":"product","2":"type-product","3":"status-publish","4":"has-post-thumbnail","6":"product_cat-boucles-doreilles-en-verre-recycle","8":"entry","9":"has-media","11":"first","12":"instock","13":"shipping-taxable","14":"purchasable","15":"product-type-simple","16":"has-product-nav","17":"col","18":"span_1_of_3","19":"owp-content-center","20":"item-entry","21":"owp-thumbs-layout-vertical","22":"owp-btn-big","23":"owp-tabs-layout-horizontal"},"yoast_head":"<!-- This site is optimized with the Yoast SEO plugin v27.4 - https:\/\/yoast.com\/product\/yoast-seo-wordpress\/ -->\n<title>Boucles d\u2019oreilles recycl\u00e9 en verre blanc et noir<\/title>\n<meta name=\"description\" content=\"Adopte ces boucles d\u2019oreilles recycl\u00e9 en verre blanc et noir, fa\u00e7onn\u00e9es au chalumeau. Bijou \u00e9co-responsable et unique, ajoute-les \u00e0 ton panier\" \/>\n<meta name=\"robots\" content=\"index, follow, max-snippet:-1, max-image-preview:large, max-video-preview:-1\" \/>\n<link rel=\"canonical\" href=\"https:\/\/www.verredart.fr\/en\/verre-dart-bijoux-en-verre-recycle\/boucles-doreilles-en-verre-recycle\/boucles-oreilles-verre-recycle-blanc-noir\/\" \/>\n<meta property=\"og:locale\" content=\"en_US\" \/>\n<meta property=\"og:type\" content=\"article\" \/>\n<meta property=\"og:title\" content=\"Boucles d\u2019oreilles recycl\u00e9 en verre blanc et noir\" \/>\n<meta property=\"og:description\" content=\"Adopte ces boucles d\u2019oreilles recycl\u00e9 en verre blanc et noir, fa\u00e7onn\u00e9es au chalumeau. Bijou \u00e9co-responsable et unique, ajoute-les \u00e0 ton panier\" \/>\n<meta property=\"og:url\" content=\"https:\/\/www.verredart.fr\/en\/verre-dart-bijoux-en-verre-recycle\/boucles-doreilles-en-verre-recycle\/boucles-oreilles-verre-recycle-blanc-noir\/\" \/>\n<meta property=\"og:site_name\" content=\"Verre d&#039;Art\" \/>\n<meta property=\"article:publisher\" content=\"https:\/\/www.facebook.com\/Verredart\" \/>\n<meta property=\"article:modified_time\" content=\"2026-01-02T15:32:20+00:00\" \/>\n<meta property=\"og:image\" content=\"https:\/\/www.verredart.fr\/wp-content\/uploads\/2026\/01\/IMG_5829.jpg\" \/>\n\t<meta property=\"og:image:width\" content=\"1920\" \/>\n\t<meta property=\"og:image:height\" content=\"1080\" \/>\n\t<meta property=\"og:image:type\" content=\"image\/jpeg\" \/>\n<meta name=\"twitter:card\" content=\"summary_large_image\" \/>\n<meta name=\"twitter:site\" content=\"@verredart\" \/>\n<meta name=\"twitter:label1\" content=\"Est. reading time\" \/>\n\t<meta name=\"twitter:data1\" content=\"3 minutes\" \/>\n<script type=\"application\/ld+json\" class=\"yoast-schema-graph\">{\"@context\":\"https:\\\/\\\/schema.org\",\"@graph\":[{\"@type\":\"WebPage\",\"@id\":\"https:\\\/\\\/www.verredart.fr\\\/verre-dart-bijoux-en-verre-recycle\\\/boucles-doreilles-en-verre-recycle\\\/boucles-oreilles-verre-recycle-blanc-noir\\\/\",\"url\":\"https:\\\/\\\/www.verredart.fr\\\/verre-dart-bijoux-en-verre-recycle\\\/boucles-doreilles-en-verre-recycle\\\/boucles-oreilles-verre-recycle-blanc-noir\\\/\",\"name\":\"Boucles d\u2019oreilles recycl\u00e9 en verre blanc et noir\",\"isPartOf\":{\"@id\":\"https:\\\/\\\/www.verredart.fr\\\/#website\"},\"primaryImageOfPage\":{\"@id\":\"https:\\\/\\\/www.verredart.fr\\\/verre-dart-bijoux-en-verre-recycle\\\/boucles-doreilles-en-verre-recycle\\\/boucles-oreilles-verre-recycle-blanc-noir\\\/#primaryimage\"},\"image\":{\"@id\":\"https:\\\/\\\/www.verredart.fr\\\/verre-dart-bijoux-en-verre-recycle\\\/boucles-doreilles-en-verre-recycle\\\/boucles-oreilles-verre-recycle-blanc-noir\\\/#primaryimage\"},\"thumbnailUrl\":\"https:\\\/\\\/i0.wp.com\\\/www.verredart.fr\\\/wp-content\\\/uploads\\\/2026\\\/01\\\/IMG_5829.jpg?fit=1920%2C1080&ssl=1\",\"datePublished\":\"2026-01-02T15:29:38+00:00\",\"dateModified\":\"2026-01-02T15:32:20+00:00\",\"description\":\"Adopte ces boucles d\u2019oreilles recycl\u00e9 en verre blanc et noir, fa\u00e7onn\u00e9es au chalumeau. Bijou \u00e9co-responsable et unique, ajoute-les \u00e0 ton panier !\",\"breadcrumb\":{\"@id\":\"https:\\\/\\\/www.verredart.fr\\\/verre-dart-bijoux-en-verre-recycle\\\/boucles-doreilles-en-verre-recycle\\\/boucles-oreilles-verre-recycle-blanc-noir\\\/#breadcrumb\"},\"inLanguage\":\"en-US\",\"potentialAction\":[{\"@type\":\"ReadAction\",\"target\":[\"https:\\\/\\\/www.verredart.fr\\\/verre-dart-bijoux-en-verre-recycle\\\/boucles-doreilles-en-verre-recycle\\\/boucles-oreilles-verre-recycle-blanc-noir\\\/\"]}]},{\"@type\":\"ImageObject\",\"inLanguage\":\"en-US\",\"@id\":\"https:\\\/\\\/www.verredart.fr\\\/verre-dart-bijoux-en-verre-recycle\\\/boucles-doreilles-en-verre-recycle\\\/boucles-oreilles-verre-recycle-blanc-noir\\\/#primaryimage\",\"url\":\"https:\\\/\\\/i0.wp.com\\\/www.verredart.fr\\\/wp-content\\\/uploads\\\/2026\\\/01\\\/IMG_5829.jpg?fit=1920%2C1080&ssl=1\",\"contentUrl\":\"https:\\\/\\\/i0.wp.com\\\/www.verredart.fr\\\/wp-content\\\/uploads\\\/2026\\\/01\\\/IMG_5829.jpg?fit=1920%2C1080&ssl=1\",\"width\":1920,\"height\":1080,\"caption\":\"Boucles d\u2019oreilles recycl\u00e9 en verre blanc et noir\"},{\"@type\":\"BreadcrumbList\",\"@id\":\"https:\\\/\\\/www.verredart.fr\\\/verre-dart-bijoux-en-verre-recycle\\\/boucles-doreilles-en-verre-recycle\\\/boucles-oreilles-verre-recycle-blanc-noir\\\/#breadcrumb\",\"itemListElement\":[{\"@type\":\"ListItem\",\"position\":1,\"name\":\"Collections\",\"item\":\"https:\\\/\\\/www.verredart.fr\\\/verre-dart-bijoux-en-verre-recycle\\\/boutique-bijoux-en-verre-culinaire-recycle\\\/\"},{\"@type\":\"ListItem\",\"position\":2,\"name\":\"Boucles d'oreilles\",\"item\":\"https:\\\/\\\/www.verredart.fr\\\/bijoux-en-verre-recycle\\\/boucles-doreilles-en-verre-recycle\\\/\"},{\"@type\":\"ListItem\",\"position\":3,\"name\":\"Boucles d\u2019oreilles recycl\u00e9 \u2013 bijoux \u00e9co-responsables\"}]},{\"@type\":\"WebSite\",\"@id\":\"https:\\\/\\\/www.verredart.fr\\\/#website\",\"url\":\"https:\\\/\\\/www.verredart.fr\\\/\",\"name\":\"Verre d'Art\",\"description\":\"Recyclage de verre non recyclable en cr\u00e9ations uniques et engag\u00e9s\",\"publisher\":{\"@id\":\"https:\\\/\\\/www.verredart.fr\\\/#organization\"},\"potentialAction\":[{\"@type\":\"SearchAction\",\"target\":{\"@type\":\"EntryPoint\",\"urlTemplate\":\"https:\\\/\\\/www.verredart.fr\\\/?s={search_term_string}\"},\"query-input\":{\"@type\":\"PropertyValueSpecification\",\"valueRequired\":true,\"valueName\":\"search_term_string\"}}],\"inLanguage\":\"en-US\"},{\"@type\":\"Organization\",\"@id\":\"https:\\\/\\\/www.verredart.fr\\\/#organization\",\"name\":\"Verre d'Art\",\"url\":\"https:\\\/\\\/www.verredart.fr\\\/\",\"logo\":{\"@type\":\"ImageObject\",\"inLanguage\":\"en-US\",\"@id\":\"https:\\\/\\\/www.verredart.fr\\\/#\\\/schema\\\/logo\\\/image\\\/\",\"url\":\"\",\"contentUrl\":\"\",\"caption\":\"Verre d'Art\"},\"image\":{\"@id\":\"https:\\\/\\\/www.verredart.fr\\\/#\\\/schema\\\/logo\\\/image\\\/\"},\"sameAs\":[\"https:\\\/\\\/www.facebook.com\\\/Verredart\",\"https:\\\/\\\/x.com\\\/verredart\",\"https:\\\/\\\/www.instagram.com\\\/Verre_dart\",\"https:\\\/\\\/www.pinterest.fr\\\/verredart\\\/\"]}]}<\/script>\n<!-- \/ Yoast SEO plugin. -->","yoast_head_json":{"title":"Boucles d\u2019oreilles recycl\u00e9 en verre blanc et noir","description":"Adopte ces boucles d\u2019oreilles recycl\u00e9 en verre blanc et noir, fa\u00e7onn\u00e9es au chalumeau. Bijou \u00e9co-responsable et unique, ajoute-les \u00e0 ton panier","robots":{"index":"index","follow":"follow","max-snippet":"max-snippet:-1","max-image-preview":"max-image-preview:large","max-video-preview":"max-video-preview:-1"},"canonical":"https:\/\/www.verredart.fr\/en\/verre-dart-bijoux-en-verre-recycle\/boucles-doreilles-en-verre-recycle\/boucles-oreilles-verre-recycle-blanc-noir\/","og_locale":"en_US","og_type":"article","og_title":"Boucles d\u2019oreilles recycl\u00e9 en verre blanc et noir","og_description":"Adopte ces boucles d\u2019oreilles recycl\u00e9 en verre blanc et noir, fa\u00e7onn\u00e9es au chalumeau. Bijou \u00e9co-responsable et unique, ajoute-les \u00e0 ton panier","og_url":"https:\/\/www.verredart.fr\/en\/verre-dart-bijoux-en-verre-recycle\/boucles-doreilles-en-verre-recycle\/boucles-oreilles-verre-recycle-blanc-noir\/","og_site_name":"Verre d&#039;Art","article_publisher":"https:\/\/www.facebook.com\/Verredart","article_modified_time":"2026-01-02T15:32:20+00:00","og_image":[{"width":1920,"height":1080,"url":"https:\/\/www.verredart.fr\/wp-content\/uploads\/2026\/01\/IMG_5829.jpg","type":"image\/jpeg"}],"twitter_card":"summary_large_image","twitter_site":"@verredart","twitter_misc":{"Est. reading time":"3 minutes"},"schema":{"@context":"https:\/\/schema.org","@graph":[{"@type":"WebPage","@id":"https:\/\/www.verredart.fr\/verre-dart-bijoux-en-verre-recycle\/boucles-doreilles-en-verre-recycle\/boucles-oreilles-verre-recycle-blanc-noir\/","url":"https:\/\/www.verredart.fr\/verre-dart-bijoux-en-verre-recycle\/boucles-doreilles-en-verre-recycle\/boucles-oreilles-verre-recycle-blanc-noir\/","name":"Boucles d\u2019oreilles recycl\u00e9 en verre blanc et noir","isPartOf":{"@id":"https:\/\/www.verredart.fr\/#website"},"primaryImageOfPage":{"@id":"https:\/\/www.verredart.fr\/verre-dart-bijoux-en-verre-recycle\/boucles-doreilles-en-verre-recycle\/boucles-oreilles-verre-recycle-blanc-noir\/#primaryimage"},"image":{"@id":"https:\/\/www.verredart.fr\/verre-dart-bijoux-en-verre-recycle\/boucles-doreilles-en-verre-recycle\/boucles-oreilles-verre-recycle-blanc-noir\/#primaryimage"},"thumbnailUrl":"https:\/\/i0.wp.com\/www.verredart.fr\/wp-content\/uploads\/2026\/01\/IMG_5829.jpg?fit=1920%2C1080&ssl=1","datePublished":"2026-01-02T15:29:38+00:00","dateModified":"2026-01-02T15:32:20+00:00","description":"Adopte ces boucles d\u2019oreilles recycl\u00e9 en verre blanc et noir, fa\u00e7onn\u00e9es au chalumeau. Bijou \u00e9co-responsable et unique, ajoute-les \u00e0 ton panier !","breadcrumb":{"@id":"https:\/\/www.verredart.fr\/verre-dart-bijoux-en-verre-recycle\/boucles-doreilles-en-verre-recycle\/boucles-oreilles-verre-recycle-blanc-noir\/#breadcrumb"},"inLanguage":"en-US","potentialAction":[{"@type":"ReadAction","target":["https:\/\/www.verredart.fr\/verre-dart-bijoux-en-verre-recycle\/boucles-doreilles-en-verre-recycle\/boucles-oreilles-verre-recycle-blanc-noir\/"]}]},{"@type":"ImageObject","inLanguage":"en-US","@id":"https:\/\/www.verredart.fr\/verre-dart-bijoux-en-verre-recycle\/boucles-doreilles-en-verre-recycle\/boucles-oreilles-verre-recycle-blanc-noir\/#primaryimage","url":"https:\/\/i0.wp.com\/www.verredart.fr\/wp-content\/uploads\/2026\/01\/IMG_5829.jpg?fit=1920%2C1080&ssl=1","contentUrl":"https:\/\/i0.wp.com\/www.verredart.fr\/wp-content\/uploads\/2026\/01\/IMG_5829.jpg?fit=1920%2C1080&ssl=1","width":1920,"height":1080,"caption":"Boucles d\u2019oreilles recycl\u00e9 en verre blanc et noir"},{"@type":"BreadcrumbList","@id":"https:\/\/www.verredart.fr\/verre-dart-bijoux-en-verre-recycle\/boucles-doreilles-en-verre-recycle\/boucles-oreilles-verre-recycle-blanc-noir\/#breadcrumb","itemListElement":[{"@type":"ListItem","position":1,"name":"Collections","item":"https:\/\/www.verredart.fr\/verre-dart-bijoux-en-verre-recycle\/boutique-bijoux-en-verre-culinaire-recycle\/"},{"@type":"ListItem","position":2,"name":"Boucles d'oreilles","item":"https:\/\/www.verredart.fr\/bijoux-en-verre-recycle\/boucles-doreilles-en-verre-recycle\/"},{"@type":"ListItem","position":3,"name":"Boucles d\u2019oreilles recycl\u00e9 \u2013 bijoux \u00e9co-responsables"}]},{"@type":"WebSite","@id":"https:\/\/www.verredart.fr\/#website","url":"https:\/\/www.verredart.fr\/","name":"Verre d'Art","description":"Recyclage de verre non recyclable en cr\u00e9ations uniques et engag\u00e9s","publisher":{"@id":"https:\/\/www.verredart.fr\/#organization"},"potentialAction":[{"@type":"SearchAction","target":{"@type":"EntryPoint","urlTemplate":"https:\/\/www.verredart.fr\/?s={search_term_string}"},"query-input":{"@type":"PropertyValueSpecification","valueRequired":true,"valueName":"search_term_string"}}],"inLanguage":"en-US"},{"@type":"Organization","@id":"https:\/\/www.verredart.fr\/#organization","name":"Verre d'Art","url":"https:\/\/www.verredart.fr\/","logo":{"@type":"ImageObject","inLanguage":"en-US","@id":"https:\/\/www.verredart.fr\/#\/schema\/logo\/image\/","url":"","contentUrl":"","caption":"Verre d'Art"},"image":{"@id":"https:\/\/www.verredart.fr\/#\/schema\/logo\/image\/"},"sameAs":["https:\/\/www.facebook.com\/Verredart","https:\/\/x.com\/verredart","https:\/\/www.instagram.com\/Verre_dart","https:\/\/www.pinterest.fr\/verredart\/"]}]}},"jetpack_sharing_enabled":true,"_links":{"self":[{"href":"https:\/\/www.verredart.fr\/en\/wp-json\/wp\/v2\/product\/6391","targetHints":{"allow":["GET"]}}],"collection":[{"href":"https:\/\/www.verredart.fr\/en\/wp-json\/wp\/v2\/product"}],"about":[{"href":"https:\/\/www.verredart.fr\/en\/wp-json\/wp\/v2\/types\/product"}],"wp:featuredmedia":[{"embeddable":true,"href":"https:\/\/www.verredart.fr\/en\/wp-json\/wp\/v2\/media\/6393"}],"wp:attachment":[{"href":"https:\/\/www.verredart.fr\/en\/wp-json\/wp\/v2\/media?parent=6391"}],"wp:term":[{"taxonomy":"product_brand","embeddable":true,"href":"https:\/\/www.verredart.fr\/en\/wp-json\/wp\/v2\/product_brand?post=6391"},{"taxonomy":"product_cat","embeddable":true,"href":"https:\/\/www.verredart.fr\/en\/wp-json\/wp\/v2\/product_cat?post=6391"},{"taxonomy":"product_tag","embeddable":true,"href":"https:\/\/www.verredart.fr\/en\/wp-json\/wp\/v2\/product_tag?post=6391"}],"curies":[{"name":"wp","href":"https:\/\/api.w.org\/{rel}","templated":true}]}}