{"id":6643,"date":"2026-03-05T09:58:19","date_gmt":"2026-03-05T09:58:19","guid":{"rendered":"https:\/\/www.verredart.fr\/?post_type=product&#038;p=6643"},"modified":"2026-03-09T13:59:49","modified_gmt":"2026-03-09T13:59:49","slug":"pendentif-verre-recycle-bleu-ciel-bijou-olfactif-artisanal","status":"publish","type":"product","link":"https:\/\/www.verredart.fr\/en\/verre-dart-bijoux-en-verre-recycle\/bijoux-diffuseurs-huiles-essentielles-femme\/pendentif-verre-recycle-bleu-ciel-bijou-olfactif-artisanal\/","title":{"rendered":"Pendentif verre recycl\u00e9 bleu ciel bijou olfactif artisanal"},"content":{"rendered":"<h2 data-start=\"603\" data-end=\"664\">Pendentif verre recycl\u00e9 bleu ciel bijou olfactif artisanal<\/h2>\n<h3 data-start=\"666\" data-end=\"705\">Un bijou lumineux n\u00e9 du verre d&rsquo;art<\/h3>\n<h4 data-start=\"707\" data-end=\"767\">Une cr\u00e9ation artisanale fa\u00e7onn\u00e9e au chalumeau<\/h4>\n<p data-start=\"769\" data-end=\"899\">Je cr\u00e9e ce pendentif dans mon atelier gr\u00e2ce au travail du feu.<br data-start=\"831\" data-end=\"834\" \/>Chaque pi\u00e8ce na\u00eet d\u2019un geste pr\u00e9cis et d\u2019une mati\u00e8re transform\u00e9e.<\/p>\n<p data-start=\"901\" data-end=\"1053\">Ce bijou appartient \u00e0 l\u2019univers du <strong data-start=\"936\" data-end=\"951\">verre d&rsquo;art<\/strong>.<br data-start=\"952\" data-end=\"955\" \/>Je r\u00e9cup\u00e8re du verre issu du <strong data-start=\"984\" data-end=\"1016\">recyclage de verre culinaire<\/strong> afin de lui offrir une nouvelle vie.<\/p>\n<p data-start=\"1055\" data-end=\"1175\">Ce type de verre est souvent consid\u00e9r\u00e9 comme non recyclable.<br data-start=\"1115\" data-end=\"1118\" \/>Je le transforme pourtant gr\u00e2ce \u00e0 la flamme du chalumeau.<\/p>\n<p data-start=\"1177\" data-end=\"1332\">Cette d\u00e9marche s\u2019inscrit dans une v\u00e9ritable logique d\u2019<strong data-start=\"1231\" data-end=\"1255\">eco-friendly crafts<\/strong>.<br data-start=\"1256\" data-end=\"1259\" \/>Je pratique l\u2019<strong data-start=\"1273\" data-end=\"1305\">upcycling de verre culinaire<\/strong> pour valoriser la mati\u00e8re.<\/p>\n<p data-start=\"1334\" data-end=\"1454\">Ainsi je participe \u00e0 la <strong data-start=\"1358\" data-end=\"1399\">transformation de verre non recycable<\/strong>.<br data-start=\"1400\" data-end=\"1403\" \/>Le verre devient alors un bijou d\u00e9licat et durable.<\/p>\n<p data-start=\"1456\" data-end=\"1542\">Chaque pi\u00e8ce est r\u00e9alis\u00e9e \u00e0 la main.<br data-start=\"1492\" data-end=\"1495\" \/>Ainsi naissent mes <strong data-start=\"1514\" data-end=\"1541\">bijoux en verre recycl\u00e9<\/strong>.<\/p>\n<p data-start=\"1544\" data-end=\"1653\">La teinte bleu ciel de ce pendentif \u00e9voque la douceur et la l\u00e9g\u00e8ret\u00e9.<br data-start=\"1613\" data-end=\"1616\" \/>Elle capte la lumi\u00e8re avec subtilit\u00e9.<\/p>\n<hr data-start=\"1655\" data-end=\"1658\" \/>\n<h3 data-start=\"1660\" data-end=\"1712\">Un pendentif olfactif en verre fil\u00e9 au chalumeau<\/h3>\n<h4 data-start=\"1714\" data-end=\"1756\">Un bijou \u00e9l\u00e9gant et sensoriel<\/h4>\n<p data-start=\"1758\" data-end=\"1846\">Je fa\u00e7onne ce bijou gr\u00e2ce \u00e0 la technique des <strong data-start=\"1803\" data-end=\"1845\">accessoires en verre fil\u00e9 au chalumeau<\/strong>.<\/p>\n<p data-start=\"1848\" data-end=\"1979\">Sous la chaleur du chalumeau, le verre devient mall\u00e9able.<br data-start=\"1905\" data-end=\"1908\" \/>Je le mod\u00e8le lentement afin d\u2019obtenir cette forme douce et harmonieuse.<\/p>\n<p data-start=\"1981\" data-end=\"2068\">Le pendentif mesure environ <strong data-start=\"2009\" data-end=\"2028\">2 cm de hauteur<\/strong>.<br data-start=\"2029\" data-end=\"2032\" \/>Il reste l\u00e9ger et agr\u00e9able \u00e0 porter.<\/p>\n<p data-start=\"2070\" data-end=\"2190\">Le bijou est mont\u00e9 sur une <strong data-start=\"2097\" data-end=\"2130\">cha\u00eene r\u00e9glable de 41 \u00e0 46 cm<\/strong>.<br data-start=\"2131\" data-end=\"2134\" \/>Cette longueur permet d\u2019adapter facilement le pendentif.<\/p>\n<p data-start=\"2192\" data-end=\"2239\">Ce pendentif poss\u00e8de une fonction particuli\u00e8re.<\/p>\n<p data-start=\"2241\" data-end=\"2275\">Il s\u2019agit d\u2019un pendentif olfactif.<\/p>\n<p data-start=\"2277\" data-end=\"2403\">Une petite cavit\u00e9 permet d\u2019y d\u00e9poser quelques gouttes d\u2019huile essentielle ou de parfum.<br data-start=\"2364\" data-end=\"2367\" \/>Une pipette facilite le remplissage.<\/p>\n<p data-start=\"2405\" data-end=\"2524\">Le parfum se diffuse ensuite d\u00e9licatement pendant la journ\u00e9e.<br data-start=\"2466\" data-end=\"2469\" \/>Le bijou devient alors un accessoire sensoriel discret.<\/p>\n<hr data-start=\"2526\" data-end=\"2529\" \/>\n<h3 data-start=\"2531\" data-end=\"2596\">Un bijou \u00e9co responsable et une cr\u00e9ation artisanale fran\u00e7aise<\/h3>\n<h4 data-start=\"2598\" data-end=\"2638\">Porter un bijou qui a du sens<\/h4>\n<p data-start=\"2640\" data-end=\"2698\">Porter ce pendentif signifie choisir un bijou authentique.<\/p>\n<p data-start=\"2700\" data-end=\"2780\">Je r\u00e9alise chaque pi\u00e8ce dans mon atelier.<br data-start=\"2741\" data-end=\"2744\" \/>Chaque cr\u00e9ation devient donc unique.<\/p>\n<p data-start=\"2782\" data-end=\"2842\">Ce pendentif fait partie de mes <strong data-start=\"2814\" data-end=\"2841\">bijoux \u00e9co-responsables<\/strong>.<\/p>\n<p data-start=\"3139\" data-end=\"3197\">Je cr\u00e9e \u00e9galement d\u2019autres <strong data-start=\"3166\" data-end=\"3195\">bijoux uniques faits main<\/strong> :<\/p>\n<ul data-start=\"3199\" data-end=\"3341\">\n<li data-start=\"3199\" data-end=\"3242\">\n<p data-start=\"3201\" data-end=\"3242\"><a href=\"https:\/\/www.verredart.fr\/en\/bijoux-en-verre-recycle\/boucles-doreilles-en-verre-recycle\/\"><strong data-start=\"3201\" data-end=\"3240\">earrings made from recycled glass<\/strong><\/a><\/p>\n<\/li>\n<li data-start=\"3243\" data-end=\"3277\">\n<p data-start=\"3245\" data-end=\"3277\"><a href=\"https:\/\/www.verredart.fr\/en\/bijoux-en-verre-recycle\/bracelets-en-verre-recycle\/\"><strong data-start=\"3245\" data-end=\"3275\">bracelets en verre recycl\u00e9<\/strong><\/a><\/p>\n<\/li>\n<li data-start=\"3278\" data-end=\"3309\">\n<p data-start=\"3280\" data-end=\"3309\"><a href=\"https:\/\/www.verredart.fr\/en\/bijoux-en-verre-recycle\/bagues-en-verre-recycle\/\"><strong data-start=\"3280\" data-end=\"3307\">bagues en verre recycl\u00e9<\/strong><\/a><\/p>\n<\/li>\n<li data-start=\"3310\" data-end=\"3341\">\n<p data-start=\"3312\" data-end=\"3341\"><a href=\"https:\/\/www.verredart.fr\/en\/bijoux-en-verre-recycle\/collier-en-verre-recycle\/\"><strong data-start=\"3312\" data-end=\"3341\">colliers en verre recycl\u00e9<\/strong><\/a><\/p>\n<\/li>\n<\/ul>\n<p data-start=\"3343\" data-end=\"3441\">Je d\u00e9veloppe aussi des cr\u00e9ations autour du <strong data-start=\"3386\" data-end=\"3401\">verre d\u2019art<\/strong> pour la maison et la cr\u00e9ation textile :<\/p>\n<ul data-start=\"3443\" data-end=\"3665\">\n<li data-start=\"3443\" data-end=\"3476\">\n<p data-start=\"3445\" data-end=\"3476\"><a href=\"https:\/\/www.verredart.fr\/en\/bijoux-en-verre-recycle\/art-de-la-table-verre-recycle-non-recyclable\/pics-a-aperitifs\/\"><strong data-start=\"3445\" data-end=\"3474\">pics \u00e0 ap\u00e9ritifs en verre<\/strong><\/a><\/p>\n<\/li>\n<li data-start=\"3477\" data-end=\"3517\">\n<p data-start=\"3479\" data-end=\"3517\"><a href=\"https:\/\/www.verredart.fr\/en\/bijoux-en-verre-recycle\/art-de-la-table-verre-recycle-non-recyclable\/\"><strong data-start=\"3479\" data-end=\"3515\">art de la table en verre recycl\u00e9<\/strong><\/a><\/p>\n<\/li>\n<li data-start=\"3518\" data-end=\"3550\">\n<p data-start=\"3520\" data-end=\"3550\"><a href=\"https:\/\/www.verredart.fr\/en\/bijoux-en-verre-recycle\/accessoires-de-couture-verre-recycle-non-recyclable\/boutons-verre-recycle\/\"><strong data-start=\"3520\" data-end=\"3548\">boutons en verre recycl\u00e9<\/strong><\/a><\/p>\n<\/li>\n<li data-start=\"3551\" data-end=\"3587\">\n<p data-start=\"3553\" data-end=\"3587\"><a href=\"https:\/\/www.verredart.fr\/en\/bijoux-en-verre-recycle\/accessoires-de-couture-verre-recycle-non-recyclable\/epingles-de-couture-artisanales-avec-embout-en-verre-recycle\/\"><strong data-start=\"3553\" data-end=\"3585\">\u00e9pingles de couture en verre<\/strong><\/a><\/p>\n<\/li>\n<li data-start=\"3588\" data-end=\"3625\">\n<p data-start=\"3590\" data-end=\"3625\"><a href=\"https:\/\/www.verredart.fr\/en\/bijoux-en-verre-recycle\/accessoires-de-couture-verre-recycle-non-recyclable\/aiguilles-tricot-verre-recycle\/\"><strong data-start=\"3590\" data-end=\"3623\">aiguilles \u00e0 tricoter en verre<\/strong><\/a><\/p>\n<\/li>\n<li data-start=\"3626\" data-end=\"3665\">\n<p data-start=\"3628\" data-end=\"3665\"><a href=\"https:\/\/www.verredart.fr\/en\/categorie-tricot-verre-recycle\/\"><strong data-start=\"3628\" data-end=\"3665\">accessoires de tricot \u00e9cologiques<\/strong><\/a><\/p>\n<\/li>\n<\/ul>\n<p data-start=\"3667\" data-end=\"3741\">Toutes ces pi\u00e8ces font partie de mes <strong data-start=\"3704\" data-end=\"3740\">cr\u00e9ations artisanales fran\u00e7aises<\/strong>.<\/p>\n<p data-start=\"3743\" data-end=\"3827\">Je partage \u00e9galement mon savoir-faire lors d\u2019<a href=\"https:\/\/www.verredart.fr\/en\/ateliers-creatifs-le-crozet\/\"><strong>ateliers<\/strong> <strong data-start=\"3789\" data-end=\"3826\">de filage de verre<\/strong><\/a>.<\/p>\n<p data-start=\"3499\" data-end=\"3560\">Chaque pi\u00e8ce r\u00e9v\u00e8le la beaut\u00e9 du verre transform\u00e9 par le feu.<\/p>\n<hr data-start=\"3562\" data-end=\"3565\" \/>\n<h3 data-start=\"3567\" data-end=\"3618\">Un pendentif d\u00e9licat pour illuminer votre style<\/h3>\n<h4 data-start=\"3620\" data-end=\"3670\">Adoptez une cr\u00e9ation artisanale unique<\/h4>\n<p data-start=\"3672\" data-end=\"3744\">Ce pendentif bleu ciel attire le regard par sa douceur et sa luminosit\u00e9.<\/p>\n<p data-start=\"3746\" data-end=\"3878\">Sa forme \u00e9l\u00e9gante reste facile \u00e0 porter au quotidien.<br data-start=\"3799\" data-end=\"3802\" \/>La <strong data-start=\"3805\" data-end=\"3838\">cha\u00eene r\u00e9glable de 41 \u00e0 46 cm<\/strong> permet d\u2019ajuster parfaitement le bijou.<\/p>\n<p data-start=\"3880\" data-end=\"4015\">Ce pendentif est bien plus qu\u2019un simple accessoire.<br data-start=\"3931\" data-end=\"3934\" \/>Il incarne la rencontre entre <strong data-start=\"3964\" data-end=\"3979\">verre d&rsquo;art<\/strong>, artisanat et cr\u00e9ation responsable.<\/p>\n<p data-start=\"4017\" data-end=\"4129\">Si vous aimez les bijoux originaux et durables, ce pendentif trouvera facilement sa place dans votre collection.<\/p>\n<p data-start=\"4131\" data-end=\"4258\">Ajoutez d\u00e8s maintenant ce pendentif en <strong data-start=\"4170\" data-end=\"4187\">verre recycl\u00e9<\/strong> \u00e0 votre panier et laissez la magie du feu accompagner votre quotidien.<\/p>\n<div class=\"translate-tooltip-mtz translator-hidden\">\n<div class=\"header\">\n<div class=\"header-controls\">Translator<\/div>\n<div class=\"header-controls\"><\/div>\n<div class=\"header-controls\"><\/div>\n<\/div>\n<div class=\"translated-text\">\n<div class=\"words\"><\/div>\n<div class=\"sentences\"><\/div>\n<\/div>\n<\/div>\n<p>&nbsp;<\/p>","protected":false},"excerpt":{"rendered":"<p data-start=\"4287\" data-end=\"4342\">Ce pendentif appartient \u00e0 l\u2019univers du <strong data-start=\"4326\" data-end=\"4341\">verre d&rsquo;art<\/strong>.<\/p>\n<p data-start=\"4344\" data-end=\"4458\">Je le cr\u00e9e dans mon atelier gr\u00e2ce au chalumeau.<br data-start=\"4391\" data-end=\"4394\" \/>Je transforme du verre issu du <strong data-start=\"4425\" data-end=\"4457\">recyclage de verre culinaire<\/strong>.<\/p>\n<p data-start=\"4460\" data-end=\"4526\">Cette d\u00e9marche correspond \u00e0 un v\u00e9ritable <strong data-start=\"4501\" data-end=\"4525\">eco-friendly crafts<\/strong>.<\/p>\n<p data-start=\"4528\" data-end=\"4632\">Je r\u00e9alise la <strong data-start=\"4542\" data-end=\"4583\">transformation de verre non recycable<\/strong>.<br data-start=\"4584\" data-end=\"4587\" \/>La mati\u00e8re devient alors une cr\u00e9ation unique.<\/p>\n<p data-start=\"4634\" data-end=\"4702\">Chaque pi\u00e8ce est fa\u00e7onn\u00e9e \u00e0 la main.<br data-start=\"4670\" data-end=\"4673\" \/>Chaque bijou reste diff\u00e9rent.<\/p>\n<p data-start=\"4704\" data-end=\"4752\">Le pendentif mesure environ <strong data-start=\"4732\" data-end=\"4751\">2 cm de hauteur<\/strong>.<\/p>\n<p data-start=\"4754\" data-end=\"4805\">Sa couleur bleu ciel apporte douceur et luminosit\u00e9.<\/p>\n<p data-start=\"4807\" data-end=\"4863\">Ce bijou fait partie de mes <strong data-start=\"4835\" data-end=\"4862\">bijoux en verre recycl\u00e9<\/strong>.<\/p>\n<p data-start=\"4865\" data-end=\"4920\">Il est mont\u00e9 sur une <strong data-start=\"4886\" data-end=\"4919\">cha\u00eene r\u00e9glable de 41 \u00e0 46 cm<\/strong>.<\/p>\n<p data-start=\"4922\" data-end=\"4978\">Cette longueur permet d\u2019adapter facilement le pendentif.<\/p>\n<p data-start=\"4980\" data-end=\"5023\">Ce bijou poss\u00e8de une fonction particuli\u00e8re.<\/p>\n<p data-start=\"5025\" data-end=\"5059\">Il s\u2019agit d\u2019un pendentif olfactif.<\/p>\n<p data-start=\"5061\" data-end=\"5130\">Il peut accueillir quelques gouttes d\u2019huile essentielle ou de parfum.<\/p>\n<p data-start=\"5132\" data-end=\"5186\">Une pipette permet de remplir le pendentif facilement.<\/p>\n<p data-start=\"5188\" data-end=\"5243\">Le parfum se diffuse ensuite doucement dans la journ\u00e9e.<\/p>\n<p data-start=\"5245\" data-end=\"5307\">Cette cr\u00e9ation fait partie de mes <strong data-start=\"5279\" data-end=\"5306\">bijoux \u00e9co-responsables<\/strong>.<\/p>\n<p data-start=\"5245\" data-end=\"5307\">Ajoutez ce pendentif en <strong data-start=\"5894\" data-end=\"5911\">verre recycl\u00e9<\/strong> \u00e0 votre collection et portez un bijou artisanal unique.<\/p>","protected":false},"featured_media":6644,"template":"","meta":[],"product_brand":[],"product_cat":[157,217],"product_tag":[],"class_list":{"0":"post-6643","1":"product","2":"type-product","3":"status-publish","4":"has-post-thumbnail","6":"product_cat-bijoux-diffuseurs-huiles-essentielles-femme","7":"product_cat-nouveautes-verre-recycle","9":"entry","10":"has-media","12":"first","13":"instock","14":"shipping-taxable","15":"purchasable","16":"product-type-simple","17":"has-product-nav","18":"col","19":"span_1_of_3","20":"owp-content-center","21":"item-entry","22":"owp-thumbs-layout-vertical","23":"owp-btn-big","24":"owp-tabs-layout-horizontal"},"yoast_head":"<!-- This site is optimized with the Yoast SEO plugin v27.4 - https:\/\/yoast.com\/product\/yoast-seo-wordpress\/ -->\n<title>Pendentif verre recycl\u00e9 bleu ciel bijou olfactif artisanal<\/title>\n<meta name=\"description\" content=\"D\u00e9couvrez ce pendentif verre recycl\u00e9 bleu ciel fa\u00e7onn\u00e9 au chalumeau, bijou olfactif artisanal et \u00e9co responsable \u00e0 adopter d\u00e8s maintenant.\" \/>\n<meta name=\"robots\" content=\"index, follow, max-snippet:-1, max-image-preview:large, max-video-preview:-1\" \/>\n<link rel=\"canonical\" href=\"https:\/\/www.verredart.fr\/en\/verre-dart-bijoux-en-verre-recycle\/bijoux-diffuseurs-huiles-essentielles-femme\/pendentif-verre-recycle-bleu-ciel-bijou-olfactif-artisanal\/\" \/>\n<meta property=\"og:locale\" content=\"en_US\" \/>\n<meta property=\"og:type\" content=\"article\" \/>\n<meta property=\"og:title\" content=\"Pendentif verre recycl\u00e9 bleu ciel bijou olfactif artisanal\" \/>\n<meta property=\"og:description\" content=\"D\u00e9couvrez ce pendentif verre recycl\u00e9 bleu ciel fa\u00e7onn\u00e9 au chalumeau, bijou olfactif artisanal et \u00e9co responsable \u00e0 adopter d\u00e8s maintenant.\" \/>\n<meta property=\"og:url\" content=\"https:\/\/www.verredart.fr\/en\/verre-dart-bijoux-en-verre-recycle\/bijoux-diffuseurs-huiles-essentielles-femme\/pendentif-verre-recycle-bleu-ciel-bijou-olfactif-artisanal\/\" \/>\n<meta property=\"og:site_name\" content=\"Verre d&#039;Art\" \/>\n<meta property=\"article:publisher\" content=\"https:\/\/www.facebook.com\/Verredart\" \/>\n<meta property=\"article:modified_time\" content=\"2026-03-09T13:59:49+00:00\" \/>\n<meta property=\"og:image\" content=\"https:\/\/www.verredart.fr\/wp-content\/uploads\/2026\/03\/IMG_5970.jpg\" \/>\n\t<meta property=\"og:image:width\" content=\"1920\" \/>\n\t<meta property=\"og:image:height\" content=\"1080\" \/>\n\t<meta property=\"og:image:type\" content=\"image\/jpeg\" \/>\n<meta name=\"twitter:card\" content=\"summary_large_image\" \/>\n<meta name=\"twitter:site\" content=\"@verredart\" \/>\n<meta name=\"twitter:label1\" content=\"Est. reading time\" \/>\n\t<meta name=\"twitter:data1\" content=\"3 minutes\" \/>\n<script type=\"application\/ld+json\" class=\"yoast-schema-graph\">{\"@context\":\"https:\\\/\\\/schema.org\",\"@graph\":[{\"@type\":\"WebPage\",\"@id\":\"https:\\\/\\\/www.verredart.fr\\\/verre-dart-bijoux-en-verre-recycle\\\/bijoux-diffuseurs-huiles-essentielles-femme\\\/pendentif-verre-recycle-bleu-ciel-bijou-olfactif-artisanal\\\/\",\"url\":\"https:\\\/\\\/www.verredart.fr\\\/verre-dart-bijoux-en-verre-recycle\\\/bijoux-diffuseurs-huiles-essentielles-femme\\\/pendentif-verre-recycle-bleu-ciel-bijou-olfactif-artisanal\\\/\",\"name\":\"Pendentif verre recycl\u00e9 bleu ciel bijou olfactif artisanal\",\"isPartOf\":{\"@id\":\"https:\\\/\\\/www.verredart.fr\\\/#website\"},\"primaryImageOfPage\":{\"@id\":\"https:\\\/\\\/www.verredart.fr\\\/verre-dart-bijoux-en-verre-recycle\\\/bijoux-diffuseurs-huiles-essentielles-femme\\\/pendentif-verre-recycle-bleu-ciel-bijou-olfactif-artisanal\\\/#primaryimage\"},\"image\":{\"@id\":\"https:\\\/\\\/www.verredart.fr\\\/verre-dart-bijoux-en-verre-recycle\\\/bijoux-diffuseurs-huiles-essentielles-femme\\\/pendentif-verre-recycle-bleu-ciel-bijou-olfactif-artisanal\\\/#primaryimage\"},\"thumbnailUrl\":\"https:\\\/\\\/i0.wp.com\\\/www.verredart.fr\\\/wp-content\\\/uploads\\\/2026\\\/03\\\/IMG_5970.jpg?fit=1920%2C1080&ssl=1\",\"datePublished\":\"2026-03-05T09:58:19+00:00\",\"dateModified\":\"2026-03-09T13:59:49+00:00\",\"description\":\"D\u00e9couvrez ce pendentif verre recycl\u00e9 bleu ciel fa\u00e7onn\u00e9 au chalumeau, bijou olfactif artisanal et \u00e9co responsable \u00e0 adopter d\u00e8s maintenant.\",\"breadcrumb\":{\"@id\":\"https:\\\/\\\/www.verredart.fr\\\/verre-dart-bijoux-en-verre-recycle\\\/bijoux-diffuseurs-huiles-essentielles-femme\\\/pendentif-verre-recycle-bleu-ciel-bijou-olfactif-artisanal\\\/#breadcrumb\"},\"inLanguage\":\"en-US\",\"potentialAction\":[{\"@type\":\"ReadAction\",\"target\":[\"https:\\\/\\\/www.verredart.fr\\\/verre-dart-bijoux-en-verre-recycle\\\/bijoux-diffuseurs-huiles-essentielles-femme\\\/pendentif-verre-recycle-bleu-ciel-bijou-olfactif-artisanal\\\/\"]}]},{\"@type\":\"ImageObject\",\"inLanguage\":\"en-US\",\"@id\":\"https:\\\/\\\/www.verredart.fr\\\/verre-dart-bijoux-en-verre-recycle\\\/bijoux-diffuseurs-huiles-essentielles-femme\\\/pendentif-verre-recycle-bleu-ciel-bijou-olfactif-artisanal\\\/#primaryimage\",\"url\":\"https:\\\/\\\/i0.wp.com\\\/www.verredart.fr\\\/wp-content\\\/uploads\\\/2026\\\/03\\\/IMG_5970.jpg?fit=1920%2C1080&ssl=1\",\"contentUrl\":\"https:\\\/\\\/i0.wp.com\\\/www.verredart.fr\\\/wp-content\\\/uploads\\\/2026\\\/03\\\/IMG_5970.jpg?fit=1920%2C1080&ssl=1\",\"width\":1920,\"height\":1080,\"caption\":\"pendentif verre recycl\u00e9 bleu ciel bijou olfactif artisanal fa\u00e7onn\u00e9 au chalumeau\"},{\"@type\":\"BreadcrumbList\",\"@id\":\"https:\\\/\\\/www.verredart.fr\\\/verre-dart-bijoux-en-verre-recycle\\\/bijoux-diffuseurs-huiles-essentielles-femme\\\/pendentif-verre-recycle-bleu-ciel-bijou-olfactif-artisanal\\\/#breadcrumb\",\"itemListElement\":[{\"@type\":\"ListItem\",\"position\":1,\"name\":\"Collections\",\"item\":\"https:\\\/\\\/www.verredart.fr\\\/verre-dart-bijoux-en-verre-recycle\\\/boutique-bijoux-en-verre-culinaire-recycle\\\/\"},{\"@type\":\"ListItem\",\"position\":2,\"name\":\"Colliers Olfactifs\",\"item\":\"https:\\\/\\\/www.verredart.fr\\\/bijoux-en-verre-recycle\\\/bijoux-diffuseurs-huiles-essentielles-femme\\\/\"},{\"@type\":\"ListItem\",\"position\":3,\"name\":\"Pendentif verre recycl\u00e9 bleu ciel bijou olfactif artisanal\"}]},{\"@type\":\"WebSite\",\"@id\":\"https:\\\/\\\/www.verredart.fr\\\/#website\",\"url\":\"https:\\\/\\\/www.verredart.fr\\\/\",\"name\":\"Verre d'Art\",\"description\":\"Recyclage de verre non recyclable en cr\u00e9ations uniques et engag\u00e9s\",\"publisher\":{\"@id\":\"https:\\\/\\\/www.verredart.fr\\\/#organization\"},\"potentialAction\":[{\"@type\":\"SearchAction\",\"target\":{\"@type\":\"EntryPoint\",\"urlTemplate\":\"https:\\\/\\\/www.verredart.fr\\\/?s={search_term_string}\"},\"query-input\":{\"@type\":\"PropertyValueSpecification\",\"valueRequired\":true,\"valueName\":\"search_term_string\"}}],\"inLanguage\":\"en-US\"},{\"@type\":\"Organization\",\"@id\":\"https:\\\/\\\/www.verredart.fr\\\/#organization\",\"name\":\"Verre d'Art\",\"url\":\"https:\\\/\\\/www.verredart.fr\\\/\",\"logo\":{\"@type\":\"ImageObject\",\"inLanguage\":\"en-US\",\"@id\":\"https:\\\/\\\/www.verredart.fr\\\/#\\\/schema\\\/logo\\\/image\\\/\",\"url\":\"\",\"contentUrl\":\"\",\"caption\":\"Verre d'Art\"},\"image\":{\"@id\":\"https:\\\/\\\/www.verredart.fr\\\/#\\\/schema\\\/logo\\\/image\\\/\"},\"sameAs\":[\"https:\\\/\\\/www.facebook.com\\\/Verredart\",\"https:\\\/\\\/x.com\\\/verredart\",\"https:\\\/\\\/www.instagram.com\\\/Verre_dart\",\"https:\\\/\\\/www.pinterest.fr\\\/verredart\\\/\"]}]}<\/script>\n<!-- \/ Yoast SEO plugin. -->","yoast_head_json":{"title":"Pendentif verre recycl\u00e9 bleu ciel bijou olfactif artisanal","description":"D\u00e9couvrez ce pendentif verre recycl\u00e9 bleu ciel fa\u00e7onn\u00e9 au chalumeau, bijou olfactif artisanal et \u00e9co responsable \u00e0 adopter d\u00e8s maintenant.","robots":{"index":"index","follow":"follow","max-snippet":"max-snippet:-1","max-image-preview":"max-image-preview:large","max-video-preview":"max-video-preview:-1"},"canonical":"https:\/\/www.verredart.fr\/en\/verre-dart-bijoux-en-verre-recycle\/bijoux-diffuseurs-huiles-essentielles-femme\/pendentif-verre-recycle-bleu-ciel-bijou-olfactif-artisanal\/","og_locale":"en_US","og_type":"article","og_title":"Pendentif verre recycl\u00e9 bleu ciel bijou olfactif artisanal","og_description":"D\u00e9couvrez ce pendentif verre recycl\u00e9 bleu ciel fa\u00e7onn\u00e9 au chalumeau, bijou olfactif artisanal et \u00e9co responsable \u00e0 adopter d\u00e8s maintenant.","og_url":"https:\/\/www.verredart.fr\/en\/verre-dart-bijoux-en-verre-recycle\/bijoux-diffuseurs-huiles-essentielles-femme\/pendentif-verre-recycle-bleu-ciel-bijou-olfactif-artisanal\/","og_site_name":"Verre d&#039;Art","article_publisher":"https:\/\/www.facebook.com\/Verredart","article_modified_time":"2026-03-09T13:59:49+00:00","og_image":[{"width":1920,"height":1080,"url":"https:\/\/www.verredart.fr\/wp-content\/uploads\/2026\/03\/IMG_5970.jpg","type":"image\/jpeg"}],"twitter_card":"summary_large_image","twitter_site":"@verredart","twitter_misc":{"Est. reading time":"3 minutes"},"schema":{"@context":"https:\/\/schema.org","@graph":[{"@type":"WebPage","@id":"https:\/\/www.verredart.fr\/verre-dart-bijoux-en-verre-recycle\/bijoux-diffuseurs-huiles-essentielles-femme\/pendentif-verre-recycle-bleu-ciel-bijou-olfactif-artisanal\/","url":"https:\/\/www.verredart.fr\/verre-dart-bijoux-en-verre-recycle\/bijoux-diffuseurs-huiles-essentielles-femme\/pendentif-verre-recycle-bleu-ciel-bijou-olfactif-artisanal\/","name":"Pendentif verre recycl\u00e9 bleu ciel bijou olfactif artisanal","isPartOf":{"@id":"https:\/\/www.verredart.fr\/#website"},"primaryImageOfPage":{"@id":"https:\/\/www.verredart.fr\/verre-dart-bijoux-en-verre-recycle\/bijoux-diffuseurs-huiles-essentielles-femme\/pendentif-verre-recycle-bleu-ciel-bijou-olfactif-artisanal\/#primaryimage"},"image":{"@id":"https:\/\/www.verredart.fr\/verre-dart-bijoux-en-verre-recycle\/bijoux-diffuseurs-huiles-essentielles-femme\/pendentif-verre-recycle-bleu-ciel-bijou-olfactif-artisanal\/#primaryimage"},"thumbnailUrl":"https:\/\/i0.wp.com\/www.verredart.fr\/wp-content\/uploads\/2026\/03\/IMG_5970.jpg?fit=1920%2C1080&ssl=1","datePublished":"2026-03-05T09:58:19+00:00","dateModified":"2026-03-09T13:59:49+00:00","description":"D\u00e9couvrez ce pendentif verre recycl\u00e9 bleu ciel fa\u00e7onn\u00e9 au chalumeau, bijou olfactif artisanal et \u00e9co responsable \u00e0 adopter d\u00e8s maintenant.","breadcrumb":{"@id":"https:\/\/www.verredart.fr\/verre-dart-bijoux-en-verre-recycle\/bijoux-diffuseurs-huiles-essentielles-femme\/pendentif-verre-recycle-bleu-ciel-bijou-olfactif-artisanal\/#breadcrumb"},"inLanguage":"en-US","potentialAction":[{"@type":"ReadAction","target":["https:\/\/www.verredart.fr\/verre-dart-bijoux-en-verre-recycle\/bijoux-diffuseurs-huiles-essentielles-femme\/pendentif-verre-recycle-bleu-ciel-bijou-olfactif-artisanal\/"]}]},{"@type":"ImageObject","inLanguage":"en-US","@id":"https:\/\/www.verredart.fr\/verre-dart-bijoux-en-verre-recycle\/bijoux-diffuseurs-huiles-essentielles-femme\/pendentif-verre-recycle-bleu-ciel-bijou-olfactif-artisanal\/#primaryimage","url":"https:\/\/i0.wp.com\/www.verredart.fr\/wp-content\/uploads\/2026\/03\/IMG_5970.jpg?fit=1920%2C1080&ssl=1","contentUrl":"https:\/\/i0.wp.com\/www.verredart.fr\/wp-content\/uploads\/2026\/03\/IMG_5970.jpg?fit=1920%2C1080&ssl=1","width":1920,"height":1080,"caption":"pendentif verre recycl\u00e9 bleu ciel bijou olfactif artisanal fa\u00e7onn\u00e9 au chalumeau"},{"@type":"BreadcrumbList","@id":"https:\/\/www.verredart.fr\/verre-dart-bijoux-en-verre-recycle\/bijoux-diffuseurs-huiles-essentielles-femme\/pendentif-verre-recycle-bleu-ciel-bijou-olfactif-artisanal\/#breadcrumb","itemListElement":[{"@type":"ListItem","position":1,"name":"Collections","item":"https:\/\/www.verredart.fr\/verre-dart-bijoux-en-verre-recycle\/boutique-bijoux-en-verre-culinaire-recycle\/"},{"@type":"ListItem","position":2,"name":"Colliers Olfactifs","item":"https:\/\/www.verredart.fr\/bijoux-en-verre-recycle\/bijoux-diffuseurs-huiles-essentielles-femme\/"},{"@type":"ListItem","position":3,"name":"Pendentif verre recycl\u00e9 bleu ciel bijou olfactif artisanal"}]},{"@type":"WebSite","@id":"https:\/\/www.verredart.fr\/#website","url":"https:\/\/www.verredart.fr\/","name":"Verre d'Art","description":"Recyclage de verre non recyclable en cr\u00e9ations uniques et engag\u00e9s","publisher":{"@id":"https:\/\/www.verredart.fr\/#organization"},"potentialAction":[{"@type":"SearchAction","target":{"@type":"EntryPoint","urlTemplate":"https:\/\/www.verredart.fr\/?s={search_term_string}"},"query-input":{"@type":"PropertyValueSpecification","valueRequired":true,"valueName":"search_term_string"}}],"inLanguage":"en-US"},{"@type":"Organization","@id":"https:\/\/www.verredart.fr\/#organization","name":"Verre d'Art","url":"https:\/\/www.verredart.fr\/","logo":{"@type":"ImageObject","inLanguage":"en-US","@id":"https:\/\/www.verredart.fr\/#\/schema\/logo\/image\/","url":"","contentUrl":"","caption":"Verre d'Art"},"image":{"@id":"https:\/\/www.verredart.fr\/#\/schema\/logo\/image\/"},"sameAs":["https:\/\/www.facebook.com\/Verredart","https:\/\/x.com\/verredart","https:\/\/www.instagram.com\/Verre_dart","https:\/\/www.pinterest.fr\/verredart\/"]}]}},"jetpack_sharing_enabled":true,"_links":{"self":[{"href":"https:\/\/www.verredart.fr\/en\/wp-json\/wp\/v2\/product\/6643","targetHints":{"allow":["GET"]}}],"collection":[{"href":"https:\/\/www.verredart.fr\/en\/wp-json\/wp\/v2\/product"}],"about":[{"href":"https:\/\/www.verredart.fr\/en\/wp-json\/wp\/v2\/types\/product"}],"wp:featuredmedia":[{"embeddable":true,"href":"https:\/\/www.verredart.fr\/en\/wp-json\/wp\/v2\/media\/6644"}],"wp:attachment":[{"href":"https:\/\/www.verredart.fr\/en\/wp-json\/wp\/v2\/media?parent=6643"}],"wp:term":[{"taxonomy":"product_brand","embeddable":true,"href":"https:\/\/www.verredart.fr\/en\/wp-json\/wp\/v2\/product_brand?post=6643"},{"taxonomy":"product_cat","embeddable":true,"href":"https:\/\/www.verredart.fr\/en\/wp-json\/wp\/v2\/product_cat?post=6643"},{"taxonomy":"product_tag","embeddable":true,"href":"https:\/\/www.verredart.fr\/en\/wp-json\/wp\/v2\/product_tag?post=6643"}],"curies":[{"name":"wp","href":"https:\/\/api.w.org\/{rel}","templated":true}]}}