{"id":6651,"date":"2026-03-05T10:22:29","date_gmt":"2026-03-05T10:22:29","guid":{"rendered":"https:\/\/www.verredart.fr\/?post_type=product&#038;p=6651"},"modified":"2026-03-09T14:00:03","modified_gmt":"2026-03-09T14:00:03","slug":"pendentif-verre-recycle-bleu-transparent-bijou-olfactif","status":"publish","type":"product","link":"https:\/\/www.verredart.fr\/en\/verre-dart-bijoux-en-verre-recycle\/bijoux-diffuseurs-huiles-essentielles-femme\/pendentif-verre-recycle-bleu-transparent-bijou-olfactif\/","title":{"rendered":"Pendentif verre recycl\u00e9 bleu transparent bijou olfactif"},"content":{"rendered":"<h2 data-start=\"591\" data-end=\"659\">Pendentif verre recycl\u00e9 bleu transparent bijou olfactif artisanal<\/h2>\n<h3 data-start=\"661\" data-end=\"720\">Un bijou lumineux fa\u00e7onn\u00e9 dans l\u2019univers du verre d&rsquo;art<\/h3>\n<h4 data-start=\"722\" data-end=\"767\">Une cr\u00e9ation artisanale unique<\/h4>\n<p data-start=\"769\" data-end=\"895\">Je cr\u00e9e ce pendentif dans mon atelier gr\u00e2ce \u00e0 la technique du chalumeau.<br data-start=\"841\" data-end=\"844\" \/>Chaque pi\u00e8ce est fa\u00e7onn\u00e9e lentement sous la flamme.<\/p>\n<p data-start=\"897\" data-end=\"994\">Ce bijou appartient \u00e0 l\u2019univers du <strong data-start=\"932\" data-end=\"947\">verre d&rsquo;art<\/strong>.<br data-start=\"948\" data-end=\"951\" \/>Je transforme du verre destin\u00e9 \u00e0 \u00eatre jet\u00e9.<\/p>\n<p data-start=\"996\" data-end=\"1124\">Ce travail repose sur le <strong data-start=\"1021\" data-end=\"1053\">recyclage de verre culinaire<\/strong>.<br data-start=\"1054\" data-end=\"1057\" \/>Cette mati\u00e8re est rarement accept\u00e9e dans les circuits de recyclage.<\/p>\n<p data-start=\"1126\" data-end=\"1254\">Je lui offre pourtant une nouvelle vie gr\u00e2ce au feu.<br data-start=\"1178\" data-end=\"1181\" \/>Je r\u00e9alise ainsi une v\u00e9ritable <strong data-start=\"1212\" data-end=\"1253\">transformation de verre non recycable<\/strong>.<\/p>\n<p data-start=\"1256\" data-end=\"1399\">Cette d\u00e9marche s\u2019inscrit dans un v\u00e9ritable <strong data-start=\"1299\" data-end=\"1323\">eco-friendly crafts<\/strong>.<br data-start=\"1324\" data-end=\"1327\" \/>Elle correspond aussi \u00e0 une pratique d\u2019<a href=\"https:\/\/www.verredart.fr\/en\/a-propos-de-verre-dart\/recyclage-de-verre-culinaire\/\"><strong data-start=\"1366\" data-end=\"1398\">upcycling de verre culinaire<\/strong><\/a>.<\/p>\n<p data-start=\"1401\" data-end=\"1487\">Chaque cr\u00e9ation devient donc unique.<br data-start=\"1437\" data-end=\"1440\" \/>Ainsi naissent mes <strong data-start=\"1459\" data-end=\"1486\">bijoux en verre recycl\u00e9<\/strong>.<\/p>\n<p data-start=\"1489\" data-end=\"1617\">Ce pendentif bleu transparent capte la lumi\u00e8re avec \u00e9l\u00e9gance.<br data-start=\"1550\" data-end=\"1553\" \/>Ses motifs en relief apportent une touche originale et d\u00e9licate.<\/p>\n<hr data-start=\"1619\" data-end=\"1622\" \/>\n<h3 data-start=\"1624\" data-end=\"1676\">Un pendentif olfactif en verre fil\u00e9 au chalumeau<\/h3>\n<h4 data-start=\"1678\" data-end=\"1723\">Un bijou esth\u00e9tique et sensoriel<\/h4>\n<p data-start=\"1725\" data-end=\"1813\">Je r\u00e9alise ce bijou gr\u00e2ce \u00e0 la technique des <strong data-start=\"1770\" data-end=\"1812\">accessoires en verre fil\u00e9 au chalumeau<\/strong>.<\/p>\n<p data-start=\"1815\" data-end=\"1930\">Sous la chaleur du chalumeau, le verre devient mall\u00e9able.<br data-start=\"1872\" data-end=\"1875\" \/>Je lui donne alors cette forme \u00e9l\u00e9gante et harmonieuse.<\/p>\n<p data-start=\"1932\" data-end=\"2021\">Le pendentif mesure environ <strong data-start=\"1960\" data-end=\"1981\">2,3 cm de hauteur<\/strong>.<br data-start=\"1982\" data-end=\"1985\" \/>Il reste l\u00e9ger et agr\u00e9able \u00e0 porter.<\/p>\n<p data-start=\"2023\" data-end=\"2137\">Il est mont\u00e9 sur un <strong data-start=\"2043\" data-end=\"2081\">cordon noir r\u00e9glable de 44 \u00e0 49 cm<\/strong>.<br data-start=\"2082\" data-end=\"2085\" \/>Cette longueur permet d\u2019adapter facilement le bijou.<\/p>\n<p data-start=\"2139\" data-end=\"2186\">Ce pendentif poss\u00e8de une fonction particuli\u00e8re.<\/p>\n<p data-start=\"2188\" data-end=\"2222\">Il s\u2019agit d\u2019un pendentif olfactif.<\/p>\n<p data-start=\"2224\" data-end=\"2350\">Une petite cavit\u00e9 permet d\u2019y d\u00e9poser quelques gouttes d\u2019huile essentielle ou de parfum.<br data-start=\"2311\" data-end=\"2314\" \/>Une pipette facilite le remplissage.<\/p>\n<p data-start=\"2352\" data-end=\"2473\">Le parfum se diffuse ensuite d\u00e9licatement au fil de la journ\u00e9e.<br data-start=\"2415\" data-end=\"2418\" \/>Le bijou devient alors un accessoire sensoriel discret.<\/p>\n<hr data-start=\"2475\" data-end=\"2478\" \/>\n<h3 data-start=\"2480\" data-end=\"2549\">Un bijou \u00e9co responsable issu d\u2019une cr\u00e9ation artisanale fran\u00e7aise<\/h3>\n<h4 data-start=\"2551\" data-end=\"2591\">Porter un bijou qui a du sens<\/h4>\n<p data-start=\"2593\" data-end=\"2655\">Porter ce pendentif signifie choisir une cr\u00e9ation authentique.<\/p>\n<p data-start=\"2657\" data-end=\"2734\">Je r\u00e9alise chaque pi\u00e8ce dans mon atelier.<br data-start=\"2698\" data-end=\"2701\" \/>Chaque bijou devient donc unique.<\/p>\n<p data-start=\"2736\" data-end=\"2798\">Cette cr\u00e9ation fait partie de mes <strong data-start=\"2770\" data-end=\"2797\">bijoux \u00e9co-responsables<\/strong>.<\/p>\n<p data-start=\"3139\" data-end=\"3197\">Je cr\u00e9e \u00e9galement d\u2019autres <strong data-start=\"3166\" data-end=\"3195\">bijoux uniques faits main<\/strong> :<\/p>\n<ul data-start=\"3199\" data-end=\"3341\">\n<li data-start=\"3199\" data-end=\"3242\">\n<p data-start=\"3201\" data-end=\"3242\"><a href=\"https:\/\/www.verredart.fr\/en\/bijoux-en-verre-recycle\/boucles-doreilles-en-verre-recycle\/\"><strong data-start=\"3201\" data-end=\"3240\">earrings made from recycled glass<\/strong><\/a><\/p>\n<\/li>\n<li data-start=\"3243\" data-end=\"3277\">\n<p data-start=\"3245\" data-end=\"3277\"><a href=\"https:\/\/www.verredart.fr\/en\/bijoux-en-verre-recycle\/bracelets-en-verre-recycle\/\"><strong data-start=\"3245\" data-end=\"3275\">bracelets en verre recycl\u00e9<\/strong><\/a><\/p>\n<\/li>\n<li data-start=\"3278\" data-end=\"3309\">\n<p data-start=\"3280\" data-end=\"3309\"><a href=\"https:\/\/www.verredart.fr\/en\/bijoux-en-verre-recycle\/bagues-en-verre-recycle\/\"><strong data-start=\"3280\" data-end=\"3307\">bagues en verre recycl\u00e9<\/strong><\/a><\/p>\n<\/li>\n<li data-start=\"3310\" data-end=\"3341\">\n<p data-start=\"3312\" data-end=\"3341\"><a href=\"https:\/\/www.verredart.fr\/en\/bijoux-en-verre-recycle\/collier-en-verre-recycle\/\"><strong data-start=\"3312\" data-end=\"3341\">colliers en verre recycl\u00e9<\/strong><\/a><\/p>\n<\/li>\n<\/ul>\n<p data-start=\"3343\" data-end=\"3441\">Je d\u00e9veloppe aussi des cr\u00e9ations autour du <strong data-start=\"3386\" data-end=\"3401\">verre d\u2019art<\/strong> pour la maison et la cr\u00e9ation textile :<\/p>\n<ul data-start=\"3443\" data-end=\"3665\">\n<li data-start=\"3443\" data-end=\"3476\">\n<p data-start=\"3445\" data-end=\"3476\"><a href=\"https:\/\/www.verredart.fr\/en\/bijoux-en-verre-recycle\/art-de-la-table-verre-recycle-non-recyclable\/pics-a-aperitifs\/\"><strong data-start=\"3445\" data-end=\"3474\">pics \u00e0 ap\u00e9ritifs en verre<\/strong><\/a><\/p>\n<\/li>\n<li data-start=\"3477\" data-end=\"3517\">\n<p data-start=\"3479\" data-end=\"3517\"><a href=\"https:\/\/www.verredart.fr\/en\/bijoux-en-verre-recycle\/art-de-la-table-verre-recycle-non-recyclable\/\"><strong data-start=\"3479\" data-end=\"3515\">art de la table en verre recycl\u00e9<\/strong><\/a><\/p>\n<\/li>\n<li data-start=\"3518\" data-end=\"3550\">\n<p data-start=\"3520\" data-end=\"3550\"><a href=\"https:\/\/www.verredart.fr\/en\/bijoux-en-verre-recycle\/accessoires-de-couture-verre-recycle-non-recyclable\/boutons-verre-recycle\/\"><strong data-start=\"3520\" data-end=\"3548\">boutons en verre recycl\u00e9<\/strong><\/a><\/p>\n<\/li>\n<li data-start=\"3551\" data-end=\"3587\">\n<p data-start=\"3553\" data-end=\"3587\"><a href=\"https:\/\/www.verredart.fr\/en\/bijoux-en-verre-recycle\/accessoires-de-couture-verre-recycle-non-recyclable\/epingles-de-couture-artisanales-avec-embout-en-verre-recycle\/\"><strong data-start=\"3553\" data-end=\"3585\">\u00e9pingles de couture en verre<\/strong><\/a><\/p>\n<\/li>\n<li data-start=\"3588\" data-end=\"3625\">\n<p data-start=\"3590\" data-end=\"3625\"><a href=\"https:\/\/www.verredart.fr\/en\/bijoux-en-verre-recycle\/accessoires-de-couture-verre-recycle-non-recyclable\/aiguilles-tricot-verre-recycle\/\"><strong data-start=\"3590\" data-end=\"3623\">aiguilles \u00e0 tricoter en verre<\/strong><\/a><\/p>\n<\/li>\n<li data-start=\"3626\" data-end=\"3665\">\n<p data-start=\"3628\" data-end=\"3665\"><a href=\"https:\/\/www.verredart.fr\/en\/categorie-tricot-verre-recycle\/\"><strong data-start=\"3628\" data-end=\"3665\">accessoires de tricot \u00e9cologiques<\/strong><\/a><\/p>\n<\/li>\n<\/ul>\n<p data-start=\"3667\" data-end=\"3741\">Toutes ces pi\u00e8ces font partie de mes <strong data-start=\"3704\" data-end=\"3740\">cr\u00e9ations artisanales fran\u00e7aises<\/strong>.<\/p>\n<p data-start=\"3743\" data-end=\"3827\">Je partage \u00e9galement mon savoir-faire lors d\u2019<a href=\"https:\/\/www.verredart.fr\/en\/ateliers-creatifs-le-crozet\/\"><strong>ateliers<\/strong> <strong data-start=\"3789\" data-end=\"3826\">de filage de verre<\/strong><\/a>.<\/p>\n<p data-start=\"3447\" data-end=\"3517\">Chaque cr\u00e9ation r\u00e9v\u00e8le la beaut\u00e9 de la mati\u00e8re transform\u00e9e par le feu.<\/p>\n<hr data-start=\"3519\" data-end=\"3522\" \/>\n<h3 data-start=\"3524\" data-end=\"3575\">Un pendentif lumineux pour sublimer votre style<\/h3>\n<h4 data-start=\"3577\" data-end=\"3627\">Adoptez une cr\u00e9ation artisanale unique<\/h4>\n<p data-start=\"3629\" data-end=\"3698\">Ce pendentif bleu transparent attire le regard gr\u00e2ce \u00e0 sa luminosit\u00e9.<\/p>\n<p data-start=\"3700\" data-end=\"3804\">Ses reliefs d\u00e9licats lui donnent un caract\u00e8re original.<br data-start=\"3755\" data-end=\"3758\" \/>Sa transparence capte la lumi\u00e8re avec douceur.<\/p>\n<p data-start=\"3806\" data-end=\"3931\">Le <strong data-start=\"3809\" data-end=\"3847\">cordon noir r\u00e9glable de 44 \u00e0 49 cm<\/strong> permet d\u2019adapter facilement la longueur.<br data-start=\"3888\" data-end=\"3891\" \/>Il s\u2019int\u00e8gre ainsi \u00e0 de nombreux styles.<\/p>\n<p data-start=\"3933\" data-end=\"4068\">Ce pendentif est bien plus qu\u2019un simple accessoire.<br data-start=\"3984\" data-end=\"3987\" \/>Il incarne la rencontre entre <strong data-start=\"4017\" data-end=\"4032\">verre d&rsquo;art<\/strong>, artisanat et cr\u00e9ation responsable.<\/p>\n<p data-start=\"4070\" data-end=\"4187\">Si vous aimez les bijoux authentiques et durables, cette cr\u00e9ation trouvera facilement sa place dans votre collection.<\/p>\n<p data-start=\"4189\" data-end=\"4316\">Ajoutez d\u00e8s maintenant ce pendentif en <strong data-start=\"4228\" data-end=\"4245\">verre recycl\u00e9<\/strong> \u00e0 votre panier et laissez la magie du feu accompagner votre quotidien.<\/p>","protected":false},"excerpt":{"rendered":"<p data-start=\"4345\" data-end=\"4400\">Ce pendentif appartient \u00e0 l\u2019univers du <strong data-start=\"4384\" data-end=\"4399\">verre d&rsquo;art<\/strong>.<\/p>\n<p data-start=\"4402\" data-end=\"4488\">Je le cr\u00e9e dans mon atelier gr\u00e2ce au chalumeau.<br data-start=\"4449\" data-end=\"4452\" \/>Chaque pi\u00e8ce est fa\u00e7onn\u00e9e \u00e0 la main.<\/p>\n<p data-start=\"4490\" data-end=\"4554\">Je transforme du verre issu du <strong data-start=\"4521\" data-end=\"4553\">recyclage de verre culinaire<\/strong>.<\/p>\n<p data-start=\"4556\" data-end=\"4622\">Cette d\u00e9marche correspond \u00e0 un v\u00e9ritable <strong data-start=\"4597\" data-end=\"4621\">eco-friendly crafts<\/strong>.<\/p>\n<p data-start=\"4624\" data-end=\"4729\">Je pratique la <strong data-start=\"4639\" data-end=\"4680\">transformation de verre non recycable<\/strong>.<br data-start=\"4681\" data-end=\"4684\" \/>La mati\u00e8re devient alors une cr\u00e9ation unique.<\/p>\n<p data-start=\"4731\" data-end=\"4843\">Le pendentif pr\u00e9sente une belle couleur bleu transparent.<br data-start=\"4788\" data-end=\"4791\" \/>Des motifs en relief apportent une touche originale.<\/p>\n<p data-start=\"4845\" data-end=\"4881\">Sa hauteur est d\u2019environ <strong data-start=\"4870\" data-end=\"4880\">2,3 cm<\/strong>.<\/p>\n<p data-start=\"4883\" data-end=\"4939\">Ce bijou fait partie de mes <strong data-start=\"4911\" data-end=\"4938\">bijoux en verre recycl\u00e9<\/strong>.<\/p>\n<p data-start=\"4941\" data-end=\"5010\">Le pendentif est mont\u00e9 sur un <strong data-start=\"4971\" data-end=\"5009\">cordon noir r\u00e9glable de 44 \u00e0 49 cm<\/strong>.<\/p>\n<p data-start=\"5012\" data-end=\"5064\">Cette longueur permet d\u2019ajuster facilement le bijou.<\/p>\n<p data-start=\"5066\" data-end=\"5113\">Ce pendentif poss\u00e8de une fonction particuli\u00e8re.<\/p>\n<p data-start=\"5115\" data-end=\"5149\">Il s\u2019agit d\u2019un pendentif olfactif.<\/p>\n<p data-start=\"5151\" data-end=\"5220\">Il peut accueillir quelques gouttes d\u2019huile essentielle ou de parfum.<\/p>\n<p data-start=\"5222\" data-end=\"5276\">Une pipette permet de remplir le pendentif facilement.<\/p>\n<p data-start=\"5278\" data-end=\"5336\">Le parfum se diffuse ensuite d\u00e9licatement dans la journ\u00e9e.<\/p>\n<p data-start=\"5338\" data-end=\"5400\">Cette cr\u00e9ation fait partie de mes <strong data-start=\"5372\" data-end=\"5399\">bijoux \u00e9co-responsables<\/strong>.<\/p>\n<p data-start=\"5609\" data-end=\"5686\">Toutes mes cr\u00e9ations font partie de mes <strong data-start=\"5649\" data-end=\"5685\">cr\u00e9ations artisanales fran\u00e7aises<\/strong>.<\/p>\n<p data-start=\"5688\" data-end=\"5785\">Ajoutez ce pendentif en <strong data-start=\"5712\" data-end=\"5729\">verre recycl\u00e9<\/strong> \u00e0 votre collection et portez un bijou artisanal unique.<\/p>","protected":false},"featured_media":6655,"template":"","meta":[],"product_brand":[],"product_cat":[157,217],"product_tag":[],"class_list":{"0":"post-6651","1":"product","2":"type-product","3":"status-publish","4":"has-post-thumbnail","6":"product_cat-bijoux-diffuseurs-huiles-essentielles-femme","7":"product_cat-nouveautes-verre-recycle","9":"entry","10":"has-media","12":"first","13":"instock","14":"shipping-taxable","15":"purchasable","16":"product-type-simple","17":"has-product-nav","18":"col","19":"span_1_of_3","20":"owp-content-center","21":"item-entry","22":"owp-thumbs-layout-vertical","23":"owp-btn-big","24":"owp-tabs-layout-horizontal"},"yoast_head":"<!-- This site is optimized with the Yoast SEO plugin v27.4 - https:\/\/yoast.com\/product\/yoast-seo-wordpress\/ -->\n<title>Pendentif verre recycl\u00e9 bleu transparent bijou olfactif artisanal<\/title>\n<meta name=\"description\" content=\"Craquez pour ce pendentif verre recycl\u00e9 bleu transparent fa\u00e7onn\u00e9 au chalumeau, bijou olfactif artisanal et \u00e9co responsable \u00e0 d\u00e9couvrir.\" \/>\n<meta name=\"robots\" content=\"index, follow, max-snippet:-1, max-image-preview:large, max-video-preview:-1\" \/>\n<link rel=\"canonical\" href=\"https:\/\/www.verredart.fr\/en\/verre-dart-bijoux-en-verre-recycle\/bijoux-diffuseurs-huiles-essentielles-femme\/pendentif-verre-recycle-bleu-transparent-bijou-olfactif\/\" \/>\n<meta property=\"og:locale\" content=\"en_US\" \/>\n<meta property=\"og:type\" content=\"article\" \/>\n<meta property=\"og:title\" content=\"Pendentif verre recycl\u00e9 bleu transparent bijou olfactif artisanal\" \/>\n<meta property=\"og:description\" content=\"Craquez pour ce pendentif verre recycl\u00e9 bleu transparent fa\u00e7onn\u00e9 au chalumeau, bijou olfactif artisanal et \u00e9co responsable \u00e0 d\u00e9couvrir.\" \/>\n<meta property=\"og:url\" content=\"https:\/\/www.verredart.fr\/en\/verre-dart-bijoux-en-verre-recycle\/bijoux-diffuseurs-huiles-essentielles-femme\/pendentif-verre-recycle-bleu-transparent-bijou-olfactif\/\" \/>\n<meta property=\"og:site_name\" content=\"Verre d&#039;Art\" \/>\n<meta property=\"article:publisher\" content=\"https:\/\/www.facebook.com\/Verredart\" \/>\n<meta property=\"article:modified_time\" content=\"2026-03-09T14:00:03+00:00\" \/>\n<meta property=\"og:image\" content=\"https:\/\/www.verredart.fr\/wp-content\/uploads\/2026\/03\/IMG_5971.jpg\" \/>\n\t<meta property=\"og:image:width\" content=\"1920\" \/>\n\t<meta property=\"og:image:height\" content=\"1080\" \/>\n\t<meta property=\"og:image:type\" content=\"image\/jpeg\" \/>\n<meta name=\"twitter:card\" content=\"summary_large_image\" \/>\n<meta name=\"twitter:site\" content=\"@verredart\" \/>\n<meta name=\"twitter:label1\" content=\"Est. reading time\" \/>\n\t<meta name=\"twitter:data1\" content=\"3 minutes\" \/>\n<script type=\"application\/ld+json\" class=\"yoast-schema-graph\">{\"@context\":\"https:\\\/\\\/schema.org\",\"@graph\":[{\"@type\":\"WebPage\",\"@id\":\"https:\\\/\\\/www.verredart.fr\\\/verre-dart-bijoux-en-verre-recycle\\\/bijoux-diffuseurs-huiles-essentielles-femme\\\/pendentif-verre-recycle-bleu-transparent-bijou-olfactif\\\/\",\"url\":\"https:\\\/\\\/www.verredart.fr\\\/verre-dart-bijoux-en-verre-recycle\\\/bijoux-diffuseurs-huiles-essentielles-femme\\\/pendentif-verre-recycle-bleu-transparent-bijou-olfactif\\\/\",\"name\":\"Pendentif verre recycl\u00e9 bleu transparent bijou olfactif artisanal\",\"isPartOf\":{\"@id\":\"https:\\\/\\\/www.verredart.fr\\\/#website\"},\"primaryImageOfPage\":{\"@id\":\"https:\\\/\\\/www.verredart.fr\\\/verre-dart-bijoux-en-verre-recycle\\\/bijoux-diffuseurs-huiles-essentielles-femme\\\/pendentif-verre-recycle-bleu-transparent-bijou-olfactif\\\/#primaryimage\"},\"image\":{\"@id\":\"https:\\\/\\\/www.verredart.fr\\\/verre-dart-bijoux-en-verre-recycle\\\/bijoux-diffuseurs-huiles-essentielles-femme\\\/pendentif-verre-recycle-bleu-transparent-bijou-olfactif\\\/#primaryimage\"},\"thumbnailUrl\":\"https:\\\/\\\/i0.wp.com\\\/www.verredart.fr\\\/wp-content\\\/uploads\\\/2026\\\/03\\\/IMG_5971.jpg?fit=1920%2C1080&ssl=1\",\"datePublished\":\"2026-03-05T10:22:29+00:00\",\"dateModified\":\"2026-03-09T14:00:03+00:00\",\"description\":\"Craquez pour ce pendentif verre recycl\u00e9 bleu transparent fa\u00e7onn\u00e9 au chalumeau, bijou olfactif artisanal et \u00e9co responsable \u00e0 d\u00e9couvrir.\",\"breadcrumb\":{\"@id\":\"https:\\\/\\\/www.verredart.fr\\\/verre-dart-bijoux-en-verre-recycle\\\/bijoux-diffuseurs-huiles-essentielles-femme\\\/pendentif-verre-recycle-bleu-transparent-bijou-olfactif\\\/#breadcrumb\"},\"inLanguage\":\"en-US\",\"potentialAction\":[{\"@type\":\"ReadAction\",\"target\":[\"https:\\\/\\\/www.verredart.fr\\\/verre-dart-bijoux-en-verre-recycle\\\/bijoux-diffuseurs-huiles-essentielles-femme\\\/pendentif-verre-recycle-bleu-transparent-bijou-olfactif\\\/\"]}]},{\"@type\":\"ImageObject\",\"inLanguage\":\"en-US\",\"@id\":\"https:\\\/\\\/www.verredart.fr\\\/verre-dart-bijoux-en-verre-recycle\\\/bijoux-diffuseurs-huiles-essentielles-femme\\\/pendentif-verre-recycle-bleu-transparent-bijou-olfactif\\\/#primaryimage\",\"url\":\"https:\\\/\\\/i0.wp.com\\\/www.verredart.fr\\\/wp-content\\\/uploads\\\/2026\\\/03\\\/IMG_5971.jpg?fit=1920%2C1080&ssl=1\",\"contentUrl\":\"https:\\\/\\\/i0.wp.com\\\/www.verredart.fr\\\/wp-content\\\/uploads\\\/2026\\\/03\\\/IMG_5971.jpg?fit=1920%2C1080&ssl=1\",\"width\":1920,\"height\":1080,\"caption\":\"Pendentif olfactif en verre recycl\u00e9 bleu transparent r\u00e9alis\u00e9 au chalumeau dans mon atelier de verre d'art.\"},{\"@type\":\"BreadcrumbList\",\"@id\":\"https:\\\/\\\/www.verredart.fr\\\/verre-dart-bijoux-en-verre-recycle\\\/bijoux-diffuseurs-huiles-essentielles-femme\\\/pendentif-verre-recycle-bleu-transparent-bijou-olfactif\\\/#breadcrumb\",\"itemListElement\":[{\"@type\":\"ListItem\",\"position\":1,\"name\":\"Collections\",\"item\":\"https:\\\/\\\/www.verredart.fr\\\/verre-dart-bijoux-en-verre-recycle\\\/boutique-bijoux-en-verre-culinaire-recycle\\\/\"},{\"@type\":\"ListItem\",\"position\":2,\"name\":\"Colliers Olfactifs\",\"item\":\"https:\\\/\\\/www.verredart.fr\\\/bijoux-en-verre-recycle\\\/bijoux-diffuseurs-huiles-essentielles-femme\\\/\"},{\"@type\":\"ListItem\",\"position\":3,\"name\":\"Pendentif verre recycl\u00e9 bleu transparent bijou olfactif\"}]},{\"@type\":\"WebSite\",\"@id\":\"https:\\\/\\\/www.verredart.fr\\\/#website\",\"url\":\"https:\\\/\\\/www.verredart.fr\\\/\",\"name\":\"Verre d'Art\",\"description\":\"Recyclage de verre non recyclable en cr\u00e9ations uniques et engag\u00e9s\",\"publisher\":{\"@id\":\"https:\\\/\\\/www.verredart.fr\\\/#organization\"},\"potentialAction\":[{\"@type\":\"SearchAction\",\"target\":{\"@type\":\"EntryPoint\",\"urlTemplate\":\"https:\\\/\\\/www.verredart.fr\\\/?s={search_term_string}\"},\"query-input\":{\"@type\":\"PropertyValueSpecification\",\"valueRequired\":true,\"valueName\":\"search_term_string\"}}],\"inLanguage\":\"en-US\"},{\"@type\":\"Organization\",\"@id\":\"https:\\\/\\\/www.verredart.fr\\\/#organization\",\"name\":\"Verre d'Art\",\"url\":\"https:\\\/\\\/www.verredart.fr\\\/\",\"logo\":{\"@type\":\"ImageObject\",\"inLanguage\":\"en-US\",\"@id\":\"https:\\\/\\\/www.verredart.fr\\\/#\\\/schema\\\/logo\\\/image\\\/\",\"url\":\"\",\"contentUrl\":\"\",\"caption\":\"Verre d'Art\"},\"image\":{\"@id\":\"https:\\\/\\\/www.verredart.fr\\\/#\\\/schema\\\/logo\\\/image\\\/\"},\"sameAs\":[\"https:\\\/\\\/www.facebook.com\\\/Verredart\",\"https:\\\/\\\/x.com\\\/verredart\",\"https:\\\/\\\/www.instagram.com\\\/Verre_dart\",\"https:\\\/\\\/www.pinterest.fr\\\/verredart\\\/\"]}]}<\/script>\n<!-- \/ Yoast SEO plugin. -->","yoast_head_json":{"title":"Pendentif verre recycl\u00e9 bleu transparent bijou olfactif artisanal","description":"Craquez pour ce pendentif verre recycl\u00e9 bleu transparent fa\u00e7onn\u00e9 au chalumeau, bijou olfactif artisanal et \u00e9co responsable \u00e0 d\u00e9couvrir.","robots":{"index":"index","follow":"follow","max-snippet":"max-snippet:-1","max-image-preview":"max-image-preview:large","max-video-preview":"max-video-preview:-1"},"canonical":"https:\/\/www.verredart.fr\/en\/verre-dart-bijoux-en-verre-recycle\/bijoux-diffuseurs-huiles-essentielles-femme\/pendentif-verre-recycle-bleu-transparent-bijou-olfactif\/","og_locale":"en_US","og_type":"article","og_title":"Pendentif verre recycl\u00e9 bleu transparent bijou olfactif artisanal","og_description":"Craquez pour ce pendentif verre recycl\u00e9 bleu transparent fa\u00e7onn\u00e9 au chalumeau, bijou olfactif artisanal et \u00e9co responsable \u00e0 d\u00e9couvrir.","og_url":"https:\/\/www.verredart.fr\/en\/verre-dart-bijoux-en-verre-recycle\/bijoux-diffuseurs-huiles-essentielles-femme\/pendentif-verre-recycle-bleu-transparent-bijou-olfactif\/","og_site_name":"Verre d&#039;Art","article_publisher":"https:\/\/www.facebook.com\/Verredart","article_modified_time":"2026-03-09T14:00:03+00:00","og_image":[{"width":1920,"height":1080,"url":"https:\/\/www.verredart.fr\/wp-content\/uploads\/2026\/03\/IMG_5971.jpg","type":"image\/jpeg"}],"twitter_card":"summary_large_image","twitter_site":"@verredart","twitter_misc":{"Est. reading time":"3 minutes"},"schema":{"@context":"https:\/\/schema.org","@graph":[{"@type":"WebPage","@id":"https:\/\/www.verredart.fr\/verre-dart-bijoux-en-verre-recycle\/bijoux-diffuseurs-huiles-essentielles-femme\/pendentif-verre-recycle-bleu-transparent-bijou-olfactif\/","url":"https:\/\/www.verredart.fr\/verre-dart-bijoux-en-verre-recycle\/bijoux-diffuseurs-huiles-essentielles-femme\/pendentif-verre-recycle-bleu-transparent-bijou-olfactif\/","name":"Pendentif verre recycl\u00e9 bleu transparent bijou olfactif artisanal","isPartOf":{"@id":"https:\/\/www.verredart.fr\/#website"},"primaryImageOfPage":{"@id":"https:\/\/www.verredart.fr\/verre-dart-bijoux-en-verre-recycle\/bijoux-diffuseurs-huiles-essentielles-femme\/pendentif-verre-recycle-bleu-transparent-bijou-olfactif\/#primaryimage"},"image":{"@id":"https:\/\/www.verredart.fr\/verre-dart-bijoux-en-verre-recycle\/bijoux-diffuseurs-huiles-essentielles-femme\/pendentif-verre-recycle-bleu-transparent-bijou-olfactif\/#primaryimage"},"thumbnailUrl":"https:\/\/i0.wp.com\/www.verredart.fr\/wp-content\/uploads\/2026\/03\/IMG_5971.jpg?fit=1920%2C1080&ssl=1","datePublished":"2026-03-05T10:22:29+00:00","dateModified":"2026-03-09T14:00:03+00:00","description":"Craquez pour ce pendentif verre recycl\u00e9 bleu transparent fa\u00e7onn\u00e9 au chalumeau, bijou olfactif artisanal et \u00e9co responsable \u00e0 d\u00e9couvrir.","breadcrumb":{"@id":"https:\/\/www.verredart.fr\/verre-dart-bijoux-en-verre-recycle\/bijoux-diffuseurs-huiles-essentielles-femme\/pendentif-verre-recycle-bleu-transparent-bijou-olfactif\/#breadcrumb"},"inLanguage":"en-US","potentialAction":[{"@type":"ReadAction","target":["https:\/\/www.verredart.fr\/verre-dart-bijoux-en-verre-recycle\/bijoux-diffuseurs-huiles-essentielles-femme\/pendentif-verre-recycle-bleu-transparent-bijou-olfactif\/"]}]},{"@type":"ImageObject","inLanguage":"en-US","@id":"https:\/\/www.verredart.fr\/verre-dart-bijoux-en-verre-recycle\/bijoux-diffuseurs-huiles-essentielles-femme\/pendentif-verre-recycle-bleu-transparent-bijou-olfactif\/#primaryimage","url":"https:\/\/i0.wp.com\/www.verredart.fr\/wp-content\/uploads\/2026\/03\/IMG_5971.jpg?fit=1920%2C1080&ssl=1","contentUrl":"https:\/\/i0.wp.com\/www.verredart.fr\/wp-content\/uploads\/2026\/03\/IMG_5971.jpg?fit=1920%2C1080&ssl=1","width":1920,"height":1080,"caption":"Pendentif olfactif en verre recycl\u00e9 bleu transparent r\u00e9alis\u00e9 au chalumeau dans mon atelier de verre d'art."},{"@type":"BreadcrumbList","@id":"https:\/\/www.verredart.fr\/verre-dart-bijoux-en-verre-recycle\/bijoux-diffuseurs-huiles-essentielles-femme\/pendentif-verre-recycle-bleu-transparent-bijou-olfactif\/#breadcrumb","itemListElement":[{"@type":"ListItem","position":1,"name":"Collections","item":"https:\/\/www.verredart.fr\/verre-dart-bijoux-en-verre-recycle\/boutique-bijoux-en-verre-culinaire-recycle\/"},{"@type":"ListItem","position":2,"name":"Colliers Olfactifs","item":"https:\/\/www.verredart.fr\/bijoux-en-verre-recycle\/bijoux-diffuseurs-huiles-essentielles-femme\/"},{"@type":"ListItem","position":3,"name":"Pendentif verre recycl\u00e9 bleu transparent bijou olfactif"}]},{"@type":"WebSite","@id":"https:\/\/www.verredart.fr\/#website","url":"https:\/\/www.verredart.fr\/","name":"Verre d'Art","description":"Recyclage de verre non recyclable en cr\u00e9ations uniques et engag\u00e9s","publisher":{"@id":"https:\/\/www.verredart.fr\/#organization"},"potentialAction":[{"@type":"SearchAction","target":{"@type":"EntryPoint","urlTemplate":"https:\/\/www.verredart.fr\/?s={search_term_string}"},"query-input":{"@type":"PropertyValueSpecification","valueRequired":true,"valueName":"search_term_string"}}],"inLanguage":"en-US"},{"@type":"Organization","@id":"https:\/\/www.verredart.fr\/#organization","name":"Verre d'Art","url":"https:\/\/www.verredart.fr\/","logo":{"@type":"ImageObject","inLanguage":"en-US","@id":"https:\/\/www.verredart.fr\/#\/schema\/logo\/image\/","url":"","contentUrl":"","caption":"Verre d'Art"},"image":{"@id":"https:\/\/www.verredart.fr\/#\/schema\/logo\/image\/"},"sameAs":["https:\/\/www.facebook.com\/Verredart","https:\/\/x.com\/verredart","https:\/\/www.instagram.com\/Verre_dart","https:\/\/www.pinterest.fr\/verredart\/"]}]}},"jetpack_sharing_enabled":true,"_links":{"self":[{"href":"https:\/\/www.verredart.fr\/en\/wp-json\/wp\/v2\/product\/6651","targetHints":{"allow":["GET"]}}],"collection":[{"href":"https:\/\/www.verredart.fr\/en\/wp-json\/wp\/v2\/product"}],"about":[{"href":"https:\/\/www.verredart.fr\/en\/wp-json\/wp\/v2\/types\/product"}],"wp:featuredmedia":[{"embeddable":true,"href":"https:\/\/www.verredart.fr\/en\/wp-json\/wp\/v2\/media\/6655"}],"wp:attachment":[{"href":"https:\/\/www.verredart.fr\/en\/wp-json\/wp\/v2\/media?parent=6651"}],"wp:term":[{"taxonomy":"product_brand","embeddable":true,"href":"https:\/\/www.verredart.fr\/en\/wp-json\/wp\/v2\/product_brand?post=6651"},{"taxonomy":"product_cat","embeddable":true,"href":"https:\/\/www.verredart.fr\/en\/wp-json\/wp\/v2\/product_cat?post=6651"},{"taxonomy":"product_tag","embeddable":true,"href":"https:\/\/www.verredart.fr\/en\/wp-json\/wp\/v2\/product_tag?post=6651"}],"curies":[{"name":"wp","href":"https:\/\/api.w.org\/{rel}","templated":true}]}}