{"id":6656,"date":"2026-03-05T11:08:10","date_gmt":"2026-03-05T11:08:10","guid":{"rendered":"https:\/\/www.verredart.fr\/?post_type=product&#038;p=6656"},"modified":"2026-03-05T11:26:35","modified_gmt":"2026-03-05T11:26:35","slug":"pendentif-verre-recycle-rouge-transparent-bijou-olfactif","status":"publish","type":"product","link":"https:\/\/www.verredart.fr\/en\/verre-dart-bijoux-en-verre-recycle\/bijoux-diffuseurs-huiles-essentielles-femme\/pendentif-verre-recycle-rouge-transparent-bijou-olfactif\/","title":{"rendered":"Pendentif verre recycl\u00e9 rouge transparent bijou olfactif"},"content":{"rendered":"<h2 data-start=\"557\" data-end=\"626\">Pendentif verre recycl\u00e9 rouge transparent bijou olfactif artisanal<\/h2>\n<h3 data-start=\"628\" data-end=\"669\">Un bijou lumineux issu du verre d&rsquo;art<\/h3>\n<h4 data-start=\"671\" data-end=\"731\">Une cr\u00e9ation artisanale fa\u00e7onn\u00e9e au chalumeau<\/h4>\n<p data-start=\"733\" data-end=\"857\">Je cr\u00e9e ce pendentif dans mon atelier gr\u00e2ce \u00e0 la technique du chalumeau. Chaque pi\u00e8ce est fa\u00e7onn\u00e9e avec soin sous la flamme.<\/p>\n<p data-start=\"859\" data-end=\"990\">Ce bijou appartient \u00e0 l\u2019univers du <strong data-start=\"894\" data-end=\"909\">verre d&rsquo;art<\/strong>. Je transforme du verre destin\u00e9 \u00e0 \u00eatre jet\u00e9 afin de lui offrir une nouvelle vie.<\/p>\n<p data-start=\"992\" data-end=\"1138\">Cette d\u00e9marche repose sur le <a href=\"https:\/\/www.verredart.fr\/en\/a-propos-de-verre-dart\/recyclage-de-verre-culinaire\/\"><strong data-start=\"1021\" data-end=\"1053\">recyclage de verre culinaire<\/strong><\/a>. Ce type de verre est rarement accept\u00e9 dans les circuits de recyclage traditionnels.<\/p>\n<p data-start=\"1140\" data-end=\"1267\">Je r\u00e9alise ainsi une v\u00e9ritable <a href=\"https:\/\/www.verredart.fr\/en\/recyclage-verre-non-recyclable-artisanat\/\"><strong data-start=\"1171\" data-end=\"1212\">transformation de verre non recyclable<\/strong>.<\/a> La mati\u00e8re devient alors un bijou d\u00e9licat et durable.<\/p>\n<p data-start=\"1269\" data-end=\"1406\">Ce travail s\u2019inscrit dans une d\u00e9marche d\u2019<strong data-start=\"1310\" data-end=\"1334\">eco-friendly crafts<\/strong>. Il correspond aussi \u00e0 une pratique d\u2019<strong data-start=\"1373\" data-end=\"1405\">upcycling de verre culinaire<\/strong>.<\/p>\n<p data-start=\"1408\" data-end=\"1492\">Chaque pi\u00e8ce est fa\u00e7onn\u00e9e \u00e0 la main. Ainsi naissent mes <strong data-start=\"1464\" data-end=\"1491\">bijoux en verre recycl\u00e9<\/strong>.<\/p>\n<p data-start=\"1494\" data-end=\"1608\">La couleur rouge transparente capte la lumi\u00e8re et attire le regard. Elle apporte une touche \u00e9l\u00e9gante et lumineuse.<\/p>\n<hr data-start=\"1610\" data-end=\"1613\" \/>\n<h3 data-start=\"1615\" data-end=\"1667\">Un pendentif olfactif en verre fil\u00e9 au chalumeau<\/h3>\n<h4 data-start=\"1669\" data-end=\"1711\">Un bijou \u00e9l\u00e9gant et sensoriel<\/h4>\n<p data-start=\"1713\" data-end=\"1801\">Je r\u00e9alise ce bijou gr\u00e2ce \u00e0 la technique des <strong data-start=\"1758\" data-end=\"1800\">accessoires en verre fil\u00e9 au chalumeau<\/strong>.<\/p>\n<p data-start=\"1803\" data-end=\"1919\">Sous la chaleur du chalumeau, le verre devient mall\u00e9able. Je le fa\u00e7onne pour cr\u00e9er cette forme douce et harmonieuse.<\/p>\n<p data-start=\"1921\" data-end=\"2019\">Le pendentif mesure environ <strong data-start=\"1949\" data-end=\"1968\">2 cm de hauteur<\/strong>. Il reste l\u00e9ger et agr\u00e9able \u00e0 porter au quotidien.<\/p>\n<p data-start=\"2021\" data-end=\"2133\">Il est mont\u00e9 sur un <strong data-start=\"2041\" data-end=\"2079\">cordon noir r\u00e9glable de 44 \u00e0 49 cm<\/strong>. Cette longueur permet d\u2019adapter facilement le bijou.<\/p>\n<p data-start=\"2135\" data-end=\"2182\">Ce pendentif poss\u00e8de une fonction particuli\u00e8re.<\/p>\n<p data-start=\"2184\" data-end=\"2218\">Il s\u2019agit d\u2019un pendentif olfactif.<\/p>\n<p data-start=\"2220\" data-end=\"2344\">Une petite cavit\u00e9 permet d\u2019y d\u00e9poser quelques gouttes d\u2019huile essentielle ou de parfum. Une pipette facilite le remplissage.<\/p>\n<p data-start=\"2346\" data-end=\"2465\">Le parfum se diffuse ensuite d\u00e9licatement au fil de la journ\u00e9e. Le bijou devient ainsi un accessoire sensoriel discret.<\/p>\n<hr data-start=\"2467\" data-end=\"2470\" \/>\n<h3 data-start=\"2472\" data-end=\"2541\">Un bijou \u00e9co responsable issu d\u2019une cr\u00e9ation artisanale fran\u00e7aise<\/h3>\n<h4 data-start=\"2543\" data-end=\"2583\">Porter un bijou qui a du sens<\/h4>\n<p data-start=\"2585\" data-end=\"2647\">Porter ce pendentif signifie choisir une cr\u00e9ation authentique.<\/p>\n<p data-start=\"2649\" data-end=\"2724\">Je r\u00e9alise chaque pi\u00e8ce dans mon atelier. Chaque bijou devient donc unique.<\/p>\n<p data-start=\"2726\" data-end=\"2788\">Cette cr\u00e9ation fait partie de mes <strong data-start=\"2760\" data-end=\"2787\">bijoux \u00e9co-responsables<\/strong>.<\/p>\n<p data-start=\"3139\" data-end=\"3197\">Je cr\u00e9e \u00e9galement d\u2019autres <strong data-start=\"3166\" data-end=\"3195\">bijoux uniques faits main<\/strong> :<\/p>\n<ul data-start=\"3199\" data-end=\"3341\">\n<li data-start=\"3199\" data-end=\"3242\">\n<p data-start=\"3201\" data-end=\"3242\"><a href=\"https:\/\/www.verredart.fr\/en\/bijoux-en-verre-recycle\/boucles-doreilles-en-verre-recycle\/\"><strong data-start=\"3201\" data-end=\"3240\">earrings made from recycled glass<\/strong><\/a><\/p>\n<\/li>\n<li data-start=\"3243\" data-end=\"3277\">\n<p data-start=\"3245\" data-end=\"3277\"><a href=\"https:\/\/www.verredart.fr\/en\/bijoux-en-verre-recycle\/bracelets-en-verre-recycle\/\"><strong data-start=\"3245\" data-end=\"3275\">bracelets en verre recycl\u00e9<\/strong><\/a><\/p>\n<\/li>\n<li data-start=\"3278\" data-end=\"3309\">\n<p data-start=\"3280\" data-end=\"3309\"><a href=\"https:\/\/www.verredart.fr\/en\/bijoux-en-verre-recycle\/bagues-en-verre-recycle\/\"><strong data-start=\"3280\" data-end=\"3307\">bagues en verre recycl\u00e9<\/strong><\/a><\/p>\n<\/li>\n<li data-start=\"3310\" data-end=\"3341\">\n<p data-start=\"3312\" data-end=\"3341\"><a href=\"https:\/\/www.verredart.fr\/en\/bijoux-en-verre-recycle\/collier-en-verre-recycle\/\"><strong data-start=\"3312\" data-end=\"3341\">colliers en verre recycl\u00e9<\/strong><\/a><\/p>\n<\/li>\n<\/ul>\n<p data-start=\"3343\" data-end=\"3441\">Je d\u00e9veloppe aussi des cr\u00e9ations autour du <strong data-start=\"3386\" data-end=\"3401\">verre d\u2019art<\/strong> pour la maison et la cr\u00e9ation textile :<\/p>\n<ul data-start=\"3443\" data-end=\"3665\">\n<li data-start=\"3443\" data-end=\"3476\">\n<p data-start=\"3445\" data-end=\"3476\"><a href=\"https:\/\/www.verredart.fr\/en\/bijoux-en-verre-recycle\/art-de-la-table-verre-recycle-non-recyclable\/pics-a-aperitifs\/\"><strong data-start=\"3445\" data-end=\"3474\">pics \u00e0 ap\u00e9ritifs en verre<\/strong><\/a><\/p>\n<\/li>\n<li data-start=\"3477\" data-end=\"3517\">\n<p data-start=\"3479\" data-end=\"3517\"><a href=\"https:\/\/www.verredart.fr\/en\/bijoux-en-verre-recycle\/art-de-la-table-verre-recycle-non-recyclable\/\"><strong data-start=\"3479\" data-end=\"3515\">art de la table en verre recycl\u00e9<\/strong><\/a><\/p>\n<\/li>\n<li data-start=\"3518\" data-end=\"3550\">\n<p data-start=\"3520\" data-end=\"3550\"><a href=\"https:\/\/www.verredart.fr\/en\/bijoux-en-verre-recycle\/accessoires-de-couture-verre-recycle-non-recyclable\/boutons-verre-recycle\/\"><strong data-start=\"3520\" data-end=\"3548\">boutons en verre recycl\u00e9<\/strong><\/a><\/p>\n<\/li>\n<li data-start=\"3551\" data-end=\"3587\">\n<p data-start=\"3553\" data-end=\"3587\"><a href=\"https:\/\/www.verredart.fr\/en\/bijoux-en-verre-recycle\/accessoires-de-couture-verre-recycle-non-recyclable\/epingles-de-couture-artisanales-avec-embout-en-verre-recycle\/\"><strong data-start=\"3553\" data-end=\"3585\">\u00e9pingles de couture en verre<\/strong><\/a><\/p>\n<\/li>\n<li data-start=\"3588\" data-end=\"3625\">\n<p data-start=\"3590\" data-end=\"3625\"><a href=\"https:\/\/www.verredart.fr\/en\/bijoux-en-verre-recycle\/accessoires-de-couture-verre-recycle-non-recyclable\/aiguilles-tricot-verre-recycle\/\"><strong data-start=\"3590\" data-end=\"3623\">aiguilles \u00e0 tricoter en verre<\/strong><\/a><\/p>\n<\/li>\n<li data-start=\"3626\" data-end=\"3665\">\n<p data-start=\"3628\" data-end=\"3665\"><a href=\"https:\/\/www.verredart.fr\/en\/categorie-tricot-verre-recycle\/\"><strong data-start=\"3628\" data-end=\"3665\">accessoires de tricot \u00e9cologiques<\/strong><\/a><\/p>\n<\/li>\n<\/ul>\n<p data-start=\"3667\" data-end=\"3741\">Toutes ces pi\u00e8ces font partie de mes <strong data-start=\"3704\" data-end=\"3740\">cr\u00e9ations artisanales fran\u00e7aises<\/strong>.<\/p>\n<p data-start=\"3743\" data-end=\"3827\">Je partage \u00e9galement mon savoir-faire lors d\u2019<a href=\"https:\/\/www.verredart.fr\/en\/ateliers-creatifs-le-crozet\/\"><strong>ateliers<\/strong> <strong data-start=\"3789\" data-end=\"3826\">de filage de verre<\/strong><\/a>.<\/p>\n<p data-start=\"3440\" data-end=\"3510\">Chaque cr\u00e9ation r\u00e9v\u00e8le la beaut\u00e9 de la mati\u00e8re transform\u00e9e par le feu.<\/p>\n<hr data-start=\"3512\" data-end=\"3515\" \/>\n<h3 data-start=\"3517\" data-end=\"3574\">Un pendentif rouge lumineux pour sublimer votre style<\/h3>\n<h4 data-start=\"3576\" data-end=\"3626\">Adoptez une cr\u00e9ation artisanale unique<\/h4>\n<p data-start=\"3628\" data-end=\"3698\">Ce pendentif rouge transparent attire le regard gr\u00e2ce \u00e0 sa luminosit\u00e9.<\/p>\n<p data-start=\"3700\" data-end=\"3773\">Sa couleur intense capte la lumi\u00e8re et met en valeur la finesse du verre.<\/p>\n<p data-start=\"3775\" data-end=\"3904\">Le <strong data-start=\"3778\" data-end=\"3816\">cordon noir r\u00e9glable de 44 \u00e0 49 cm<\/strong> permet d\u2019adapter facilement la longueur. Le bijou s\u2019int\u00e8gre ainsi \u00e0 de nombreux styles.<\/p>\n<p data-start=\"3906\" data-end=\"4039\">Ce pendentif est bien plus qu\u2019un simple accessoire. Il incarne la rencontre entre <strong data-start=\"3988\" data-end=\"4003\">verre d&rsquo;art<\/strong>, artisanat et cr\u00e9ation responsable.<\/p>\n<p data-start=\"4041\" data-end=\"4158\">Si vous aimez les bijoux authentiques et durables, cette cr\u00e9ation trouvera facilement sa place dans votre collection.<\/p>\n<p data-start=\"4160\" data-end=\"4287\">Ajoutez d\u00e8s maintenant ce pendentif en <strong data-start=\"4199\" data-end=\"4216\">verre recycl\u00e9<\/strong> \u00e0 votre panier et laissez la magie du feu accompagner votre quotidien.<\/p>","protected":false},"excerpt":{"rendered":"<p data-start=\"4316\" data-end=\"4371\">Ce pendentif appartient \u00e0 l\u2019univers du <strong data-start=\"4355\" data-end=\"4370\">verre d&rsquo;art<\/strong>.<\/p>\n<p data-start=\"4373\" data-end=\"4457\">Je le cr\u00e9e dans mon atelier gr\u00e2ce au chalumeau. Chaque pi\u00e8ce est fa\u00e7onn\u00e9e \u00e0 la main.<\/p>\n<p data-start=\"4459\" data-end=\"4590\">Je transforme du verre issu du <strong data-start=\"4490\" data-end=\"4522\">recyclage de verre culinaire<\/strong>. Cette d\u00e9marche correspond \u00e0 un v\u00e9ritable <strong data-start=\"4565\" data-end=\"4589\">eco-friendly crafts<\/strong>.<\/p>\n<p data-start=\"4592\" data-end=\"4702\">Je r\u00e9alise la <strong data-start=\"4606\" data-end=\"4647\">transformation de verre non recycable<\/strong> afin de cr\u00e9er des <strong data-start=\"4666\" data-end=\"4693\">bijoux en verre recycl\u00e9<\/strong> uniques.<\/p>\n<p data-start=\"4704\" data-end=\"4784\">Le pendentif pr\u00e9sente une belle couleur rouge transparente qui capte la lumi\u00e8re.<\/p>\n<p data-start=\"4786\" data-end=\"4820\">Sa hauteur est d\u2019environ <strong data-start=\"4811\" data-end=\"4819\">2 cm<\/strong>.<\/p>\n<p data-start=\"4822\" data-end=\"4891\">Le pendentif est mont\u00e9 sur un <strong data-start=\"4852\" data-end=\"4890\">cordon noir r\u00e9glable de 44 \u00e0 49 cm<\/strong>.<\/p>\n<p data-start=\"4893\" data-end=\"4945\">Cette longueur permet d\u2019ajuster facilement le bijou.<\/p>\n<p data-start=\"4947\" data-end=\"4990\">Ce bijou poss\u00e8de une fonction particuli\u00e8re.<\/p>\n<p data-start=\"4992\" data-end=\"5026\">Il s\u2019agit d\u2019un pendentif olfactif.<\/p>\n<p data-start=\"5028\" data-end=\"5097\">Il peut accueillir quelques gouttes d\u2019huile essentielle ou de parfum.<\/p>\n<p data-start=\"5099\" data-end=\"5153\">Une pipette permet de remplir le pendentif facilement.<\/p>\n<p data-start=\"5155\" data-end=\"5213\">Le parfum se diffuse ensuite d\u00e9licatement dans la journ\u00e9e.<\/p>\n<p data-start=\"5215\" data-end=\"5324\">Cette cr\u00e9ation fait partie de mes <strong data-start=\"5249\" data-end=\"5276\">bijoux \u00e9co-responsables<\/strong> et de mes <strong data-start=\"5287\" data-end=\"5323\">cr\u00e9ations artisanales fran\u00e7aises<\/strong>.<\/p>\n<p data-start=\"5326\" data-end=\"5423\">Ajoutez ce pendentif en <strong data-start=\"5350\" data-end=\"5367\">verre recycl\u00e9<\/strong> \u00e0 votre collection et portez un bijou artisanal unique.<\/p>","protected":false},"featured_media":6661,"template":"","meta":[],"product_brand":[],"product_cat":[157],"product_tag":[],"class_list":{"0":"post-6656","1":"product","2":"type-product","3":"status-publish","4":"has-post-thumbnail","6":"product_cat-bijoux-diffuseurs-huiles-essentielles-femme","8":"entry","9":"has-media","11":"first","12":"instock","13":"shipping-taxable","14":"purchasable","15":"product-type-simple","16":"has-product-nav","17":"col","18":"span_1_of_3","19":"owp-content-center","20":"item-entry","21":"owp-thumbs-layout-vertical","22":"owp-btn-big","23":"owp-tabs-layout-horizontal"},"yoast_head":"<!-- This site is optimized with the Yoast SEO plugin v27.4 - https:\/\/yoast.com\/product\/yoast-seo-wordpress\/ -->\n<title>Pendentif verre recycl\u00e9 rouge transparent bijou olfactif artisanal<\/title>\n<meta name=\"description\" content=\"D\u00e9couvrez ce pendentif verre recycl\u00e9 rouge transparent fa\u00e7onn\u00e9 au chalumeau, bijou olfactif artisanal et \u00e9co responsable \u00e0 adopter.\" \/>\n<meta name=\"robots\" content=\"index, follow, max-snippet:-1, max-image-preview:large, max-video-preview:-1\" \/>\n<link rel=\"canonical\" href=\"https:\/\/www.verredart.fr\/en\/verre-dart-bijoux-en-verre-recycle\/bijoux-diffuseurs-huiles-essentielles-femme\/pendentif-verre-recycle-rouge-transparent-bijou-olfactif\/\" \/>\n<meta property=\"og:locale\" content=\"en_US\" \/>\n<meta property=\"og:type\" content=\"article\" \/>\n<meta property=\"og:title\" content=\"Pendentif verre recycl\u00e9 rouge transparent bijou olfactif artisanal\" \/>\n<meta property=\"og:description\" content=\"D\u00e9couvrez ce pendentif verre recycl\u00e9 rouge transparent fa\u00e7onn\u00e9 au chalumeau, bijou olfactif artisanal et \u00e9co responsable \u00e0 adopter.\" \/>\n<meta property=\"og:url\" content=\"https:\/\/www.verredart.fr\/en\/verre-dart-bijoux-en-verre-recycle\/bijoux-diffuseurs-huiles-essentielles-femme\/pendentif-verre-recycle-rouge-transparent-bijou-olfactif\/\" \/>\n<meta property=\"og:site_name\" content=\"Verre d&#039;Art\" \/>\n<meta property=\"article:publisher\" content=\"https:\/\/www.facebook.com\/Verredart\" \/>\n<meta property=\"article:modified_time\" content=\"2026-03-05T11:26:35+00:00\" \/>\n<meta property=\"og:image\" content=\"https:\/\/www.verredart.fr\/wp-content\/uploads\/2026\/03\/IMG_5979.jpg\" \/>\n\t<meta property=\"og:image:width\" content=\"1920\" \/>\n\t<meta property=\"og:image:height\" content=\"1080\" \/>\n\t<meta property=\"og:image:type\" content=\"image\/jpeg\" \/>\n<meta name=\"twitter:card\" content=\"summary_large_image\" \/>\n<meta name=\"twitter:site\" content=\"@verredart\" \/>\n<meta name=\"twitter:label1\" content=\"Est. reading time\" \/>\n\t<meta name=\"twitter:data1\" content=\"4 minutes\" \/>\n<script type=\"application\/ld+json\" class=\"yoast-schema-graph\">{\"@context\":\"https:\\\/\\\/schema.org\",\"@graph\":[{\"@type\":\"WebPage\",\"@id\":\"https:\\\/\\\/www.verredart.fr\\\/verre-dart-bijoux-en-verre-recycle\\\/bijoux-diffuseurs-huiles-essentielles-femme\\\/pendentif-verre-recycle-rouge-transparent-bijou-olfactif\\\/\",\"url\":\"https:\\\/\\\/www.verredart.fr\\\/verre-dart-bijoux-en-verre-recycle\\\/bijoux-diffuseurs-huiles-essentielles-femme\\\/pendentif-verre-recycle-rouge-transparent-bijou-olfactif\\\/\",\"name\":\"Pendentif verre recycl\u00e9 rouge transparent bijou olfactif artisanal\",\"isPartOf\":{\"@id\":\"https:\\\/\\\/www.verredart.fr\\\/#website\"},\"primaryImageOfPage\":{\"@id\":\"https:\\\/\\\/www.verredart.fr\\\/verre-dart-bijoux-en-verre-recycle\\\/bijoux-diffuseurs-huiles-essentielles-femme\\\/pendentif-verre-recycle-rouge-transparent-bijou-olfactif\\\/#primaryimage\"},\"image\":{\"@id\":\"https:\\\/\\\/www.verredart.fr\\\/verre-dart-bijoux-en-verre-recycle\\\/bijoux-diffuseurs-huiles-essentielles-femme\\\/pendentif-verre-recycle-rouge-transparent-bijou-olfactif\\\/#primaryimage\"},\"thumbnailUrl\":\"https:\\\/\\\/i0.wp.com\\\/www.verredart.fr\\\/wp-content\\\/uploads\\\/2026\\\/03\\\/IMG_5979.jpg?fit=1920%2C1080&ssl=1\",\"datePublished\":\"2026-03-05T11:08:10+00:00\",\"dateModified\":\"2026-03-05T11:26:35+00:00\",\"description\":\"D\u00e9couvrez ce pendentif verre recycl\u00e9 rouge transparent fa\u00e7onn\u00e9 au chalumeau, bijou olfactif artisanal et \u00e9co responsable \u00e0 adopter.\",\"breadcrumb\":{\"@id\":\"https:\\\/\\\/www.verredart.fr\\\/verre-dart-bijoux-en-verre-recycle\\\/bijoux-diffuseurs-huiles-essentielles-femme\\\/pendentif-verre-recycle-rouge-transparent-bijou-olfactif\\\/#breadcrumb\"},\"inLanguage\":\"en-US\",\"potentialAction\":[{\"@type\":\"ReadAction\",\"target\":[\"https:\\\/\\\/www.verredart.fr\\\/verre-dart-bijoux-en-verre-recycle\\\/bijoux-diffuseurs-huiles-essentielles-femme\\\/pendentif-verre-recycle-rouge-transparent-bijou-olfactif\\\/\"]}]},{\"@type\":\"ImageObject\",\"inLanguage\":\"en-US\",\"@id\":\"https:\\\/\\\/www.verredart.fr\\\/verre-dart-bijoux-en-verre-recycle\\\/bijoux-diffuseurs-huiles-essentielles-femme\\\/pendentif-verre-recycle-rouge-transparent-bijou-olfactif\\\/#primaryimage\",\"url\":\"https:\\\/\\\/i0.wp.com\\\/www.verredart.fr\\\/wp-content\\\/uploads\\\/2026\\\/03\\\/IMG_5979.jpg?fit=1920%2C1080&ssl=1\",\"contentUrl\":\"https:\\\/\\\/i0.wp.com\\\/www.verredart.fr\\\/wp-content\\\/uploads\\\/2026\\\/03\\\/IMG_5979.jpg?fit=1920%2C1080&ssl=1\",\"width\":1920,\"height\":1080,\"caption\":\"Pendentif olfactif rouge transparent mont\u00e9 sur un cordon noir r\u00e9glable de 44 \u00e0 49 cm.\"},{\"@type\":\"BreadcrumbList\",\"@id\":\"https:\\\/\\\/www.verredart.fr\\\/verre-dart-bijoux-en-verre-recycle\\\/bijoux-diffuseurs-huiles-essentielles-femme\\\/pendentif-verre-recycle-rouge-transparent-bijou-olfactif\\\/#breadcrumb\",\"itemListElement\":[{\"@type\":\"ListItem\",\"position\":1,\"name\":\"Collections\",\"item\":\"https:\\\/\\\/www.verredart.fr\\\/verre-dart-bijoux-en-verre-recycle\\\/boutique-bijoux-en-verre-culinaire-recycle\\\/\"},{\"@type\":\"ListItem\",\"position\":2,\"name\":\"Colliers Olfactifs\",\"item\":\"https:\\\/\\\/www.verredart.fr\\\/bijoux-en-verre-recycle\\\/bijoux-diffuseurs-huiles-essentielles-femme\\\/\"},{\"@type\":\"ListItem\",\"position\":3,\"name\":\"Pendentif verre recycl\u00e9 rouge transparent bijou olfactif\"}]},{\"@type\":\"WebSite\",\"@id\":\"https:\\\/\\\/www.verredart.fr\\\/#website\",\"url\":\"https:\\\/\\\/www.verredart.fr\\\/\",\"name\":\"Verre d'Art\",\"description\":\"Recyclage de verre non recyclable en cr\u00e9ations uniques et engag\u00e9s\",\"publisher\":{\"@id\":\"https:\\\/\\\/www.verredart.fr\\\/#organization\"},\"potentialAction\":[{\"@type\":\"SearchAction\",\"target\":{\"@type\":\"EntryPoint\",\"urlTemplate\":\"https:\\\/\\\/www.verredart.fr\\\/?s={search_term_string}\"},\"query-input\":{\"@type\":\"PropertyValueSpecification\",\"valueRequired\":true,\"valueName\":\"search_term_string\"}}],\"inLanguage\":\"en-US\"},{\"@type\":\"Organization\",\"@id\":\"https:\\\/\\\/www.verredart.fr\\\/#organization\",\"name\":\"Verre d'Art\",\"url\":\"https:\\\/\\\/www.verredart.fr\\\/\",\"logo\":{\"@type\":\"ImageObject\",\"inLanguage\":\"en-US\",\"@id\":\"https:\\\/\\\/www.verredart.fr\\\/#\\\/schema\\\/logo\\\/image\\\/\",\"url\":\"\",\"contentUrl\":\"\",\"caption\":\"Verre d'Art\"},\"image\":{\"@id\":\"https:\\\/\\\/www.verredart.fr\\\/#\\\/schema\\\/logo\\\/image\\\/\"},\"sameAs\":[\"https:\\\/\\\/www.facebook.com\\\/Verredart\",\"https:\\\/\\\/x.com\\\/verredart\",\"https:\\\/\\\/www.instagram.com\\\/Verre_dart\",\"https:\\\/\\\/www.pinterest.fr\\\/verredart\\\/\"]}]}<\/script>\n<!-- \/ Yoast SEO plugin. -->","yoast_head_json":{"title":"Pendentif verre recycl\u00e9 rouge transparent bijou olfactif artisanal","description":"D\u00e9couvrez ce pendentif verre recycl\u00e9 rouge transparent fa\u00e7onn\u00e9 au chalumeau, bijou olfactif artisanal et \u00e9co responsable \u00e0 adopter.","robots":{"index":"index","follow":"follow","max-snippet":"max-snippet:-1","max-image-preview":"max-image-preview:large","max-video-preview":"max-video-preview:-1"},"canonical":"https:\/\/www.verredart.fr\/en\/verre-dart-bijoux-en-verre-recycle\/bijoux-diffuseurs-huiles-essentielles-femme\/pendentif-verre-recycle-rouge-transparent-bijou-olfactif\/","og_locale":"en_US","og_type":"article","og_title":"Pendentif verre recycl\u00e9 rouge transparent bijou olfactif artisanal","og_description":"D\u00e9couvrez ce pendentif verre recycl\u00e9 rouge transparent fa\u00e7onn\u00e9 au chalumeau, bijou olfactif artisanal et \u00e9co responsable \u00e0 adopter.","og_url":"https:\/\/www.verredart.fr\/en\/verre-dart-bijoux-en-verre-recycle\/bijoux-diffuseurs-huiles-essentielles-femme\/pendentif-verre-recycle-rouge-transparent-bijou-olfactif\/","og_site_name":"Verre d&#039;Art","article_publisher":"https:\/\/www.facebook.com\/Verredart","article_modified_time":"2026-03-05T11:26:35+00:00","og_image":[{"width":1920,"height":1080,"url":"https:\/\/www.verredart.fr\/wp-content\/uploads\/2026\/03\/IMG_5979.jpg","type":"image\/jpeg"}],"twitter_card":"summary_large_image","twitter_site":"@verredart","twitter_misc":{"Est. reading time":"4 minutes"},"schema":{"@context":"https:\/\/schema.org","@graph":[{"@type":"WebPage","@id":"https:\/\/www.verredart.fr\/verre-dart-bijoux-en-verre-recycle\/bijoux-diffuseurs-huiles-essentielles-femme\/pendentif-verre-recycle-rouge-transparent-bijou-olfactif\/","url":"https:\/\/www.verredart.fr\/verre-dart-bijoux-en-verre-recycle\/bijoux-diffuseurs-huiles-essentielles-femme\/pendentif-verre-recycle-rouge-transparent-bijou-olfactif\/","name":"Pendentif verre recycl\u00e9 rouge transparent bijou olfactif artisanal","isPartOf":{"@id":"https:\/\/www.verredart.fr\/#website"},"primaryImageOfPage":{"@id":"https:\/\/www.verredart.fr\/verre-dart-bijoux-en-verre-recycle\/bijoux-diffuseurs-huiles-essentielles-femme\/pendentif-verre-recycle-rouge-transparent-bijou-olfactif\/#primaryimage"},"image":{"@id":"https:\/\/www.verredart.fr\/verre-dart-bijoux-en-verre-recycle\/bijoux-diffuseurs-huiles-essentielles-femme\/pendentif-verre-recycle-rouge-transparent-bijou-olfactif\/#primaryimage"},"thumbnailUrl":"https:\/\/i0.wp.com\/www.verredart.fr\/wp-content\/uploads\/2026\/03\/IMG_5979.jpg?fit=1920%2C1080&ssl=1","datePublished":"2026-03-05T11:08:10+00:00","dateModified":"2026-03-05T11:26:35+00:00","description":"D\u00e9couvrez ce pendentif verre recycl\u00e9 rouge transparent fa\u00e7onn\u00e9 au chalumeau, bijou olfactif artisanal et \u00e9co responsable \u00e0 adopter.","breadcrumb":{"@id":"https:\/\/www.verredart.fr\/verre-dart-bijoux-en-verre-recycle\/bijoux-diffuseurs-huiles-essentielles-femme\/pendentif-verre-recycle-rouge-transparent-bijou-olfactif\/#breadcrumb"},"inLanguage":"en-US","potentialAction":[{"@type":"ReadAction","target":["https:\/\/www.verredart.fr\/verre-dart-bijoux-en-verre-recycle\/bijoux-diffuseurs-huiles-essentielles-femme\/pendentif-verre-recycle-rouge-transparent-bijou-olfactif\/"]}]},{"@type":"ImageObject","inLanguage":"en-US","@id":"https:\/\/www.verredart.fr\/verre-dart-bijoux-en-verre-recycle\/bijoux-diffuseurs-huiles-essentielles-femme\/pendentif-verre-recycle-rouge-transparent-bijou-olfactif\/#primaryimage","url":"https:\/\/i0.wp.com\/www.verredart.fr\/wp-content\/uploads\/2026\/03\/IMG_5979.jpg?fit=1920%2C1080&ssl=1","contentUrl":"https:\/\/i0.wp.com\/www.verredart.fr\/wp-content\/uploads\/2026\/03\/IMG_5979.jpg?fit=1920%2C1080&ssl=1","width":1920,"height":1080,"caption":"Pendentif olfactif rouge transparent mont\u00e9 sur un cordon noir r\u00e9glable de 44 \u00e0 49 cm."},{"@type":"BreadcrumbList","@id":"https:\/\/www.verredart.fr\/verre-dart-bijoux-en-verre-recycle\/bijoux-diffuseurs-huiles-essentielles-femme\/pendentif-verre-recycle-rouge-transparent-bijou-olfactif\/#breadcrumb","itemListElement":[{"@type":"ListItem","position":1,"name":"Collections","item":"https:\/\/www.verredart.fr\/verre-dart-bijoux-en-verre-recycle\/boutique-bijoux-en-verre-culinaire-recycle\/"},{"@type":"ListItem","position":2,"name":"Colliers Olfactifs","item":"https:\/\/www.verredart.fr\/bijoux-en-verre-recycle\/bijoux-diffuseurs-huiles-essentielles-femme\/"},{"@type":"ListItem","position":3,"name":"Pendentif verre recycl\u00e9 rouge transparent bijou olfactif"}]},{"@type":"WebSite","@id":"https:\/\/www.verredart.fr\/#website","url":"https:\/\/www.verredart.fr\/","name":"Verre d'Art","description":"Recyclage de verre non recyclable en cr\u00e9ations uniques et engag\u00e9s","publisher":{"@id":"https:\/\/www.verredart.fr\/#organization"},"potentialAction":[{"@type":"SearchAction","target":{"@type":"EntryPoint","urlTemplate":"https:\/\/www.verredart.fr\/?s={search_term_string}"},"query-input":{"@type":"PropertyValueSpecification","valueRequired":true,"valueName":"search_term_string"}}],"inLanguage":"en-US"},{"@type":"Organization","@id":"https:\/\/www.verredart.fr\/#organization","name":"Verre d'Art","url":"https:\/\/www.verredart.fr\/","logo":{"@type":"ImageObject","inLanguage":"en-US","@id":"https:\/\/www.verredart.fr\/#\/schema\/logo\/image\/","url":"","contentUrl":"","caption":"Verre d'Art"},"image":{"@id":"https:\/\/www.verredart.fr\/#\/schema\/logo\/image\/"},"sameAs":["https:\/\/www.facebook.com\/Verredart","https:\/\/x.com\/verredart","https:\/\/www.instagram.com\/Verre_dart","https:\/\/www.pinterest.fr\/verredart\/"]}]}},"jetpack_sharing_enabled":true,"_links":{"self":[{"href":"https:\/\/www.verredart.fr\/en\/wp-json\/wp\/v2\/product\/6656","targetHints":{"allow":["GET"]}}],"collection":[{"href":"https:\/\/www.verredart.fr\/en\/wp-json\/wp\/v2\/product"}],"about":[{"href":"https:\/\/www.verredart.fr\/en\/wp-json\/wp\/v2\/types\/product"}],"wp:featuredmedia":[{"embeddable":true,"href":"https:\/\/www.verredart.fr\/en\/wp-json\/wp\/v2\/media\/6661"}],"wp:attachment":[{"href":"https:\/\/www.verredart.fr\/en\/wp-json\/wp\/v2\/media?parent=6656"}],"wp:term":[{"taxonomy":"product_brand","embeddable":true,"href":"https:\/\/www.verredart.fr\/en\/wp-json\/wp\/v2\/product_brand?post=6656"},{"taxonomy":"product_cat","embeddable":true,"href":"https:\/\/www.verredart.fr\/en\/wp-json\/wp\/v2\/product_cat?post=6656"},{"taxonomy":"product_tag","embeddable":true,"href":"https:\/\/www.verredart.fr\/en\/wp-json\/wp\/v2\/product_tag?post=6656"}],"curies":[{"name":"wp","href":"https:\/\/api.w.org\/{rel}","templated":true}]}}